{"id":145966,"date":"2021-05-12T07:57:33","date_gmt":"2021-05-12T06:57:33","guid":{"rendered":"https:\/\/www.elche.es\/?page_id=145966"},"modified":"2022-05-17T10:21:04","modified_gmt":"2022-05-17T09:21:04","slug":"dia-internacional-dels-museus","status":"publish","type":"page","link":"https:\/\/www.elche.es\/va\/dia-internacional-dels-museus\/","title":{"rendered":"Dia Internacional dels Museus"},"content":{"rendered":"<div class=\"wpb-content-wrapper\"><p>[vc_row full_width=&#8221;stretch_row&#8221; css=&#8221;.vc_custom_1652778208703{padding-top: 290px !important;padding-bottom: 0px !important;background-image: url(https:\/\/www.elche.es\/wp-content\/uploads\/2022\/05\/dia-museos-2022.jpg?id=197312) !important;background-position: center !important;background-repeat: no-repeat !important;background-size: cover !important;}&#8221; el_id=&#8221;bloque_titulo&#8221; el_class=&#8221;slidersecciones&#8221;][vc_column][vc_custom_heading text=&#8221;&#8221; font_container=&#8221;tag:h2|text_align:center|color:%23ffffff&#8221; google_fonts=&#8221;font_family:Ubuntu%3A300%2C300italic%2Cregular%2Citalic%2C500%2C500italic%2C700%2C700italic|font_style:700%20bold%20regular%3A700%3Anormal&#8221; el_class=&#8221;sombraTitulo cabeceramovil&#8221;][\/vc_column][\/vc_row][vc_row css=&#8221;.vc_custom_1620802066289{margin-left: 0px !important;padding-top: 30px !important;padding-bottom: 30px !important;padding-left: 0px !important;}&#8221;][vc_column]<h6 class=\"sc_title sc_title_regular sc_align_center\" style=\"text-align:center;\">D\u00eda Internacional de los Museos<\/h6><h4 class=\"sc_title sc_title_regular sc_align_center\" style=\"text-align:center;\">Programaci\u00f3n especial para los d\u00edas 18, 21 y 22 de Mayo de 2022<\/h4>[\/vc_column][\/vc_row][vc_row el_class=&#8221;fondomuseos&#8221;][vc_column]\r\n          <div class=\"vc_row wpb_row vc_row-fluid ubicaciones\" style=\"margin-top: 20px !important; margin-bottom: 20px !important;\">\r\n           <div class=\"wpb_column vc_column_container vc_col-sm-9 vc_col-has-fill\" style=\"background-color: white\">\r\n              <div class=\"vc_column-inner vc_custom_1469779605339\" style=\"min-height: 252px;\">\r\n                 <div class=\"wpb_wrapper\">\r\n                    <div class=\"wpb_text_column wpb_content_element \">\r\n                       <div class=\"wpb_wrapper\">\r\n                          <div class=\"page\">\r\n                             <div class=\"section\">\r\n                                <div class=\"layoutArea\">\r\n                                   <div class=\"column\">\r\n                                      <p><img loading=\"lazy\" decoding=\"async\" class=\"size-full wp-image-1163 alignleft\" style=\"margin-top: -35px; margin-left: -16px;\" src=\" https:\/\/www.elche.es\/wp-content\/uploads\/2021\/05\/logo-mahe-1.jpg \" width=\"254\" height=\"252\"><\/p>\r\n                                      <div class=\"page\">\r\n                                         <div class=\"section\">\r\n                                            <div class=\"layoutArea\">\r\n                                               <div class=\"column\"><span style=\"font-size: 29px; font-weight: bold; margin-bottom: 26px;\">MAHE <\/span><\/div>\r\n                                            <\/div>\r\n                                         <\/div>\r\n                                      <\/div>\r\n                                   <\/div>\r\n                                <\/div>\r\n                             <\/div>\r\n                          <\/div>\r\n                          <div class=\"page\">\r\n                             <div class=\"section\">\r\n                                <div class=\"layoutArea\">\r\n                                   <div class=\"column\">\r\n                                      <div class=\"page\">\r\n                                         <div class=\"section\">\r\n                                            <div class=\"layoutArea\">\r\n                                               <div class=\"column\" style=\"margin-top: 10px;\">Museo Arqueol\u00f3gico y de Historia de Elche. El museo tiene como objetivo prioritario presentar el devenir del territorio ilicitano y de las comunidades que lo han poblado. Medios inform\u00e1ticos, recursos audiovisuales y textos se combinan para ofrecer un acercamiento integral, atractivo y ameno a la historia de la ciudad.<\/div>\r\n                                            <\/div>\r\n                                         <\/div>\r\n                                      <\/div>\r\n                                   <\/div>\r\n                                <\/div>\r\n                             <\/div>\r\n                          <\/div>\r\n                       <\/div>\r\n                    <\/div>\r\n                 <\/div>\r\n              <\/div>\r\n           <\/div>\r\n           <div style=\"background-color: #00a997;\" class=\"direccionUbicacion wpb_column vc_column_container vc_col-sm-3 vc_col-has-fill\">\r\n              <div class=\"vc_column-inner vc_custom_1473175165551\" >\r\n                 <div class=\"wpb_wrapper\">\r\n                    <div class=\"wpb_text_column wpb_content_element  direcciones\">\r\n                       <div class=\"wpb_wrapper\">\r\n                          <div class=\"page\">\r\n                             <div class=\"section\">\r\n                                <div class=\"layoutArea\">\r\n                                   <div class=\"column\"><p><span class='dirUbicacion' style='color: #ffffff; line-height: 0px;'>Calle Diagonal del Palau s\/n <\/span><\/p><p><span style='color: #ffffff;'>Tel\u00e8fon: 966 658 203 <\/span><\/p><\/div><\/div><\/div><\/div><p>&nbsp;<\/p><p><a class='masInfoUbicacion' href='https:\/\/www.elche.es\/museos\/mahe\/'><span style='color: #ffffff;'><strong>M\u00e9s informaci\u00f3 &gt;<\/strong><\/span><\/a><\/p><\/div><\/div><\/div><\/div><\/div><\/div><div class=\"sc_toggles\"><div class=\"sc_toggles_item odd first\"><h5 class=\"sc_toggles_title\"><span class=\"sc_toggles_icon sc_toggles_icon_closed icon-plus\"><\/span><span class=\"sc_toggles_icon sc_toggles_icon_opened icon-minus\"><\/span>Ver programaci\u00f3n<\/h5><div class=\"sc_toggles_content\">[vc_column_text]<strong>Mi\u00e9rcoles 18 de mayo<\/strong><\/p>\n<p>Visita guiada al MAHE (12.00 y 13.00 h)<\/p>\n<p><strong>S\u00e1bado 21 de mayo<\/strong><\/p>\n<p>Taller de Arqueolog\u00eda Experimental (11.00 h)<br \/>\n-Visita guiada al MAHE (13.00 h)<br \/>\n-Concierto de de CPM D&#8217;Elx (19.00 h)<\/p>\n<p><strong>Domingo 22 de mayo<\/strong><\/p>\n<p>-Taller familiar (10.00 h)<br \/>\n-Cuentacuentos (11.30, 12.00, 12.30, 13.00 y 13.30 h)<br \/>\n-Visita guiada al MAHE (13.00 h)[\/vc_column_text]<\/div><\/div><\/div>[\/vc_column][\/vc_row][vc_row el_class=&#8221;fondomuseos&#8221;][vc_column]\r\n          <div class=\"vc_row wpb_row vc_row-fluid ubicaciones\" style=\"margin-top: 20px !important; margin-bottom: 20px !important;\">\r\n           <div class=\"wpb_column vc_column_container vc_col-sm-9 vc_col-has-fill\" style=\"background-color: white\">\r\n              <div class=\"vc_column-inner vc_custom_1469779605339\" style=\"min-height: 252px;\">\r\n                 <div class=\"wpb_wrapper\">\r\n                    <div class=\"wpb_text_column wpb_content_element \">\r\n                       <div class=\"wpb_wrapper\">\r\n                          <div class=\"page\">\r\n                             <div class=\"section\">\r\n                                <div class=\"layoutArea\">\r\n                                   <div class=\"column\">\r\n                                      <p><img loading=\"lazy\" decoding=\"async\" class=\"size-full wp-image-1163 alignleft\" style=\"margin-top: -35px; margin-left: -16px;\" src=\" https:\/\/www.elche.es\/wp-content\/uploads\/2021\/05\/museo-de-la-festa.jpg \" width=\"254\" height=\"252\"><\/p>\r\n                                      <div class=\"page\">\r\n                                         <div class=\"section\">\r\n                                            <div class=\"layoutArea\">\r\n                                               <div class=\"column\"><span style=\"font-size: 29px; font-weight: bold; margin-bottom: 26px;\">Museo de la Festa <\/span><\/div>\r\n                                            <\/div>\r\n                                         <\/div>\r\n                                      <\/div>\r\n                                   <\/div>\r\n                                <\/div>\r\n                             <\/div>\r\n                          <\/div>\r\n                          <div class=\"page\">\r\n                             <div class=\"section\">\r\n                                <div class=\"layoutArea\">\r\n                                   <div class=\"column\">\r\n                                      <div class=\"page\">\r\n                                         <div class=\"section\">\r\n                                            <div class=\"layoutArea\">\r\n                                               <div class=\"column\" style=\"margin-top: 10px;\">El Museo de la Festa ocupa parte de la antigua ermita medieval de San Sebasti\u00e1n, donde se muestra un espectacular montaje audiovisual que introduce al espectador en el Misteri d'Elx. Adem\u00e1s, ocupa parte de la denominada ``Casa de la Festa``, sede del Patronato del Misteri d'Elx. Es aqu\u00ed donde se ubica la secci\u00f3n expositiva, que re\u00fane textos explicativos, fotograf\u00edas, maquetas y diferentes piezas que forman o formaron parte del drama.<\/div>\r\n                                            <\/div>\r\n                                         <\/div>\r\n                                      <\/div>\r\n                                   <\/div>\r\n                                <\/div>\r\n                             <\/div>\r\n                          <\/div>\r\n                       <\/div>\r\n                    <\/div>\r\n                 <\/div>\r\n              <\/div>\r\n           <\/div>\r\n           <div style=\"background-color: #00a997;\" class=\"direccionUbicacion wpb_column vc_column_container vc_col-sm-3 vc_col-has-fill\">\r\n              <div class=\"vc_column-inner vc_custom_1473175165551\" >\r\n                 <div class=\"wpb_wrapper\">\r\n                    <div class=\"wpb_text_column wpb_content_element  direcciones\">\r\n                       <div class=\"wpb_wrapper\">\r\n                          <div class=\"page\">\r\n                             <div class=\"section\">\r\n                                <div class=\"layoutArea\">\r\n                                   <div class=\"column\"><p><span class='dirUbicacion' style='color: #ffffff; line-height: 0px;'>Calle Major de la Vila, 27 <\/span><\/p><p><span style='color: #ffffff;'>Tel\u00e8fon: 965 453 464 Ext: 2426 <\/span><\/p><\/div><\/div><\/div><\/div><p>&nbsp;<\/p><p><a class='masInfoUbicacion' href='https:\/\/www.elche.es\/museos\/museo-de-la-festa\/'><span style='color: #ffffff;'><strong>M\u00e9s informaci\u00f3 &gt;<\/strong><\/span><\/a><\/p><\/div><\/div><\/div><\/div><\/div><\/div><div class=\"sc_toggles\"><div class=\"sc_toggles_item odd first\"><h5 class=\"sc_toggles_title\"><span class=\"sc_toggles_icon sc_toggles_icon_closed icon-plus\"><\/span><span class=\"sc_toggles_icon sc_toggles_icon_opened icon-minus\"><\/span>Ver programaci\u00f3n<\/h5><div class=\"sc_toggles_content\">[vc_column_text]<strong>S\u00e1bado 21 de mayo<\/strong><\/p>\n<p>Visita guiada al museo (12.00 h)<\/p>\n<p><strong>Domingo 22 de mayo<\/strong><\/p>\n<p>-Visita guiada con demostraci\u00f3n de trepa de palmera (11.30 h)<\/p>\n<p>[\/vc_column_text]<\/div><\/div><\/div>[\/vc_column][\/vc_row][vc_row el_class=&#8221;fondomuseos&#8221;][vc_column]\r\n          <div class=\"vc_row wpb_row vc_row-fluid ubicaciones\" style=\"margin-top: 20px !important; margin-bottom: 20px !important;\">\r\n           <div class=\"wpb_column vc_column_container vc_col-sm-9 vc_col-has-fill\" style=\"background-color: white\">\r\n              <div class=\"vc_column-inner vc_custom_1469779605339\" style=\"min-height: 252px;\">\r\n                 <div class=\"wpb_wrapper\">\r\n                    <div class=\"wpb_text_column wpb_content_element \">\r\n                       <div class=\"wpb_wrapper\">\r\n                          <div class=\"page\">\r\n                             <div class=\"section\">\r\n                                <div class=\"layoutArea\">\r\n                                   <div class=\"column\">\r\n                                      <p><img loading=\"lazy\" decoding=\"async\" class=\"size-full wp-image-1163 alignleft\" style=\"margin-top: -35px; margin-left: -16px;\" src=\" https:\/\/www.elche.es\/wp-content\/uploads\/2016\/10\/4_mpalmeral.png \" width=\"254\" height=\"252\"><\/p>\r\n                                      <div class=\"page\">\r\n                                         <div class=\"section\">\r\n                                            <div class=\"layoutArea\">\r\n                                               <div class=\"column\"><span style=\"font-size: 29px; font-weight: bold; margin-bottom: 26px;\">Museo del Palmeral <\/span><\/div>\r\n                                            <\/div>\r\n                                         <\/div>\r\n                                      <\/div>\r\n                                   <\/div>\r\n                                <\/div>\r\n                             <\/div>\r\n                          <\/div>\r\n                          <div class=\"page\">\r\n                             <div class=\"section\">\r\n                                <div class=\"layoutArea\">\r\n                                   <div class=\"column\">\r\n                                      <div class=\"page\">\r\n                                         <div class=\"section\">\r\n                                            <div class=\"layoutArea\">\r\n                                               <div class=\"column\" style=\"margin-top: 10px;\">Es un centro para la interpretaci\u00f3n del Palmeral de Elche, ubicado en un huerto singular \u2013el Hort de Sant Pl\u00e1cido- e instalado en una casa t\u00edpica, construida en el siglo XIX.<\/p>\n<p>Sus salas exponen las peculiaridades del Palmeral -declarado Patrimonio de la Humanidad por la UNESCO en el a\u00f1o 2000-, su historia y su evoluci\u00f3n hasta convertirse en s\u00edmbolo de la ciudad; contiene audiovisuales, fichas, murales, objetos y pantallas t\u00e1ctiles, cuyos contenidos pretenden configurar una imagen global y precisa de este paisaje cultural \u00fanico.<\/div>\r\n                                            <\/div>\r\n                                         <\/div>\r\n                                      <\/div>\r\n                                   <\/div>\r\n                                <\/div>\r\n                             <\/div>\r\n                          <\/div>\r\n                       <\/div>\r\n                    <\/div>\r\n                 <\/div>\r\n              <\/div>\r\n           <\/div>\r\n           <div style=\"background-color: #00a997;\" class=\"direccionUbicacion wpb_column vc_column_container vc_col-sm-3 vc_col-has-fill\">\r\n              <div class=\"vc_column-inner vc_custom_1473175165551\" >\r\n                 <div class=\"wpb_wrapper\">\r\n                    <div class=\"wpb_text_column wpb_content_element  direcciones\">\r\n                       <div class=\"wpb_wrapper\">\r\n                          <div class=\"page\">\r\n                             <div class=\"section\">\r\n                                <div class=\"layoutArea\">\r\n                                   <div class=\"column\"><p><span class='dirUbicacion' style='color: #ffffff; line-height: 0px;'>C\/ Porta de la Morera, 12. <\/span><\/p><p><span style='color: #ffffff;'>Tel\u00e8fon: 965 422 240 <\/span><\/p><\/div><\/div><\/div><\/div><p>&nbsp;<\/p><p><a class='masInfoUbicacion' href='https:\/\/www.elche.es\/museos\/museo-del-palmeral\/'><span style='color: #ffffff;'><strong>M\u00e9s informaci\u00f3 &gt;<\/strong><\/span><\/a><\/p><\/div><\/div><\/div><\/div><\/div><\/div><div class=\"sc_toggles\"><div class=\"sc_toggles_item odd first\"><h5 class=\"sc_toggles_title\"><span class=\"sc_toggles_icon sc_toggles_icon_closed icon-plus\"><\/span><span class=\"sc_toggles_icon sc_toggles_icon_opened icon-minus\"><\/span>Ver programaci\u00f3n<\/h5><div class=\"sc_toggles_content\">[vc_column_text]<strong>Mi\u00e9rcoles 18 de mayo<\/strong><\/p>\n<p>-Visita guiada con demostraci\u00f3n de trepa de palmera (11.30 h)<\/p>\n<p><strong>S\u00e1bado 21 de mayo<\/strong><\/p>\n<p>-Taller familiar en el Huerto de San Pl\u00e1cido (10.30 h)<\/p>\n<p><strong>Domingo 22 de mayo<\/strong><\/p>\n<p>-Visita guiada con demostraci\u00f3n de trepa de palmera (11.30 h)[\/vc_column_text]<\/div><\/div><\/div>[\/vc_column][\/vc_row][vc_row el_class=&#8221;fondomuseos&#8221;][vc_column]\r\n          <div class=\"vc_row wpb_row vc_row-fluid ubicaciones\" style=\"margin-top: 20px !important; margin-bottom: 20px !important;\">\r\n           <div class=\"wpb_column vc_column_container vc_col-sm-9 vc_col-has-fill\" style=\"background-color: white\">\r\n              <div class=\"vc_column-inner vc_custom_1469779605339\" style=\"min-height: 252px;\">\r\n                 <div class=\"wpb_wrapper\">\r\n                    <div class=\"wpb_text_column wpb_content_element \">\r\n                       <div class=\"wpb_wrapper\">\r\n                          <div class=\"page\">\r\n                             <div class=\"section\">\r\n                                <div class=\"layoutArea\">\r\n                                   <div class=\"column\">\r\n                                      <p><img loading=\"lazy\" decoding=\"async\" class=\"size-full wp-image-1163 alignleft\" style=\"margin-top: -35px; margin-left: -16px;\" src=\" https:\/\/www.elche.es\/wp-content\/uploads\/2021\/05\/mupe.jpg \" width=\"254\" height=\"252\"><\/p>\r\n                                      <div class=\"page\">\r\n                                         <div class=\"section\">\r\n                                            <div class=\"layoutArea\">\r\n                                               <div class=\"column\"><span style=\"font-size: 29px; font-weight: bold; margin-bottom: 26px;\">MUPE <\/span><\/div>\r\n                                            <\/div>\r\n                                         <\/div>\r\n                                      <\/div>\r\n                                   <\/div>\r\n                                <\/div>\r\n                             <\/div>\r\n                          <\/div>\r\n                          <div class=\"page\">\r\n                             <div class=\"section\">\r\n                                <div class=\"layoutArea\">\r\n                                   <div class=\"column\">\r\n                                      <div class=\"page\">\r\n                                         <div class=\"section\">\r\n                                            <div class=\"layoutArea\">\r\n                                               <div class=\"column\" style=\"margin-top: 10px;\">Museo Paleontol\u00f3gico de Elche. En el \u00e1rea de exhibici\u00f3n se muestran m\u00e1s de mil piezas f\u00f3siles originales y reproducciones y originales de animales de gran tama\u00f1o como dinosaurios (Tyrannosaurus Rex, Deinonychus, Chasmosaurus, Iguanod\u00f3n), mam\u00edferos (Mastodonte, Smilod\u00f3n, etc.), o reptiles, como el Masasaurio.<\/div>\r\n                                            <\/div>\r\n                                         <\/div>\r\n                                      <\/div>\r\n                                   <\/div>\r\n                                <\/div>\r\n                             <\/div>\r\n                          <\/div>\r\n                       <\/div>\r\n                    <\/div>\r\n                 <\/div>\r\n              <\/div>\r\n           <\/div>\r\n           <div style=\"background-color: #00a997;\" class=\"direccionUbicacion wpb_column vc_column_container vc_col-sm-3 vc_col-has-fill\">\r\n              <div class=\"vc_column-inner vc_custom_1473175165551\" >\r\n                 <div class=\"wpb_wrapper\">\r\n                    <div class=\"wpb_text_column wpb_content_element  direcciones\">\r\n                       <div class=\"wpb_wrapper\">\r\n                          <div class=\"page\">\r\n                             <div class=\"section\">\r\n                                <div class=\"layoutArea\">\r\n                                   <div class=\"column\"><p><span class='dirUbicacion' style='color: #ffffff; line-height: 0px;'>Plaza de San Juan, 3 <\/span><\/p><p><span style='color: #ffffff;'>Tel\u00e8fon: 965 458 803 <\/span><\/p><\/div><\/div><\/div><\/div><p>&nbsp;<\/p><p><a class='masInfoUbicacion' href='http:\/\/www.cidarismpe.org\/MUPE\/Bienvenida.html'><span style='color: #ffffff;'><strong>M\u00e9s informaci\u00f3 &gt;<\/strong><\/span><\/a><\/p><\/div><\/div><\/div><\/div><\/div><\/div><div class=\"sc_toggles\"><div class=\"sc_toggles_item odd first\"><h5 class=\"sc_toggles_title\"><span class=\"sc_toggles_icon sc_toggles_icon_closed icon-plus\"><\/span><span class=\"sc_toggles_icon sc_toggles_icon_opened icon-minus\"><\/span>Ver programaci\u00f3n<\/h5><div class=\"sc_toggles_content\">[vc_column_text]<strong>S\u00e1bado 14 de mayo<\/strong><\/p>\n<p>&#8211; Visita Guiada al Laboratorio (10.30 h)<br \/>\n&#8211; Talleres familiares (11.00 h)<br \/>\n&#8211; Jornada de puertas abiertas<\/p>\n<p><strong>Mi\u00e9rcoles 18 de mayo<\/strong><\/p>\n<p>&#8211;  Lo que el museo esconde (17.30 h)<br \/>\n&#8211; Jornada de puertas abiertas[\/vc_column_text]<\/div><\/div><\/div>[\/vc_column][\/vc_row][vc_row el_class=&#8221;fondomuseos&#8221;][vc_column]\r\n          <div class=\"vc_row wpb_row vc_row-fluid ubicaciones\" style=\"margin-top: 20px !important; margin-bottom: 20px !important;\">\r\n           <div class=\"wpb_column vc_column_container vc_col-sm-9 vc_col-has-fill\" style=\"background-color: white\">\r\n              <div class=\"vc_column-inner vc_custom_1469779605339\" style=\"min-height: 252px;\">\r\n                 <div class=\"wpb_wrapper\">\r\n                    <div class=\"wpb_text_column wpb_content_element \">\r\n                       <div class=\"wpb_wrapper\">\r\n                          <div class=\"page\">\r\n                             <div class=\"section\">\r\n                                <div class=\"layoutArea\">\r\n                                   <div class=\"column\">\r\n                                      <p><img loading=\"lazy\" decoding=\"async\" class=\"size-full wp-image-1163 alignleft\" style=\"margin-top: -35px; margin-left: -16px;\" src=\" https:\/\/www.elche.es\/wp-content\/uploads\/2021\/05\/pusol.jpg \" width=\"254\" height=\"252\"><\/p>\r\n                                      <div class=\"page\">\r\n                                         <div class=\"section\">\r\n                                            <div class=\"layoutArea\">\r\n                                               <div class=\"column\"><span style=\"font-size: 29px; font-weight: bold; margin-bottom: 26px;\">Museo de Pusol <\/span><\/div>\r\n                                            <\/div>\r\n                                         <\/div>\r\n                                      <\/div>\r\n                                   <\/div>\r\n                                <\/div>\r\n                             <\/div>\r\n                          <\/div>\r\n                          <div class=\"page\">\r\n                             <div class=\"section\">\r\n                                <div class=\"layoutArea\">\r\n                                   <div class=\"column\">\r\n                                      <div class=\"page\">\r\n                                         <div class=\"section\">\r\n                                            <div class=\"layoutArea\">\r\n                                               <div class=\"column\" style=\"margin-top: 10px;\">El museo escolar de Pusol trata de un museo que desarrolla el estudio de los oficios y tradiciones del Campo de Elche. Fue incluido, en 2009, por el Comit\u00e9 de Salvaguarda del Patrimonio Inmaterial de la UNESCO, en el Registro de pr\u00e1cticas Ejemplares de dicho organismo. En su interior descubrir\u00e1s la historia del pueblo ilicitano. Es un museo etnol\u00f3gico cuya tem\u00e1tica es la agricultura, el comercio, la industria y la tradici\u00f3n de la ciudad de Elche.<\/div>\r\n                                            <\/div>\r\n                                         <\/div>\r\n                                      <\/div>\r\n                                   <\/div>\r\n                                <\/div>\r\n                             <\/div>\r\n                          <\/div>\r\n                       <\/div>\r\n                    <\/div>\r\n                 <\/div>\r\n              <\/div>\r\n           <\/div>\r\n           <div style=\"background-color: #00a997;\" class=\"direccionUbicacion wpb_column vc_column_container vc_col-sm-3 vc_col-has-fill\">\r\n              <div class=\"vc_column-inner vc_custom_1473175165551\" >\r\n                 <div class=\"wpb_wrapper\">\r\n                    <div class=\"wpb_text_column wpb_content_element  direcciones\">\r\n                       <div class=\"wpb_wrapper\">\r\n                          <div class=\"page\">\r\n                             <div class=\"section\">\r\n                                <div class=\"layoutArea\">\r\n                                   <div class=\"column\"><p><span class='dirUbicacion' style='color: #ffffff; line-height: 0px;'>Partida Pusol, N\u00aa 8 <\/span><\/p><p><span style='color: #ffffff;'>Tel\u00e8fon: 966 630 478 <\/span><\/p><\/div><\/div><\/div><\/div><p>&nbsp;<\/p><p><a class='masInfoUbicacion' href='http:\/\/www.museopusol.com\/es\/'><span style='color: #ffffff;'><strong>M\u00e9s informaci\u00f3 &gt;<\/strong><\/span><\/a><\/p><\/div><\/div><\/div><\/div><\/div><\/div><div class=\"sc_toggles\"><div class=\"sc_toggles_item odd first\"><h5 class=\"sc_toggles_title\"><span class=\"sc_toggles_icon sc_toggles_icon_closed icon-plus\"><\/span><span class=\"sc_toggles_icon sc_toggles_icon_opened icon-minus\"><\/span>Ver programaci\u00f3n<\/h5><div class=\"sc_toggles_content\">[vc_column_text]<strong>Mi\u00e9rcoles 18 de mayo<\/strong><\/p>\n<p>&#8211; Visita guiada (11.30 h)<br \/>\n&#8211; Jornada de puertas abiertas<\/p>\n<p><strong>S\u00e1bado 21 de mayo<\/strong><\/p>\n<p>&#8211; Visita guiada (11.30 h)<br \/>\n&#8211; Jornada de puertas abiertas<\/p>\n<p><strong>Domingo 22 de mayo<\/strong><\/p>\n<p>&#8211; Visita guiada (11.30 h)<br \/>\n&#8211; Jornada de puertas abiertas[\/vc_column_text]<\/div><\/div><\/div>[\/vc_column][\/vc_row][vc_row el_class=&#8221;fondomuseos&#8221;][vc_column]\r\n          <div class=\"vc_row wpb_row vc_row-fluid ubicaciones\" style=\"margin-top: 20px !important; margin-bottom: 20px !important;\">\r\n           <div class=\"wpb_column vc_column_container vc_col-sm-9 vc_col-has-fill\" style=\"background-color: white\">\r\n              <div class=\"vc_column-inner vc_custom_1469779605339\" style=\"min-height: 252px;\">\r\n                 <div class=\"wpb_wrapper\">\r\n                    <div class=\"wpb_text_column wpb_content_element \">\r\n                       <div class=\"wpb_wrapper\">\r\n                          <div class=\"page\">\r\n                             <div class=\"section\">\r\n                                <div class=\"layoutArea\">\r\n                                   <div class=\"column\">\r\n                                      <p><img loading=\"lazy\" decoding=\"async\" class=\"size-full wp-image-1163 alignleft\" style=\"margin-top: -35px; margin-left: -16px;\" src=\" https:\/\/www.elche.es\/wp-content\/uploads\/2021\/05\/alcudia.jpg \" width=\"254\" height=\"252\"><\/p>\r\n                                      <div class=\"page\">\r\n                                         <div class=\"section\">\r\n                                            <div class=\"layoutArea\">\r\n                                               <div class=\"column\"><span style=\"font-size: 29px; font-weight: bold; margin-bottom: 26px;\">Museo de La Alcudia <\/span><\/div>\r\n                                            <\/div>\r\n                                         <\/div>\r\n                                      <\/div>\r\n                                   <\/div>\r\n                                <\/div>\r\n                             <\/div>\r\n                          <\/div>\r\n                          <div class=\"page\">\r\n                             <div class=\"section\">\r\n                                <div class=\"layoutArea\">\r\n                                   <div class=\"column\">\r\n                                      <div class=\"page\">\r\n                                         <div class=\"section\">\r\n                                            <div class=\"layoutArea\">\r\n                                               <div class=\"column\" style=\"margin-top: 10px;\">El parque arqueol\u00f3gico de La Alcudia articula un centro cultural din\u00e1mico con una variada oferta tanto en divulgaci\u00f3n, como en investigaci\u00f3n y en conservaci\u00f3n. Est\u00e1 compuesto por un yacimiento arqueol\u00f3gico de 10 hect\u00e1reas en el que se asentaron diferentes culturas, desde el V milenio a.C. hasta el siglo VIII-IX d.C., y con una importante ciudad conocida bajo el nombre de Ilici.<\/div>\r\n                                            <\/div>\r\n                                         <\/div>\r\n                                      <\/div>\r\n                                   <\/div>\r\n                                <\/div>\r\n                             <\/div>\r\n                          <\/div>\r\n                       <\/div>\r\n                    <\/div>\r\n                 <\/div>\r\n              <\/div>\r\n           <\/div>\r\n           <div style=\"background-color: #00a997;\" class=\"direccionUbicacion wpb_column vc_column_container vc_col-sm-3 vc_col-has-fill\">\r\n              <div class=\"vc_column-inner vc_custom_1473175165551\" >\r\n                 <div class=\"wpb_wrapper\">\r\n                    <div class=\"wpb_text_column wpb_content_element  direcciones\">\r\n                       <div class=\"wpb_wrapper\">\r\n                          <div class=\"page\">\r\n                             <div class=\"section\">\r\n                                <div class=\"layoutArea\">\r\n                                   <div class=\"column\"><p><span class='dirUbicacion' style='color: #ffffff; line-height: 0px;'>Carretera de Dolores (CV-855), Km. 2. <\/span><\/p><p><span style='color: #ffffff;'>Tel\u00e8fon: 966 611 506 <\/span><\/p><\/div><\/div><\/div><\/div><p>&nbsp;<\/p><p><a class='masInfoUbicacion' href='http:\/\/www.laalcudia.ua.es\/'><span style='color: #ffffff;'><strong>M\u00e9s informaci\u00f3 &gt;<\/strong><\/span><\/a><\/p><\/div><\/div><\/div><\/div><\/div><\/div><div class=\"sc_toggles\"><div class=\"sc_toggles_item odd first\"><h5 class=\"sc_toggles_title\"><span class=\"sc_toggles_icon sc_toggles_icon_closed icon-plus\"><\/span><span class=\"sc_toggles_icon sc_toggles_icon_opened icon-minus\"><\/span>Ver programaci\u00f3n<\/h5><div class=\"sc_toggles_content\">[vc_column_text]<strong>S\u00c1BADO 21, DOMINGO 22, S\u00c1BADO 28 Y DOMINGO 29<\/strong><br \/>\n&#8211; Jornada de puertas abiertas (de 10.00 a 15.00 h)<br \/>\n&#8211; Visita treatalizada (10.00 y 12.00 h)<br \/>\n&#8211; Talleres infantiles[\/vc_column_text]<\/div><\/div><\/div>[\/vc_column][\/vc_row][vc_row el_class=&#8221;ocultar&#8221;][vc_column]\r\n          <div class=\"vc_row wpb_row vc_row-fluid ubicaciones\" style=\"margin-top: 20px !important; margin-bottom: 20px !important;\">\r\n           <div class=\"wpb_column vc_column_container vc_col-sm-9 vc_col-has-fill\" style=\"background-color: white\">\r\n              <div class=\"vc_column-inner vc_custom_1469779605339\" style=\"min-height: 252px;\">\r\n                 <div class=\"wpb_wrapper\">\r\n                    <div class=\"wpb_text_column wpb_content_element \">\r\n                       <div class=\"wpb_wrapper\">\r\n                          <div class=\"page\">\r\n                             <div class=\"section\">\r\n                                <div class=\"layoutArea\">\r\n                                   <div class=\"column\">\r\n                                      <p><img loading=\"lazy\" decoding=\"async\" class=\"size-full wp-image-1163 alignleft\" style=\"margin-top: -35px; margin-left: -16px;\" src=\" https:\/\/www.elche.es\/wp-content\/uploads\/2016\/10\/2_mace.png \" width=\"254\" height=\"252\"><\/p>\r\n                                      <div class=\"page\">\r\n                                         <div class=\"section\">\r\n                                            <div class=\"layoutArea\">\r\n                                               <div class=\"column\"><span style=\"font-size: 29px; font-weight: bold; margin-bottom: 26px;\">MACE <\/span><\/div>\r\n                                            <\/div>\r\n                                         <\/div>\r\n                                      <\/div>\r\n                                   <\/div>\r\n                                <\/div>\r\n                             <\/div>\r\n                          <\/div>\r\n                          <div class=\"page\">\r\n                             <div class=\"section\">\r\n                                <div class=\"layoutArea\">\r\n                                   <div class=\"column\">\r\n                                      <div class=\"page\">\r\n                                         <div class=\"section\">\r\n                                            <div class=\"layoutArea\">\r\n                                               <div class=\"column\" style=\"margin-top: 10px;\">Museo de Arte Contempor\u00e1neo de Elche. El n\u00facleo de su colecci\u00f3n responde a un contexto art\u00edstico e hist\u00f3rico muy significativo en la historia de nuestro pa\u00eds. El museo se estructura en cuatro salas en las que podremos ver una colecci\u00f3n variada que gira en torno a dos corrientes pict\u00f3ricas vanguardistas de los a\u00f1os 1950 y 1980: el arte abstracto, especialmente informalista, y el arte figurativo o realista.<\/div>\r\n                                            <\/div>\r\n                                         <\/div>\r\n                                      <\/div>\r\n                                   <\/div>\r\n                                <\/div>\r\n                             <\/div>\r\n                          <\/div>\r\n                       <\/div>\r\n                    <\/div>\r\n                 <\/div>\r\n              <\/div>\r\n           <\/div>\r\n           <div style=\"background-color: #00a997;\" class=\"direccionUbicacion wpb_column vc_column_container vc_col-sm-3 vc_col-has-fill\">\r\n              <div class=\"vc_column-inner vc_custom_1473175165551\" >\r\n                 <div class=\"wpb_wrapper\">\r\n                    <div class=\"wpb_text_column wpb_content_element  direcciones\">\r\n                       <div class=\"wpb_wrapper\">\r\n                          <div class=\"page\">\r\n                             <div class=\"section\">\r\n                                <div class=\"layoutArea\">\r\n                                   <div class=\"column\"><p><span class='dirUbicacion' style='color: #ffffff; line-height: 0px;'>Plaza del Raval s\/n <\/span><\/p><p><span style='color: #ffffff;'>Tel\u00e8fon: 965 421 534 <\/span><\/p><\/div><\/div><\/div><\/div><p>&nbsp;<\/p><p><a class='masInfoUbicacion' href='https:\/\/www.elche.es\/museos\/mace\/'><span style='color: #ffffff;'><strong>M\u00e9s informaci\u00f3 &gt;<\/strong><\/span><\/a><\/p><\/div><\/div><\/div><\/div><\/div><\/div>\r\n          <div class=\"vc_row wpb_row vc_row-fluid ubicaciones\" style=\"margin-top: 20px !important; margin-bottom: 20px !important;\">\r\n           <div class=\"wpb_column vc_column_container vc_col-sm-9 vc_col-has-fill\" style=\"background-color: white\">\r\n              <div class=\"vc_column-inner vc_custom_1469779605339\" style=\"min-height: 252px;\">\r\n                 <div class=\"wpb_wrapper\">\r\n                    <div class=\"wpb_text_column wpb_content_element \">\r\n                       <div class=\"wpb_wrapper\">\r\n                          <div class=\"page\">\r\n                             <div class=\"section\">\r\n                                <div class=\"layoutArea\">\r\n                                   <div class=\"column\">\r\n                                      <p><img loading=\"lazy\" decoding=\"async\" class=\"size-full wp-image-1163 alignleft\" style=\"margin-top: -35px; margin-left: -16px;\" src=\" https:\/\/www.elche.es\/wp-content\/uploads\/2016\/10\/5_centroexposiciones.png \" width=\"254\" height=\"252\"><\/p>\r\n                                      <div class=\"page\">\r\n                                         <div class=\"section\">\r\n                                            <div class=\"layoutArea\">\r\n                                               <div class=\"column\"><span style=\"font-size: 29px; font-weight: bold; margin-bottom: 26px;\">Centro Municipal de Exposiciones <\/span><\/div>\r\n                                            <\/div>\r\n                                         <\/div>\r\n                                      <\/div>\r\n                                   <\/div>\r\n                                <\/div>\r\n                             <\/div>\r\n                          <\/div>\r\n                          <div class=\"page\">\r\n                             <div class=\"section\">\r\n                                <div class=\"layoutArea\">\r\n                                   <div class=\"column\">\r\n                                      <div class=\"page\">\r\n                                         <div class=\"section\">\r\n                                            <div class=\"layoutArea\">\r\n                                               <div class=\"column\" style=\"margin-top: 10px;\">Situado en el barrio del Raval, el Centro Municipal de Exposiciones es un moderno y funcional edificio que en sus tres salas acoge muestras de arte contempor\u00e1neo, as\u00ed como otras exposiciones programadas por el \u00e1rea de Cultura del Ayuntamiento de Elche.<br \/>\nCon una especial atenci\u00f3n por la creaci\u00f3n art\u00edstica local, tambi\u00e9n se presentan muestras de artistas valencianos o de \u00e1mbito nacional. Tambi\u00e9n se han organizado en el centro otros eventos como tertulias o conferencias, as\u00ed como visitas guiadas.<\/div>\r\n                                            <\/div>\r\n                                         <\/div>\r\n                                      <\/div>\r\n                                   <\/div>\r\n                                <\/div>\r\n                             <\/div>\r\n                          <\/div>\r\n                       <\/div>\r\n                    <\/div>\r\n                 <\/div>\r\n              <\/div>\r\n           <\/div>\r\n           <div style=\"background-color: #00a997;\" class=\"direccionUbicacion wpb_column vc_column_container vc_col-sm-3 vc_col-has-fill\">\r\n              <div class=\"vc_column-inner vc_custom_1473175165551\" >\r\n                 <div class=\"wpb_wrapper\">\r\n                    <div class=\"wpb_text_column wpb_content_element  direcciones\">\r\n                       <div class=\"wpb_wrapper\">\r\n                          <div class=\"page\">\r\n                             <div class=\"section\">\r\n                                <div class=\"layoutArea\">\r\n                                   <div class=\"column\"><p><span class='dirUbicacion' style='color: #ffffff; line-height: 0px;'>Plaza del San Juan, s\/n <\/span><\/p><p><span style='color: #ffffff;'>Tel\u00e8fon: 965 452 345 <\/span><\/p><\/div><\/div><\/div><\/div><p>&nbsp;<\/p><p><a class='masInfoUbicacion' href='https:\/\/www.elche.es\/locations\/centro-municipal-de-exposiciones\/'><span style='color: #ffffff;'><strong>M\u00e9s informaci\u00f3 &gt;<\/strong><\/span><\/a><\/p><\/div><\/div><\/div><\/div><\/div><\/div>\r\n          <div class=\"vc_row wpb_row vc_row-fluid ubicaciones\" style=\"margin-top: 20px !important; margin-bottom: 20px !important;\">\r\n           <div class=\"wpb_column vc_column_container vc_col-sm-9 vc_col-has-fill\" style=\"background-color: white\">\r\n              <div class=\"vc_column-inner vc_custom_1469779605339\" style=\"min-height: 252px;\">\r\n                 <div class=\"wpb_wrapper\">\r\n                    <div class=\"wpb_text_column wpb_content_element \">\r\n                       <div class=\"wpb_wrapper\">\r\n                          <div class=\"page\">\r\n                             <div class=\"section\">\r\n                                <div class=\"layoutArea\">\r\n                                   <div class=\"column\">\r\n                                      <p><img loading=\"lazy\" decoding=\"async\" class=\"size-full wp-image-1163 alignleft\" style=\"margin-top: -35px; margin-left: -16px;\" src=\" https:\/\/www.elche.es\/wp-content\/uploads\/2016\/10\/6_ba\u00f1osarabes.png \" width=\"254\" height=\"252\"><\/p>\r\n                                      <div class=\"page\">\r\n                                         <div class=\"section\">\r\n                                            <div class=\"layoutArea\">\r\n                                               <div class=\"column\"><span style=\"font-size: 29px; font-weight: bold; margin-bottom: 26px;\">Ba\u00f1os \u00c1rabes <\/span><\/div>\r\n                                            <\/div>\r\n                                         <\/div>\r\n                                      <\/div>\r\n                                   <\/div>\r\n                                <\/div>\r\n                             <\/div>\r\n                          <\/div>\r\n                          <div class=\"page\">\r\n                             <div class=\"section\">\r\n                                <div class=\"layoutArea\">\r\n                                   <div class=\"column\">\r\n                                      <div class=\"page\">\r\n                                         <div class=\"section\">\r\n                                            <div class=\"layoutArea\">\r\n                                               <div class=\"column\" style=\"margin-top: 10px;\">Su construcci\u00f3n se sit\u00faa hacia mediados del siglo XII y, a pesar de no ser los \u00fanicos que existir\u00edan en la medina isl\u00e1mica de Il\u0161, s\u00ed son los \u00fanicos que se han conservado.<\/p>\n<p>Constituyen un conjunto monumental singular del patrimonio cultural de la Comunidad Valenciana, ya que son uno de los escasos ejemplos de arquitectura p\u00fablica isl\u00e1mica que se conserva en este territorio. Sus salas exponen las peculiaridades del Palmeral -declarado Patrimonio de la Humanidad por la UNESCO en el a\u00f1o 2000-, su historia y su evoluci\u00f3n hasta convertirse en s\u00edmbolo de la ciudad; contiene audiovisuales, fichas, murales, objetos y pantallas t\u00e1ctiles, cuyos contenidos pretenden configurar una imagen global y precisa de este paisaje cultural \u00fanico.<\/div>\r\n                                            <\/div>\r\n                                         <\/div>\r\n                                      <\/div>\r\n                                   <\/div>\r\n                                <\/div>\r\n                             <\/div>\r\n                          <\/div>\r\n                       <\/div>\r\n                    <\/div>\r\n                 <\/div>\r\n              <\/div>\r\n           <\/div>\r\n           <div style=\"background-color: #00a997;\" class=\"direccionUbicacion wpb_column vc_column_container vc_col-sm-3 vc_col-has-fill\">\r\n              <div class=\"vc_column-inner vc_custom_1473175165551\" >\r\n                 <div class=\"wpb_wrapper\">\r\n                    <div class=\"wpb_text_column wpb_content_element  direcciones\">\r\n                       <div class=\"wpb_wrapper\">\r\n                          <div class=\"page\">\r\n                             <div class=\"section\">\r\n                                <div class=\"layoutArea\">\r\n                                   <div class=\"column\"><p><span class='dirUbicacion' style='color: #ffffff; line-height: 0px;'>Paseo de las Eras de Santa Luc\u00eda, 14 <\/span><\/p><p><span style='color: #ffffff;'>Tel\u00e8fon: 965 452 887 <\/span><\/p><\/div><\/div><\/div><\/div><p>&nbsp;<\/p><p><a class='masInfoUbicacion' href='https:\/\/www.elche.es\/locations\/banos-arabes\/'><span style='color: #ffffff;'><strong>M\u00e9s informaci\u00f3 &gt;<\/strong><\/span><\/a><\/p><\/div><\/div><\/div><\/div><\/div><\/div>\r\n          <div class=\"vc_row wpb_row vc_row-fluid ubicaciones\" style=\"margin-top: 20px !important; margin-bottom: 20px !important;\">\r\n           <div class=\"wpb_column vc_column_container vc_col-sm-9 vc_col-has-fill\" style=\"background-color: white\">\r\n              <div class=\"vc_column-inner vc_custom_1469779605339\" style=\"min-height: 252px;\">\r\n                 <div class=\"wpb_wrapper\">\r\n                    <div class=\"wpb_text_column wpb_content_element \">\r\n                       <div class=\"wpb_wrapper\">\r\n                          <div class=\"page\">\r\n                             <div class=\"section\">\r\n                                <div class=\"layoutArea\">\r\n                                   <div class=\"column\">\r\n                                      <p><img loading=\"lazy\" decoding=\"async\" class=\"size-full wp-image-1163 alignleft\" style=\"margin-top: -35px; margin-left: -16px;\" src=\" https:\/\/www.elche.es\/wp-content\/uploads\/2016\/10\/8_lonjamedieval.png \" width=\"254\" height=\"252\"><\/p>\r\n                                      <div class=\"page\">\r\n                                         <div class=\"section\">\r\n                                            <div class=\"layoutArea\">\r\n                                               <div class=\"column\"><span style=\"font-size: 29px; font-weight: bold; margin-bottom: 26px;\">Lonja Medieval <\/span><\/div>\r\n                                            <\/div>\r\n                                         <\/div>\r\n                                      <\/div>\r\n                                   <\/div>\r\n                                <\/div>\r\n                             <\/div>\r\n                          <\/div>\r\n                          <div class=\"page\">\r\n                             <div class=\"section\">\r\n                                <div class=\"layoutArea\">\r\n                                   <div class=\"column\">\r\n                                      <div class=\"page\">\r\n                                         <div class=\"section\">\r\n                                            <div class=\"layoutArea\">\r\n                                               <div class=\"column\" style=\"margin-top: 10px;\">Acoge muestras temporales tanto de artes pl\u00e1sticas como de otras disciplinas. Ubicada en la planta baja del edificio del ayuntamiento, seg\u00fan el erudito local Pedro Ibarra Ruiz, (1858-1934), se tratar\u00eda del antiguo archivo, una sala abierta con arcos de medio punto, construido en 1469.<\/div>\r\n                                            <\/div>\r\n                                         <\/div>\r\n                                      <\/div>\r\n                                   <\/div>\r\n                                <\/div>\r\n                             <\/div>\r\n                          <\/div>\r\n                       <\/div>\r\n                    <\/div>\r\n                 <\/div>\r\n              <\/div>\r\n           <\/div>\r\n           <div style=\"background-color: #00a997;\" class=\"direccionUbicacion wpb_column vc_column_container vc_col-sm-3 vc_col-has-fill\">\r\n              <div class=\"vc_column-inner vc_custom_1473175165551\" >\r\n                 <div class=\"wpb_wrapper\">\r\n                    <div class=\"wpb_text_column wpb_content_element  direcciones\">\r\n                       <div class=\"wpb_wrapper\">\r\n                          <div class=\"page\">\r\n                             <div class=\"section\">\r\n                                <div class=\"layoutArea\">\r\n                                   <div class=\"column\"><p><span class='dirUbicacion' style='color: #ffffff; line-height: 0px;'>Plaza Pla\u00e7a de Baix, 1 <\/span><\/p><p><span style='color: #ffffff;'>Tel\u00e8fon: 966 658 188 <\/span><\/p><\/div><\/div><\/div><\/div><p>&nbsp;<\/p><p><a class='masInfoUbicacion' href='https:\/\/www.elche.es\/locations\/lonja-medieval\/'><span style='color: #ffffff;'><strong>M\u00e9s informaci\u00f3 &gt;<\/strong><\/span><\/a><\/p><\/div><\/div><\/div><\/div><\/div><\/div>\r\n          <div class=\"vc_row wpb_row vc_row-fluid ubicaciones\" style=\"margin-top: 20px !important; margin-bottom: 20px !important;\">\r\n           <div class=\"wpb_column vc_column_container vc_col-sm-9 vc_col-has-fill\" style=\"background-color: white\">\r\n              <div class=\"vc_column-inner vc_custom_1469779605339\" style=\"min-height: 252px;\">\r\n                 <div class=\"wpb_wrapper\">\r\n                    <div class=\"wpb_text_column wpb_content_element \">\r\n                       <div class=\"wpb_wrapper\">\r\n                          <div class=\"page\">\r\n                             <div class=\"section\">\r\n                                <div class=\"layoutArea\">\r\n                                   <div class=\"column\">\r\n                                      <p><img loading=\"lazy\" decoding=\"async\" class=\"size-full wp-image-1163 alignleft\" style=\"margin-top: -35px; margin-left: -16px;\" src=\" https:\/\/www.elche.es\/wp-content\/uploads\/2016\/10\/9_franciscana.png \" width=\"254\" height=\"252\"><\/p>\r\n                                      <div class=\"page\">\r\n                                         <div class=\"section\">\r\n                                            <div class=\"layoutArea\">\r\n                                               <div class=\"column\"><span style=\"font-size: 29px; font-weight: bold; margin-bottom: 26px;\">Antigua Capilla de la Orden Tercera Franciscana <\/span><\/div>\r\n                                            <\/div>\r\n                                         <\/div>\r\n                                      <\/div>\r\n                                   <\/div>\r\n                                <\/div>\r\n                             <\/div>\r\n                          <\/div>\r\n                          <div class=\"page\">\r\n                             <div class=\"section\">\r\n                                <div class=\"layoutArea\">\r\n                                   <div class=\"column\">\r\n                                      <div class=\"page\">\r\n                                         <div class=\"section\">\r\n                                            <div class=\"layoutArea\">\r\n                                               <div class=\"column\" style=\"margin-top: 10px;\">Acoge muestras temporales tanto de artes pl\u00e1sticas como de otras disciplinas. El edificio, rehabilitado recientemente, es la antigua capilla erigida a principios del siglo XVIII por los Hermanos de la Orden Tercera Franciscana, fieles laicos vinculados a la orden franciscana, que ocupaba el anexo Convento de San Jos\u00e9.<\/div>\r\n                                            <\/div>\r\n                                         <\/div>\r\n                                      <\/div>\r\n                                   <\/div>\r\n                                <\/div>\r\n                             <\/div>\r\n                          <\/div>\r\n                       <\/div>\r\n                    <\/div>\r\n                 <\/div>\r\n              <\/div>\r\n           <\/div>\r\n           <div style=\"background-color: #00a997;\" class=\"direccionUbicacion wpb_column vc_column_container vc_col-sm-3 vc_col-has-fill\">\r\n              <div class=\"vc_column-inner vc_custom_1473175165551\" >\r\n                 <div class=\"wpb_wrapper\">\r\n                    <div class=\"wpb_text_column wpb_content_element  direcciones\">\r\n                       <div class=\"wpb_wrapper\">\r\n                          <div class=\"page\">\r\n                             <div class=\"section\">\r\n                                <div class=\"layoutArea\">\r\n                                   <div class=\"column\"><p><span class='dirUbicacion' style='color: #ffffff; line-height: 0px;'>Plaza de Reyes Cat\u00f3licos 20b. <\/span><\/p><p><span style='color: #ffffff;'>Tel\u00e8fon: 966 658 293 <\/span><\/p><\/div><\/div><\/div><\/div><p>&nbsp;<\/p><p><a class='masInfoUbicacion' href='https:\/\/www.elche.es\/locations\/antigua-capilla-de-la-orden-tercera-franciscana\/'><span style='color: #ffffff;'><strong>M\u00e9s informaci\u00f3 &gt;<\/strong><\/span><\/a><\/p><\/div><\/div><\/div><\/div><\/div><\/div>\r\n          <div class=\"vc_row wpb_row vc_row-fluid ubicaciones\" style=\"margin-top: 20px !important; margin-bottom: 20px !important;\">\r\n           <div class=\"wpb_column vc_column_container vc_col-sm-9 vc_col-has-fill\" style=\"background-color: white\">\r\n              <div class=\"vc_column-inner vc_custom_1469779605339\" style=\"min-height: 252px;\">\r\n                 <div class=\"wpb_wrapper\">\r\n                    <div class=\"wpb_text_column wpb_content_element \">\r\n                       <div class=\"wpb_wrapper\">\r\n                          <div class=\"page\">\r\n                             <div class=\"section\">\r\n                                <div class=\"layoutArea\">\r\n                                   <div class=\"column\">\r\n                                      <p><img loading=\"lazy\" decoding=\"async\" class=\"size-full wp-image-1163 alignleft\" style=\"margin-top: -35px; margin-left: -16px;\" src=\" https:\/\/www.elche.es\/wp-content\/uploads\/2016\/10\/10_casadebelen.png \" width=\"254\" height=\"252\"><\/p>\r\n                                      <div class=\"page\">\r\n                                         <div class=\"section\">\r\n                                            <div class=\"layoutArea\">\r\n                                               <div class=\"column\"><span style=\"font-size: 29px; font-weight: bold; margin-bottom: 26px;\">Casa del Bel\u00e9n <\/span><\/div>\r\n                                            <\/div>\r\n                                         <\/div>\r\n                                      <\/div>\r\n                                   <\/div>\r\n                                <\/div>\r\n                             <\/div>\r\n                          <\/div>\r\n                          <div class=\"page\">\r\n                             <div class=\"section\">\r\n                                <div class=\"layoutArea\">\r\n                                   <div class=\"column\">\r\n                                      <div class=\"page\">\r\n                                         <div class=\"section\">\r\n                                            <div class=\"layoutArea\">\r\n                                               <div class=\"column\" style=\"margin-top: 10px;\">La Casa del Bel\u00e9n ofrece al visitante una serie de belenes, dioramas, colecciones y figuras, que recogen parte del trabajo de la Asociaci\u00f3n Belenista de Elche a lo largo de sus veintis\u00e9is a\u00f1os de trayectoria, as\u00ed como tambi\u00e9n muestras de exposiciones temporales de distintos artesanos.<\/div>\r\n                                            <\/div>\r\n                                         <\/div>\r\n                                      <\/div>\r\n                                   <\/div>\r\n                                <\/div>\r\n                             <\/div>\r\n                          <\/div>\r\n                       <\/div>\r\n                    <\/div>\r\n                 <\/div>\r\n              <\/div>\r\n           <\/div>\r\n           <div style=\"background-color: #00a997;\" class=\"direccionUbicacion wpb_column vc_column_container vc_col-sm-3 vc_col-has-fill\">\r\n              <div class=\"vc_column-inner vc_custom_1473175165551\" >\r\n                 <div class=\"wpb_wrapper\">\r\n                    <div class=\"wpb_text_column wpb_content_element  direcciones\">\r\n                       <div class=\"wpb_wrapper\">\r\n                          <div class=\"page\">\r\n                             <div class=\"section\">\r\n                                <div class=\"layoutArea\">\r\n                                   <div class=\"column\"><p><span class='dirUbicacion' style='color: #ffffff; line-height: 0px;'>Plaza de la Fruita, 31. 03202 Elche-Alicante <\/span><\/p><p><span style='color: #ffffff;'>Tel\u00e8fon: 966 658 204 <\/span><\/p><\/div><\/div><\/div><\/div><p>&nbsp;<\/p><p><a class='masInfoUbicacion' href='https:\/\/www.elche.es\/locations\/casa-del-belen\/'><span style='color: #ffffff;'><strong>M\u00e9s informaci\u00f3 &gt;<\/strong><\/span><\/a><\/p><\/div><\/div><\/div><\/div><\/div><\/div>\r\n          <div class=\"vc_row wpb_row vc_row-fluid ubicaciones\" style=\"margin-top: 20px !important; margin-bottom: 20px !important;\">\r\n           <div class=\"wpb_column vc_column_container vc_col-sm-9 vc_col-has-fill\" style=\"background-color: white\">\r\n              <div class=\"vc_column-inner vc_custom_1469779605339\" style=\"min-height: 252px;\">\r\n                 <div class=\"wpb_wrapper\">\r\n                    <div class=\"wpb_text_column wpb_content_element \">\r\n                       <div class=\"wpb_wrapper\">\r\n                          <div class=\"page\">\r\n                             <div class=\"section\">\r\n                                <div class=\"layoutArea\">\r\n                                   <div class=\"column\">\r\n                                      <p><img loading=\"lazy\" decoding=\"async\" class=\"size-full wp-image-1163 alignleft\" style=\"margin-top: -35px; margin-left: -16px;\" src=\" https:\/\/www.elche.es\/wp-content\/uploads\/2016\/10\/11_torredevaillo.png \" width=\"254\" height=\"252\"><\/p>\r\n                                      <div class=\"page\">\r\n                                         <div class=\"section\">\r\n                                            <div class=\"layoutArea\">\r\n                                               <div class=\"column\"><span style=\"font-size: 29px; font-weight: bold; margin-bottom: 26px;\">Torre de Vaillo <\/span><\/div>\r\n                                            <\/div>\r\n                                         <\/div>\r\n                                      <\/div>\r\n                                   <\/div>\r\n                                <\/div>\r\n                             <\/div>\r\n                          <\/div>\r\n                          <div class=\"page\">\r\n                             <div class=\"section\">\r\n                                <div class=\"layoutArea\">\r\n                                   <div class=\"column\">\r\n                                      <div class=\"page\">\r\n                                         <div class=\"section\">\r\n                                            <div class=\"layoutArea\">\r\n                                               <div class=\"column\" style=\"margin-top: 10px;\">La torre formaba parte de una serie de edificaciones que, en su origen, ten\u00edan un claro car\u00e1cter de vigilancia y defensivo, y que fueron construidas entre finales de la Edad Media y la primera mitad del siglo XVI. Desde su altura los guardias pod\u00edan avizorar cualquier se\u00f1al de peligro para la poblaci\u00f3n.<\/div>\r\n                                            <\/div>\r\n                                         <\/div>\r\n                                      <\/div>\r\n                                   <\/div>\r\n                                <\/div>\r\n                             <\/div>\r\n                          <\/div>\r\n                       <\/div>\r\n                    <\/div>\r\n                 <\/div>\r\n              <\/div>\r\n           <\/div>\r\n           <div style=\"background-color: #00a997;\" class=\"direccionUbicacion wpb_column vc_column_container vc_col-sm-3 vc_col-has-fill\">\r\n              <div class=\"vc_column-inner vc_custom_1473175165551\" >\r\n                 <div class=\"wpb_wrapper\">\r\n                    <div class=\"wpb_text_column wpb_content_element  direcciones\">\r\n                       <div class=\"wpb_wrapper\">\r\n                          <div class=\"page\">\r\n                             <div class=\"section\">\r\n                                <div class=\"layoutArea\">\r\n                                   <div class=\"column\"><p><span class='dirUbicacion' style='color: #ffffff; line-height: 0px;'>Avenida del Ferrocarril, s\/n Huerto de la Torre (detr\u00e1s del conservatorio de m\u00fasica) <\/span><\/p><\/div><\/div><\/div><\/div><p>&nbsp;<\/p><p><a class='masInfoUbicacion' href='https:\/\/www.elche.es\/locations\/torre-de-vaillo\/'><span style='color: #ffffff;'><strong>M\u00e9s informaci\u00f3 &gt;<\/strong><\/span><\/a><\/p><\/div><\/div><\/div><\/div><\/div><\/div>[\/vc_column][\/vc_row][vc_row][vc_column width=&#8221;1\/3&#8243;][vc_column_text]<img loading=\"lazy\" decoding=\"async\" class=\"size-full wp-image-52410 aligncenter\" src=\"https:\/\/www.elche.es\/wp-content\/uploads\/2018\/03\/Logo-ayto-elche-nuevo.png\" alt=\"\" width=\"252\" height=\"88\" \/>[\/vc_column_text][\/vc_column][vc_column width=&#8221;1\/3&#8243;][vc_column_text]<img loading=\"lazy\" decoding=\"async\" class=\"size-full wp-image-146737 aligncenter\" src=\"https:\/\/www.elche.es\/wp-content\/uploads\/2021\/05\/elx-cultura.png\" alt=\"\" width=\"191\" height=\"88\" \/><\/p>\n<p>[\/vc_column_text][\/vc_column][vc_column width=&#8221;1\/3&#8243;][vc_column_text]<img loading=\"lazy\" decoding=\"async\" class=\"size-full wp-image-146741 aligncenter\" src=\"https:\/\/www.elche.es\/wp-content\/uploads\/2021\/05\/logo_visit_elche-1.png\" alt=\"\" width=\"280\" height=\"81\" \/>[\/vc_column_text][\/vc_column][\/vc_row][vc_row][vc_column]<h3 class=\"sc_title sc_title_regular\">Mapa interactivo<\/h3>[\/vc_column][\/vc_row][vc_row full_width=&#8221;stretch_row_content_no_spaces&#8221;][vc_column][vc_column_text]\t\t\t\n\t\t\t\n\t\t\t\n\t\t\n<link rel=\"stylesheet\" href=\"https:\/\/unpkg.com\/leaflet@1.0.2\/dist\/leaflet.css\" \/>\n<script src=\"https:\/\/unpkg.com\/leaflet@1.0.2\/dist\/leaflet.js\"><\/script>\n<script src=\"https:\/\/unpkg.com\/leaflet-routing-machine@latest\/dist\/leaflet-routing-machine.js\"><\/script>\n<link rel=\"stylesheet\" href=\"https:\/\/unpkg.com\/leaflet-routing-machine@latest\/dist\/leaflet-routing-machine.css\" \/> \n\t <link rel=\"stylesheet\" href=\"https:\/\/unpkg.com\/leaflet-gesture-handling\/dist\/leaflet-gesture-handling.min.css\" type=\"text\/css\">\n\t <script src=\"https:\/\/unpkg.com\/leaflet-gesture-handling\"><\/script>\n<script src=\"https:\/\/unpkg.com\/leaflet.fullscreen@latest\/Control.FullScreen.js\"><\/script>\n\n\n<style>\n\t .fullscreen-icon { background-image: url(https:\/\/www.elche.es\/wp-content\/uploads\/2021\/02\/icon-fullscreen.png); }\n\t\t.leaflet-retina .fullscreen-icon { background-image: url(https:\/\/www.elche.es\/wp-content\/uploads\/2021\/02\/icon-fullscreen-2x.png); background-size: 26px 26px; }\n\t\t\/* one selector per rule as explained here : http:\/\/www.sitepoint.com\/html5-full-screen-api\/ *\/\n\t\t.leaflet-container:-webkit-full-screen { width: 100% !important; height: 100% !important; z-index: 99999; }\n\t\t.leaflet-container:-ms-fullscreen { width: 100% !important; height: 100% !important; z-index: 99999; }\n\t\t.leaflet-container:full-screen { width: 100% !important; height: 100% !important; z-index: 99999; }\n\t\t.leaflet-container:fullscreen { width: 100% !important; height: 100% !important; z-index: 99999; }\n\t\t.leaflet-pseudo-fullscreen { position: fixed !important; width: 100% !important; height: 100% !important; top: 0px !important; left: 0px !important; z-index: 99999; }\n  #map { \n \n  height:100vh; }\n  .leaflet-right {\n   \n    display: none !important;\n}\n  \n.map-scroll:before {\ncontent: 'Use ctrl + scroll para hacer zoom';\nposition: absolute;\ntop: 50%;\nleft: 50%;\nz-index: 999;\nfont-size: 34px;\ncolor:black !important;\nfont-weight: bold;\n }\n .map-scroll:after {\nposition: absolute;\nleft: 0;\nright: 0;\nbottom: 0;\ntop: 0;\ncontent: '';\nbackground: #00000061;\nz-index: 999;\n}<\/style>\n\n<div id=\"map\" class=\"stellar-places-map-canvas\" style=\"width: 100%; height: 400px;\"><\/div>\n\n  \n  \n  \n  \n  \n  \n  \n  \n  \n  \n  \n  \n  \n  \n  \n  \n  \n\t\t\n\t\t\n\t\t<script>\n\n\nvar markers = [\n  [\"Hort dels Pontos\", , ],[\"Museu del Palmerar\", 38.26414678958127, -0.6932436545538625],[\"Museu de la Festa\", 38.2670676871245, -0.6987350302971733],[\"Museu de l&#8217;Alc\u00fadia\", 38.23934548987353, -0.6962838326248091],[\"Museu de Pu\u00e7ol\", 38.213284666953435, -0.7329750964723357],[\"MUPE\", 38.26148039561631, -0.6991352463826638],[\"Museu de la Mare de D\u00e9u\", 38.26727841787963, -0.697066167824764],[\"Museu de la Verge\", 38.26727841787963, -0.697066167824764],[\"Torre dels Va\u00efllo\", 38.274225603974436, -0.6934096234906248],[\"Casa del Betlem\", 38.26559992719061, -0.698778060237349],[\"Antiga capella de l\u2019Ordre Tercer Francisc\u00e0\", 38.25984957809922, -0.7017668473136789],[\"Llotja Medieval\", 38.26537970434756, -0.6988859320221703],[\"La Calaforra\", 38.26728514193802, -0.696798503837876],[\"Banys \u00c0rabs\", 38.26748938263122, -0.6962032844996647],[\"Centre Municipal d&#8217;Exposicions\", 38.26153269506813, -0.6989798748910004],[\"MACE\", 38.26080610423132, -0.6988095546170586],[\"MAHE\", 38.26821501306048, -0.6976586172191364]];\nvar zoom =10;\nvar map = L.map('map',{gestureHandling:true,fullscreenControl: true}).setView([38.268, -0.6664], zoom);\n\t\t\tmap.scrollWheelZoom.disable();\n\t\n\tL.tileLayer('https:\/\/{s}.tile.osm.org\/{z}\/{x}\/{y}.png', {\n\tattribution: '&copy; <a href=\"https:\/\/osm.org\/copyright\">OpenStreetMap<\/a> contributors'\n}).addTo(map);\n\t\t\t\nvar control = L.Routing.control({\n    routeWhileDragging: false,\n    reverseWaypoints: false,\n    showAlternatives: false,\n\tdraggableWaypoints:false,\n\t\/\/gestureHandling: true,\n\taddWaypoints:false,\n    lineOptions: {\n      styles: [{color: 'black', opacity:0.7, weight: 4}]\n    }\n   \n}).addTo(map);\n\t\t\t\n\t\t\tL.Routing.errorControl(control).addTo(map);\n\nL.Routing.Formatter = L.Class.extend({\n\toptions: {\n\t\tlanguage: 'sp'\n\t\t\n\t}\n});\n\t \/\/ detect fullscreen toggling\n\t\tmap.on('enterFullscreen', function(){\n\t\t\tif(window.console) window.console.log('enterFullscreen');\n\t\t});\n\t\tmap.on('exitFullscreen', function(){\n\t\t\tif(window.console) window.console.log('exitFullscreen');\n\t\t});\n\nfor (var i = 0; i < markers.length; i++) {\n  marker = new L.marker([markers[i][1],markers[i][2]])\n    .bindPopup(markers[i][0])\n    .addTo(map);\n};\n\n<\/script>\n\t\t\n\t\t\n\t\t\n\n\n<!-- -LOCATIONES-\n-->\n\t\t\n\t\t[\/vc_column_text][\/vc_column][\/vc_row]<\/p>\n<\/div>","protected":false},"excerpt":{"rendered":"<p>[vc_row full_width=&#8221;stretch_row&#8221; css=&#8221;.vc_custom_1652778208703{padding-top: 290px !important;padding-bottom: 0px !important;background-image: url(https:\/\/www.elche.es\/wp-content\/uploads\/2022\/05\/dia-museos-2022.jpg?id=197312) !important;background-position: center !important;background-repeat: no-repeat !important;background-size: cover !important;}&#8221; el_id=&#8221;bloque_titulo&#8221; el_class=&#8221;slidersecciones&#8221;][vc_column][vc_custom_heading text=&#8221;&#8221; font_container=&#8221;tag:h2|text_align:center|color:%23ffffff&#8221; google_fonts=&#8221;font_family:Ubuntu%3A300%2C300italic%2Cregular%2Citalic%2C500%2C500italic%2C700%2C700italic|font_style:700%20bold%20regular%3A700%3Anormal&#8221; el_class=&#8221;sombraTitulo cabeceramovil&#8221;][\/vc_column][\/vc_row][vc_row css=&#8221;.vc_custom_1620802066289{margin-left: 0px !important;padding-top: 30px !important;padding-bottom: 30px !important;padding-left: 0px [&hellip;]<\/p>\n","protected":false},"author":144,"featured_media":0,"parent":0,"menu_order":0,"comment_status":"closed","ping_status":"closed","template":"","meta":{"footnotes":""},"class_list":["post-145966","page","type-page","status-publish","hentry"],"_links":{"self":[{"href":"https:\/\/www.elche.es\/va\/wp-json\/wp\/v2\/pages\/145966","targetHints":{"allow":["GET"]}}],"collection":[{"href":"https:\/\/www.elche.es\/va\/wp-json\/wp\/v2\/pages"}],"about":[{"href":"https:\/\/www.elche.es\/va\/wp-json\/wp\/v2\/types\/page"}],"author":[{"embeddable":true,"href":"https:\/\/www.elche.es\/va\/wp-json\/wp\/v2\/users\/144"}],"replies":[{"embeddable":true,"href":"https:\/\/www.elche.es\/va\/wp-json\/wp\/v2\/comments?post=145966"}],"version-history":[{"count":0,"href":"https:\/\/www.elche.es\/va\/wp-json\/wp\/v2\/pages\/145966\/revisions"}],"wp:attachment":[{"href":"https:\/\/www.elche.es\/va\/wp-json\/wp\/v2\/media?parent=145966"}],"curies":[{"name":"wp","href":"https:\/\/api.w.org\/{rel}","templated":true}]}}