{"id":4475,"date":"2016-10-18T15:22:33","date_gmt":"2016-10-18T15:22:33","guid":{"rendered":"http:\/\/www.elche.es\/va\/museo-del-palmeral\/"},"modified":"2024-04-23T11:03:27","modified_gmt":"2024-04-23T09:03:27","slug":"museu-del-palmerar","status":"publish","type":"page","link":"https:\/\/www.elche.es\/va\/museus\/museu-del-palmerar\/","title":{"rendered":"Museu del Palmerar"},"content":{"rendered":"<div class=\"wpb-content-wrapper\"><p>[vc_row full_width=&#8221;stretch_row&#8221; css=&#8221;.vc_custom_1620734342236{background-image: url(https:\/\/www.elche.es\/wp-content\/uploads\/2016\/10\/cabeceras_museopalmeral.png?id=4907) !important;background-position: center !important;background-repeat: no-repeat !important;background-size: cover !important;}&#8221; el_id=&#8221;bloque_titulo&#8221; el_class=&#8221;slidersecciones&#8221;][vc_column][vc_custom_heading text=&#8221;MUSEU DEL PALMERAR&#8221; font_container=&#8221;tag:h2|text_align:center|color:%23ffffff&#8221; google_fonts=&#8221;font_family:Ubuntu%3A300%2C300italic%2Cregular%2Citalic%2C500%2C500italic%2C700%2C700italic|font_style:700%20bold%20regular%3A700%3Anormal&#8221; el_class=&#8221;sombraTitulo cabeceramovil&#8221;][\/vc_column][\/vc_row][vc_row full_width=&#8221;stretch_row_content_no_spaces&#8221; css=&#8221;.vc_custom_1475765564344{margin-top: -130px !important;padding-top: 30px !important;padding-right: 30px !important;padding-bottom: 30px !important;padding-left: 30px !important;background-color: rgba(0,169,151,0.8) !important;*background-color: rgb(0,169,151) !important;}&#8221; el_id=&#8221;bloque_menu_enlaces&#8221;][vc_column]<div id=\"sc_section_867929503\" class=\"sc_section margin_right_large margin_left_large aligncenter\"><div class=\"sc_section_inner\"><div id=\"sc_section_867929503_scroll\" class=\"sc_scroll sc_scroll_horizontal swiper-slider-container scroll-container\" style=\"\"><div class=\"sc_scroll_wrapper swiper-wrapper\"><div class=\"sc_scroll_slide swiper-slide\">\r\n        \r\n        <a class=\"menuVC\"  href=\"https:\/\/www.elche.es\/va\/museus\/museu-del-palmerar\/informacio-general\/\"> <span> Informaci\u00f3 General <\/span><\/a>\r\n        \r\n        <a class=\"menuVC\"  href=\"https:\/\/www.elche.es\/va\/museos\/museu-del-palmerar\/el-palmerar-delx\/\"> <span> El Palmerar d'Elx <\/span><\/a>\r\n        \r\n        <a class=\"menuVC\"  href=\"https:\/\/www.elche.es\/va\/museos\/museu-del-palmerar\/lhort-de-sant-placid\/\"> <span> L\u2019Hort de Sant Pl\u00e0cid <\/span><\/a>\r\n        \r\n        <a class=\"menuVC\"  href=\"https:\/\/www.elche.es\/va\/museos\/museu-del-palmerar\/la-ruta-del-palmerar\/\"> <span> La ruta del Palmerar <\/span><\/a>\r\n        \r\n        <a class=\"menuVC\"  href=\"https:\/\/www.elche.es\/va\/museos\/museo-del-palmeral\/el-regadiu\/\"> <span> El regadiu <\/span><\/a>\r\n        \r\n        <a class=\"menuVC\"  href=\"https:\/\/www.elche.es\/va\/museus\/museu-del-palmerar\/enllacos\/\"> <span> Enlla\u00e7os <\/span><\/a><\/div><\/div><div id=\"sc_section_867929503_scroll_bar\" class=\"sc_scroll_bar sc_scroll_bar_horizontal sc_section_867929503_scroll_bar\"><\/div><\/div><\/div><\/div>[\/vc_column][\/vc_row][vc_row full_width=&#8221;stretch_row&#8221; css=&#8221;.vc_custom_1475484188729{background-color: #dddde0 !important;}&#8221;][vc_column][vc_column_text]<nav aria-label=\"breadcrumbs\">\n            <div class=\"breadcrumb-container theme1\">\n                <ol>\n                                    <\/ol>\n            <\/div>\n        <\/nav>    <script type=\"application\/ld+json\">\n        {\n            \"@context\": \"http:\/\/schema.org\",\n            \"@type\": \"BreadcrumbList\",\n            \"itemListElement\": [\n                            ]\n        }\n    <\/script>\n    <style type=\"text\/css\">\n        .breadcrumb-container {\n            font-size: 13px;\n        }\n\n        .breadcrumb-container ul {\n            margin: 0;\n            padding: 0;\n        }\n\n        .breadcrumb-container li {\n            box-sizing: unset;\n            display: inline-block;\n            margin: 0;\n            padding: 0;\n        }\n\n        .breadcrumb-container li a {\n            box-sizing: unset;\n            padding: 0 10px;\n        }\n\n        .breadcrumb-container {\n            font-size: 3 !important;\n                    }\n\n        .breadcrumb-container li a {\n            color: #0a0a0a !important;\n            font-size: 3 !important;\n            line-height: 3 !important;\n                    }\n\n        .breadcrumb-container li .separator {\n            font-size: 3 !important;\n                    }\n\n        .breadcrumb-container li:last-child .separator {\n            display: none;\n        }\n    <\/style>\n    <style type=\"text\/css\">\n        .breadcrumb-container.theme1 li {\n            margin: 0;\n            padding: 0;\n        }\n        .breadcrumb-container.theme1 a {\n            background: ;\n            display: inline-block;\n            margin: 0 5px;\n            padding: 5px 10px;\n            text-decoration: none;\n        }\n    <\/style>\n        <style type=\"text\/css\">\n            <\/style>\n    <script>\n            <\/script>\n[\/vc_column_text][\/vc_column][\/vc_row][vc_row full_width=&#8221;stretch_row&#8221; css=&#8221;.vc_custom_1475764105820{background-color: #ffffff !important;}&#8221;][vc_column]<div class=\"sc_content content_wrap\"><div class=\"columns_wrap sc_columns columns_nofluid sc_columns_count_2 history \"><div class=\"column-1_2 sc_column_item sc_column_item_1 odd first\"><h3 class=\"sc_title sc_title_regular margin_top_small\" style=\"margin-top: 4.05em;margin-bottom: 1.35em;\">Museu del Palmerar<\/h3>[vc_column_text el_class=&#8221;short_text&#8221; css=&#8221;.vc_custom_1477039473859{padding-bottom: 30px !important;}&#8221;]Un espai per a con\u00e9ixer l\u2019ess\u00e8ncia i el significat del palmerar, la seua transcend\u00e8ncia hist\u00f2rica i cultural, la palmera i els seus usos.[\/vc_column_text]<div id='modulo_datos_contacto'> <p class='titulo_datos_contacto'>Dades de contacte <\/p> <hr><p class=\"contactoArea\"> <i class=\"fa fa-map-marker\" aria-hidden=\"true\"><\/i>C\/ Porta de la Morera, 12.<\/p><p class=\"contactoArea\"><i class=\"fa fa-phone\" aria-hidden=\"true\"><\/i>966 658 054<\/p><p class=\"contactoArea\"><i class=\"fa fa-envelope\" aria-hidden=\"true\"><\/i><a href=\"mailto:museodelpalmeral@elche.es\"> museodelpalmeral@elche.es<\/a><\/p><p class=\"contactoArea\"><i class=\"fa fa-clock-o\" aria-hidden=\"true\"><\/i>Dimarts a dissabte de 10 a 14 h i de 15 a 18 h.<br \/>\nDiumenges i festius de 10 a 14 h<\/p><div id='contacto-rrss'><\/div><\/div><\/div><div class=\"column-1_2 sc_column_item sc_column_item_2 even\">[sbs_wpb_openstreetmap map_style=&#8221;openstreetmap_de&#8221; map_height=&#8221;100&#8243; ctrl_mouse_zoom=&#8221;true&#8221; latitude=&#8221;38.26419&#8243; longitude=&#8221;-0.69311&#8243;][sbs_wpb_marker marker_source=&#8221;coordinates&#8221; marker_color=&#8221;red&#8221; marker_latitude=&#8221;38.26419&#8243; marker_longitude=&#8221;-0.69311&#8243;][\/sbs_wpb_marker][\/sbs_wpb_openstreetmap]<\/div><\/div><\/div>[\/vc_column][\/vc_row][vc_row full_width=&#8221;stretch_row&#8221; css=&#8221;.vc_custom_1469617963813{padding-bottom: 40px !important;background-color: #fffcfc !important;}&#8221;][vc_column]<div class=\"sc_section aligncenter\"><div class=\"sc_section_inner\"><div class=\"sc_content content_wrap scheme_original\"><h3 class=\"sc_title sc_title_regular sc_align_left\" style=\"text-align:left;\">Pr\u00f2xims esdeveniments<\/h3><div id=\"sc_blogger_2073297253\" class=\"sc_blogger layout_classic_4 template_classic  sc_blogger_horizontal sc_scroll_controls sc_scroll_controls_type_top sc_scroll_controls_horizontal no_description\"><div id=\"sc_blogger_2073297253_scroll\" class=\"sc_scroll sc_scroll_horizontal sc_slider_noresize swiper-slider-container scroll-container\" style=\"width:100%;\"><div class=\"sc_scroll_wrapper swiper-wrapper\"><div class=\"sc_scroll_slide swiper-slide\"><div class=\"isotope_wrap\" data-columns=\"4\"><\/div><\/div><\/div><div id=\"sc_blogger_2073297253_scroll_bar\" class=\"sc_scroll_bar sc_scroll_bar_horizontal sc_blogger_2073297253_scroll_bar\"><\/div><\/div><div class=\"sc_scroll_controls_wrap\"><a class=\"sc_scroll_prev\" href=\"#\"><\/a><a class=\"sc_scroll_next\" href=\"#\"><\/a><\/div><\/div><a href=\"https:\/\/www.elche.es\/va\/calendario-eventos\/categoria\/museus-va\/museu-del-palmerar\/\" class=\"sc_button sc_button_square sc_button_style_filled style_original sc_button_size_small boton3d \">M\u00e9s esdeveniments<\/a><\/div><\/div><\/div>[\/vc_column][\/vc_row]<\/p>\n<\/div>","protected":false},"excerpt":{"rendered":"<p>[vc_row full_width=&#8221;stretch_row&#8221; css=&#8221;.vc_custom_1620734342236{background-image: url(https:\/\/www.elche.es\/wp-content\/uploads\/2016\/10\/cabeceras_museopalmeral.png?id=4907) !important;background-position: center !important;background-repeat: no-repeat !important;background-size: cover !important;}&#8221; el_id=&#8221;bloque_titulo&#8221; el_class=&#8221;slidersecciones&#8221;][vc_column][vc_custom_heading text=&#8221;MUSEU DEL PALMERAR&#8221; font_container=&#8221;tag:h2|text_align:center|color:%23ffffff&#8221; google_fonts=&#8221;font_family:Ubuntu%3A300%2C300italic%2Cregular%2Citalic%2C500%2C500italic%2C700%2C700italic|font_style:700%20bold%20regular%3A700%3Anormal&#8221; el_class=&#8221;sombraTitulo cabeceramovil&#8221;][\/vc_column][\/vc_row][vc_row full_width=&#8221;stretch_row_content_no_spaces&#8221; css=&#8221;.vc_custom_1475765564344{margin-top: -130px !important;padding-top: 30px !important;padding-right: 30px !important;padding-bottom: 30px !important;padding-left: [&hellip;]<\/p>\n","protected":false},"author":131,"featured_media":0,"parent":4650,"menu_order":0,"comment_status":"closed","ping_status":"closed","template":"","meta":{"footnotes":""},"class_list":["post-4475","page","type-page","status-publish","hentry"],"_links":{"self":[{"href":"https:\/\/www.elche.es\/va\/wp-json\/wp\/v2\/pages\/4475","targetHints":{"allow":["GET"]}}],"collection":[{"href":"https:\/\/www.elche.es\/va\/wp-json\/wp\/v2\/pages"}],"about":[{"href":"https:\/\/www.elche.es\/va\/wp-json\/wp\/v2\/types\/page"}],"author":[{"embeddable":true,"href":"https:\/\/www.elche.es\/va\/wp-json\/wp\/v2\/users\/131"}],"replies":[{"embeddable":true,"href":"https:\/\/www.elche.es\/va\/wp-json\/wp\/v2\/comments?post=4475"}],"version-history":[{"count":1,"href":"https:\/\/www.elche.es\/va\/wp-json\/wp\/v2\/pages\/4475\/revisions"}],"predecessor-version":[{"id":298184,"href":"https:\/\/www.elche.es\/va\/wp-json\/wp\/v2\/pages\/4475\/revisions\/298184"}],"up":[{"embeddable":true,"href":"https:\/\/www.elche.es\/va\/wp-json\/wp\/v2\/pages\/4650"}],"wp:attachment":[{"href":"https:\/\/www.elche.es\/va\/wp-json\/wp\/v2\/media?parent=4475"}],"curies":[{"name":"wp","href":"https:\/\/api.w.org\/{rel}","templated":true}]}}