{"id":4478,"date":"2016-10-13T08:07:53","date_gmt":"2016-10-13T08:07:53","guid":{"rendered":"http:\/\/www.elche.es\/va\/fiestas\/"},"modified":"2023-08-01T12:33:41","modified_gmt":"2023-08-01T10:33:41","slug":"festes","status":"publish","type":"page","link":"https:\/\/www.elche.es\/va\/festes\/","title":{"rendered":"Festes"},"content":{"rendered":"<div class=\"wpb-content-wrapper\"><p>[vc_row full_width=&#8221;stretch_row&#8221; css=&#8221;.vc_custom_1478876920520{padding-top: 120px !important;padding-right: 120px !important;padding-bottom: 270px !important;padding-left: 120px !important;background-image: url(https:\/\/www.elche.es\/wp-content\/uploads\/2016\/10\/cabecera__fiestas.png?id=3789) !important;background-position: center !important;background-repeat: no-repeat !important;background-size: cover !important;}&#8221; el_id=&#8221;bloque_titulo&#8221;][vc_column][vc_custom_heading text=&#8221;FESTES&#8221; font_container=&#8221;tag:h2|text_align:center|color:%23ffffff&#8221; google_fonts=&#8221;font_family:Ubuntu%3A300%2C300italic%2Cregular%2Citalic%2C500%2C500italic%2C700%2C700italic|font_style:700%20bold%20regular%3A700%3Anormal&#8221; css=&#8221;.vc_custom_1476953207976{padding-top: 80px !important;}&#8221; el_class=&#8221;sombraTitulo&#8221;][\/vc_column][\/vc_row][vc_row full_width=&#8221;stretch_row_content_no_spaces&#8221; css=&#8221;.vc_custom_1475765564344{margin-top: -130px !important;padding-top: 30px !important;padding-right: 30px !important;padding-bottom: 30px !important;padding-left: 30px !important;background-color: rgba(0,169,151,0.8) !important;*background-color: rgb(0,169,151) !important;}&#8221; el_id=&#8221;bloque_menu_enlaces&#8221;][vc_column]<div id=\"sc_section_1120245409\" class=\"sc_section margin_right_large margin_left_large aligncenter\"><div class=\"sc_section_inner\"><div id=\"sc_section_1120245409_scroll\" class=\"sc_scroll sc_scroll_horizontal swiper-slider-container scroll-container\" style=\"\"><div class=\"sc_scroll_wrapper swiper-wrapper\"><div class=\"sc_scroll_slide swiper-slide\">\r\n        \r\n        <a class=\"menuVC\"  href=\"http:\/\/aplicaciones.elche.es\/sorteosFiestas\/\"> <span> Festes participatives <\/span><\/a>\r\n        \r\n        <a class=\"menuVC\"  href=\"https:\/\/www.elche.es\/va\/festes\/festes-d-agost\/\"> <span> Festes d\u00b4Agost <\/span><\/a>\r\n        \r\n        <a class=\"menuVC\"  href=\"https:\/\/www.elche.es\/va\/festes\/festes-del-camp-delx\/\"> <span> Festes del Camp d'Elx <\/span><\/a>\r\n        \r\n        <a class=\"menuVC\"  href=\"https:\/\/www.elche.es\/va\/festes\/romiatges\/\"> <span> Romiatges <\/span><\/a>\r\n        \r\n        <a class=\"menuVC\"  href=\"https:\/\/www.elche.es\/va\/festes\/altres-festes\/\"> <span> Altres Festes <\/span><\/a>\r\n        \r\n        <a class=\"menuVC\"  href=\"https:\/\/www.elche.es\/va\/fiestas\/festes-de-nadal\/\"> <span> Festes de nadal <\/span><\/a>\r\n        \r\n        <a class=\"menuVC\"  href=\"https:\/\/www.elche.es\/va\/festes\/casas-regionals-d-elx\/\"> <span> Cases regionals d\u00b4Elx <\/span><\/a><\/div><\/div><div id=\"sc_section_1120245409_scroll_bar\" class=\"sc_scroll_bar sc_scroll_bar_horizontal sc_section_1120245409_scroll_bar\"><\/div><\/div><\/div><\/div>[\/vc_column][\/vc_row][vc_row full_width=&#8221;stretch_row&#8221; css=&#8221;.vc_custom_1475484188729{background-color: #dddde0 !important;}&#8221;][vc_column][vc_column_text]<nav aria-label=\"breadcrumbs\">\n            <div class=\"breadcrumb-container theme1\">\n                <ol>\n                                    <\/ol>\n            <\/div>\n        <\/nav>    <script type=\"application\/ld+json\">\n        {\n            \"@context\": \"http:\/\/schema.org\",\n            \"@type\": \"BreadcrumbList\",\n            \"itemListElement\": [\n                            ]\n        }\n    <\/script>\n    <style type=\"text\/css\">\n        .breadcrumb-container {\n            font-size: 13px;\n        }\n\n        .breadcrumb-container ul {\n            margin: 0;\n            padding: 0;\n        }\n\n        .breadcrumb-container li {\n            box-sizing: unset;\n            display: inline-block;\n            margin: 0;\n            padding: 0;\n        }\n\n        .breadcrumb-container li a {\n            box-sizing: unset;\n            padding: 0 10px;\n        }\n\n        .breadcrumb-container {\n            font-size: 3 !important;\n                    }\n\n        .breadcrumb-container li a {\n            color: #0a0a0a !important;\n            font-size: 3 !important;\n            line-height: 3 !important;\n                    }\n\n        .breadcrumb-container li .separator {\n            font-size: 3 !important;\n                    }\n\n        .breadcrumb-container li:last-child .separator {\n            display: none;\n        }\n    <\/style>\n    <style type=\"text\/css\">\n        .breadcrumb-container.theme1 li {\n            margin: 0;\n            padding: 0;\n        }\n        .breadcrumb-container.theme1 a {\n            background: ;\n            display: inline-block;\n            margin: 0 5px;\n            padding: 5px 10px;\n            text-decoration: none;\n        }\n    <\/style>\n        <style type=\"text\/css\">\n            <\/style>\n    <script>\n            <\/script>\n[\/vc_column_text][\/vc_column][\/vc_row][vc_row full_width=&#8221;stretch_row&#8221; css=&#8221;.vc_custom_1475764105820{background-color: #ffffff !important;}&#8221;][vc_column]<div class=\"sc_content content_wrap\"><div class=\"columns_wrap sc_columns columns_nofluid sc_columns_count_2 history \"><div class=\"column-1_2 sc_column_item sc_column_item_1 odd first\"><h3 class=\"sc_title sc_title_regular margin_top_small\" style=\"margin-top: 4.05em;margin-bottom: 1.35em;\">Festes d&#8217;Elx<\/h3>[vc_column_text el_class=&#8221;short_text&#8221; css=&#8221;.vc_custom_1531991630353{padding-bottom: 30px !important;}&#8221;]La Regidoria de Festes treballa per engrandir les Festes d&#8217;Elx, unes festes que es caracteritzen per la seua gran diversitat i per la seua pres\u00e8ncia al llarg de tot l&#8217;any. Elx \u00e9s un municipi que ha acollit al llarg de la seua hist\u00f2ria a moltes gents, i ha gaudit d&#8217;un ampli territori, per tant la seua riquesa humana es manifesta \u00e0mpliament a trav\u00e9s de les seues festes. La Regidoria organitza les festes durant tot l&#8217;any en col\u00b7laboraci\u00f3 amb els ens festers de la ciutat: Moros i Cristians d&#8217;Elx, Gestora de Festejos Populars,\u00a0Uni\u00f3 de Festers del Camp d&#8217;Elx, Associaci\u00f3 Hist\u00f2ric Art\u00edstica Pobladors d&#8217;Elx, Centre Aragon\u00e9s i Comunitat Andalusa d&#8217;Elx.[\/vc_column_text]<div id='modulo_datos_contacto'> <p class='titulo_datos_contacto'>Dades de contacte <\/p> <hr><p class=\"contactoArea\"> <i class=\"fa fa-map-marker\" aria-hidden=\"true\"><\/i>C\/ Major de la Vila, 9 03202<\/p><p class=\"contactoArea\"><i class=\"fa fa-phone\" aria-hidden=\"true\"><\/i>966 658 209<\/p><p class=\"contactoArea\"><i class=\"fa fa-envelope\" aria-hidden=\"true\"><\/i><a href=\"mailto:fiestas@elx.es\"> fiestas@elx.es<\/a><\/p><div id='contacto-rrss'><\/div><\/div><\/div><div class=\"column-1_2 sc_column_item sc_column_item_2 even\">[sbs_wpb_openstreetmap map_style=&#8221;openstreetmap_de&#8221; map_height=&#8221;100&#8243; ctrl_mouse_zoom=&#8221;true&#8221; latitude=&#8221;38.26067493873823&#8243; longitude=&#8221;-0.6991220985560705&#8243;][sbs_wpb_marker marker_source=&#8221;coordinates&#8221; marker_color=&#8221;red&#8221; marker_latitude=&#8221;38.26067493873823&#8243; marker_longitude=&#8221;-0.6991220985560705&#8243;][\/sbs_wpb_marker][\/sbs_wpb_openstreetmap]<\/div><\/div><\/div>[\/vc_column][\/vc_row][vc_row full_width=&#8221;stretch_row&#8221; css=&#8221;.vc_custom_1475148968456{padding-bottom: 40px !important;background-color: #dedde0 !important;}&#8221; el_id=&#8221;bloque_noticias&#8221;][vc_column]<div class=\"sc_section aligncenter\"><div class=\"sc_section_inner\"><div class=\"sc_content content_wrap scheme_original\"><h3 class=\"sc_title sc_title_regular sc_align_left\" style=\"text-align:left;\">Not\u00edcies<\/h3><div id=\"noticias\" class=\"sc_blogger layout_masonry_3 template_masonry  sc_blogger_horizontal\" style=\"p { font-size: 0.81em; }\"><div class=\"isotope_wrap\" data-columns=\"3\">\t\t<div class=\"classicnoticias isotope_item isotope_item_masonry isotope_item_masonry_3 isotope_column_3\t\t\t\t\t\">\n\t\t\t<div class=\"post_item post_item_masonry post_item_masonry_3\t\t\t\t  post_format_standard odd\">\n\t\t\t\t\n\t\t\t\t\t\t\t\t\t<div class=\"post_featured\">\n\t\t\t\t\t\t\t<div class=\"post_thumb\" data-image=\"https:\/\/www.elche.es\/wp-content\/uploads\/2026\/04\/Elche-acoge-la-procesion-de-la-Cruz-de-Mayo-el-proximo-dia-9.png\" data-title=\"Elx acull la process\u00f3 de la Creu de Maig el pr\u00f2xim dia 9\">\n\t<a class=\"hover_icon hover_icon_link\" href=\"https:\/\/www.elche.es\/va\/2026\/04\/elx-acull-la-processo-de-la-creu-de-maig-el-proxim-dia-9\/\"><img loading=\"lazy\" decoding=\"async\" class=\"wp-post-image\" width=\"370\" height=\"190\" alt=\"Elx acull la process\u00f3 de la Creu de Maig el pr\u00f2xim dia 9\" src=\"https:\/\/www.elche.es\/wp-content\/uploads\/2026\/04\/Elche-acoge-la-procesion-de-la-Cruz-de-Mayo-el-proximo-dia-9-370x190.png\"><\/a>\t<\/div>\n\t\t\t\t\t\t<\/div>\n\t\t\t\t\n\t\t\t\t<div class=\"post_content isotope_item_content\">\n\t\t\t\t\t\n\t\t\t\t\t    <div class=\"post_info\">\n            <span\n            class=\"post_info_item post_info_posted\">            <a href=\"https:\/\/www.elche.es\/va\/2026\/04\/elx-acull-la-processo-de-la-creu-de-maig-el-proxim-dia-9\/\"\n               class=\"post_info_date\">27 Abril, 2026<\/a><\/span>\n            \n           \n        <\/div>\n\t\t\t\t\t\t\t\n\t\t\t\t\t\t\t<h5 class=\"post_title\"><a href=\"https:\/\/www.elche.es\/va\/2026\/04\/elx-acull-la-processo-de-la-creu-de-maig-el-proxim-dia-9\/\">Elx acull la process\u00f3 de la Creu de Maig el pr\u00f2xim dia 9 <\/a><\/h5>\n\t\t\t\t\t\t\t\n\t\t\t\t\t<div class=\"post_descr\">\n\t\t\t\t\t\tEsta iniciativa impulsada per la Joventut Confrare de la Setmana Santa va comen\u00e7ar en 2025 amb motiu de la celebraci\u00f3 de l'Any Jubilar La Comissi\u00f3 de Joventut de la Junta[...]<a href=\"https:\/\/www.elche.es\/va\/2026\/04\/elx-acull-la-processo-de-la-creu-de-maig-el-proxim-dia-9\/\" class=\"post_readmore\"><span class=\"post_readmore_label\">Llegir m\u00e9s<\/span><\/a>\t\t\t\t\t<\/div>\n\n\t\t\t\t<\/div>\t\t\t\t<!-- \/.post_content -->\n\t\t\t<\/div>\t<!-- \/.post_item -->\n\t\t<\/div>\t\t\t\t\t\t<!-- \/.isotope_item -->\n\t\t\t\t<div class=\"classicnoticias isotope_item isotope_item_masonry isotope_item_masonry_3 isotope_column_3\t\t\t\t\t\">\n\t\t\t<div class=\"post_item post_item_masonry post_item_masonry_3\t\t\t\t  post_format_standard even\">\n\t\t\t\t\n\t\t\t\t\t\t\t\t\t<div class=\"post_featured\">\n\t\t\t\t\t\t\t<div class=\"post_thumb\" data-image=\"https:\/\/www.elche.es\/wp-content\/uploads\/2025\/07\/Elche-expone-por-primera-vez-la-indumentaria-de-las-Reinas-y-Damas-de-las-Fiestas-de-Elche-2.jpg\" data-title=\"Les candidates infantils a Reina i Dames de les Festes celebren una conviv\u00e8ncia a Cartagena\">\n\t<a class=\"hover_icon hover_icon_link\" href=\"https:\/\/www.elche.es\/va\/2026\/04\/les-candidates-infantils-a-reina-i-dames-de-les-festes-celebren-una-convivencia-a-cartagena\/\"><img loading=\"lazy\" decoding=\"async\" class=\"wp-post-image\" width=\"370\" height=\"190\" alt=\"Les candidates infantils a Reina i Dames de les Festes celebren una conviv\u00e8ncia a Cartagena\" src=\"https:\/\/www.elche.es\/wp-content\/uploads\/2025\/07\/Elche-expone-por-primera-vez-la-indumentaria-de-las-Reinas-y-Damas-de-las-Fiestas-de-Elche-2-370x190.jpg\"><\/a>\t<\/div>\n\t\t\t\t\t\t<\/div>\n\t\t\t\t\n\t\t\t\t<div class=\"post_content isotope_item_content\">\n\t\t\t\t\t\n\t\t\t\t\t    <div class=\"post_info\">\n            <span\n            class=\"post_info_item post_info_posted\">            <a href=\"https:\/\/www.elche.es\/va\/2026\/04\/les-candidates-infantils-a-reina-i-dames-de-les-festes-celebren-una-convivencia-a-cartagena\/\"\n               class=\"post_info_date\">24 Abril, 2026<\/a><\/span>\n            \n           \n        <\/div>\n\t\t\t\t\t\t\t\n\t\t\t\t\t\t\t<h5 class=\"post_title\"><a href=\"https:\/\/www.elche.es\/va\/2026\/04\/les-candidates-infantils-a-reina-i-dames-de-les-festes-celebren-una-convivencia-a-cartagena\/\">Les candidates infantils a Reina i Dames de les Festes celebren una conviv\u00e8ncia a Cartage ... <\/a><\/h5>\n\t\t\t\t\t\t\t\n\t\t\t\t\t<div class=\"post_descr\">\n\t\t\t\t\t\tLes 31 candidates compartiran una jornada de conviv\u00e8ncia en un parc d'unflables i realitzaran diferents din\u00e0miques de grup Les 31 candidates infantils a Reina i Dames de les Festes d'Elx[...]<a href=\"https:\/\/www.elche.es\/va\/2026\/04\/les-candidates-infantils-a-reina-i-dames-de-les-festes-celebren-una-convivencia-a-cartagena\/\" class=\"post_readmore\"><span class=\"post_readmore_label\">Llegir m\u00e9s<\/span><\/a>\t\t\t\t\t<\/div>\n\n\t\t\t\t<\/div>\t\t\t\t<!-- \/.post_content -->\n\t\t\t<\/div>\t<!-- \/.post_item -->\n\t\t<\/div>\t\t\t\t\t\t<!-- \/.isotope_item -->\n\t\t\t\t<div class=\"classicnoticias isotope_item isotope_item_masonry isotope_item_masonry_3 isotope_column_3\t\t\t\t\t\">\n\t\t\t<div class=\"post_item post_item_masonry post_item_masonry_3\t\t\t\t  post_format_standard odd last\">\n\t\t\t\t\n\t\t\t\t\t\t\t\t\t<div class=\"post_featured\">\n\t\t\t\t\t\t\t<div class=\"post_thumb\" data-image=\"https:\/\/www.elche.es\/wp-content\/uploads\/2026\/04\/20250329-CONVIVENCIA-REINAS-MADRID-3-770x399-1.jpg\" data-title=\"Les candidates a Reines i Dames de les Festes d&#8217;Elx celebren una conviv\u00e8ncia a M\u00farcia\">\n\t<a class=\"hover_icon hover_icon_link\" href=\"https:\/\/www.elche.es\/va\/2026\/04\/les-candidates-a-reines-i-dames-de-les-festes-delx-celebren-una-convivencia-a-murcia\/\"><img loading=\"lazy\" decoding=\"async\" class=\"wp-post-image\" width=\"370\" height=\"190\" alt=\"Les candidates a Reines i Dames de les Festes d&#8217;Elx celebren una conviv\u00e8ncia a M\u00farcia\" src=\"https:\/\/www.elche.es\/wp-content\/uploads\/2026\/04\/20250329-CONVIVENCIA-REINAS-MADRID-3-770x399-1-370x190.jpg\"><\/a>\t<\/div>\n\t\t\t\t\t\t<\/div>\n\t\t\t\t\n\t\t\t\t<div class=\"post_content isotope_item_content\">\n\t\t\t\t\t\n\t\t\t\t\t    <div class=\"post_info\">\n            <span\n            class=\"post_info_item post_info_posted\">            <a href=\"https:\/\/www.elche.es\/va\/2026\/04\/les-candidates-a-reines-i-dames-de-les-festes-delx-celebren-una-convivencia-a-murcia\/\"\n               class=\"post_info_date\">20 Abril, 2026<\/a><\/span>\n            \n           \n        <\/div>\n\t\t\t\t\t\t\t\n\t\t\t\t\t\t\t<h5 class=\"post_title\"><a href=\"https:\/\/www.elche.es\/va\/2026\/04\/les-candidates-a-reines-i-dames-de-les-festes-delx-celebren-una-convivencia-a-murcia\/\">Les candidates a Reines i Dames de les Festes d&#8217;Elx celebren una conviv\u00e8ncia a M\u00far ... <\/a><\/h5>\n\t\t\t\t\t\t\t\n\t\t\t\t\t<div class=\"post_descr\">\n\t\t\t\t\t\tLes 31 candidates acudiran a una recepci\u00f3 institucional en el Palau Almud\u00ed i al tall de l'arr\u00f2s amb crosta gegant en la pla\u00e7a del Teatro Romea Les 31 candidates a[...]<a href=\"https:\/\/www.elche.es\/va\/2026\/04\/les-candidates-a-reines-i-dames-de-les-festes-delx-celebren-una-convivencia-a-murcia\/\" class=\"post_readmore\"><span class=\"post_readmore_label\">Llegir m\u00e9s<\/span><\/a>\t\t\t\t\t<\/div>\n\n\t\t\t\t<\/div>\t\t\t\t<!-- \/.post_content -->\n\t\t\t<\/div>\t<!-- \/.post_item -->\n\t\t<\/div>\t\t\t\t\t\t<!-- \/.isotope_item -->\n\t\t<\/div><\/div><a href=\"https:\/\/www.elche.es\/va\/categoria\/festes-va\/\" class=\"sc_button sc_button_square sc_button_style_filled style_original sc_button_size_small boton3d margin_top_medium\">M\u00e9s not\u00edcies<\/a><\/div><\/div><\/div>[\/vc_column][\/vc_row][vc_row full_width=&#8221;stretch_row&#8221; css=&#8221;.vc_custom_1512130902263{padding-top: 50px !important;padding-bottom: 40px !important;background-image: url(https:\/\/www.elche.es\/wp-content\/uploads\/2017\/04\/palmeral-1170&#215;777.png?id=20390) !important;}&#8221;][vc_column]<h3 class=\"sc_title sc_title_regular sc_align_center margin_top_tiny\" style=\"text-align:center;\"><span style=\"color: #ffffff;\">Enlaces\u00a0<\/span><\/h3><div class=\"sc_section column-1_1\"><div class=\"sc_section_inner\"><div class=\"columns_wrap sc_columns columns_nofluid sc_columns_count_2\"><div class=\"column-1_2 sc_column_item sc_column_item_1 odd first\">\r\n        <div id=\"enlacesInteresantes\">\r\n            <div class=\"post_item post_item_opportuniti post_item_opportuniti_3 post_format_standard odd\">\r\n               <div class=\"post_featured\">\r\n                  <div class=\"post_thumb\">\r\n                     <a class=\"hover_icon hover_icon_link\" target='_blank' href=\"https:\/\/www.elche.es\/va\/download\/autoritzacio-per-a-lentrada-i-permanencia-de-menors-a-la-barraca-municipal\/\"><img loading=\"lazy\" decoding=\"async\" class=\"wp-post-image\" width=\"740\" height=\"584\" src=\"https:\/\/www.elche.es\/wp-content\/uploads\/2022\/08\/foto-barraca.jpg\"><\/a> \r\n                  <\/div>\r\n               <\/div>\r\n               <div class=\"post_content isotope_item_content\">\r\n                  <h4 class=\"post_title\"><a target='_blank' href=\"https:\/\/www.elche.es\/va\/download\/autoritzacio-per-a-lentrada-i-permanencia-de-menors-a-la-barraca-municipal\/\">Autoritzaci\u00f3 per a l\u2019entrada i perman\u00e8ncia de menors<\/a><\/h4>\r\n                  <div class=\"post_descr\">\r\n                     <p> <a style=\"color: white;\" target='_blank'href=\"https:\/\/www.elche.es\/va\/download\/autoritzacio-per-a-lentrada-i-permanencia-de-menors-a-la-barraca-municipal\/\">Barraca Municipal<\/a><\/p>\r\n                  <\/div>\r\n               <\/div>\r\n            <\/div>\r\n       <\/div><\/div><div class=\"column-1_2 sc_column_item sc_column_item_2 even\">\r\n        <div id=\"enlacesInteresantes\">\r\n            <div class=\"post_item post_item_opportuniti post_item_opportuniti_3 post_format_standard odd\">\r\n               <div class=\"post_featured\">\r\n                  <div class=\"post_thumb\">\r\n                     <a class=\"hover_icon hover_icon_link\" target='_blank' href=\"https:\/\/www.elche.es\/va\/festes\/patrocinio-de-palmeras-de-la-nit-de-lalba\/\"><img loading=\"lazy\" decoding=\"async\" class=\"wp-post-image\" width=\"740\" height=\"584\" src=\"https:\/\/www.elche.es\/wp-content\/uploads\/2018\/05\/nit-de-lalba\u0300-2-001-1.jpg\"><\/a> \r\n                  <\/div>\r\n               <\/div>\r\n               <div class=\"post_content isotope_item_content\">\r\n                  <h4 class=\"post_title\"><a target='_blank' href=\"https:\/\/www.elche.es\/va\/festes\/patrocinio-de-palmeras-de-la-nit-de-lalba\/\">Palmeres de la Nit de l'Alb\u00e0<\/a><\/h4>\r\n                  <div class=\"post_descr\">\r\n                     <p> <a style=\"color: white;\" target='_blank'href=\"https:\/\/www.elche.es\/va\/festes\/patrocinio-de-palmeras-de-la-nit-de-lalba\/\">Patrocini de palmeres<\/a><\/p>\r\n                  <\/div>\r\n               <\/div>\r\n            <\/div>\r\n       <\/div><\/div><\/div><\/div><\/div>[\/vc_column][\/vc_row]<\/p>\n<\/div>","protected":false},"excerpt":{"rendered":"<p>[vc_row full_width=&#8221;stretch_row&#8221; css=&#8221;.vc_custom_1478876920520{padding-top: 120px !important;padding-right: 120px !important;padding-bottom: 270px !important;padding-left: 120px !important;background-image: url(https:\/\/www.elche.es\/wp-content\/uploads\/2016\/10\/cabecera__fiestas.png?id=3789) !important;background-position: center !important;background-repeat: no-repeat !important;background-size: cover !important;}&#8221; el_id=&#8221;bloque_titulo&#8221;][vc_column][vc_custom_heading text=&#8221;FESTES&#8221; font_container=&#8221;tag:h2|text_align:center|color:%23ffffff&#8221; google_fonts=&#8221;font_family:Ubuntu%3A300%2C300italic%2Cregular%2Citalic%2C500%2C500italic%2C700%2C700italic|font_style:700%20bold%20regular%3A700%3Anormal&#8221; css=&#8221;.vc_custom_1476953207976{padding-top: 80px !important;}&#8221; el_class=&#8221;sombraTitulo&#8221;][\/vc_column][\/vc_row][vc_row full_width=&#8221;stretch_row_content_no_spaces&#8221; css=&#8221;.vc_custom_1475765564344{margin-top: -130px [&hellip;]<\/p>\n","protected":false},"author":1,"featured_media":0,"parent":0,"menu_order":0,"comment_status":"closed","ping_status":"closed","template":"","meta":{"footnotes":""},"class_list":["post-4478","page","type-page","status-publish","hentry"],"_links":{"self":[{"href":"https:\/\/www.elche.es\/va\/wp-json\/wp\/v2\/pages\/4478","targetHints":{"allow":["GET"]}}],"collection":[{"href":"https:\/\/www.elche.es\/va\/wp-json\/wp\/v2\/pages"}],"about":[{"href":"https:\/\/www.elche.es\/va\/wp-json\/wp\/v2\/types\/page"}],"author":[{"embeddable":true,"href":"https:\/\/www.elche.es\/va\/wp-json\/wp\/v2\/users\/1"}],"replies":[{"embeddable":true,"href":"https:\/\/www.elche.es\/va\/wp-json\/wp\/v2\/comments?post=4478"}],"version-history":[{"count":1,"href":"https:\/\/www.elche.es\/va\/wp-json\/wp\/v2\/pages\/4478\/revisions"}],"predecessor-version":[{"id":259178,"href":"https:\/\/www.elche.es\/va\/wp-json\/wp\/v2\/pages\/4478\/revisions\/259178"}],"wp:attachment":[{"href":"https:\/\/www.elche.es\/va\/wp-json\/wp\/v2\/media?parent=4478"}],"curies":[{"name":"wp","href":"https:\/\/api.w.org\/{rel}","templated":true}]}}