{"id":4858,"date":"2016-10-19T14:00:10","date_gmt":"2016-10-19T14:00:10","guid":{"rendered":"http:\/\/www.elche.es\/va\/museos\/mace\/el-grup-delx\/"},"modified":"2022-10-25T12:40:12","modified_gmt":"2022-10-25T11:40:12","slug":"el-grup-delx","status":"publish","type":"page","link":"https:\/\/www.elche.es\/va\/museus\/mace\/el-grup-delx\/","title":{"rendered":"El Grup d\u00b4Elx"},"content":{"rendered":"<div class=\"wpb-content-wrapper\"><p>[vc_row full_width=&#8221;stretch_row&#8221; css=&#8221;.vc_custom_1475488224066{background-color: #dddde0 !important;}&#8221;][vc_column][vc_column_text]<nav aria-label=\"breadcrumbs\">\n            <div class=\"breadcrumb-container theme1\">\n                <ol>\n                                    <\/ol>\n            <\/div>\n        <\/nav>    <script type=\"application\/ld+json\">\n        {\n            \"@context\": \"http:\/\/schema.org\",\n            \"@type\": \"BreadcrumbList\",\n            \"itemListElement\": [\n                            ]\n        }\n    <\/script>\n    <style type=\"text\/css\">\n        .breadcrumb-container {\n            font-size: 13px;\n        }\n\n        .breadcrumb-container ul {\n            margin: 0;\n            padding: 0;\n        }\n\n        .breadcrumb-container li {\n            box-sizing: unset;\n            display: inline-block;\n            margin: 0;\n            padding: 0;\n        }\n\n        .breadcrumb-container li a {\n            box-sizing: unset;\n            padding: 0 10px;\n        }\n\n        .breadcrumb-container {\n            font-size: 3 !important;\n                    }\n\n        .breadcrumb-container li a {\n            color: #0a0a0a !important;\n            font-size: 3 !important;\n            line-height: 3 !important;\n                    }\n\n        .breadcrumb-container li .separator {\n            font-size: 3 !important;\n                    }\n\n        .breadcrumb-container li:last-child .separator {\n            display: none;\n        }\n    <\/style>\n    <style type=\"text\/css\">\n        .breadcrumb-container.theme1 li {\n            margin: 0;\n            padding: 0;\n        }\n        .breadcrumb-container.theme1 a {\n            background: ;\n            display: inline-block;\n            margin: 0 5px;\n            padding: 5px 10px;\n            text-decoration: none;\n        }\n    <\/style>\n        <style type=\"text\/css\">\n            <\/style>\n    <script>\n            <\/script>\n[\/vc_column_text][\/vc_column][\/vc_row][vc_row css=&#8221;.vc_custom_1475488264405{padding-bottom: 40px !important;}&#8221; el_id=&#8221;bloque_basica&#8221;][vc_column]<h3 class=\"sc_title sc_title_regular margin_top_tiny\">El Grup d\u00b4Elx<\/h3>[vc_single_image image=&#8221;4716&#8243; img_size=&#8221;full&#8221; css=&#8221;.vc_custom_1476964038702{padding-bottom: 20px !important;}&#8221;][vc_images_carousel images=&#8221;4711,4710,4709,4712&#8243; img_size=&#8221;&#8221; slides_per_view=&#8221;4&#8243; hide_pagination_control=&#8221;yes&#8221; wrap=&#8221;yes&#8221; css=&#8221;.vc_custom_1476964064881{padding-bottom: 20px !important;}&#8221;][vc_column_text]L\u2019origen i el desenvolupament del museu est\u00e0 \u00edntimament lligat al Grup d\u2019Elx. El Grup es desenvolupa entre 1966 i 1975, i \u00e9s un exemple m\u00e9s del paradigma que, des de principis de segle, s\u2019est\u00e9n per tot Europa: l\u2019associaci\u00f3 d\u2019artistes en diferents grups pl\u00e0stics.<\/p>\n<p><strong>L\u2019origen: les agrupacions d\u2019artistes<\/strong><\/p>\n<p>Des de finals del XIX, l\u2019associaci\u00f3 d\u2019artistes sorgeix com un mecanisme de defensa dels interessos professionals i com un programa ideol\u00f2gic com\u00fa, passant per moltes i molt variades formes. Aquest fenomen es produeix a Espanya amb retard i adquireix una especial rellev\u00e0ncia durant les d\u00e8cades dels anys cinquanta i seixanta del segle XX.<\/p>\n<p>Despr\u00e9s de la Guerra Civil i uns anys quaranta desoladors en un pa\u00eds com el nostre, a\u00efllat i en estat de pura superviv\u00e8ncia en tots els aspectes, en els anys cinquanta es produeix una major permeabilitat internacional dins de la vida del pa\u00eds. El major flux d\u2019informaci\u00f3 l\u00f2gicament va repercutir en la vida cultural, que va intentar posar-se al dia juntament a la resta de pa\u00efsos d\u2019Europa occidental. En aquest clima sorgeixen les agrupacions d\u2019artistes com un recurs imprescindible en un medi hostil a la renovaci\u00f3.<\/p>\n<p>No obstant aix\u00f2, amb aquest tarann\u00e0 cosmopolita dels grups art\u00edstics m\u00e9s importants del pa\u00eds, en sorgeixen d\u2019altres que decideixen actuar a nivell local, en contacte amb el seu medi. Aquests grups representaran un teixit essencial per al desenvolupament i l\u2019expansi\u00f3, dins del nostre pa\u00eds, de les idees de l\u2019avantguarda art\u00edstica i fins i tot pol\u00edtica, perqu\u00e8 durant els seixanta principalment s\u00f3n dos elements pr\u00e0cticament inseparables.<\/p>\n<p>Al Pa\u00eds Valenci\u00e0 sorgeixen projectes d\u2019agrupaci\u00f3 que s\u00f3n independents entre si, per\u00f2 que es caracteritzen sobretot per treballar (en grans o xicotets centres urbans) molt connectats amb els grans temes contemporanis del moment. Cal destacar entre ells els grups: Grupo Z, grup \u201cLos Siete\u201d, Grup Parpall\u00f3, Equipo Cr\u00f3nica, Equipo Realidad, etc. Tots ells es desenvolupen a Val\u00e8ncia, i tenen en la Facultat de Belles Arts i en l\u2019inconformisme de les joves generacions el seu medi de cultiu. No obstant aix\u00f2, sorgeixen unes altres experi\u00e8ncies localitzades en centres urbans menors, com ara el Grup d\u2019Elx, a Elx, (1966-1975); i el col\u00b7lectiu Alcoiart, a Alcoi (1965-1972).<\/p>\n<p>Vicente Aguilera Cerni afirma per aquesta \u00e8poca que una de les dades positives d\u2019aquest moment hist\u00f2ric \u00e9s la progressiva descentralitzaci\u00f3 cultural. Els nous grups pl\u00e0stics es neguen a emigrar als grans centres culturals del pa\u00eds (Madrid o Barcelona), \u201csorgeixen minories ben arrelades a la terra, al poble, a la prov\u00edncia i a la xicoteta urbs, per\u00f2 treballant i actuant connectades amb els grans temes contemporanis\u201d. Aquest \u00e9s precisament el cas del Grup d\u2019Elx, segons paraules del mateix Aguilera Cerni: \u201cI la primera cosa que demostren, pel simple fet de mantindre\u2019s en el dif\u00edcil clima encara poc propici per a la moderna cultura art\u00edstica, \u00e9s la seua autenticitat, la seua const\u00e0ncia i el seu esperit de lluita\u201d.<\/p>\n<p>&nbsp;<\/p>\n<p><strong>El Grup d\u2019Elx<\/strong><\/p>\n<p>El Grup queda definitivament conformat el 1969 per Albert Agull\u00f3, Sixto Marco, Toni Coll i Juan Ram\u00f3n Garc\u00eda Castej\u00f3n. Anteriorment, des del 1966 i fins a l\u2019any esmentat, van participar en la fase de formaci\u00f3 altres artistes il\u00b7licitans del moment, com ara Tom\u00e1s Almela, Pola Lled\u00f3, Galiana, Sanju\u00e1n, Andreu Castillejos i Casto Mendiola.<\/p>\n<p>Des del 1966 fins al 1975, van realitzar vint-i-tres exposicions. A les quals cal afegir dues exposicions antol\u00f2giques el 1982 i 1983.<\/p>\n<p>Ja en la seua primera exposici\u00f3 (EX-PO) declaraven: \u201cNosaltres considerem com a funci\u00f3 de l\u2019artista manifestar a trav\u00e9s de la seua obra la veritat de l\u2019home, entenent l\u2019home com un \u00e9sser concret, hist\u00f2ric, situat en una \u00e8poca i en una circumst\u00e0ncia; per\u00f2 ha estat m\u00e9s enll\u00e0 de qualsevol teoria, la pr\u00e0ctica quotidiana la que ens ha assenyalat el cam\u00ed possible, la que ens ha impulsat al treball en equip, a les an\u00e0lisis objectives, a la recerca col\u00b7lectiva d\u2019un nou llenguatge capa\u00e7 d\u2019expressar, mitjan\u00e7ant t\u00e8cniques operatives actuals, la nova realitat. Som conscients que ens queda, en aquest sentit, molt cam\u00ed per rec\u00f3rrer&#8230;\u201d (Elx, 11 de desembre del 1969).<\/p>\n<p>En aquesta primera exposici\u00f3, el Grup planteja la possibilitat de la creaci\u00f3 d\u2019un museu il\u00b7licit\u00e0 d\u2019art actual. En primera inst\u00e0ncia, es planteja com un museu d\u2019artistes locals i es llan\u00e7a una proposta a l\u2019Ajuntament (Elx, 6 de desembre del 1969), per\u00f2 als pocs dies la proposta s\u2019amplia a pintors no il\u00b7licitans i l\u2019Ajuntament arreplega la idea amb simpatia (Levante, Diario Regional del Movimiento, 30 de desembre del 1969).<\/p>\n<p>Des de desembre del 1969, el Grup realitza una intensa activitat art\u00edstica molt localitzada, assumint la llavors anomenada \u201cresponsabilitat social de l\u2019artista\u201d. Aquesta postura \u00e8tica, en el cas del Grup d\u2019Elx, parteix de dues premisses: la recerca de la identitat de l\u2019urbs industrial i la presa d\u2019una postura humanista respecte d\u2019aix\u00f2.<\/p>\n<p>En definitiva, el Grup d\u2019Elx reflecteix les \u00e0mplies discussions que en els mitjans intel\u00b7lectuals espanyols es desenvolupen durant els anys 50 i 60 al voltant del denominat problema de la identitat de la cultura espanyola i el problema filos\u00f2fic de les arrels \u00e8tiques de la llibertat individual, en un moment en qu\u00e8 en tot el m\u00f3n occidental sorgeix una exig\u00e8ncia del comprom\u00eds pol\u00edtic de l\u2019esquerra radical i utopista (maig del 68).<\/p>\n<p>Aquesta missi\u00f3 medi\u00e0tica de l\u2019art en l\u2019ampli debat cultural d\u2019aquell moment tan interessant es plasma a Elx en les anomenades \u201cTrobades d\u2019Art\u201d, promogudes el 1970 i 1973 pel Grup d\u2019Elx.<\/p>\n<p>Al novembre del 1970, el Grup d\u2019Elx realitza una convocat\u00f2ria de les \u201cTrobades Art\u00edstiques d\u2019Elx\u201d. El projecte consistia fonamentalment a reunir a Elx, una vegada a l\u2019any, els m\u00e9s significatius artistes espanyols i els cr\u00edtics m\u00e9s preocupats pels problemes culturals del pa\u00eds a fi d\u2019efectuar-hi un intercanvi d\u2019opinions i experi\u00e8ncies, tant a nivell ideol\u00f2gic com pr\u00e0ctic.<\/p>\n<p>El 1970, l\u2019EN-ART 1 s\u2019organitza quan el Grup estava compost per Albert Agull\u00f3, Joan Ramon Garc\u00eda Castej\u00f3n, Toni coll, Sixto Marco, Andreu Castillejos, i el cr\u00edtic Ernest Contreras. Les pon\u00e8ncies i els col\u00b7loquis van tindre lloc al Club d\u2019Amics de la UNESCO i aquesta trobada va estar subvencionada per l\u2019Institut d\u2019Estudis Alacantins de la Diputaci\u00f3 d\u2019Alacant. El tema d\u2019aquesta primera trobada va ser \u201cLa situaci\u00f3 de l\u2019art en la societat tecnol\u00f2gica\u201d. Hi van participar: Equipo Cr\u00f3nica, Equipo Realidad, Anzo, Javier Calvo, Michavila, Teixidor, Yturralde, Antoni Mir\u00f3, Jos\u00e9 D\u00edaz Azor\u00edn, Manzanaro, Pau Lau, De Soto, Cantalapiedra i Sento, juntament amb Vicente Aguilera Cerni.<\/p>\n<p>El 1973 es va celebrar l\u2019EN-ART 2, el tema triat per a aquesta segona trobada i que va servir de base per a les altres activitats va ser el de \u201cLa funci\u00f3 de l\u2019art en la societat actual\u201d. El cat\u00e0leg de l\u2019exposici\u00f3 es va prologar per Vicente Aguilera Cerni, Jos\u00e9 Mar\u00eda Moreno Galv\u00e1n i Ernest Contreras. Hi van participar com a invitats els pintors: Jos\u00e9 Hern\u00e1ndez, Vento, Canogar, Juana Franc\u00e9s, Momp\u00f3, Eusebi Sempere, Antonio Su\u00e1rez, Juan Genov\u00e9s, Juan Giralt, Jos\u00e9 Mar\u00eda de Labra, Pablo Serrano, Arcadi Blasco, Palazuelo, C\u00e1rdenas, \u00darculo, Celis, Fraile, Romero, Amalia Avia, Lucio Mu\u00f1oz, Amadeo Gabino, Orcajo, Fajardo, G\u00f3mez Perales, Amador, Antonio L\u00f3pez, Antoni Mir\u00f3, Sento, Roc, Alfons Saura, Fina Ll\u00e1cer, Alberto Romero, Salvador Soria, Schlotter, Lastres, Adriano, Candela Vicedo, D\u00edaz Azor\u00edn, Manzanaro, Segundo Garc\u00eda, Casto Mendiola i els membres organitzadors del Grup d\u2019Elx: Albert Agull\u00f3, Antoni coll i Sixto Marco.<br \/>\nDE LA CALLE, R.<\/p>\n<p><em>Grup d\u2019Elx. Antol\u00f3gica. Caja de Ahorros de Alicante y Murcia<\/em>. Alacant, 1982. &#8220;Art i Quotidianitat. Aproximaci\u00f3 a la traject\u00f2ria del Grup d\u2019Elx&#8221;.\u00a0La Rella, 6, 1988, P. 11-26.<br \/>\nConsulteu <a href=\"http:\/\/www.raco.cat\/index.php\/rella\/article\/view\/72018\/0\" target=\"_blank\" rel=\"noopener\">aci<\/a>.<\/p>\n<p><em>Grup d\u2019Elx: homenaje a Sixto Marco y Ernest Contreras. Homenaje de Elche al Grup d\u2019Elx<\/em>. Del 20 de desembre 2002 al 23 de febrer 2003, Elx, 2003.<\/p>\n<p>&nbsp;<\/p>\n<p><strong>CRONOLOG\u00cdA<\/strong><\/p>\n<table border=\"1\">\n<tbody>\n<tr>\n<td valign=\"top\" width=\"64\">1966<\/td>\n<td valign=\"top\" width=\"550\">Albert Agull\u00f3, Tom\u00e1s Almela, Pola Lledo y Sixto Marco. Exposici\u00f3n en la Sala de Arte de la Caja de Ahorros del Sureste de Espa\u00f1a (Alicante), dirigida por Ernesto Contreras.<\/td>\n<\/tr>\n<tr>\n<td valign=\"top\" width=\"64\"><\/td>\n<td valign=\"top\" width=\"550\">Albert Agull\u00f3, Joan Castej\u00f3n, Antoni Coll, Galiana y Sixto Marco. Galer\u00eda Ariel, Palma de Mallorca.<\/td>\n<\/tr>\n<tr>\n<td valign=\"top\" width=\"64\">1968<\/td>\n<td valign=\"top\" width=\"550\">Albert Agull\u00f3, Joan Castej\u00f3n, Antoni Coll, Sixto Marco y Sanju\u00e1n. Galer\u00eda Papers Pintats d\u2019Art, Alcoy.<\/td>\n<\/tr>\n<tr>\n<td valign=\"top\" width=\"64\">1969<\/td>\n<td valign=\"top\" width=\"550\">Albert Agull\u00f3, Joan Castej\u00f3n, Andreu Castillejos, Antoni Coll, Pola Lledo, Sixto Marco, Casto Mendiola y Sanju\u00e1n. Sala Caja de Ahorros de Nuestra Se\u00f1ora de los Dolores, Elche.<\/td>\n<\/tr>\n<tr>\n<td valign=\"top\" width=\"64\"><\/td>\n<td valign=\"top\" width=\"550\">Albert Agull\u00f3, Joan Castej\u00f3n, Andreu Castillejos, Antoni Coll, Sixto Marco (Manifiesto, Exposici\u00f3n Campa\u00f1a Popular). Club d\u2019Amics de la UNESCO, Muchamiel.<\/td>\n<\/tr>\n<tr>\n<td valign=\"top\" width=\"64\"><\/td>\n<td valign=\"top\" width=\"550\">En diciembre el grupo queda constituido definitivamente por Albert Agull\u00f3, Joan Castej\u00f3n, Antoni Coll, Sixto Marco, EX-PO 1, Sala de la Caja de Ahorros Provincial, Alicante.<\/td>\n<\/tr>\n<tr>\n<td valign=\"top\" width=\"64\">1970<\/td>\n<td valign=\"top\" width=\"550\">EX-PO 2, Sala del Ateneo Mercantil, Valencia.<\/td>\n<\/tr>\n<tr>\n<td valign=\"top\" width=\"64\"><\/td>\n<td valign=\"top\" width=\"550\">EX-PO 3, Sala del Ateneo, La Laguna (Tenerife).<\/td>\n<\/tr>\n<tr>\n<td valign=\"top\" width=\"64\"><\/td>\n<td valign=\"top\" width=\"550\">EX-PO 4, Casa de Cultura, Soria.<\/td>\n<\/tr>\n<tr>\n<td valign=\"top\" width=\"64\"><\/td>\n<td valign=\"top\" width=\"550\">EN-ART 1. Encuentro art\u00edstico organizado, en Elche, por el Grup d\u2019Elx y el cr\u00edtico Ernesto Contreras. Participan el cr\u00edtico de arte Vicente Aguilera Cerni y los artistas Anzo, Pepe Azor\u00edn, Equipo Cr\u00f3nica, Equipo Realidad, Joaqu\u00edn Michavila, Antoni Mir\u00f3, Jordi Teixidor y Jos\u00e9 Mar\u00eda Yturralde, entre otros.<\/td>\n<\/tr>\n<tr>\n<td valign=\"top\" width=\"64\">1971<\/td>\n<td valign=\"top\" width=\"550\">Sala Santa Catalina del Ateneo, Madrid.<\/td>\n<\/tr>\n<tr>\n<td valign=\"top\" width=\"64\"><\/td>\n<td valign=\"top\" width=\"550\">Sala de la Diputaci\u00f3n Provincial, Le\u00f3n.<\/td>\n<\/tr>\n<tr>\n<td valign=\"top\" width=\"64\">1972<\/td>\n<td valign=\"top\" width=\"550\">Sala de la Caja de Ahorros provincial, Alicante.<\/td>\n<\/tr>\n<tr>\n<td valign=\"top\" width=\"64\"><\/td>\n<td valign=\"top\" width=\"550\">\u201cEl hombre y su situaci\u00f3n en el tiempo presente\u201d. Cr\u00edticos: Vicente Aguilera Cerni y Ernesto Contreras. Galer\u00eda Da Barra, Barcelona.<\/td>\n<\/tr>\n<tr>\n<td valign=\"top\" width=\"64\"><\/td>\n<td valign=\"top\" width=\"550\">Obra Cultural de la Caja de Ahorros, Antequera (M\u00e1laga).<\/td>\n<\/tr>\n<tr>\n<td valign=\"top\" width=\"64\">1973<\/td>\n<td valign=\"top\" width=\"550\">Sala de Exposiciones del Banco de Alicante, Alicante.<\/td>\n<\/tr>\n<tr>\n<td valign=\"top\" width=\"64\"><\/td>\n<td valign=\"top\" width=\"550\">Galer\u00eda Punto, Valencia.<\/td>\n<\/tr>\n<tr>\n<td valign=\"top\" width=\"64\"><\/td>\n<td valign=\"top\" width=\"550\">EN-ART 2. Encuentro art\u00edstico organizado, en Elche (Hotel Huerto del Cura), por el Grup d\u2019Elx y el cr\u00edtico Ernesto Contreras. Participan los cr\u00edticos de arte Vicente Aguilera Cerni\u00a0 y Jos\u00e9 Mar\u00eda Moreno Galv\u00e1n y los artistas Arcadio Blasco, Rafael Canogar, Juana Franc\u00e9s, Jos\u00e9 Luis G\u00f3mez Perales, Joan Genov\u00e9s, Jos\u00e9 Hern\u00e1ndez, Jos\u00e9 Mar\u00eda de Labra, Antonio Lorenzo, Manuel Hern\u00e1ndez Momp\u00f3, Pablo Palazuelo, Eusebio Sempere y Pablo Serrano, entre otros.<\/td>\n<\/tr>\n<tr>\n<td valign=\"top\" width=\"64\"><\/td>\n<td valign=\"top\" width=\"550\">Galer\u00eda Alcoiarts, Altea.<\/td>\n<\/tr>\n<tr>\n<td valign=\"top\" width=\"64\"><\/td>\n<td valign=\"top\" width=\"550\">Galer\u00eda Arte Zodiaco, Madrid.<\/td>\n<\/tr>\n<tr>\n<td valign=\"top\" width=\"64\"><\/td>\n<td valign=\"top\" width=\"550\">Galer\u00eda Latina, Palma de Mallorca.<\/td>\n<\/tr>\n<tr>\n<td valign=\"top\" width=\"64\">1974<\/td>\n<td valign=\"top\" width=\"550\">Galer\u00eda Aritza, Bilbao.<\/td>\n<\/tr>\n<tr>\n<td valign=\"top\" width=\"64\">1975<\/td>\n<td valign=\"top\" width=\"550\">Galeria Laietana, Barcelona.<\/td>\n<\/tr>\n<tr>\n<td valign=\"top\" width=\"64\"><\/td>\n<td valign=\"top\" width=\"550\">Galer\u00eda Carmen Durango, Valladolid.<\/td>\n<\/tr>\n<tr>\n<td valign=\"top\" width=\"64\"><\/td>\n<td valign=\"top\" width=\"550\">Galer\u00eda Italia, Alicante.<\/td>\n<\/tr>\n<\/tbody>\n<\/table>\n<p>[\/vc_column_text][\/vc_column][\/vc_row][vc_row][vc_column][\/vc_column][\/vc_row]<\/p>\n<\/div>","protected":false},"excerpt":{"rendered":"<p>[vc_row full_width=&#8221;stretch_row&#8221; css=&#8221;.vc_custom_1475488224066{background-color: #dddde0 !important;}&#8221;][vc_column][vc_column_text][\/vc_column_text][\/vc_column][\/vc_row][vc_row css=&#8221;.vc_custom_1475488264405{padding-bottom: 40px !important;}&#8221; el_id=&#8221;bloque_basica&#8221;][vc_column][vc_single_image image=&#8221;4716&#8243; img_size=&#8221;full&#8221; css=&#8221;.vc_custom_1476964038702{padding-bottom: 20px !important;}&#8221;][vc_images_carousel images=&#8221;4711,4710,4709,4712&#8243; img_size=&#8221;&#8221; slides_per_view=&#8221;4&#8243; hide_pagination_control=&#8221;yes&#8221; wrap=&#8221;yes&#8221; css=&#8221;.vc_custom_1476964064881{padding-bottom: 20px !important;}&#8221;][vc_column_text]L\u2019origen i el desenvolupament del museu est\u00e0 \u00edntimament lligat [&hellip;]<\/p>\n","protected":false},"author":131,"featured_media":0,"parent":4836,"menu_order":0,"comment_status":"closed","ping_status":"closed","template":"","meta":{"footnotes":""},"class_list":["post-4858","page","type-page","status-publish","hentry"],"_links":{"self":[{"href":"https:\/\/www.elche.es\/va\/wp-json\/wp\/v2\/pages\/4858","targetHints":{"allow":["GET"]}}],"collection":[{"href":"https:\/\/www.elche.es\/va\/wp-json\/wp\/v2\/pages"}],"about":[{"href":"https:\/\/www.elche.es\/va\/wp-json\/wp\/v2\/types\/page"}],"author":[{"embeddable":true,"href":"https:\/\/www.elche.es\/va\/wp-json\/wp\/v2\/users\/131"}],"replies":[{"embeddable":true,"href":"https:\/\/www.elche.es\/va\/wp-json\/wp\/v2\/comments?post=4858"}],"version-history":[{"count":0,"href":"https:\/\/www.elche.es\/va\/wp-json\/wp\/v2\/pages\/4858\/revisions"}],"up":[{"embeddable":true,"href":"https:\/\/www.elche.es\/va\/wp-json\/wp\/v2\/pages\/4836"}],"wp:attachment":[{"href":"https:\/\/www.elche.es\/va\/wp-json\/wp\/v2\/media?parent=4858"}],"curies":[{"name":"wp","href":"https:\/\/api.w.org\/{rel}","templated":true}]}}