{"id":4872,"date":"2016-10-19T14:05:37","date_gmt":"2016-10-19T14:05:37","guid":{"rendered":"http:\/\/www.elche.es\/va\/museos\/mace\/coleccion-permanente\/"},"modified":"2021-02-19T13:13:15","modified_gmt":"2021-02-19T12:13:15","slug":"col%c2%b7leccio-permanent","status":"publish","type":"page","link":"https:\/\/www.elche.es\/va\/museus\/mace\/col%c2%b7leccio-permanent\/","title":{"rendered":"Col\u00b7lecci\u00f3 permanent"},"content":{"rendered":"<div class=\"wpb-content-wrapper\"><p>[vc_row full_width=&#8221;stretch_row&#8221; css=&#8221;.vc_custom_1475488224066{background-color: #dddde0 !important;}&#8221;][vc_column][vc_column_text]<nav aria-label=\"breadcrumbs\">\n            <div class=\"breadcrumb-container theme1\">\n                <ol>\n                                    <\/ol>\n            <\/div>\n        <\/nav>    <script type=\"application\/ld+json\">\n        {\n            \"@context\": \"http:\/\/schema.org\",\n            \"@type\": \"BreadcrumbList\",\n            \"itemListElement\": [\n                            ]\n        }\n    <\/script>\n    <style type=\"text\/css\">\n        .breadcrumb-container {\n            font-size: 13px;\n        }\n\n        .breadcrumb-container ul {\n            margin: 0;\n            padding: 0;\n        }\n\n        .breadcrumb-container li {\n            box-sizing: unset;\n            display: inline-block;\n            margin: 0;\n            padding: 0;\n        }\n\n        .breadcrumb-container li a {\n            box-sizing: unset;\n            padding: 0 10px;\n        }\n\n        .breadcrumb-container {\n            font-size: 3 !important;\n                    }\n\n        .breadcrumb-container li a {\n            color: #0a0a0a !important;\n            font-size: 3 !important;\n            line-height: 3 !important;\n                    }\n\n        .breadcrumb-container li .separator {\n            font-size: 3 !important;\n                    }\n\n        .breadcrumb-container li:last-child .separator {\n            display: none;\n        }\n    <\/style>\n    <style type=\"text\/css\">\n        .breadcrumb-container.theme1 li {\n            margin: 0;\n            padding: 0;\n        }\n        .breadcrumb-container.theme1 a {\n            background: ;\n            display: inline-block;\n            margin: 0 5px;\n            padding: 5px 10px;\n            text-decoration: none;\n        }\n    <\/style>\n        <style type=\"text\/css\">\n            <\/style>\n    <script>\n            <\/script>\n[\/vc_column_text][\/vc_column][\/vc_row][vc_row css=&#8221;.vc_custom_1475488264405{padding-bottom: 40px !important;}&#8221; el_id=&#8221;bloque_basica&#8221;][vc_column]<h3 class=\"sc_title sc_title_regular margin_top_tiny\">Col\u00b7lecci\u00f3 permanent MACE<\/h3>[vc_single_image image=&#8221;4716&#8243; img_size=&#8221;full&#8221; css=&#8221;.vc_custom_1476964336114{padding-bottom: 20px !important;}&#8221;][vc_images_carousel images=&#8221;4725,4726,4724,4728,4723&#8243; img_size=&#8221;&#8221; slides_per_view=&#8221;4&#8243; hide_pagination_control=&#8221;yes&#8221; wrap=&#8221;yes&#8221; css=&#8221;.vc_custom_1476964503051{padding-bottom: 20px !important;}&#8221;][vc_column_text]&nbsp;<\/p>\n<p>El MACE se singularitza per posseir una valuosa col\u00b7lecci\u00f3 profundament connectada amb l&#8217;esdevenir hist\u00f2ric i pl\u00e0stic de l&#8217;avantguarda espanyola des dels anys seixanta fins a l&#8217;actualitat. La gran cohesi\u00f3 hist\u00f2rica i pl\u00e0stica dels fons aix\u00ed com les peculiars i solid\u00e0ries circumst\u00e0ncies de la formaci\u00f3 d\u2019aquest, el fan un element significatiu en el seu entorn geogr\u00e0fic i sociol\u00f2gic.<\/p>\n<p>Els artistes representats s\u00f3n quasi \u00edntegrament espanyols, aix\u00ed el corpus de la col\u00b7lecci\u00f3 representa essencialment a moltes de les individualitats que van col\u00b7laborar d&#8217;alguna manera en la posada al dia de l&#8217;art espanyol d&#8217;avantguarda.<\/p>\n<p>La col\u00b7lecci\u00f3 representa, per l\u2019estructura que t\u00e9, els corrents principals que es desenvolupen en el m\u00f3n de l&#8217;art en la d\u00e8cades pr\u00e8vies a la seua formaci\u00f3, a saber: l&#8217;abstracci\u00f3 informalista i anal\u00edtica principalment i les tend\u00e8ncies que abasten l&#8217;ampli debat que per aquella \u00e8poca es realitza entorn del realisme. Estan representats autors pertanyents als grups Dau Al Set, Grupo el Paso, Parpall\u00f3 i grup Hondo entre altres.<\/p>\n<p>Entre els artistes representats estan: Manuel Viola, Rafols Casamada, Joan Vila Casas, Tapies, Antonio Su\u00e1rez, Francisco Farreras, Salvador Victoria, Lucio Mu\u00f1oz, Manolo Millares, Guinovart, Jorge Castillo, Joan Pon\u00e7, Equipo Cr\u00f3nica, Juan Genov\u00e9s, Dar\u00edo Villalba, Amalia Avia, Ana Peters, Yturralde, etc.[\/vc_column_text][\/vc_column][\/vc_row][vc_row][vc_column][\/vc_column][\/vc_row]<\/p>\n<\/div>","protected":false},"excerpt":{"rendered":"<p>[vc_row full_width=&#8221;stretch_row&#8221; css=&#8221;.vc_custom_1475488224066{background-color: #dddde0 !important;}&#8221;][vc_column][vc_column_text][\/vc_column_text][\/vc_column][\/vc_row][vc_row css=&#8221;.vc_custom_1475488264405{padding-bottom: 40px !important;}&#8221; el_id=&#8221;bloque_basica&#8221;][vc_column][vc_single_image image=&#8221;4716&#8243; img_size=&#8221;full&#8221; css=&#8221;.vc_custom_1476964336114{padding-bottom: 20px !important;}&#8221;][vc_images_carousel images=&#8221;4725,4726,4724,4728,4723&#8243; img_size=&#8221;&#8221; slides_per_view=&#8221;4&#8243; hide_pagination_control=&#8221;yes&#8221; wrap=&#8221;yes&#8221; css=&#8221;.vc_custom_1476964503051{padding-bottom: 20px !important;}&#8221;][vc_column_text]&nbsp; El MACE se singularitza per posseir una valuosa [&hellip;]<\/p>\n","protected":false},"author":131,"featured_media":0,"parent":4836,"menu_order":0,"comment_status":"closed","ping_status":"closed","template":"","meta":{"footnotes":""},"class_list":["post-4872","page","type-page","status-publish","hentry"],"_links":{"self":[{"href":"https:\/\/www.elche.es\/va\/wp-json\/wp\/v2\/pages\/4872","targetHints":{"allow":["GET"]}}],"collection":[{"href":"https:\/\/www.elche.es\/va\/wp-json\/wp\/v2\/pages"}],"about":[{"href":"https:\/\/www.elche.es\/va\/wp-json\/wp\/v2\/types\/page"}],"author":[{"embeddable":true,"href":"https:\/\/www.elche.es\/va\/wp-json\/wp\/v2\/users\/131"}],"replies":[{"embeddable":true,"href":"https:\/\/www.elche.es\/va\/wp-json\/wp\/v2\/comments?post=4872"}],"version-history":[{"count":0,"href":"https:\/\/www.elche.es\/va\/wp-json\/wp\/v2\/pages\/4872\/revisions"}],"up":[{"embeddable":true,"href":"https:\/\/www.elche.es\/va\/wp-json\/wp\/v2\/pages\/4836"}],"wp:attachment":[{"href":"https:\/\/www.elche.es\/va\/wp-json\/wp\/v2\/media?parent=4872"}],"curies":[{"name":"wp","href":"https:\/\/api.w.org\/{rel}","templated":true}]}}