{"id":4999,"date":"2016-10-20T07:42:25","date_gmt":"2016-10-20T07:42:25","guid":{"rendered":"http:\/\/www.elche.es\/va\/museos\/museo-del-palmeral\/informacion-general\/"},"modified":"2022-10-24T14:03:45","modified_gmt":"2022-10-24T13:03:45","slug":"informacio-general","status":"publish","type":"page","link":"https:\/\/www.elche.es\/va\/museus\/museu-del-palmerar\/informacio-general\/","title":{"rendered":"Informaci\u00f3 General"},"content":{"rendered":"<div class=\"wpb-content-wrapper\"><p>[vc_row full_width=&#8221;stretch_row&#8221; css=&#8221;.vc_custom_1475488224066{background-color: #dddde0 !important;}&#8221;][vc_column][vc_column_text]<nav aria-label=\"breadcrumbs\">\n            <div class=\"breadcrumb-container theme1\">\n                <ol>\n                                    <\/ol>\n            <\/div>\n        <\/nav>    <script type=\"application\/ld+json\">\n        {\n            \"@context\": \"http:\/\/schema.org\",\n            \"@type\": \"BreadcrumbList\",\n            \"itemListElement\": [\n                            ]\n        }\n    <\/script>\n    <style type=\"text\/css\">\n        .breadcrumb-container {\n            font-size: 13px;\n        }\n\n        .breadcrumb-container ul {\n            margin: 0;\n            padding: 0;\n        }\n\n        .breadcrumb-container li {\n            box-sizing: unset;\n            display: inline-block;\n            margin: 0;\n            padding: 0;\n        }\n\n        .breadcrumb-container li a {\n            box-sizing: unset;\n            padding: 0 10px;\n        }\n\n        .breadcrumb-container {\n            font-size: 3 !important;\n                    }\n\n        .breadcrumb-container li a {\n            color: #0a0a0a !important;\n            font-size: 3 !important;\n            line-height: 3 !important;\n                    }\n\n        .breadcrumb-container li .separator {\n            font-size: 3 !important;\n                    }\n\n        .breadcrumb-container li:last-child .separator {\n            display: none;\n        }\n    <\/style>\n    <style type=\"text\/css\">\n        .breadcrumb-container.theme1 li {\n            margin: 0;\n            padding: 0;\n        }\n        .breadcrumb-container.theme1 a {\n            background: ;\n            display: inline-block;\n            margin: 0 5px;\n            padding: 5px 10px;\n            text-decoration: none;\n        }\n    <\/style>\n        <style type=\"text\/css\">\n            <\/style>\n    <script>\n            <\/script>\n[\/vc_column_text][\/vc_column][\/vc_row][vc_row css=&#8221;.vc_custom_1475488264405{padding-bottom: 40px !important;}&#8221; el_id=&#8221;bloque_basica&#8221;][vc_column width=&#8221;2\/3&#8243;]<h3 class=\"sc_title sc_title_regular margin_top_tiny\">Museu del Palmerar<\/h3>[vc_single_image image=&#8221;4910&#8243; img_size=&#8221;full&#8221; css=&#8221;.vc_custom_1476977743457{padding-bottom: 20px !important;}&#8221;][vc_column_text]<\/p>\n<div id=\"content\" class=\"withsidebar span8\">\n<div id=\"content-inner\">\n<div id=\"content-zone\">\n<div class=\"contentbody\">\n<p>\u00c9s un centre per a la interpretaci\u00f3 del Palmerar d\u2019Elx, ubicat en un hort singular \u2013l\u2019Hort de Sant Pl\u00e0cid<em>&#8211;<\/em> i instal\u00b7lat en una casa t\u00edpica, constru\u00efda en el segle XIX.<\/p>\n<p>Les seues sales exposen les peculiaritats del Palmerar -declarat Patrimoni de la Humanitat per la UNESCO l\u2019any 2000-, la seua hist\u00f2ria i la seua evoluci\u00f3 fins a convertir-se en s\u00edmbol de la ciutat. Cont\u00e9 audiovisuals, fitxes, murals, objectes i pantalles t\u00e0ctils amb uns continguts que pretenen configurar una imatge global i precisa d\u2019aquest paisatge cultural \u00fanic.<\/p>\n<p>Despr\u00e9s de rec\u00f3rrer les sales, s\u2019accedeix a l\u2019hort per a contemplar les esp\u00e8cies vegetals, el sistema tradicional de reg i els cultius t\u00edpics associats.<\/p>\n<p>Tamb\u00e9 acull el Taller Municipal de Palma Blanca. Creat el 1998, el seu objectiu \u00e9s oferir a tot aquell que ho desitge la possibilitat d\u2019aprendre una professi\u00f3 tradicionalment mantinguda per unes poques fam\u00edlies palmereres. Els visitants poden accedir al taller per a observar com es realitza la t\u00e8cnica del trenat.<\/p>\n<p>El Palmerar ha aconseguit perviure fins als nostres dies mantenint intactes les seues caracter\u00edstiques hist\u00f2riques, conferint a la ciutat d\u2019Elx un paisatge irrepetible.<\/p>\n<p>&nbsp;<\/p>\n<p><strong>Demostracions del treball a l\u2019hort<\/strong><\/p>\n<p>Explicaci\u00f3 i demostraci\u00f3 del treball tradicional als horts de palmeres, a c\u00e0rrec del palmerer. Dimarts i divendres de mat\u00ed, amb reserva telef\u00f2nica.<\/p>\n<p>&nbsp;<\/p>\n<p><strong>Preu de les entrades<\/strong><\/p>\n<p>General: 1 \u20ac<br \/>\nEstudiants, grups, Carnet Jove, jubilats i fam\u00edlies nombroses: 0,50 \u20ac<\/p>\n<p>Entrada lliure: diumenges. A m\u00e9s, xiquets menors de 6 anys, persones en possessi\u00f3 de la targeta daurada de l\u2019Ajuntament d\u2019Elx, professors i monitors acreditats, persones amb discapacitat i amb mobilitat redu\u00efda.<\/p>\n<p>Abonament museu: l\u2019abonament museu t\u00e9 un preu de 8 \u20ac euros i permet la visita de tots els museus que depenen de l\u2019Ajuntament. Es pot adquirir en qualsevol museu municipal de la ciutat.<\/p>\n<p>&nbsp;<\/p>\n<p><strong>Taller de palma blanca<\/strong><\/p>\n<p>Nou horari pendent de confirmaci\u00f3.<\/p>\n<p>Matr\u00edcula: Regidoria de Cultura<\/p>\n<\/div>\n<\/div>\n<\/div>\n<\/div>\n<p>[\/vc_column_text][\/vc_column][vc_column width=&#8221;1\/3&#8243; css=&#8221;.vc_custom_1474385237096{padding-top: 50px !important;padding-bottom: 50px !important;}&#8221;][vc_widget_sidebar sidebar_id=&#8221;sidebar_custom_2&#8243;][\/vc_column][\/vc_row]<\/p>\n<\/div>","protected":false},"excerpt":{"rendered":"<p>[vc_row full_width=&#8221;stretch_row&#8221; css=&#8221;.vc_custom_1475488224066{background-color: #dddde0 !important;}&#8221;][vc_column][vc_column_text][\/vc_column_text][\/vc_column][\/vc_row][vc_row css=&#8221;.vc_custom_1475488264405{padding-bottom: 40px !important;}&#8221; el_id=&#8221;bloque_basica&#8221;][vc_column width=&#8221;2\/3&#8243;][vc_single_image image=&#8221;4910&#8243; img_size=&#8221;full&#8221; css=&#8221;.vc_custom_1476977743457{padding-bottom: 20px !important;}&#8221;][vc_column_text] \u00c9s un centre per a la interpretaci\u00f3 del Palmerar d\u2019Elx, ubicat en un hort singular [&hellip;]<\/p>\n","protected":false},"author":131,"featured_media":0,"parent":4475,"menu_order":0,"comment_status":"closed","ping_status":"closed","template":"","meta":{"footnotes":""},"class_list":["post-4999","page","type-page","status-publish","hentry"],"_links":{"self":[{"href":"https:\/\/www.elche.es\/va\/wp-json\/wp\/v2\/pages\/4999","targetHints":{"allow":["GET"]}}],"collection":[{"href":"https:\/\/www.elche.es\/va\/wp-json\/wp\/v2\/pages"}],"about":[{"href":"https:\/\/www.elche.es\/va\/wp-json\/wp\/v2\/types\/page"}],"author":[{"embeddable":true,"href":"https:\/\/www.elche.es\/va\/wp-json\/wp\/v2\/users\/131"}],"replies":[{"embeddable":true,"href":"https:\/\/www.elche.es\/va\/wp-json\/wp\/v2\/comments?post=4999"}],"version-history":[{"count":0,"href":"https:\/\/www.elche.es\/va\/wp-json\/wp\/v2\/pages\/4999\/revisions"}],"up":[{"embeddable":true,"href":"https:\/\/www.elche.es\/va\/wp-json\/wp\/v2\/pages\/4475"}],"wp:attachment":[{"href":"https:\/\/www.elche.es\/va\/wp-json\/wp\/v2\/media?parent=4999"}],"curies":[{"name":"wp","href":"https:\/\/api.w.org\/{rel}","templated":true}]}}