{"id":5003,"date":"2016-10-20T07:49:06","date_gmt":"2016-10-20T07:49:06","guid":{"rendered":"http:\/\/www.elche.es\/va\/museos\/museo-del-palmeral\/el-palmeral-de-elche\/"},"modified":"2022-11-18T10:48:35","modified_gmt":"2022-11-18T09:48:35","slug":"el-palmerar-delx","status":"publish","type":"page","link":"https:\/\/www.elche.es\/va\/museus\/museu-del-palmerar\/el-palmerar-delx\/","title":{"rendered":"El Palmerar d&#8217;Elx"},"content":{"rendered":"<div class=\"wpb-content-wrapper\"><p>[vc_row full_width=&#8221;stretch_row&#8221; css=&#8221;.vc_custom_1475488224066{background-color: #dddde0 !important;}&#8221;][vc_column][vc_column_text]<nav aria-label=\"breadcrumbs\">\n            <div class=\"breadcrumb-container theme1\">\n                <ol>\n                                    <\/ol>\n            <\/div>\n        <\/nav>    <script type=\"application\/ld+json\">\n        {\n            \"@context\": \"http:\/\/schema.org\",\n            \"@type\": \"BreadcrumbList\",\n            \"itemListElement\": [\n                            ]\n        }\n    <\/script>\n    <style type=\"text\/css\">\n        .breadcrumb-container {\n            font-size: 13px;\n        }\n\n        .breadcrumb-container ul {\n            margin: 0;\n            padding: 0;\n        }\n\n        .breadcrumb-container li {\n            box-sizing: unset;\n            display: inline-block;\n            margin: 0;\n            padding: 0;\n        }\n\n        .breadcrumb-container li a {\n            box-sizing: unset;\n            padding: 0 10px;\n        }\n\n        .breadcrumb-container {\n            font-size: 3 !important;\n                    }\n\n        .breadcrumb-container li a {\n            color: #0a0a0a !important;\n            font-size: 3 !important;\n            line-height: 3 !important;\n                    }\n\n        .breadcrumb-container li .separator {\n            font-size: 3 !important;\n                    }\n\n        .breadcrumb-container li:last-child .separator {\n            display: none;\n        }\n    <\/style>\n    <style type=\"text\/css\">\n        .breadcrumb-container.theme1 li {\n            margin: 0;\n            padding: 0;\n        }\n        .breadcrumb-container.theme1 a {\n            background: ;\n            display: inline-block;\n            margin: 0 5px;\n            padding: 5px 10px;\n            text-decoration: none;\n        }\n    <\/style>\n        <style type=\"text\/css\">\n            <\/style>\n    <script>\n            <\/script>\n[\/vc_column_text][\/vc_column][\/vc_row][vc_row css=&#8221;.vc_custom_1475488264405{padding-bottom: 40px !important;}&#8221; el_id=&#8221;bloque_basica&#8221;][vc_column]<h3 class=\"sc_title sc_title_regular margin_top_tiny\">El Palmerar d&#8217;Elx<\/h3>[vc_single_image image=&#8221;4915&#8243; img_size=&#8221;full&#8221; css=&#8221;.vc_custom_1476978277005{padding-bottom: 20px !important;}&#8221;][vc_images_carousel images=&#8221;4922,4918,4917,4919,4921,4923,4920&#8243; img_size=&#8221;&#8221; slides_per_view=&#8221;4&#8243; hide_pagination_control=&#8221;yes&#8221; wrap=&#8221;yes&#8221; css=&#8221;.vc_custom_1476978592497{padding-bottom: 20px !important;}&#8221;][vc_column_text]El Palmerar no \u00e9s una agrupaci\u00f3 casual de palmeres, ni tampoc un bosc ni un jard\u00ed, \u00e9s un oasi integrat A l&#8217;entorn, un paisatge creat per l&#8217;\u00e9sser hum\u00e0 per a transformar una terra \u00e0rida, escassament regada per aig\u00fces salobres, en un lloc idoni per al desenvolupament d&#8217;una agricultura de classe intensiva. Un complex sistema hidr\u00e0ulic, a partir de l&#8217;esc\u00e0s recurs de les aig\u00fces del riu Vinalop\u00f3, va permetre el desenvolupament d&#8217;una agricultura de regadiu que data de l&#8217;\u00e8poca andalusina.<\/p>\n<p>ELS HORTS DE PALMERES<\/p>\n<p>Aquesta agricultura tenia un espai privilegiat a l&#8217;entorn de la ciutat. Al centre de la xarxa de s\u00e9quies, els horts de palmeres eren un element essencial del sistema. Les palmeres resisteixen b\u00e9 les aig\u00fces salobres del Vinalop\u00f3 i, plantades en fila Als marges d&#8217;unes parcel\u00b7les de xicotetes dimensions (aproximadament una tafulla, \u00e9s a dir, 953 m\u00b2), afavorien una millor distribuci\u00f3 de l&#8217;aigua, facilitaven la menor incid\u00e8ncia del vent i de la radiaci\u00f3 solar i, per tant, una millor retenci\u00f3 de la humitat. La palmera produ\u00efa d\u00e0tils per a alimentar la gent i els animals, les palmes s&#8217;utilitzaven per a la fabricaci\u00f3 de cabassos, estores, graneres, s&#8217;usaven com a element de cobriment (sostres dels porxos, etc.) i tamb\u00e9 com a element lit\u00fargic el <a href=\"https:\/\/www.visitelche.com\/va\/fiestas\/domingo-de-ramos\/\">Diumenge de Rams<\/a>; el tronc s&#8217;utilitzava com a element de construcci\u00f3 o com a mobiliari (bancs i taules)\u2026 Dins de les parcel\u00b7les, es cultivava alfals per als animals, magraners, oliveres, garroferes i fins i tot algunes hortalisses -una agricultura d&#8217;oasi en una zona caracteritzada per l&#8217;aridesa del medi.<\/p>\n<p>L&#8217;\u00e0rea compacta d&#8217;horts al voltant de la ciutat es trobava travessada per la xarxa de camins i corriols, que unien el nucli urb\u00e0 amb les poblacions del voltant i amb les <a href=\"https:\/\/www.elche.es\/va\/pedanias\/el-llibre-les-pedanies-del-camp-delx-de-baltasar-brotons-garcia\/\">partides rurals del terme<\/a>. Estaven protegits sovint amb t\u00e0pies d&#8217;obra \u2013tamb\u00e9 de \u00abcascabots\u00bb\u2013, la qual cosa indica el seu alt valor econ\u00f2mic. Cada hort tenia generalment la seua casa, on vivien els hortolans (a partir del segle el XVIII es va generalitzar l&#8217;arrendament com a forma de tinen\u00e7a de la terra) i de vegades, poques, els amos.<\/p>\n<p>Hem d&#8217;entendre la producci\u00f3 dels horts com un sistema intensiu de treball, la producci\u00f3 del qual estava dirigida al consum, per\u00f2 tamb\u00e9 al mercat urb\u00e0.<\/p>\n<p>DECLARACI\u00d3 PER PART DE LA UNESCO DEL PALMERAR COM A PATRIMONI DE LA HUMANITAT. SIGNIFICAT<\/p>\n<p>El 30 de novembre de l&#8217;any 2000, l&#8217;organisme per a l&#8217;educaci\u00f3, la ci\u00e8ncia i la cultura de les Nacions Unides <a href=\"https:\/\/www.elche.es\/wp-content\/uploads\/2022\/07\/20001130-DIPLOMA-Reconocimento-Unesco-Palmeral-de-Elche-Patrimonio-de-la-Humanidad.pdf\">va distingir <\/a>per a la seua salvaguarda, no solament un paisatge \u00fanic al m\u00f3n, sin\u00f3 les singularitats hist\u00f2riques i culturals que formen part inherent de la identitat il\u00b7licitana.<\/p>\n<p>La declaraci\u00f3 del palmerar com a patrimoni de la Humanitat posava especial \u00e8mfasi en la protecci\u00f3 de les estructures dels horts de palmeres, sistemes de reg, habitatges tradicionals, etc. La declaraci\u00f3, m\u00e9s que un premi, implica una obligaci\u00f3: la d&#8217;identificar, protegir, conservar, rehabilitar i transmetre les generacions futures el patrimoni cultural i natural situat al territori.<\/p>\n<p>El palmerar d&#8217;Elx s&#8217;inclou en la categoria de \u201cpaisatge cultural\u201d, \u00e9s a dir, el fruit de l&#8217;activitat d&#8217;una comunitat humana com a resposta al seu entorn natural. A m\u00e9s, un paisatge cultural \u00e9s un entorn viu, que conserva la seua funci\u00f3 social, estretament vinculada a la manera de vida tradicional i que, com que est\u00e0 viu, prossegueix el seu proc\u00e9s evolutiu.<\/p>\n<p>El Comit\u00e9 del Patrimoni Mundial va considerar que el palmerar d&#8217;Elx complia dos criteris d&#8217;autenticitat que el feien posse\u00efdor d&#8217;un \u201cvalor universal excepcional\u201d:<\/p>\n<ul>\n<li>D&#8217;una banda, \u00e9s el testimoniatge d&#8217;un intercanvi de valors humans. Es tracta de la transfer\u00e8ncia cultural en una \u00e0rea i en un per\u00edode. M\u00e9s concretament, d&#8217;un paisatge caracter\u00edstic d&#8217;una cultura a una altra i d&#8217;un continent a un altre, en aquest cas, del nord d&#8217;\u00c0frica a Europa.<\/li>\n<li>En segon lloc, \u00e9s un exemple destacat de formes tradicionals d&#8217;assentament hum\u00e0 i d&#8217;aprofitament del medi natural representatiu d&#8217;una o diverses cultures. En el cas d&#8217;Elx, aquestes formes tradicionals van ser portades a Europa durant el per\u00edode <a href=\"http:\/\/www.elche.me\/sites\/default\/files\/palmeral_elche.pdf\" target=\"_blank\" rel=\"noopener\">andalus\u00ed<\/a> i han sobreviscut fins a l&#8217;actualitat.<\/li>\n<\/ul>\n<p>La declaraci\u00f3 implica l&#8217;acceptaci\u00f3 d&#8217;una s\u00e8rie de recomanacions de la UNESCO que inclouen l&#8217;aprovaci\u00f3 de les normes legals necess\u00e0ries per a protegir el b\u00e9, aix\u00ed com la impossibilitat de realitzar, sense l&#8217;autoritzaci\u00f3 dels serveis especialitzats, cap modificaci\u00f3 o transformaci\u00f3 que puga alterar l&#8217;aspecte del b\u00e9.<\/p>\n<p>PROTECCI\u00d3<\/p>\n<ul>\n<li><a href=\"https:\/\/www.boe.es\/datos\/pdfs\/BOE\/1933\/068\/A01843-01844.pdf\">1933, Decret de 8 de mar\u00e7, del Ministeri d&#8217;Agricultura de la Rep\u00fablica<\/a>, que declara d&#8217;inter\u00e9s social la conservaci\u00f3 dels horts de palmeres, prohibeix la seua tala i les operacions que pogueren posar en perill la integritat f\u00edsica de l&#8217;arbre.Ja en 1922 Pedro Ibarra havia publicat en el setmanari Nova Illice un article en el qual deia que \u00abes pot i s&#8217;ha de progressar sense arrancar una palmera, sense arrancar aquest palmerar\u00bb, gr\u00e0cies al debat social obert llavors es va iniciar el cam\u00ed a la legislaci\u00f3 de protecci\u00f3 del palmerar. El decret no entra en consideracions com les q\u00fcestions que afectaven l&#8217;explotaci\u00f3 agr\u00e0ria i tampoc resolia problem\u00e0tica urban\u00edstica.<\/li>\n<\/ul>\n<ul>\n<li>1943, \u00abJard\u00ed art\u00edstic\u00bb. Per <a href=\"https:\/\/www.elche.es\/wp-content\/uploads\/2022\/07\/boe-1943-declaracion-jardin-artistico-palmeral-Elche.pdf\">Decret de 27 de juliol es declara Jard\u00ed art\u00edstic el palmeral de les immediacions d&#8217;Elx<\/a> que, d&#8217;aquesta manera, va passar a la tutela del Ministeri d&#8217;Educaci\u00f3 Nacional i a l&#8217;empara de la Llei de Tresor Art\u00edstic.<\/li>\n<\/ul>\n<p>El car\u00e0cter del conjunt d&#8217;aquestes dues normes, va ser eminentment generalista i va afectar la totalitat del palmerar del terme, per\u00f2 sense incloure cap identificaci\u00f3 gr\u00e0fica dels seus horts ni delimitaci\u00f3 geogr\u00e0fica concreta del seu \u00e0mbit d&#8217;actuaci\u00f3, excepte la refer\u00e8ncia particular i anecd\u00f2tica a l&#8217;hort del Cura. Ambd\u00f3s decrets van intentar, de forma m\u00e9s te\u00f2rica que real, la protecci\u00f3 del Palmerar. Van estar vigents fins a la Llei de Tutela del Palmerar de 1986, que els va derogar expressament.<\/p>\n<ul>\n<li><a href=\"https:\/\/www.elche.es\/wp-content\/uploads\/2022\/07\/Ley-1_1986-de-9-de-mayo-por-la-que-se-regula-la-tutela-del-Palmeral-de-Elche.-BOE-A-1986-15303-consolidado.pdf\">Llei 1\/1986 de la Generalitat Valenciana, de 9 de maig, per a la regulaci\u00f3 de la tutela del palmerar d&#8217;Elx<\/a>, seguida del <a href=\"https:\/\/dogv.gva.es\/datos\/1986\/12\/01\/pdf\/1986_807646.pdf\">Decret 133\/1986<\/a>, de 10 de novembre, del Consell de la Generalitat Valenciana, de desenvolupament de l&#8217;anterior llei. L&#8217;objecte de la llei \u00e9s la protecci\u00f3 i el foment de la palmera datilera d&#8217;Elx i el seu terme municipal, mitjan\u00e7ant la creaci\u00f3 d&#8217;un Patronat del Palmerar com a \u00f2rgan competent per a l&#8217;aplicaci\u00f3 de les disposicions corresponents.<\/li>\n<\/ul>\n<p>Per primera vegada es diferencien el que s\u00f3n horts de palmeres, grups de palmeres i palmeres disseminades. Es va establir un registre i es van establir les obligacions dels titulars referents a usos i aprofitaments permesos, a m\u00e9s del seu manteniment. Tamb\u00e9 va regular aquesta llei les operacions sobre els exemplars, entre aquestes, l&#8217;encaputxat tradicional per a l&#8217;obtenci\u00f3 de palma blanca per al Diumenge de Rams.<\/p>\n<ul>\n<li>1998, PGOU. Prohibeix qualsevol intervenci\u00f3 sense autoritzaci\u00f3 del Patronat del Palmerar. L&#8217;execuci\u00f3 d&#8217;aquest document ha perm\u00e9s que la major part dels horts hist\u00f2rics urbans es destinen a espais lliures i que siguen de propietat municipal. Paral\u00b7lelament, es realitza un cens oficial actualitzat de palmeres (l&#8217;anterior datava de 1978), i l&#8217;Arxiu Hist\u00f2ric conserva <a href=\"https:\/\/www.elche.es\/wp-content\/uploads\/archivo\/d\/H-108-26.pdf\">exemples anteriors<\/a>.<\/li>\n<li>2008, Pla Especial de Protecci\u00f3 del Palmerar d&#8217;Elx. Va ser aprovat provisionalment per l&#8217;Ajuntament.<\/li>\n<li>2013. El Butllet\u00ed Oficial de la Prov\u00edncia d&#8217;Alacant publica l&#8217;<a href=\"https:\/\/www.elche.es\/wp-content\/uploads\/2022\/07\/2013.02.22-Ordenanza-para-la-proteccion-de-la-palmera-durante-la-plaga-de-picudo-rojo.pdf\">Ordenan\u00e7a Municipal per a la protecci\u00f3 del palmerar davant la plaga del morrut de les palmeres<\/a>.<\/li>\n<li>2017, l&#8217;Ajuntament presenta una proposta de llei per a garantir la preservaci\u00f3 del Palmerar il\u00b7licit\u00e0.<\/li>\n<li>2021, 28 d&#8217;octubre, les Corts Valencianes aproven la <a href=\"https:\/\/www.elche.es\/wp-content\/uploads\/2021\/11\/BOE-PALMERAL.pdf\">Llei de Protecci\u00f3 del Palmerar d&#8217;Elx<\/a>.<\/li>\n<\/ul>\n<p>Segurament, per primera vegada en la hist\u00f2ria del parlamentarisme valenci\u00e0, s&#8217;aprova una llei promoguda des d&#8217;un Ajuntament. El seu objectiu fonamental \u00e9s garantir la protecci\u00f3 i la conservaci\u00f3 del Palmerar hist\u00f2ric i actualitzar la Llei de 1986 que era anterior a\u00a0 la <a href=\"https:\/\/www.boe.es\/buscar\/pdf\/1998\/BOE-A-1998-17524-consolidado.pdf\">Llei de Patrimoni Cultural Valenci\u00e0<\/a> (1998) i a la inclusi\u00f3 a la <a href=\"https:\/\/whc.unesco.org\/en\/list\/930\">Llista de Patrimoni Mundial de la Unesco<\/a> (2000).<\/p>\n<p>Aquesta Llei actualitza la tutela jur\u00eddica del Palmerar i incorpora diverses q\u00fcestions rellevants:<\/p>\n<p>Dota de major autonomia la Junta Gestora del Patronat del Palmerar.<\/p>\n<p>Planteja un comprom\u00eds de finan\u00e7ament per part de la Generalitat i de l&#8217;Ajuntament, que fins llavors no existia.<\/p>\n<p>Declara B\u00e9 d&#8217;Inter\u00e9s Cultural el Palmerar Hist\u00f2ric i la zona d&#8217;amortiment, que coincideix amb la zona declarada Patrimoni de la Humanitat per part de la Unesco.<\/p>\n<p>El Servei d&#8217;Inspecci\u00f3 del Palmerar, dependent de la Junta Gestora, t\u00e9 car\u00e0cter d&#8217;agent de l&#8217;autoritat i pot promoure el fet de sancionar infraccions a la normativa.<\/p>\n<p>Els elements protegits per la llei passen de la palmera datilera a: horts de palmeres (que inclou la palmera datilera, sistemes de reg, alineacions de palmeres, bancals, cultius associats, xarxa de reg, tra\u00e7ats de caminals i camins tradicionals) agrupacions de palmeres, palmeres a\u00efllades o singulars, construccions tradicionals (habitatges agr\u00edcoles, murs i tancaments, aljubs, basses, etc.) l&#8217;ofici de palmerer i l&#8217;artesania de la palma blanca.<\/p>\n<ul>\n<li>2021. 29 de desembre, (dia de celebraci\u00f3 de la <a href=\"https:\/\/www.visitelche.com\/va\/fiestas\/venida-de-la-virgen\/\">festivitat de la Vinguda de la Verge<\/a>), el Butllet\u00ed Oficial de l&#8217;Estat publica la Llei aprovada per les Corts Valencianes donant per acabat el tr\u00e0mit necessari perqu\u00e8 adquirisca plena efic\u00e0cia jur\u00eddica.<\/li>\n<\/ul>\n<p>&nbsp;<\/p>\n<p><strong>Alian\u00e7a de Paisatges Culturals<\/strong><\/p>\n<p>Elx \u00e9s soci fundador de l&#8217;<a href=\"http:\/\/www.alianzapaisajesculturales.org\/\" target=\"_blank\" rel=\"noopener\">Alian\u00e7a de Paisatges Culturales i Llocs afins, Patrimoni Mundial<\/a> des de la creaci\u00f3 en 2019.<\/p>\n<p>Aquesta organitzaci\u00f3 agrupa ciutats que tenen en com\u00fa el privilegi d&#8217;ostentar el reconeixement per part de la UNESCO com a patrimoni Mundial i l&#8217;obligaci\u00f3 de vetlar perqu\u00e8 el desenvolupament i la conservaci\u00f3 es realitzen de manera racional i sostenible.<\/p>\n<p>El fet de pert\u00e0nyer a una mateixa categoria fa que aquestes ciutats compartisquen problem\u00e0tiques i objectius.<\/p>\n<p>L&#8217;Alian\u00e7a afavoreix la cooperaci\u00f3 en aquest \u00e0mbit, promou la participaci\u00f3 activa en una escala superior i fomenta l&#8217;educaci\u00f3, la divulgaci\u00f3 i la informaci\u00f3 en mat\u00e8ria de Patrimoni natural i cultural.[\/vc_column_text][\/vc_column][\/vc_row]<\/p>\n<\/div>","protected":false},"excerpt":{"rendered":"<p>[vc_row full_width=&#8221;stretch_row&#8221; css=&#8221;.vc_custom_1475488224066{background-color: #dddde0 !important;}&#8221;][vc_column][vc_column_text][\/vc_column_text][\/vc_column][\/vc_row][vc_row css=&#8221;.vc_custom_1475488264405{padding-bottom: 40px !important;}&#8221; el_id=&#8221;bloque_basica&#8221;][vc_column][vc_single_image image=&#8221;4915&#8243; img_size=&#8221;full&#8221; css=&#8221;.vc_custom_1476978277005{padding-bottom: 20px !important;}&#8221;][vc_images_carousel images=&#8221;4922,4918,4917,4919,4921,4923,4920&#8243; img_size=&#8221;&#8221; slides_per_view=&#8221;4&#8243; hide_pagination_control=&#8221;yes&#8221; wrap=&#8221;yes&#8221; css=&#8221;.vc_custom_1476978592497{padding-bottom: 20px !important;}&#8221;][vc_column_text]El Palmerar no \u00e9s una agrupaci\u00f3 casual de palmeres, [&hellip;]<\/p>\n","protected":false},"author":131,"featured_media":0,"parent":4475,"menu_order":0,"comment_status":"closed","ping_status":"closed","template":"","meta":{"footnotes":""},"class_list":["post-5003","page","type-page","status-publish","hentry"],"_links":{"self":[{"href":"https:\/\/www.elche.es\/va\/wp-json\/wp\/v2\/pages\/5003","targetHints":{"allow":["GET"]}}],"collection":[{"href":"https:\/\/www.elche.es\/va\/wp-json\/wp\/v2\/pages"}],"about":[{"href":"https:\/\/www.elche.es\/va\/wp-json\/wp\/v2\/types\/page"}],"author":[{"embeddable":true,"href":"https:\/\/www.elche.es\/va\/wp-json\/wp\/v2\/users\/131"}],"replies":[{"embeddable":true,"href":"https:\/\/www.elche.es\/va\/wp-json\/wp\/v2\/comments?post=5003"}],"version-history":[{"count":0,"href":"https:\/\/www.elche.es\/va\/wp-json\/wp\/v2\/pages\/5003\/revisions"}],"up":[{"embeddable":true,"href":"https:\/\/www.elche.es\/va\/wp-json\/wp\/v2\/pages\/4475"}],"wp:attachment":[{"href":"https:\/\/www.elche.es\/va\/wp-json\/wp\/v2\/media?parent=5003"}],"curies":[{"name":"wp","href":"https:\/\/api.w.org\/{rel}","templated":true}]}}