{"id":5023,"date":"2016-10-20T08:35:42","date_gmt":"2016-10-20T08:35:42","guid":{"rendered":"http:\/\/www.elche.es\/va\/museos\/museo-del-palmeral\/enlaces\/"},"modified":"2019-01-09T14:22:51","modified_gmt":"2019-01-09T13:22:51","slug":"enllacos","status":"publish","type":"page","link":"https:\/\/www.elche.es\/va\/museus\/museu-del-palmerar\/enllacos\/","title":{"rendered":"Enlla\u00e7os"},"content":{"rendered":"<div class=\"wpb-content-wrapper\"><p>[vc_row full_width=&#8221;stretch_row&#8221; css=&#8221;.vc_custom_1475488090109{background-color: #dddde0 !important;}&#8221;][vc_column][vc_column_text]<nav aria-label=\"breadcrumbs\">\n            <div class=\"breadcrumb-container theme1\">\n                <ol>\n                                    <\/ol>\n            <\/div>\n        <\/nav>    <script type=\"application\/ld+json\">\n        {\n            \"@context\": \"http:\/\/schema.org\",\n            \"@type\": \"BreadcrumbList\",\n            \"itemListElement\": [\n                            ]\n        }\n    <\/script>\n    <style type=\"text\/css\">\n        .breadcrumb-container {\n            font-size: 13px;\n        }\n\n        .breadcrumb-container ul {\n            margin: 0;\n            padding: 0;\n        }\n\n        .breadcrumb-container li {\n            box-sizing: unset;\n            display: inline-block;\n            margin: 0;\n            padding: 0;\n        }\n\n        .breadcrumb-container li a {\n            box-sizing: unset;\n            padding: 0 10px;\n        }\n\n        .breadcrumb-container {\n            font-size: 3 !important;\n                    }\n\n        .breadcrumb-container li a {\n            color: #0a0a0a !important;\n            font-size: 3 !important;\n            line-height: 3 !important;\n                    }\n\n        .breadcrumb-container li .separator {\n            font-size: 3 !important;\n                    }\n\n        .breadcrumb-container li:last-child .separator {\n            display: none;\n        }\n    <\/style>\n    <style type=\"text\/css\">\n        .breadcrumb-container.theme1 li {\n            margin: 0;\n            padding: 0;\n        }\n        .breadcrumb-container.theme1 a {\n            background: ;\n            display: inline-block;\n            margin: 0 5px;\n            padding: 5px 10px;\n            text-decoration: none;\n        }\n    <\/style>\n        <style type=\"text\/css\">\n            <\/style>\n    <script>\n            <\/script>\n[\/vc_column_text][\/vc_column][\/vc_row][vc_row full_width=&#8221;stretch_row&#8221; css=&#8221;.vc_custom_1469624147007{padding-top: 140px !important;padding-bottom: 140px !important;background-image: url(https:\/\/www.elche.es\/wp-content\/uploads\/2016\/07\/palmeral.png?id=1044) !important;}&#8221;][vc_column][vc_row_inner css=&#8221;.vc_custom_1475142298750{padding-right: 30px !important;padding-bottom: 30px !important;padding-left: 30px !important;background-color: #ffffff !important;}&#8221;][vc_column_inner][vc_column_text css=&#8221;.vc_custom_1477039005712{padding-bottom: 20px !important;}&#8221;]S\u2019hi inclouen diverses entitats i organismes relacionats amb el Palmerar d\u2019Elx i la bibliografia consultable en Internet.[\/vc_column_text][vc_custom_heading text=&#8221;Organismes i entitats<br \/>\n&#8221; font_container=&#8221;tag:h3|text_align:left&#8221; use_theme_fonts=&#8221;yes&#8221; el_class=&#8221;enlaces-titulo-cabecera&#8221;]\r\n        <p>\r\n        <span class=\"enlaces-titulo\"> Direcci\u00f3 General de Patrimoni Cultural <\/span> <span><a class=\"enlaces-link\" target='_blank'href=\"http:\/\/www.cult.gva.es\/dgpa\/patrimoniomundial\/palmeral.html \">Veure enlla\u00e7<\/a><\/span>\r\n        <br>\r\n        <span class=\"enlaces-descripcion\"><\/span>\r\n        <\/p>\r\n        <hr class=\"enlaces-separador\">\r\n        \r\n        <p>\r\n        <span class=\"enlaces-titulo\"> El palmerar d\u2019Elx. Un paisatge cultural heretat d\u2019al-\u00c0ndalus <\/span> <span><a class=\"enlaces-link\" target='_blank'href=\"http:\/\/www.cult.gva.es\/palmeral\/es.html \">Veure enlla\u00e7<\/a><\/span>\r\n        <br>\r\n        <span class=\"enlaces-descripcion\"><\/span>\r\n        <\/p>\r\n        <hr class=\"enlaces-separador\">\r\n        \r\n        <p>\r\n        <span class=\"enlaces-titulo\"> Palmerar d\u2019Elx <\/span> <span><a class=\"enlaces-link\" target='_blank'href=\"http:\/\/es.wikipedia.org\/wiki\/Palmeral_de_Elche \">Veure enlla\u00e7<\/a><\/span>\r\n        <br>\r\n        <span class=\"enlaces-descripcion\"><\/span>\r\n        <\/p>\r\n        <hr class=\"enlaces-separador\">\r\n        \r\n        <p>\r\n        <span class=\"enlaces-titulo\"> Hort del Cura. Jard\u00ed Art\u00edstic <\/span> <span><a class=\"enlaces-link\" target='_blank'href=\"http:\/\/jardin.huertodelcura.com\/el-palmera \">Veure enlla\u00e7<\/a><\/span>\r\n        <br>\r\n        <span class=\"enlaces-descripcion\"><\/span>\r\n        <\/p>\r\n        <hr class=\"enlaces-separador\">\r\n        \r\n        <p>\r\n        <span class=\"enlaces-titulo\"> Palmeral of Elche <\/span> <span><a class=\"enlaces-link\" target='_blank'href=\"http:\/\/whc.unesco.org\/en\/list\/930 \">Veure enlla\u00e7<\/a><\/span>\r\n        <br>\r\n        <span class=\"enlaces-descripcion\"><\/span>\r\n        <\/p>\r\n        <hr class=\"enlaces-separador\">\r\n        \r\n        <p>\r\n        <span class=\"enlaces-titulo\"> El palmerar d\u2019Elx: Ministeri d\u2019Educaci\u00f3, Cultura i Esport <\/span> <span><a class=\"enlaces-link\" target='_blank'href=\"http:\/\/www.mcu.es\/patrimonio\/MC\/PatrimonioMundial\/BienesDec\/ListadoBienes\/PalmeralElche.html \">Veure enlla\u00e7<\/a><\/span>\r\n        <br>\r\n        <span class=\"enlaces-descripcion\"><\/span>\r\n        <\/p>\r\n        <hr class=\"enlaces-separador\">\r\n        \r\n        <p>\r\n        <span class=\"enlaces-titulo\"> La cultura de l\u2019oasi <\/span> <span><a class=\"enlaces-link\" target='_blank'href=\"http:\/\/culturaoasis.blogspot.com.es \">Veure enlla\u00e7<\/a><\/span>\r\n        <br>\r\n        <span class=\"enlaces-descripcion\"><\/span>\r\n        <\/p>\r\n        <hr class=\"enlaces-separador\">\r\n        \r\n        <p>\r\n        <span class=\"enlaces-titulo\"> C\u00e0tedra palmerar d\u2019Elx. Universitat Miguel Hern\u00e1ndez d\u2019Elx <\/span> <span><a class=\"enlaces-link\" target='_blank'href=\"http:\/\/palmeralelx.umh.es \">Veure enlla\u00e7<\/a><\/span>\r\n        <br>\r\n        <span class=\"enlaces-descripcion\"><\/span>\r\n        <\/p>\r\n        <hr class=\"enlaces-separador\">\r\n        [vc_custom_heading text=&#8221;Bibliograf\u00eda en Internet&#8221; font_container=&#8221;tag:h3|text_align:left&#8221; use_theme_fonts=&#8221;yes&#8221; el_class=&#8221;enlaces-titulo-cabecera&#8221;]\r\n        <p>\r\n        <span class=\"enlaces-titulo\"> \u00c1lvarez Fortes, Anna M. \u201cL\u2019Arxiu de la Comunitat de Propietaris de les Aig\u00fces de la S\u00e9quia Major del pant\u00e0 d\u2019Elx: un patrimoni documental vinculat al regadiu\u201d, La Rella, 20 (2007), p. 25-58 <\/span> <span><a class=\"enlaces-link\" target='_blank'href=\"http:\/\/www.raco.cat\/index.php\/rella\/article\/viewFile\/78482\/147669 \">Veure enlla\u00e7<\/a><\/span>\r\n        <br>\r\n        <span class=\"enlaces-descripcion\"><\/span>\r\n        <\/p>\r\n        <hr class=\"enlaces-separador\">\r\n        \r\n        <p>\r\n        <span class=\"enlaces-titulo\"> Casta\u00f1o Garc\u00eda, Joan: \u201cLa palma blanca y el Domingo de Ramos en Elche\u201d <\/span> <span><a class=\"enlaces-link\" target='_blank'href=\"http:\/\/www.pasionilicitana.com\/ENCUENTRO%20PROVINCIAL\/xixencuentro\/PONENCIA%20Joan%20Casta%C3%B1o%20Garc%C3%ADa.pdf \">Veure enlla\u00e7<\/a><\/span>\r\n        <br>\r\n        <span class=\"enlaces-descripcion\"><\/span>\r\n        <\/p>\r\n        <hr class=\"enlaces-separador\">\r\n        \r\n        <p>\r\n        <span class=\"enlaces-titulo\"> Consell Valenci\u00e0 de Cultura: Informe sobre la Acequia Mayor y sus construcciones asociadas <\/span> <span><a class=\"enlaces-link\" target='_blank'href=\"http:\/\/cvc.gva.es\/archivos\/173.pdf \">Veure enlla\u00e7<\/a><\/span>\r\n        <br>\r\n        <span class=\"enlaces-descripcion\"><\/span>\r\n        <\/p>\r\n        <hr class=\"enlaces-separador\">\r\n        \r\n        <p>\r\n        <span class=\"enlaces-titulo\"> La cultura de l\u2019aigua a Elx (cat\u00e1logo de exposici\u00f3n) <\/span> <span><a class=\"enlaces-link\" target='_blank'href=\"https:\/\/www.elche.es\/wp-content\/uploads\/2019\/01\/la_historia_del_aigua_atraves_del_temps.pdf \">Veure enlla\u00e7<\/a><\/span>\r\n        <br>\r\n        <span class=\"enlaces-descripcion\"><\/span>\r\n        <\/p>\r\n        <hr class=\"enlaces-separador\">\r\n        \r\n        <p>\r\n        <span class=\"enlaces-titulo\"> Expediente declaraci\u00f3n UNESCO palmeral. Memoria digital <\/span> <span><a class=\"enlaces-link\" target='_blank'href=\"http:\/\/www.elche.me\/sites\/default\/files\/palmeral_elche.pdf \">Veure enlla\u00e7<\/a><\/span>\r\n        <br>\r\n        <span class=\"enlaces-descripcion\"><\/span>\r\n        <\/p>\r\n        <hr class=\"enlaces-separador\">\r\n        \r\n        <p>\r\n        <span class=\"enlaces-titulo\"> Gr\u00e0cia i Vicente, Lina: Indicadores ambientales y paisaj\u00edsticos del palmeral de Elche (tesis doctoral) <\/span> <span><a class=\"enlaces-link\" target='_blank'href=\"http:\/\/descargas.cervantesvirtual.com\/servlet\/SirveObras\/jlv\/46849485767151387754491\/024383.pdf?incr=1 \">Veure enlla\u00e7<\/a><\/span>\r\n        <br>\r\n        <span class=\"enlaces-descripcion\"><\/span>\r\n        <\/p>\r\n        <hr class=\"enlaces-separador\">\r\n        \r\n        <p>\r\n        <span class=\"enlaces-titulo\"> Riquelme Sell\u00e9s, M\u00aa Jos\u00e9: \u201cEls papers de la S\u00e9quia de Marxena\u201d, La Rella, 24 (2011), p. 163-182 <\/span> <span><a class=\"enlaces-link\" target='_blank'href=\"http:\/\/www.raco.cat\/index.php\/rella\/article\/viewFile\/251042\/338374 \">Veure enlla\u00e7<\/a><\/span>\r\n        <br>\r\n        <span class=\"enlaces-descripcion\"><\/span>\r\n        <\/p>\r\n        <hr class=\"enlaces-separador\">\r\n        \r\n        <p>\r\n        <span class=\"enlaces-titulo\"> Ja\u00e9n i Urban, Gaspar: Guia de l\u2019arquitectura i l\u2019urbanisme de la ciutatd\u2019Elx, volum I. Generalitats. Horts de palmeres. <\/span> <span><a class=\"enlaces-link\" target='_blank'href=\"http:\/\/www.ua.es\/personal\/gaspar.jaen \">Veure enlla\u00e7<\/a><\/span>\r\n        <br>\r\n        <span class=\"enlaces-descripcion\"><\/span>\r\n        <\/p>\r\n        <hr class=\"enlaces-separador\">\r\n        \r\n        <p>\r\n        <span class=\"enlaces-titulo\"> \u201cDe com es regaven els horts de palmeres\u201d, M\u00e8tode, n\u00ba 35, p. 37-43 <\/span> <span><a class=\"enlaces-link\" target='_blank'href=\"http:\/\/revistes.iec.cat\/index.php\/Metode\/article\/viewFile\/45877\/46046 \">Veure enlla\u00e7<\/a><\/span>\r\n        <br>\r\n        <span class=\"enlaces-descripcion\"><\/span>\r\n        <\/p>\r\n        <hr class=\"enlaces-separador\">\r\n        \r\n        <p>\r\n        <span class=\"enlaces-titulo\"> Larrosa Rocamora, Jos\u00e9 Antonio: \u201cEl palmeral de Elche: patrimonio, gesti\u00f3n y turismo\u201d. Investigaciones geogr\u00e1ficas, n\u00ba 30 (2003), p. 77-96 <\/span> <span><a class=\"enlaces-link\" target='_blank'href=\"https:\/\/rua.ua.es\/dspace\/handle\/10045\/326 \">Veure enlla\u00e7<\/a><\/span>\r\n        <br>\r\n        <span class=\"enlaces-descripcion\"><\/span>\r\n        <\/p>\r\n        <hr class=\"enlaces-separador\">\r\n        \r\n        <p>\r\n        <span class=\"enlaces-titulo\"> Ortiz Mayordomo, Carlos, Gr\u00e0cia i Vicente, Lina: El palmeral de Elche. <\/span> <span><a class=\"enlaces-link\" target='_blank'href=\"http:\/\/www.listephoenix.com\/wp-content\/uploads\/2011\/12\/GRACIA-ORTIZ-2011-El-palmeral-de-Elche.pdf \">Veure enlla\u00e7<\/a><\/span>\r\n        <br>\r\n        <span class=\"enlaces-descripcion\"><\/span>\r\n        <\/p>\r\n        <hr class=\"enlaces-separador\">\r\n        \r\n        <p>\r\n        <span class=\"enlaces-titulo\"> Ortiz Mayordomo, Carlos, Gr\u00e0cia i Vicente, Lina: \u201cEl palmerar d\u2019Elx, patrimoni cultural mundial\u201d, La Rella, 17 (2004), 67-82 <\/span> <span><a class=\"enlaces-link\" target='_blank'href=\"http:\/\/www.raco.cat\/index.php\/Rella\/article\/view\/72126 \">Veure enlla\u00e7<\/a><\/span>\r\n        <br>\r\n        <span class=\"enlaces-descripcion\"><\/span>\r\n        <\/p>\r\n        <hr class=\"enlaces-separador\">\r\n        [\/vc_column_inner][\/vc_row_inner][\/vc_column][\/vc_row]<\/p>\n<\/div>","protected":false},"excerpt":{"rendered":"<p>[vc_row full_width=&#8221;stretch_row&#8221; css=&#8221;.vc_custom_1475488090109{background-color: #dddde0 !important;}&#8221;][vc_column][vc_column_text][\/vc_column_text][\/vc_column][\/vc_row][vc_row full_width=&#8221;stretch_row&#8221; css=&#8221;.vc_custom_1469624147007{padding-top: 140px !important;padding-bottom: 140px !important;background-image: url(https:\/\/www.elche.es\/wp-content\/uploads\/2016\/07\/palmeral.png?id=1044) !important;}&#8221;][vc_column][vc_row_inner css=&#8221;.vc_custom_1475142298750{padding-right: 30px !important;padding-bottom: 30px !important;padding-left: 30px !important;background-color: #ffffff !important;}&#8221;][vc_column_inner][vc_column_text css=&#8221;.vc_custom_1477039005712{padding-bottom: 20px !important;}&#8221;]S\u2019hi inclouen diverses entitats i organismes [&hellip;]<\/p>\n","protected":false},"author":131,"featured_media":0,"parent":4475,"menu_order":0,"comment_status":"closed","ping_status":"closed","template":"","meta":{"footnotes":""},"class_list":["post-5023","page","type-page","status-publish","hentry"],"_links":{"self":[{"href":"https:\/\/www.elche.es\/va\/wp-json\/wp\/v2\/pages\/5023","targetHints":{"allow":["GET"]}}],"collection":[{"href":"https:\/\/www.elche.es\/va\/wp-json\/wp\/v2\/pages"}],"about":[{"href":"https:\/\/www.elche.es\/va\/wp-json\/wp\/v2\/types\/page"}],"author":[{"embeddable":true,"href":"https:\/\/www.elche.es\/va\/wp-json\/wp\/v2\/users\/131"}],"replies":[{"embeddable":true,"href":"https:\/\/www.elche.es\/va\/wp-json\/wp\/v2\/comments?post=5023"}],"version-history":[{"count":0,"href":"https:\/\/www.elche.es\/va\/wp-json\/wp\/v2\/pages\/5023\/revisions"}],"up":[{"embeddable":true,"href":"https:\/\/www.elche.es\/va\/wp-json\/wp\/v2\/pages\/4475"}],"wp:attachment":[{"href":"https:\/\/www.elche.es\/va\/wp-json\/wp\/v2\/media?parent=5023"}],"curies":[{"name":"wp","href":"https:\/\/api.w.org\/{rel}","templated":true}]}}