{"id":6723,"date":"2016-10-26T07:43:28","date_gmt":"2016-10-26T07:43:28","guid":{"rendered":"http:\/\/www.elche.es\/va\/movilidad\/"},"modified":"2025-10-21T12:55:13","modified_gmt":"2025-10-21T10:55:13","slug":"mobilitat","status":"publish","type":"page","link":"https:\/\/www.elche.es\/va\/mobilitat\/","title":{"rendered":"Mobilitat"},"content":{"rendered":"<div class=\"wpb-content-wrapper\"><p>[vc_row full_width=&#8221;stretch_row&#8221; css=&#8221;.vc_custom_1478877351491{padding-top: 120px !important;padding-right: 120px !important;padding-bottom: 270px !important;padding-left: 120px !important;background-image: url(https:\/\/www.elche.es\/wp-content\/uploads\/2016\/10\/2012_ElcheDiario_Bicielx_10-1.jpg?id=6454) !important;background-position: center !important;background-repeat: no-repeat !important;background-size: cover !important;}&#8221; el_id=&#8221;bloque_titulo&#8221;][vc_column][vc_custom_heading text=&#8221;Mobilitat&#8221; font_container=&#8221;tag:h2|text_align:center|color:%23ffffff&#8221; google_fonts=&#8221;font_family:Ubuntu%3A300%2C300italic%2Cregular%2Citalic%2C500%2C500italic%2C700%2C700italic|font_style:700%20bold%20regular%3A700%3Anormal&#8221; css=&#8221;.vc_custom_1478171307146{padding-top: 80px !important;}&#8221; el_class=&#8221;sombraTitulo&#8221;][\/vc_column][\/vc_row][vc_row full_width=&#8221;stretch_row_content_no_spaces&#8221; css=&#8221;.vc_custom_1475765564344{margin-top: -130px !important;padding-top: 30px !important;padding-right: 30px !important;padding-bottom: 30px !important;padding-left: 30px !important;background-color: rgba(0,169,151,0.8) !important;*background-color: rgb(0,169,151) !important;}&#8221; el_id=&#8221;bloque_menu_enlaces&#8221;][vc_column]<div id=\"sc_section_633346581\" class=\"sc_section margin_right_large margin_left_large aligncenter\"><div class=\"sc_section_inner\"><div id=\"sc_section_633346581_scroll\" class=\"sc_scroll sc_scroll_horizontal swiper-slider-container scroll-container\" style=\"\"><div class=\"sc_scroll_wrapper swiper-wrapper\"><div class=\"sc_scroll_slide swiper-slide\">\r\n        \r\n        <a class=\"menuVC\"  href=\"\/va\/movilidad\/mesa-de-la-movilidad\/\"> <span> Mesa de Mobilitat <\/span><\/a>\r\n        \r\n        <a class=\"menuVC\"  href=\"\/va\/movilidad\/uso-de-la-bicicleta\/\"> <span> \u00das de la bicicleta <\/span><\/a>\r\n        \r\n        <a class=\"menuVC\"  href=\"\/va\/movilidad\/bicielx\/\"> <span> BiciElx <\/span><\/a>\r\n        \r\n        <a class=\"menuVC\"  href=\"va\/movilidad\/elchetaxi\/\"> <span> Taxi <\/span><\/a>\r\n        \r\n        <a class=\"menuVC\"  href=\"\/va\/movilidad\/autobus\/\"> <span> Autob\u00fas <\/span><\/a>\r\n        \r\n        <a class=\"menuVC\"  href=\"https:\/\/www.elche.es\/va\/mobilitat\/bus-lliure\/\"> <span> Bus Lliure <\/span><\/a>\r\n        \r\n        <a class=\"menuVC\"  href=\"https:\/\/www.elche.es\/va\/mobilitat\/accessos-linia-elx-av\/\"> <span> Estaci\u00f3 Elx AV <\/span><\/a><\/div><\/div><div id=\"sc_section_633346581_scroll_bar\" class=\"sc_scroll_bar sc_scroll_bar_horizontal sc_section_633346581_scroll_bar\"><\/div><\/div><\/div><\/div>[\/vc_column][\/vc_row][vc_row full_width=&#8221;stretch_row&#8221; css=&#8221;.vc_custom_1475484188729{background-color: #dddde0 !important;}&#8221;][vc_column][vc_column_text]<nav aria-label=\"breadcrumbs\">\n            <div class=\"breadcrumb-container theme1\">\n                <ol>\n                                    <\/ol>\n            <\/div>\n        <\/nav>    <script type=\"application\/ld+json\">\n        {\n            \"@context\": \"http:\/\/schema.org\",\n            \"@type\": \"BreadcrumbList\",\n            \"itemListElement\": [\n                            ]\n        }\n    <\/script>\n    <style type=\"text\/css\">\n        .breadcrumb-container {\n            font-size: 13px;\n        }\n\n        .breadcrumb-container ul {\n            margin: 0;\n            padding: 0;\n        }\n\n        .breadcrumb-container li {\n            box-sizing: unset;\n            display: inline-block;\n            margin: 0;\n            padding: 0;\n        }\n\n        .breadcrumb-container li a {\n            box-sizing: unset;\n            padding: 0 10px;\n        }\n\n        .breadcrumb-container {\n            font-size: 3 !important;\n                    }\n\n        .breadcrumb-container li a {\n            color: #0a0a0a !important;\n            font-size: 3 !important;\n            line-height: 3 !important;\n                    }\n\n        .breadcrumb-container li .separator {\n            font-size: 3 !important;\n                    }\n\n        .breadcrumb-container li:last-child .separator {\n            display: none;\n        }\n    <\/style>\n    <style type=\"text\/css\">\n        .breadcrumb-container.theme1 li {\n            margin: 0;\n            padding: 0;\n        }\n        .breadcrumb-container.theme1 a {\n            background: ;\n            display: inline-block;\n            margin: 0 5px;\n            padding: 5px 10px;\n            text-decoration: none;\n        }\n    <\/style>\n        <style type=\"text\/css\">\n            <\/style>\n    <script>\n            <\/script>\n[\/vc_column_text][\/vc_column][\/vc_row][vc_row full_width=&#8221;stretch_row&#8221; css=&#8221;.vc_custom_1475764105820{background-color: #ffffff !important;}&#8221;][vc_column]<div class=\"sc_content content_wrap\"><div class=\"columns_wrap sc_columns columns_nofluid sc_columns_count_2 history \"><div class=\"column-1_2 sc_column_item sc_column_item_1 odd first\"><h3 class=\"sc_title sc_title_regular margin_top_small\" style=\"margin-top: 4.05em;margin-bottom: 1.35em;\">Estacions de rec\u00e0rrega per a vehicles el\u00e8ctrics<\/h3>[vc_column_text css=&#8221;.vc_custom_1646645010383{padding-bottom: 30px !important;}&#8221; el_class=&#8221;short_text&#8221;]<span style=\"font-size: 12pt; color: black;\">L&#8217;Ajuntament d&#8217;Elx posar\u00e0 en funcionament quatre estacions de rec\u00e0rrega per a vehicles el\u00e8ctrics, en les ubicacions seg\u00fcents:<\/span><\/p>\n<p style=\"font-variant-ligatures: normal; font-variant-caps: normal; orphans: 2; text-align: start; widows: 2; -webkit-text-stroke-width: 0px; text-decoration-thickness: initial; text-decoration-style: initial; text-decoration-color: initial; word-spacing: 0px;\"><span style=\"font-size: 12pt; color: black;\">C\/ Eugeni d&#8217;Ors n\u00fam. 4<\/span><\/p>\n<p style=\"font-variant-ligatures: normal; font-variant-caps: normal; orphans: 2; text-align: start; widows: 2; -webkit-text-stroke-width: 0px; text-decoration-thickness: initial; text-decoration-style: initial; text-decoration-color: initial; word-spacing: 0px;\"><span style=\"font-size: 12pt; color: black;\">C\/ Juan de la Cierva, n\u00fam. 43<\/span><\/p>\n<p style=\"font-variant-ligatures: normal; font-variant-caps: normal; orphans: 2; text-align: start; widows: 2; -webkit-text-stroke-width: 0px; text-decoration-thickness: initial; text-decoration-style: initial; text-decoration-color: initial; word-spacing: 0px;\"><span style=\"font-size: 12pt; color: black;\">C\/ Mon\u00f2ver, n\u00fam. 39<\/span><\/p>\n<p style=\"font-variant-ligatures: normal; font-variant-caps: normal; orphans: 2; text-align: start; widows: 2; -webkit-text-stroke-width: 0px; text-decoration-thickness: initial; text-decoration-style: initial; text-decoration-color: initial; word-spacing: 0px;\"><span style=\"font-size: 12pt; color: black;\">C\/ Pere Joan Perpiny\u00e0, n\u00fam. 85- BIS<\/span><\/p>\n<p style=\"font-variant-ligatures: normal; font-variant-caps: normal; orphans: 2; text-align: start; widows: 2; -webkit-text-stroke-width: 0px; text-decoration-thickness: initial; text-decoration-style: initial; text-decoration-color: initial; word-spacing: 0px;\"><span style=\"font-size: 12pt; color: black;\">Aquesta infraestructura de rec\u00e0rrega es destinar\u00e0 a \u00fas p\u00fablic i podr\u00e0 recarregar en aquesta qualsevol ve\u00ed del municipi o visitant.<\/span><\/p>\n<p style=\"font-variant-ligatures: normal; font-variant-caps: normal; orphans: 2; text-align: start; widows: 2; -webkit-text-stroke-width: 0px; text-decoration-thickness: initial; text-decoration-style: initial; text-decoration-color: initial; word-spacing: 0px;\"><span style=\"font-size: 12pt; color: black;\">S&#8217;estima que aquesta actuaci\u00f3 suposar\u00e0 una reducci\u00f3 d&#8217;emissions de CO\u2082 de 26,71 tCO\u2082 equivalents\/any, i un estalvi energ\u00e8tic de 9,73 tep\/any per cada punt de rec\u00e0rrega, en comparaci\u00f3 amb els combustibles convencionals.<\/span><\/p>\n<p style=\"font-variant-ligatures: normal; font-variant-caps: normal; orphans: 2; text-align: start; widows: 2; -webkit-text-stroke-width: 0px; text-decoration-thickness: initial; text-decoration-style: initial; text-decoration-color: initial; word-spacing: 0px;\"><span style=\"font-size: 12pt; color: black;\">Suport financer d&#8217;<strong>Ivace<\/strong> a trav\u00e9s del <em>programa d&#8217;instal\u00b7laci\u00f3 d&#8217;infraestructura de rec\u00e0rrega per a vehicles el\u00e8ctrics<\/em> any 2021: 30.048,81 \u20ac<\/span><\/p>\n<p>[\/vc_column_text]<\/div><div class=\"column-1_2 sc_column_item sc_column_item_2 even\">[vc_single_image image=&#8221;181149&#8243; img_size=&#8221;full&#8221; alignment=&#8221;center&#8221; css=&#8221;.vc_custom_1643700299824{margin-top: 50px !important;margin-left: 50px !important;}&#8221;]<\/div><\/div><\/div>[vc_separator color=&#8221;black&#8221; border_width=&#8221;2&#8243; el_width=&#8221;90&#8243; css=&#8221;.vc_custom_1643700678074{margin-top: 10px !important;margin-bottom: 20px !important;}&#8221;][\/vc_column][\/vc_row][vc_row full_width=&#8221;stretch_row&#8221; css=&#8221;.vc_custom_1475764105820{background-color: #ffffff !important;}&#8221;][vc_column]<div class=\"sc_content content_wrap\"><div class=\"columns_wrap sc_columns columns_nofluid sc_columns_count_2 history \"><div class=\"column-1_2 sc_column_item sc_column_item_1 odd first\"><h3 class=\"sc_title sc_title_regular margin_top_small\" style=\"margin-top: 4.05em;margin-bottom: 1.35em;\">Mobilitat<\/h3>[vc_column_text css=&#8221;.vc_custom_1646654790900{padding-bottom: 30px !important;}&#8221; el_class=&#8221;short_text&#8221;]L&#8217;objectiu de la Regidoria de Mobilitat Urabana \u00e9s disminuir la contaminaci\u00f3 i millorar els espais destinats a la mobilitat ciutadana. Des de la Regidoria de Mobilitat Urbana es vol aconseguir una mobilitat cada vegada m\u00e9s eficient i saludable per a contribuir a millorar la qualitat de vida del municipi i per a aconseguir que l&#8217;espai p\u00fablic siga un lloc m\u00e9s confortable i segur.[\/vc_column_text]<div id='modulo_datos_contacto'> <p class='titulo_datos_contacto'>Dades de contacte <\/p> <hr><p class=\"contactoArea\"> <i class=\"fa fa-map-marker\" aria-hidden=\"true\"><\/i>C\/ La Fira, 2, 1\u00aa 03202 Elche Alicante<\/p><p class=\"contactoArea\"><i class=\"fa fa-phone\" aria-hidden=\"true\"><\/i>966 658 222<\/p><p class=\"contactoArea\"><i class=\"fa fa-envelope\" aria-hidden=\"true\"><\/i><a href=\"mailto:movilidadurbana@elx.es\"> movilidadurbana@elx.es<\/a><\/p><div id='contacto-rrss'><\/div><\/div><a href=\"https:\/\/www.elche.es\/accesos-linea-elche-av\/\" class=\"sc_button sc_button_square sc_button_style_filled style_original sc_button_size_large margin_top_medium\" style=\"width:50 px;\">L\u00ednia AVE<\/a><a href=\"https:\/\/www.elche.es\/wp-content\/uploads\/2022\/02\/Elche-autobus-Parque-Empresarial-Torrellano-Aeropuerto-LAltet-Arenales-del-Sol-Perleta-El-Vincle-Valverde-Balsares-pedanias-linea-1A-1B-2-2022.pdf\" class=\"sc_button sc_button_square sc_button_style_filled style_original sc_button_size_large margin_top_medium\">L\u00ednia 1, 2 i 3<\/a><a href=\"https:\/\/www.elche.es\/wp-content\/uploads\/2022\/02\/Elche-autobus-la-Foia-la-Marina-Lalcudia-la-Ursula-pedanias-linea-4A-4B-4C-2022.pdf\" class=\"sc_button sc_button_square sc_button_style_filled style_original sc_button_size_large margin_top_medium\">L\u00ednia 4<\/a><a href=\"https:\/\/www.elche.es\/wp-content\/uploads\/2022\/02\/Elche-autobus-algoros-matola-pedanias-linea-5-2022_01.pdf\" class=\"sc_button sc_button_square sc_button_style_filled style_original sc_button_size_large margin_top_medium\">L\u00ednia 5<\/a><a href=\"https:\/\/www.elche.es\/wp-content\/uploads\/2020\/06\/SERVICIO-PLAYA-LA-MARINA.pdf\" class=\"sc_button sc_button_square sc_button_style_filled style_original sc_button_size_large margin_top_medium\">La Marina \u2013 Platja Pesqueres \u2013 Platja del Pinet<\/a><a href=\"https:\/\/www.elche.es\/wp-content\/uploads\/2020\/06\/PLAYA-ALTET.pdf\" class=\"sc_button sc_button_square sc_button_style_filled style_original sc_button_size_large margin_top_medium\">Nucli urb\u00e0 l&#8217;Altet \u2013 Platja de l\u2019Altet<\/a><\/div><div class=\"column-1_2 sc_column_item sc_column_item_2 even\">[sbs_wpb_openstreetmap map_style=&#8221;OpenStreetMap.DE&#8221; external_link_openstreetmap=&#8221;&#8221; map_height=&#8221;100&#8243; ctrl_mouse_zoom=&#8221;true&#8221; latitude=&#8221;38.272574861180814&#8243; longitude=&#8221;-0.691753786301635&#8243;][sbs_wpb_marker marker_source=&#8221;coordinates&#8221; marker_color=&#8221;red&#8221; marker_latitude=&#8221;38.26692774570784&#8243; marker_longitude=&#8221;-0.6985869853336114&#8243;][\/sbs_wpb_marker][\/sbs_wpb_openstreetmap]<\/div><\/div><\/div>[\/vc_column][\/vc_row][vc_row full_width=&#8221;stretch_row&#8221; css=&#8221;.vc_custom_1475148968456{padding-bottom: 40px !important;background-color: #dedde0 !important;}&#8221; el_id=&#8221;bloque_noticias&#8221;][vc_column]<div class=\"sc_section aligncenter\"><div class=\"sc_section_inner\"><div class=\"sc_content content_wrap scheme_original\"><h3 class=\"sc_title sc_title_regular sc_align_left\" style=\"text-align:left;\">Not\u00edcies<\/h3><div id=\"not\u00edcies\" class=\"sc_blogger layout_masonry_3 template_masonry  sc_blogger_horizontal sc_scroll_controls sc_scroll_controls_type_side sc_scroll_controls_horizontal\" style=\"p { font-size: 0.81em; }\"><div id=\"not\u00edcies_scroll\" class=\"sc_scroll sc_scroll_horizontal sc_slider_noresize swiper-slider-container scroll-container\" style=\"width:100%;\"><div class=\"sc_scroll_wrapper swiper-wrapper\"><div class=\"sc_scroll_slide swiper-slide\"><div class=\"isotope_wrap\" data-columns=\"3\">\t\t<div class=\"classicnoticias isotope_item isotope_item_masonry isotope_item_masonry_3 isotope_column_3\t\t\t\t\t\">\n\t\t\t<div class=\"post_item post_item_masonry post_item_masonry_3\t\t\t\t  post_format_standard odd\">\n\t\t\t\t\n\t\t\t\t\t\t\t\t\t<div class=\"post_featured\">\n\t\t\t\t\t\t\t<div class=\"post_thumb\" data-image=\"https:\/\/www.elche.es\/wp-content\/uploads\/2026\/04\/WhatsApp-Image-2026-04-23-at-11.49.53.jpeg\" data-title=\"L&#8217;Ajuntament facilita dades per a l&#8217;estudi d&#8217;una futura estaci\u00f3 de Rodalia al Parc Empresarial\">\n\t<a class=\"hover_icon hover_icon_link\" href=\"https:\/\/www.elche.es\/va\/2026\/04\/lajuntament-facilita-dades-per-a-lestudi-duna-futura-estacio-de-rodalia-al-parc-empresarial\/\"><img loading=\"lazy\" decoding=\"async\" class=\"wp-post-image\" width=\"370\" height=\"190\" alt=\"L&#8217;Ajuntament facilita dades per a l&#8217;estudi d&#8217;una futura estaci\u00f3 de Rodalia al Parc Empresarial\" src=\"https:\/\/www.elche.es\/wp-content\/uploads\/2026\/04\/WhatsApp-Image-2026-04-23-at-11.49.53-370x190.jpeg\"><\/a>\t<\/div>\n\t\t\t\t\t\t<\/div>\n\t\t\t\t\n\t\t\t\t<div class=\"post_content isotope_item_content\">\n\t\t\t\t\t\n\t\t\t\t\t    <div class=\"post_info\">\n            <span\n            class=\"post_info_item post_info_posted\">            <a href=\"https:\/\/www.elche.es\/va\/2026\/04\/lajuntament-facilita-dades-per-a-lestudi-duna-futura-estacio-de-rodalia-al-parc-empresarial\/\"\n               class=\"post_info_date\">24 Abril, 2026<\/a><\/span>\n            \n           \n        <\/div>\n\t\t\t\t\t\t\t\n\t\t\t\t\t\t\t<h5 class=\"post_title\"><a href=\"https:\/\/www.elche.es\/va\/2026\/04\/lajuntament-facilita-dades-per-a-lestudi-duna-futura-estacio-de-rodalia-al-parc-empresarial\/\">L&#8217;Ajuntament facilita dades per a l&#8217;estudi d&#8217;una futura estaci\u00f3 de Roda ... <\/a><\/h5>\n\t\t\t\t\t\t\t\n\t\t\t\t\t<div class=\"post_descr\">\n\t\t\t\t\t\tEl Ministeri de Transports ha sol\u00b7licitat la informaci\u00f3 sobre les l\u00ednies R10 i R11 del servici d'autob\u00fas urb\u00e0 a pedanies per a con\u00e9ixer la demanda d'estes L'Ajuntament d'Elx ha rebut[...]<a href=\"https:\/\/www.elche.es\/va\/2026\/04\/lajuntament-facilita-dades-per-a-lestudi-duna-futura-estacio-de-rodalia-al-parc-empresarial\/\" class=\"post_readmore\"><span class=\"post_readmore_label\">Llegir m\u00e9s<\/span><\/a>\t\t\t\t\t<\/div>\n\n\t\t\t\t<\/div>\t\t\t\t<!-- \/.post_content -->\n\t\t\t<\/div>\t<!-- \/.post_item -->\n\t\t<\/div>\t\t\t\t\t\t<!-- \/.isotope_item -->\n\t\t\t\t<div class=\"classicnoticias isotope_item isotope_item_masonry isotope_item_masonry_3 isotope_column_3\t\t\t\t\t\">\n\t\t\t<div class=\"post_item post_item_masonry post_item_masonry_3\t\t\t\t  post_format_standard even\">\n\t\t\t\t\n\t\t\t\t\t\t\t\t\t<div class=\"post_featured\">\n\t\t\t\t\t\t\t<div class=\"post_thumb\" data-image=\"https:\/\/www.elche.es\/wp-content\/uploads\/2026\/04\/foto4-1.jpg\" data-title=\"Elx realitza proves amb autobusos el\u00e8ctrics articulats per a refor\u00e7ar les l\u00ednies amb major demanda\">\n\t<a class=\"hover_icon hover_icon_link\" href=\"https:\/\/www.elche.es\/va\/2026\/04\/elx-realitza-proves-amb-autobusos-electrics-articulats-per-a-reforcar-les-linies-amb-major-demanda\/\"><img loading=\"lazy\" decoding=\"async\" class=\"wp-post-image\" width=\"370\" height=\"190\" alt=\"Elx realitza proves amb autobusos el\u00e8ctrics articulats per a refor\u00e7ar les l\u00ednies amb major demanda\" src=\"https:\/\/www.elche.es\/wp-content\/uploads\/2026\/04\/foto4-1-370x190.jpg\"><\/a>\t<\/div>\n\t\t\t\t\t\t<\/div>\n\t\t\t\t\n\t\t\t\t<div class=\"post_content isotope_item_content\">\n\t\t\t\t\t\n\t\t\t\t\t    <div class=\"post_info\">\n            <span\n            class=\"post_info_item post_info_posted\">            <a href=\"https:\/\/www.elche.es\/va\/2026\/04\/elx-realitza-proves-amb-autobusos-electrics-articulats-per-a-reforcar-les-linies-amb-major-demanda\/\"\n               class=\"post_info_date\">15 Abril, 2026<\/a><\/span>\n            \n           \n        <\/div>\n\t\t\t\t\t\t\t\n\t\t\t\t\t\t\t<h5 class=\"post_title\"><a href=\"https:\/\/www.elche.es\/va\/2026\/04\/elx-realitza-proves-amb-autobusos-electrics-articulats-per-a-reforcar-les-linies-amb-major-demanda\/\">Elx realitza proves amb autobusos el\u00e8ctrics articulats per a refor\u00e7ar les l\u00ednies amb ma ... <\/a><\/h5>\n\t\t\t\t\t\t\t\n\t\t\t\t\t<div class=\"post_descr\">\n\t\t\t\t\t\tL'Ajuntament ha iniciat un pla de quatre fases per a avaluar la viabilitat t\u00e8cnica i operativa del nou model de vehicle amb capacitat per a 120 persones L'Ajuntament d'Elx ha[...]<a href=\"https:\/\/www.elche.es\/va\/2026\/04\/elx-realitza-proves-amb-autobusos-electrics-articulats-per-a-reforcar-les-linies-amb-major-demanda\/\" class=\"post_readmore\"><span class=\"post_readmore_label\">Llegir m\u00e9s<\/span><\/a>\t\t\t\t\t<\/div>\n\n\t\t\t\t<\/div>\t\t\t\t<!-- \/.post_content -->\n\t\t\t<\/div>\t<!-- \/.post_item -->\n\t\t<\/div>\t\t\t\t\t\t<!-- \/.isotope_item -->\n\t\t\t\t<div class=\"classicnoticias isotope_item isotope_item_masonry isotope_item_masonry_3 isotope_column_3\t\t\t\t\t\">\n\t\t\t<div class=\"post_item post_item_masonry post_item_masonry_3\t\t\t\t  post_format_standard odd\">\n\t\t\t\t\n\t\t\t\t\t\t\t\t\t<div class=\"post_featured\">\n\t\t\t\t\t\t\t<div class=\"post_thumb\" data-image=\"https:\/\/www.elche.es\/wp-content\/uploads\/2026\/04\/2026-POST-LINEA-NP5-copia.jpg\" data-title=\"L&#8217;Ajuntament habilita un refor\u00e7 d&#8217;autob\u00fas nocturn la nit de Dijous Sant\">\n\t<a class=\"hover_icon hover_icon_link\" href=\"https:\/\/www.elche.es\/va\/2026\/04\/lajuntament-habilita-un-reforc-dautobus-nocturn-la-nit-de-dijous-sant\/\"><img loading=\"lazy\" decoding=\"async\" class=\"wp-post-image\" width=\"370\" height=\"190\" alt=\"L&#8217;Ajuntament habilita un refor\u00e7 d&#8217;autob\u00fas nocturn la nit de Dijous Sant\" src=\"https:\/\/www.elche.es\/wp-content\/uploads\/2026\/04\/2026-POST-LINEA-NP5-copia-370x190.jpg\"><\/a>\t<\/div>\n\t\t\t\t\t\t<\/div>\n\t\t\t\t\n\t\t\t\t<div class=\"post_content isotope_item_content\">\n\t\t\t\t\t\n\t\t\t\t\t    <div class=\"post_info\">\n            <span\n            class=\"post_info_item post_info_posted\">            <a href=\"https:\/\/www.elche.es\/va\/2026\/04\/lajuntament-habilita-un-reforc-dautobus-nocturn-la-nit-de-dijous-sant\/\"\n               class=\"post_info_date\">1 Abril, 2026<\/a><\/span>\n            \n           \n        <\/div>\n\t\t\t\t\t\t\t\n\t\t\t\t\t\t\t<h5 class=\"post_title\"><a href=\"https:\/\/www.elche.es\/va\/2026\/04\/lajuntament-habilita-un-reforc-dautobus-nocturn-la-nit-de-dijous-sant\/\">L&#8217;Ajuntament habilita un refor\u00e7 d&#8217;autob\u00fas nocturn la nit de Dijous Sant <\/a><\/h5>\n\t\t\t\t\t\t\t\n\t\t\t\t\t<div class=\"post_descr\">\n\t\t\t\t\t\tL'\u00e0rea de Mobilitat i la Junta Major impulsen l'autob\u00fas nocturn les nits de Dijous, Divendres i Dissabte Sant&nbsp;&nbsp; VER RUTA L\u00cdNEA NTL'edil de Mobilitat, Claudio Guilabert ha anunciat este mat\u00ed[...]<a href=\"https:\/\/www.elche.es\/va\/2026\/04\/lajuntament-habilita-un-reforc-dautobus-nocturn-la-nit-de-dijous-sant\/\" class=\"post_readmore\"><span class=\"post_readmore_label\">Llegir m\u00e9s<\/span><\/a>\t\t\t\t\t<\/div>\n\n\t\t\t\t<\/div>\t\t\t\t<!-- \/.post_content -->\n\t\t\t<\/div>\t<!-- \/.post_item -->\n\t\t<\/div>\t\t\t\t\t\t<!-- \/.isotope_item -->\n\t\t\t\t<div class=\"classicnoticias isotope_item isotope_item_masonry isotope_item_masonry_3 isotope_column_3\t\t\t\t\t\">\n\t\t\t<div class=\"post_item post_item_masonry post_item_masonry_3\t\t\t\t  post_format_standard even\">\n\t\t\t\t\n\t\t\t\t\t\t\t\t\t<div class=\"post_featured\">\n\t\t\t\t\t\t\t<div class=\"post_thumb\" data-image=\"https:\/\/www.elche.es\/wp-content\/uploads\/2026\/01\/El-servicio-de-autobus-a-las-pedanias-cumple-un-ano-con-mas-de-15-millones-de-pasajeros-2.jpg\" data-title=\"El servici d&#8217;autob\u00fas a les pedanies complix un any amb m\u00e9s d&#8217;1,5 milions de passatgers\">\n\t<a class=\"hover_icon hover_icon_link\" href=\"https:\/\/www.elche.es\/va\/2026\/01\/el-servici-dautobus-a-les-pedanies-complix-un-any-amb-mes-d15-milions-de-passatgers\/\"><img loading=\"lazy\" decoding=\"async\" class=\"wp-post-image\" width=\"370\" height=\"190\" alt=\"El servici d&#8217;autob\u00fas a les pedanies complix un any amb m\u00e9s d&#8217;1,5 milions de passatgers\" src=\"https:\/\/www.elche.es\/wp-content\/uploads\/2026\/01\/El-servicio-de-autobus-a-las-pedanias-cumple-un-ano-con-mas-de-15-millones-de-pasajeros-2-370x190.jpg\"><\/a>\t<\/div>\n\t\t\t\t\t\t<\/div>\n\t\t\t\t\n\t\t\t\t<div class=\"post_content isotope_item_content\">\n\t\t\t\t\t\n\t\t\t\t\t    <div class=\"post_info\">\n            <span\n            class=\"post_info_item post_info_posted\">            <a href=\"https:\/\/www.elche.es\/va\/2026\/01\/el-servici-dautobus-a-les-pedanies-complix-un-any-amb-mes-d15-milions-de-passatgers\/\"\n               class=\"post_info_date\">28 Gener, 2026<\/a><\/span>\n            \n           \n        <\/div>\n\t\t\t\t\t\t\t\n\t\t\t\t\t\t\t<h5 class=\"post_title\"><a href=\"https:\/\/www.elche.es\/va\/2026\/01\/el-servici-dautobus-a-les-pedanies-complix-un-any-amb-mes-d15-milions-de-passatgers\/\">El servici d&#8217;autob\u00fas a les pedanies complix un any amb m\u00e9s d&#8217;1,5 milions de  ... <\/a><\/h5>\n\t\t\t\t\t\t\t\n\t\t\t\t\t<div class=\"post_descr\">\n\t\t\t\t\t\tL'Ajuntament commemora a l'Altet el primer aniversari d'una xarxa que ja connecta 25 pedanies amb m\u00e9s de 1.300 parades interurbanes i 174 urbanes L'Ajuntament d'Elx ha commemorat este dilluns, a[...]<a href=\"https:\/\/www.elche.es\/va\/2026\/01\/el-servici-dautobus-a-les-pedanies-complix-un-any-amb-mes-d15-milions-de-passatgers\/\" class=\"post_readmore\"><span class=\"post_readmore_label\">Llegir m\u00e9s<\/span><\/a>\t\t\t\t\t<\/div>\n\n\t\t\t\t<\/div>\t\t\t\t<!-- \/.post_content -->\n\t\t\t<\/div>\t<!-- \/.post_item -->\n\t\t<\/div>\t\t\t\t\t\t<!-- \/.isotope_item -->\n\t\t\t\t<div class=\"classicnoticias isotope_item isotope_item_masonry isotope_item_masonry_3 isotope_column_3\t\t\t\t\t\">\n\t\t\t<div class=\"post_item post_item_masonry post_item_masonry_3\t\t\t\t  post_format_standard odd\">\n\t\t\t\t\n\t\t\t\t\t\t\t\t\t<div class=\"post_featured\">\n\t\t\t\t\t\t\t<div class=\"post_thumb\" data-image=\"https:\/\/www.elche.es\/wp-content\/uploads\/2026\/01\/autobuses-urbanos-gratuitos.jpg\" data-title=\"L&#8217;autob\u00fas urb\u00e0 ser\u00e0 gratu\u00eft per als menors de 15 anys durant tot l&#8217;any 2026\">\n\t<a class=\"hover_icon hover_icon_link\" href=\"https:\/\/www.elche.es\/va\/2026\/01\/lautobus-urba-sera-gratuit-per-als-menors-de-15-anys-durant-tot-lany-2026\/\"><img loading=\"lazy\" decoding=\"async\" class=\"wp-post-image\" width=\"370\" height=\"190\" alt=\"L&#8217;autob\u00fas urb\u00e0 ser\u00e0 gratu\u00eft per als menors de 15 anys durant tot l&#8217;any 2026\" src=\"https:\/\/www.elche.es\/wp-content\/uploads\/2026\/01\/autobuses-urbanos-gratuitos-370x190.jpg\"><\/a>\t<\/div>\n\t\t\t\t\t\t<\/div>\n\t\t\t\t\n\t\t\t\t<div class=\"post_content isotope_item_content\">\n\t\t\t\t\t\n\t\t\t\t\t    <div class=\"post_info\">\n            <span\n            class=\"post_info_item post_info_posted\">            <a href=\"https:\/\/www.elche.es\/va\/2026\/01\/lautobus-urba-sera-gratuit-per-als-menors-de-15-anys-durant-tot-lany-2026\/\"\n               class=\"post_info_date\">8 Gener, 2026<\/a><\/span>\n            \n           \n        <\/div>\n\t\t\t\t\t\t\t\n\t\t\t\t\t\t\t<h5 class=\"post_title\"><a href=\"https:\/\/www.elche.es\/va\/2026\/01\/lautobus-urba-sera-gratuit-per-als-menors-de-15-anys-durant-tot-lany-2026\/\">L&#8217;autob\u00fas urb\u00e0 ser\u00e0 gratu\u00eft per als menors de 15 anys durant tot l&#8217;any 202 ... <\/a><\/h5>\n\t\t\t\t\t\t\t\n\t\t\t\t\t<div class=\"post_descr\">\n\t\t\t\t\t\tDurant tot l'any els usuaris del servici entre els 15 i 25 anys tindran una subvenci\u00f3 del 50% en el Bus Lliure mentre que el bo ordinari, mensual i de[...]<a href=\"https:\/\/www.elche.es\/va\/2026\/01\/lautobus-urba-sera-gratuit-per-als-menors-de-15-anys-durant-tot-lany-2026\/\" class=\"post_readmore\"><span class=\"post_readmore_label\">Llegir m\u00e9s<\/span><\/a>\t\t\t\t\t<\/div>\n\n\t\t\t\t<\/div>\t\t\t\t<!-- \/.post_content -->\n\t\t\t<\/div>\t<!-- \/.post_item -->\n\t\t<\/div>\t\t\t\t\t\t<!-- \/.isotope_item -->\n\t\t\t\t<div class=\"classicnoticias isotope_item isotope_item_masonry isotope_item_masonry_3 isotope_column_3\t\t\t\t\t\">\n\t\t\t<div class=\"post_item post_item_masonry post_item_masonry_3\t\t\t\t  post_format_standard even last\">\n\t\t\t\t\n\t\t\t\t\t\t\t\t\t<div class=\"post_featured\">\n\t\t\t\t\t\t\t<div class=\"post_thumb\" data-image=\"https:\/\/www.elche.es\/wp-content\/uploads\/2026\/01\/El-servicio-de-autobus-urbano-cierra-el-ano-2025-con-la-cifra-record-de-153-millones-de-usuarios.jpg\" data-title=\"El servici d&#8217;autob\u00fas urb\u00e0 tanca l&#8217;any 2025 amb la xifra r\u00e8cord de 15\u20193 milions d&#8217;usuaris\">\n\t<a class=\"hover_icon hover_icon_link\" href=\"https:\/\/www.elche.es\/va\/2026\/01\/el-servici-dautobus-urba-tanca-lany-2025-amb-la-xifra-record-de-153-milions-dusuaris\/\"><img loading=\"lazy\" decoding=\"async\" class=\"wp-post-image\" width=\"370\" height=\"190\" alt=\"El servici d&#8217;autob\u00fas urb\u00e0 tanca l&#8217;any 2025 amb la xifra r\u00e8cord de 15\u20193 milions d&#8217;usuaris\" src=\"https:\/\/www.elche.es\/wp-content\/uploads\/2026\/01\/El-servicio-de-autobus-urbano-cierra-el-ano-2025-con-la-cifra-record-de-153-millones-de-usuarios-370x190.jpg\"><\/a>\t<\/div>\n\t\t\t\t\t\t<\/div>\n\t\t\t\t\n\t\t\t\t<div class=\"post_content isotope_item_content\">\n\t\t\t\t\t\n\t\t\t\t\t    <div class=\"post_info\">\n            <span\n            class=\"post_info_item post_info_posted\">            <a href=\"https:\/\/www.elche.es\/va\/2026\/01\/el-servici-dautobus-urba-tanca-lany-2025-amb-la-xifra-record-de-153-milions-dusuaris\/\"\n               class=\"post_info_date\">8 Gener, 2026<\/a><\/span>\n            \n           \n        <\/div>\n\t\t\t\t\t\t\t\n\t\t\t\t\t\t\t<h5 class=\"post_title\"><a href=\"https:\/\/www.elche.es\/va\/2026\/01\/el-servici-dautobus-urba-tanca-lany-2025-amb-la-xifra-record-de-153-milions-dusuaris\/\">El servici d&#8217;autob\u00fas urb\u00e0 tanca l&#8217;any 2025 amb la xifra r\u00e8cord de 15\u20193 mi ... <\/a><\/h5>\n\t\t\t\t\t\t\t\n\t\t\t\t\t<div class=\"post_descr\">\n\t\t\t\t\t\tEl bus a pedanies aconseguix els 1\u20194 milions de viatgers des de la posada en marxa el 27 de gener del passat any&nbsp; El servici d'autob\u00fas urb\u00e0 d'Elx ha tancat[...]<a href=\"https:\/\/www.elche.es\/va\/2026\/01\/el-servici-dautobus-urba-tanca-lany-2025-amb-la-xifra-record-de-153-milions-dusuaris\/\" class=\"post_readmore\"><span class=\"post_readmore_label\">Llegir m\u00e9s<\/span><\/a>\t\t\t\t\t<\/div>\n\n\t\t\t\t<\/div>\t\t\t\t<!-- \/.post_content -->\n\t\t\t<\/div>\t<!-- \/.post_item -->\n\t\t<\/div>\t\t\t\t\t\t<!-- \/.isotope_item -->\n\t\t<\/div><\/div><\/div><div id=\"not\u00edcies_scroll_bar\" class=\"sc_scroll_bar sc_scroll_bar_horizontal not\u00edcies_scroll_bar\"><\/div><\/div><div class=\"sc_scroll_controls_wrap\"><a class=\"sc_scroll_prev\" href=\"#\"><\/a><a class=\"sc_scroll_next\" href=\"#\"><\/a><\/div><\/div><a href=\"https:\/\/www.elche.es\/va\/categoria\/mobilitat\/\" class=\"sc_button sc_button_square sc_button_style_filled style_original sc_button_size_small margin_top_medium\" style=\"padding: 0.3em 0.8em 0.30em; font-size: 22px; text-transform: none;\">M\u00e9s not\u00edcies<\/a><\/div><\/div><\/div>[\/vc_column][\/vc_row][vc_row full_width=&#8221;stretch_row&#8221; css=&#8221;.vc_custom_1643978621737{padding-top: 0px !important;padding-bottom: 20px !important;background-color: #dddcdf !important;}&#8221; el_class=&#8221;primer&#8221; el_id=&#8221;bloque_noticias&#8221;][vc_column][vc_row_inner css=&#8221;.vc_custom_1643979848962{padding-top: 50px !important;padding-bottom: 30px !important;padding-left: 0px !important;}&#8221;][vc_column_inner css=&#8221;.vc_custom_1643979907327{padding-left: 0px !important;}&#8221;]<h3 class=\"sc_title sc_title_regular sc_align_left margin_top_null margin_bottom_null margin_left_null\" style=\"text-align:left;\">Not\u00edcies<\/h3>[\/vc_column_inner][\/vc_row_inner][vc_row_inner css=&#8221;.vc_custom_1643980172892{background-color: #ffffff !important;}&#8221; el_class=&#8221;cuadro2noticias&#8221;][vc_column_inner width=&#8221;1\/3&#8243; css=&#8221;.vc_custom_1643980182920{padding-top: 18px !important;}&#8221;]<div id=\"sc_blogger_733095570\" class=\"sc_blogger layout_expert template_expert noticiashometop   sc_blogger_horizontal\">\t\t<div class=\"post_item post_item_expert post_featured_default post_format_standard odd last post-355827 post type-post status-publish format-standard has-post-thumbnail hentry category-home-va category-mobilitat category-noticias-va category-urbanisme-va\">\n\t\t\t\t\t\t\t<div class=\"post_featured\">\n\t\t\t\t\t<div class=\"post_thumb\" data-image=\"https:\/\/www.elche.es\/wp-content\/uploads\/2026\/04\/WhatsApp-Image-2026-04-23-at-11.49.53.jpeg\" data-title=\"L&#8217;Ajuntament facilita dades per a l&#8217;estudi d&#8217;una futura estaci\u00f3 de Rodalia al Parc Empresarial\">\n\t<a class=\"hover_icon hover_icon_link\" href=\"https:\/\/www.elche.es\/va\/2026\/04\/lajuntament-facilita-dades-per-a-lestudi-duna-futura-estacio-de-rodalia-al-parc-empresarial\/\"><img loading=\"lazy\" decoding=\"async\" class=\"wp-post-image\" width=\"370\" height=\"250\" alt=\"L&#8217;Ajuntament facilita dades per a l&#8217;estudi d&#8217;una futura estaci\u00f3 de Rodalia al Parc Empresarial\" src=\"https:\/\/www.elche.es\/wp-content\/uploads\/2026\/04\/WhatsApp-Image-2026-04-23-at-11.49.53-370x250.jpeg\"><\/a>\t<\/div>\n\t\t\t\t\t<\/div>\n\t\t\t\t\n\t\t\t<div class=\"post_content clearfix\">\n                    <div class=\"post_info\">\n            <span\n            class=\"post_info_item post_info_posted\">            <a href=\"https:\/\/www.elche.es\/va\/2026\/04\/lajuntament-facilita-dades-per-a-lestudi-duna-futura-estacio-de-rodalia-al-parc-empresarial\/\"\n               class=\"post_info_date\">24 Abril, 2026<\/a><\/span>\n        <\/div>\n<h5 class=\"post_title\"><a href=\"https:\/\/www.elche.es\/va\/2026\/04\/lajuntament-facilita-dades-per-a-lestudi-duna-futura-estacio-de-rodalia-al-parc-empresarial\/\">L&#8217;Ajuntament facilita dades per a l&#8217;estudi d&#8217;una futura estaci\u00f3 de Rodalia al Parc Empresarial<\/a><\/h5>\n\t\t\t\t<div class=\"post_descr\">\n\t\t\t\t<p>[vc_row el_id=&#8221;SUBTITULAR_NOTICIA&#8221;][vc_column][vc_column_text css=&#8221;&#8221;] El Ministeri de...<\/p><a href=\"https:\/\/www.elche.es\/va\/2026\/04\/lajuntament-facilita-dades-per-a-lestudi-duna-futura-estacio-de-rodalia-al-parc-empresarial\/\" class=\"post_readmore\">Llegir m\u00e9s<\/a>    <div class=\"post_info\">\n            \n           \n        <\/div>\n\t\t\t\t<\/div>\n\n\t\t\t<\/div>\t<!-- \/.post_content -->\n\n\t\t<\/div>\t<!-- \/.post_item -->\n\n\t<\/div>[\/vc_column_inner][vc_column_inner width=&#8221;1\/3&#8243; css=&#8221;.vc_custom_1643980191591{padding-top: 18px !important;}&#8221;]<div id=\"sc_blogger_1299939397\" class=\"sc_blogger layout_expert template_expert noticiashometop   sc_blogger_horizontal\">\t\t<div class=\"post_item post_item_expert post_featured_default post_format_standard odd last post-355288 post type-post status-publish format-standard has-post-thumbnail hentry category-home-va category-mobilitat category-noticias-va\">\n\t\t\t\t\t\t\t<div class=\"post_featured\">\n\t\t\t\t\t<div class=\"post_thumb\" data-image=\"https:\/\/www.elche.es\/wp-content\/uploads\/2026\/04\/foto4-1.jpg\" data-title=\"Elx realitza proves amb autobusos el\u00e8ctrics articulats per a refor\u00e7ar les l\u00ednies amb major demanda\">\n\t<a class=\"hover_icon hover_icon_link\" href=\"https:\/\/www.elche.es\/va\/2026\/04\/elx-realitza-proves-amb-autobusos-electrics-articulats-per-a-reforcar-les-linies-amb-major-demanda\/\"><img loading=\"lazy\" decoding=\"async\" class=\"wp-post-image\" width=\"370\" height=\"250\" alt=\"Elx realitza proves amb autobusos el\u00e8ctrics articulats per a refor\u00e7ar les l\u00ednies amb major demanda\" src=\"https:\/\/www.elche.es\/wp-content\/uploads\/2026\/04\/foto4-1-370x250.jpg\"><\/a>\t<\/div>\n\t\t\t\t\t<\/div>\n\t\t\t\t\n\t\t\t<div class=\"post_content clearfix\">\n                    <div class=\"post_info\">\n            <span\n            class=\"post_info_item post_info_posted\">            <a href=\"https:\/\/www.elche.es\/va\/2026\/04\/elx-realitza-proves-amb-autobusos-electrics-articulats-per-a-reforcar-les-linies-amb-major-demanda\/\"\n               class=\"post_info_date\">15 Abril, 2026<\/a><\/span>\n        <\/div>\n<h5 class=\"post_title\"><a href=\"https:\/\/www.elche.es\/va\/2026\/04\/elx-realitza-proves-amb-autobusos-electrics-articulats-per-a-reforcar-les-linies-amb-major-demanda\/\">Elx realitza proves amb autobusos el\u00e8ctrics articulats per a refor\u00e7ar les l\u00ednies amb major demanda<\/a><\/h5>\n\t\t\t\t<div class=\"post_descr\">\n\t\t\t\t<p>[vc_row el_id=&#8221;SUBTITULAR_NOTICIA&#8221;][vc_column][vc_column_text css=&#8221;&#8221;] L&#8217;Ajuntament ha...<\/p><a href=\"https:\/\/www.elche.es\/va\/2026\/04\/elx-realitza-proves-amb-autobusos-electrics-articulats-per-a-reforcar-les-linies-amb-major-demanda\/\" class=\"post_readmore\">Llegir m\u00e9s<\/a>    <div class=\"post_info\">\n            \n           \n        <\/div>\n\t\t\t\t<\/div>\n\n\t\t\t<\/div>\t<!-- \/.post_content -->\n\n\t\t<\/div>\t<!-- \/.post_item -->\n\n\t<\/div>[\/vc_column_inner][vc_column_inner width=&#8221;1\/3&#8243; css=&#8221;.vc_custom_1643980201060{padding-top: 18px !important;}&#8221;]<div id=\"sc_blogger_1719225368\" class=\"sc_blogger layout_expert template_expert noticiashometop   sc_blogger_horizontal\">\t\t<div class=\"post_item post_item_expert post_featured_default post_format_standard odd last post-354753 post type-post status-publish format-standard has-post-thumbnail hentry category-home-va category-mobilitat category-noticias-va\">\n\t\t\t\t\t\t\t<div class=\"post_featured\">\n\t\t\t\t\t<div class=\"post_thumb\" data-image=\"https:\/\/www.elche.es\/wp-content\/uploads\/2026\/04\/2026-POST-LINEA-NP5-copia.jpg\" data-title=\"L&#8217;Ajuntament habilita un refor\u00e7 d&#8217;autob\u00fas nocturn la nit de Dijous Sant\">\n\t<a class=\"hover_icon hover_icon_link\" href=\"https:\/\/www.elche.es\/va\/2026\/04\/lajuntament-habilita-un-reforc-dautobus-nocturn-la-nit-de-dijous-sant\/\"><img loading=\"lazy\" decoding=\"async\" class=\"wp-post-image\" width=\"370\" height=\"250\" alt=\"L&#8217;Ajuntament habilita un refor\u00e7 d&#8217;autob\u00fas nocturn la nit de Dijous Sant\" src=\"https:\/\/www.elche.es\/wp-content\/uploads\/2026\/04\/2026-POST-LINEA-NP5-copia-370x250.jpg\"><\/a>\t<\/div>\n\t\t\t\t\t<\/div>\n\t\t\t\t\n\t\t\t<div class=\"post_content clearfix\">\n                    <div class=\"post_info\">\n            <span\n            class=\"post_info_item post_info_posted\">            <a href=\"https:\/\/www.elche.es\/va\/2026\/04\/lajuntament-habilita-un-reforc-dautobus-nocturn-la-nit-de-dijous-sant\/\"\n               class=\"post_info_date\">1 Abril, 2026<\/a><\/span>\n        <\/div>\n<h5 class=\"post_title\"><a href=\"https:\/\/www.elche.es\/va\/2026\/04\/lajuntament-habilita-un-reforc-dautobus-nocturn-la-nit-de-dijous-sant\/\">L&#8217;Ajuntament habilita un refor\u00e7 d&#8217;autob\u00fas nocturn la nit de Dijous Sant<\/a><\/h5>\n\t\t\t\t<div class=\"post_descr\">\n\t\t\t\t<p>[vc_row el_id=&#8221;SUBTITULAR_NOTICIA&#8221;][vc_column][vc_column_text css=&#8221;&#8221;] L&#8217;\u00e0rea de...<\/p><a href=\"https:\/\/www.elche.es\/va\/2026\/04\/lajuntament-habilita-un-reforc-dautobus-nocturn-la-nit-de-dijous-sant\/\" class=\"post_readmore\">Llegir m\u00e9s<\/a>    <div class=\"post_info\">\n            \n           \n        <\/div>\n\t\t\t\t<\/div>\n\n\t\t\t<\/div>\t<!-- \/.post_content -->\n\n\t\t<\/div>\t<!-- \/.post_item -->\n\n\t<\/div>[\/vc_column_inner][\/vc_row_inner][vc_row_inner][vc_column_inner width=&#8221;1\/2&#8243; css=&#8221;.vc_custom_1643979337344{padding-top: 18px !important;padding-right: 0px !important;padding-left: 0px !important;}&#8221;]<div id=\"noticiasmini\" class=\"sc_blogger layout_expert template_expert  sc_blogger_vertical\">\t\t<div class=\"post_item post_item_expert post_featured_default post_format_standard odd post-351034 post type-post status-publish format-standard has-post-thumbnail hentry category-home-va category-mobilitat category-noticias-va\">\n\t\t\t\t\t\t\t<div class=\"post_featured\">\n\t\t\t\t\t<div class=\"post_thumb\" data-image=\"https:\/\/www.elche.es\/wp-content\/uploads\/2026\/01\/El-servicio-de-autobus-a-las-pedanias-cumple-un-ano-con-mas-de-15-millones-de-pasajeros-2.jpg\" data-title=\"El servici d&#8217;autob\u00fas a les pedanies complix un any amb m\u00e9s d&#8217;1,5 milions de passatgers\">\n\t<a class=\"hover_icon hover_icon_link\" href=\"https:\/\/www.elche.es\/va\/2026\/01\/el-servici-dautobus-a-les-pedanies-complix-un-any-amb-mes-d15-milions-de-passatgers\/\"><img loading=\"lazy\" decoding=\"async\" class=\"wp-post-image\" width=\"370\" height=\"250\" alt=\"El servici d&#8217;autob\u00fas a les pedanies complix un any amb m\u00e9s d&#8217;1,5 milions de passatgers\" src=\"https:\/\/www.elche.es\/wp-content\/uploads\/2026\/01\/El-servicio-de-autobus-a-las-pedanias-cumple-un-ano-con-mas-de-15-millones-de-pasajeros-2-370x250.jpg\"><\/a>\t<\/div>\n\t\t\t\t\t<\/div>\n\t\t\t\t\n\t\t\t<div class=\"post_content clearfix\">\n                    <div class=\"post_info\">\n            <span\n            class=\"post_info_item post_info_posted\">            <a href=\"https:\/\/www.elche.es\/va\/2026\/01\/el-servici-dautobus-a-les-pedanies-complix-un-any-amb-mes-d15-milions-de-passatgers\/\"\n               class=\"post_info_date\">28 Gener, 2026<\/a><\/span>\n        <\/div>\n<h5 class=\"post_title\"><a href=\"https:\/\/www.elche.es\/va\/2026\/01\/el-servici-dautobus-a-les-pedanies-complix-un-any-amb-mes-d15-milions-de-passatgers\/\">El servici d&#8217;autob\u00fas a les pedanies complix un any amb m\u00e9s d&#8217;1,5 milions de passatgers<\/a><\/h5>\n\t\t\t\t<div class=\"post_descr\">\n\t\t\t\t<p>[vc_row el_id=&#8221;SUBTITULAR_NOTICIA&#8221;][vc_column][vc_column_text css=&#8221;&#8221;] L&#8217;Ajuntament...<\/p><a href=\"https:\/\/www.elche.es\/va\/2026\/01\/el-servici-dautobus-a-les-pedanies-complix-un-any-amb-mes-d15-milions-de-passatgers\/\" class=\"post_readmore\">Llegir m\u00e9s<\/a>    <div class=\"post_info\">\n            \n           \n        <\/div>\n\t\t\t\t<\/div>\n\n\t\t\t<\/div>\t<!-- \/.post_content -->\n\n\t\t<\/div>\t<!-- \/.post_item -->\n\n\t\t\t<div class=\"post_item post_item_expert post_featured_default post_format_standard even post-349736 post type-post status-publish format-standard has-post-thumbnail hentry category-home-va category-mobilitat category-noticias-va\">\n\t\t\t\t\t\t\t<div class=\"post_featured\">\n\t\t\t\t\t<div class=\"post_thumb\" data-image=\"https:\/\/www.elche.es\/wp-content\/uploads\/2026\/01\/autobuses-urbanos-gratuitos.jpg\" data-title=\"L&#8217;autob\u00fas urb\u00e0 ser\u00e0 gratu\u00eft per als menors de 15 anys durant tot l&#8217;any 2026\">\n\t<a class=\"hover_icon hover_icon_link\" href=\"https:\/\/www.elche.es\/va\/2026\/01\/lautobus-urba-sera-gratuit-per-als-menors-de-15-anys-durant-tot-lany-2026\/\"><img loading=\"lazy\" decoding=\"async\" class=\"wp-post-image\" width=\"370\" height=\"250\" alt=\"L&#8217;autob\u00fas urb\u00e0 ser\u00e0 gratu\u00eft per als menors de 15 anys durant tot l&#8217;any 2026\" src=\"https:\/\/www.elche.es\/wp-content\/uploads\/2026\/01\/autobuses-urbanos-gratuitos-370x250.jpg\"><\/a>\t<\/div>\n\t\t\t\t\t<\/div>\n\t\t\t\t\n\t\t\t<div class=\"post_content clearfix\">\n                    <div class=\"post_info\">\n            <span\n            class=\"post_info_item post_info_posted\">            <a href=\"https:\/\/www.elche.es\/va\/2026\/01\/lautobus-urba-sera-gratuit-per-als-menors-de-15-anys-durant-tot-lany-2026\/\"\n               class=\"post_info_date\">8 Gener, 2026<\/a><\/span>\n        <\/div>\n<h5 class=\"post_title\"><a href=\"https:\/\/www.elche.es\/va\/2026\/01\/lautobus-urba-sera-gratuit-per-als-menors-de-15-anys-durant-tot-lany-2026\/\">L&#8217;autob\u00fas urb\u00e0 ser\u00e0 gratu\u00eft per als menors de 15 anys durant tot l&#8217;any 2026<\/a><\/h5>\n\t\t\t\t<div class=\"post_descr\">\n\t\t\t\t<p>[vc_row el_id=&#8221;SUBTITULAR_NOTICIA&#8221;][vc_column][vc_column_text css=&#8221;&#8221;] Durant tot l&#8217;any...<\/p><a href=\"https:\/\/www.elche.es\/va\/2026\/01\/lautobus-urba-sera-gratuit-per-als-menors-de-15-anys-durant-tot-lany-2026\/\" class=\"post_readmore\">Llegir m\u00e9s<\/a>    <div class=\"post_info\">\n            \n           \n        <\/div>\n\t\t\t\t<\/div>\n\n\t\t\t<\/div>\t<!-- \/.post_content -->\n\n\t\t<\/div>\t<!-- \/.post_item -->\n\n\t\t\t<div class=\"post_item post_item_expert post_featured_default post_format_standard odd last post-349726 post type-post status-publish format-standard has-post-thumbnail hentry category-home-va category-mobilitat category-noticias-va\">\n\t\t\t\t\t\t\t<div class=\"post_featured\">\n\t\t\t\t\t<div class=\"post_thumb\" data-image=\"https:\/\/www.elche.es\/wp-content\/uploads\/2026\/01\/El-servicio-de-autobus-urbano-cierra-el-ano-2025-con-la-cifra-record-de-153-millones-de-usuarios.jpg\" data-title=\"El servici d&#8217;autob\u00fas urb\u00e0 tanca l&#8217;any 2025 amb la xifra r\u00e8cord de 15\u20193 milions d&#8217;usuaris\">\n\t<a class=\"hover_icon hover_icon_link\" href=\"https:\/\/www.elche.es\/va\/2026\/01\/el-servici-dautobus-urba-tanca-lany-2025-amb-la-xifra-record-de-153-milions-dusuaris\/\"><img loading=\"lazy\" decoding=\"async\" class=\"wp-post-image\" width=\"370\" height=\"250\" alt=\"El servici d&#8217;autob\u00fas urb\u00e0 tanca l&#8217;any 2025 amb la xifra r\u00e8cord de 15\u20193 milions d&#8217;usuaris\" src=\"https:\/\/www.elche.es\/wp-content\/uploads\/2026\/01\/El-servicio-de-autobus-urbano-cierra-el-ano-2025-con-la-cifra-record-de-153-millones-de-usuarios-370x250.jpg\"><\/a>\t<\/div>\n\t\t\t\t\t<\/div>\n\t\t\t\t\n\t\t\t<div class=\"post_content clearfix\">\n                    <div class=\"post_info\">\n            <span\n            class=\"post_info_item post_info_posted\">            <a href=\"https:\/\/www.elche.es\/va\/2026\/01\/el-servici-dautobus-urba-tanca-lany-2025-amb-la-xifra-record-de-153-milions-dusuaris\/\"\n               class=\"post_info_date\">8 Gener, 2026<\/a><\/span>\n        <\/div>\n<h5 class=\"post_title\"><a href=\"https:\/\/www.elche.es\/va\/2026\/01\/el-servici-dautobus-urba-tanca-lany-2025-amb-la-xifra-record-de-153-milions-dusuaris\/\">El servici d&#8217;autob\u00fas urb\u00e0 tanca l&#8217;any 2025 amb la xifra r\u00e8cord de 15\u20193 milions d&#8217;usuaris<\/a><\/h5>\n\t\t\t\t<div class=\"post_descr\">\n\t\t\t\t<p>[vc_row el_id=&#8221;SUBTITULAR_NOTICIA&#8221;][vc_column][vc_column_text css=&#8221;&#8221;] El bus a pedanies...<\/p><a href=\"https:\/\/www.elche.es\/va\/2026\/01\/el-servici-dautobus-urba-tanca-lany-2025-amb-la-xifra-record-de-153-milions-dusuaris\/\" class=\"post_readmore\">Llegir m\u00e9s<\/a>    <div class=\"post_info\">\n            \n           \n        <\/div>\n\t\t\t\t<\/div>\n\n\t\t\t<\/div>\t<!-- \/.post_content -->\n\n\t\t<\/div>\t<!-- \/.post_item -->\n\n\t<\/div>[\/vc_column_inner][vc_column_inner width=&#8221;1\/2&#8243; css=&#8221;.vc_custom_1643979283458{padding-top: 18px !important;padding-right: 0px !important;padding-left: 0px !important;}&#8221;]<div id=\"noticiasmini2\" class=\"sc_blogger layout_expert template_expert noticiasmini   sc_blogger_vertical\">\t\t<div class=\"post_item post_item_expert post_featured_default post_format_standard odd post-349329 post type-post status-publish format-standard has-post-thumbnail hentry category-home-va category-mobilitat category-noticias-va\">\n\t\t\t\t\t\t\t<div class=\"post_featured\">\n\t\t\t\t\t<div class=\"post_thumb\" data-image=\"https:\/\/www.elche.es\/wp-content\/uploads\/2025\/12\/El-servicio-de-autobus-urbano-bate-todos-los-records-y-alcanza-los-15-millones-de-pasajeros.jpeg\" data-title=\"El servici d&#8217;autob\u00fas urb\u00e0 bat tots els r\u00e8cords i assolix els 15 milions de passatgers\">\n\t<a class=\"hover_icon hover_icon_link\" href=\"https:\/\/www.elche.es\/va\/2025\/12\/el-servici-dautobus-urba-bat-tots-els-records-i-assolix-els-15-milions-de-passatgers\/\"><img loading=\"lazy\" decoding=\"async\" class=\"wp-post-image\" width=\"370\" height=\"250\" alt=\"El servici d&#8217;autob\u00fas urb\u00e0 bat tots els r\u00e8cords i assolix els 15 milions de passatgers\" src=\"https:\/\/www.elche.es\/wp-content\/uploads\/2025\/12\/El-servicio-de-autobus-urbano-bate-todos-los-records-y-alcanza-los-15-millones-de-pasajeros-370x250.jpeg\"><\/a>\t<\/div>\n\t\t\t\t\t<\/div>\n\t\t\t\t\n\t\t\t<div class=\"post_content clearfix\">\n                    <div class=\"post_info\">\n            <span\n            class=\"post_info_item post_info_posted\">            <a href=\"https:\/\/www.elche.es\/va\/2025\/12\/el-servici-dautobus-urba-bat-tots-els-records-i-assolix-els-15-milions-de-passatgers\/\"\n               class=\"post_info_date\">19 Desembre, 2025<\/a><\/span>\n        <\/div>\n<h5 class=\"post_title\"><a href=\"https:\/\/www.elche.es\/va\/2025\/12\/el-servici-dautobus-urba-bat-tots-els-records-i-assolix-els-15-milions-de-passatgers\/\">El servici d&#8217;autob\u00fas urb\u00e0 bat tots els r\u00e8cords i assolix els 15 milions de passatgers<\/a><\/h5>\n\t\t\t\t<div class=\"post_descr\">\n\t\t\t\t<p>[vc_row el_id=&#8221;SUBTITULAR_NOTICIA&#8221;][vc_column][vc_column_text css=&#8221;&#8221;] L&#8217;alcalde...<\/p><a href=\"https:\/\/www.elche.es\/va\/2025\/12\/el-servici-dautobus-urba-bat-tots-els-records-i-assolix-els-15-milions-de-passatgers\/\" class=\"post_readmore\">Llegir m\u00e9s<\/a>    <div class=\"post_info\">\n            \n           \n        <\/div>\n\t\t\t\t<\/div>\n\n\t\t\t<\/div>\t<!-- \/.post_content -->\n\n\t\t<\/div>\t<!-- \/.post_item -->\n\n\t\t\t<div class=\"post_item post_item_expert post_featured_default post_format_standard even post-349325 post type-post status-publish format-standard has-post-thumbnail hentry category-home-va category-mobilitat category-noticias-va\">\n\t\t\t\t\t\t\t<div class=\"post_featured\">\n\t\t\t\t\t<div class=\"post_thumb\" data-image=\"https:\/\/www.elche.es\/wp-content\/uploads\/2025\/12\/papanoelada-motera-elche-2025.png\" data-title=\"Elx celebra este divendres la Parenoelada motera per a recollir joguets per als xiquets\">\n\t<a class=\"hover_icon hover_icon_link\" href=\"https:\/\/www.elche.es\/va\/2025\/12\/elx-celebra-este-divendres-la-parenoelada-motera-per-a-recollir-joguets-per-als-xiquets\/\"><img loading=\"lazy\" decoding=\"async\" class=\"wp-post-image\" width=\"370\" height=\"250\" alt=\"Elx celebra este divendres la Parenoelada motera per a recollir joguets per als xiquets\" src=\"https:\/\/www.elche.es\/wp-content\/uploads\/2025\/12\/papanoelada-motera-elche-2025-370x250.png\"><\/a>\t<\/div>\n\t\t\t\t\t<\/div>\n\t\t\t\t\n\t\t\t<div class=\"post_content clearfix\">\n                    <div class=\"post_info\">\n            <span\n            class=\"post_info_item post_info_posted\">            <a href=\"https:\/\/www.elche.es\/va\/2025\/12\/elx-celebra-este-divendres-la-parenoelada-motera-per-a-recollir-joguets-per-als-xiquets\/\"\n               class=\"post_info_date\">19 Desembre, 2025<\/a><\/span>\n        <\/div>\n<h5 class=\"post_title\"><a href=\"https:\/\/www.elche.es\/va\/2025\/12\/elx-celebra-este-divendres-la-parenoelada-motera-per-a-recollir-joguets-per-als-xiquets\/\">Elx celebra este divendres la Parenoelada motera per a recollir joguets per als xiquets<\/a><\/h5>\n\t\t\t\t<div class=\"post_descr\">\n\t\t\t\t<p>[vc_row el_id=&#8221;SUBTITULAR_NOTICIA&#8221;][vc_column][vc_column_text css=&#8221;&#8221;] En esta iniciativa...<\/p><a href=\"https:\/\/www.elche.es\/va\/2025\/12\/elx-celebra-este-divendres-la-parenoelada-motera-per-a-recollir-joguets-per-als-xiquets\/\" class=\"post_readmore\">Llegir m\u00e9s<\/a>    <div class=\"post_info\">\n            \n           \n        <\/div>\n\t\t\t\t<\/div>\n\n\t\t\t<\/div>\t<!-- \/.post_content -->\n\n\t\t<\/div>\t<!-- \/.post_item -->\n\n\t\t\t<div class=\"post_item post_item_expert post_featured_default post_format_standard odd last post-348316 post type-post status-publish format-standard has-post-thumbnail hentry category-home-va category-mobilitat category-noticias-va\">\n\t\t\t\t\t\t\t<div class=\"post_featured\">\n\t\t\t\t\t<div class=\"post_thumb\" data-image=\"https:\/\/www.elche.es\/wp-content\/uploads\/2025\/12\/El-autobus-a-pedanias-llega-a-13-millones-de-pasajeros-en-10-meses.jpg\" data-title=\"L&#8217;autob\u00fas a pedanies arriba a 1\u20193 milions de passatgers en 10 mesos\">\n\t<a class=\"hover_icon hover_icon_link\" href=\"https:\/\/www.elche.es\/va\/2025\/12\/lautobus-a-pedanies-arriba-a-13-milions-de-passatgers-en-10-mesos\/\"><img loading=\"lazy\" decoding=\"async\" class=\"wp-post-image\" width=\"370\" height=\"250\" alt=\"L&#8217;autob\u00fas a pedanies arriba a 1\u20193 milions de passatgers en 10 mesos\" src=\"https:\/\/www.elche.es\/wp-content\/uploads\/2025\/12\/El-autobus-a-pedanias-llega-a-13-millones-de-pasajeros-en-10-meses-370x250.jpg\"><\/a>\t<\/div>\n\t\t\t\t\t<\/div>\n\t\t\t\t\n\t\t\t<div class=\"post_content clearfix\">\n                    <div class=\"post_info\">\n            <span\n            class=\"post_info_item post_info_posted\">            <a href=\"https:\/\/www.elche.es\/va\/2025\/12\/lautobus-a-pedanies-arriba-a-13-milions-de-passatgers-en-10-mesos\/\"\n               class=\"post_info_date\">2 Desembre, 2025<\/a><\/span>\n        <\/div>\n<h5 class=\"post_title\"><a href=\"https:\/\/www.elche.es\/va\/2025\/12\/lautobus-a-pedanies-arriba-a-13-milions-de-passatgers-en-10-mesos\/\">L&#8217;autob\u00fas a pedanies arriba a 1\u20193 milions de passatgers en 10 mesos<\/a><\/h5>\n\t\t\t\t<div class=\"post_descr\">\n\t\t\t\t<p>[vc_row el_id=&#8221;SUBTITULAR_NOTICIA&#8221;][vc_column][vc_column_text css=&#8221;&#8221;] -Les l\u00ednies m\u00e9s...<\/p><a href=\"https:\/\/www.elche.es\/va\/2025\/12\/lautobus-a-pedanies-arriba-a-13-milions-de-passatgers-en-10-mesos\/\" class=\"post_readmore\">Llegir m\u00e9s<\/a>    <div class=\"post_info\">\n            \n           \n        <\/div>\n\t\t\t\t<\/div>\n\n\t\t\t<\/div>\t<!-- \/.post_content -->\n\n\t\t<\/div>\t<!-- \/.post_item -->\n\n\t<\/div>[\/vc_column_inner][\/vc_row_inner][vc_row_inner][vc_column_inner css=&#8221;.vc_custom_1643978891899{padding-right: 0px !important;padding-left: 0px !important;}&#8221;]<a href=\"https:\/\/www.elche.es\/va\/categoria\/mobilitat\/\" class=\"sc_button sc_button_square sc_button_style_filled style_original sc_button_size_small boton3d margin_top_medium\">M\u00e9s not\u00edcies<\/a>[\/vc_column_inner][\/vc_row_inner][\/vc_column][\/vc_row][vc_row full_width=&#8221;stretch_row&#8221; css=&#8221;.vc_custom_1469618345683{padding-top: 50px !important;padding-bottom: 40px !important;background-image: url(https:\/\/www.elche.es\/wp-content\/uploads\/2016\/07\/palmeral.png?id=1044) !important;}&#8221;][vc_column]<h3 class=\"sc_title sc_title_regular sc_align_center margin_top_tiny\" style=\"text-align:center;\"><span style=\"color: #ffffff;\">Enlla\u00e7os\u00a0<\/span><\/h3><div id=\"sc_section_797966735\" class=\"sc_section column-1_1\"><div class=\"sc_section_inner sc_scroll_controls sc_scroll_controls_horizontal sc_scroll_controls_type_side\"><div id=\"sc_section_797966735_scroll\" class=\"sc_scroll sc_scroll_horizontal swiper-slider-container scroll-container\" style=\"\"><div class=\"sc_scroll_wrapper swiper-wrapper\"><div class=\"sc_scroll_slide swiper-slide\"><div class=\"columns_wrap sc_columns columns_nofluid sc_columns_count_8\"><div class=\"column-1_8 sc_column_item sc_column_item_1 odd first\">\r\n        <div id=\"enlacesInteresantes\">\r\n            <div class=\"post_item post_item_opportuniti post_item_opportuniti_3 post_format_standard odd\">\r\n               <div class=\"post_featured\">\r\n                  <div class=\"post_thumb\">\r\n                     <a class=\"hover_icon hover_icon_link\" target='_blank' href=\"https:\/\/www.elche.es\/wp-content\/uploads\/2019\/07\/Proyecto-Carril-Bici-Union-Avenida-Libertad-Ronda-Sur-EL20-ok.pdf\"><img loading=\"lazy\" decoding=\"async\" class=\"wp-post-image\" width=\"740\" height=\"584\" src=\"https:\/\/www.elche.es\/wp-content\/uploads\/2016\/10\/plano-carril-bici.png\"><\/a> \r\n                  <\/div>\r\n               <\/div>\r\n               <div class=\"post_content isotope_item_content\">\r\n                  <h4 class=\"post_title\"><a target='_blank' href=\"https:\/\/www.elche.es\/wp-content\/uploads\/2019\/07\/Proyecto-Carril-Bici-Union-Avenida-Libertad-Ronda-Sur-EL20-ok.pdf\">Exposici\u00f3 p\u00fablica<\/a><\/h4>\r\n                  <div class=\"post_descr\">\r\n                     <p> <a style=\"color: white;\" target='_blank'href=\"https:\/\/www.elche.es\/wp-content\/uploads\/2019\/07\/Proyecto-Carril-Bici-Union-Avenida-Libertad-Ronda-Sur-EL20-ok.pdf\">Projecte de carril bici per l'avinguda alcalde Ram\u00f3n Pastor<\/a><\/p>\r\n                  <\/div>\r\n               <\/div>\r\n            <\/div>\r\n       <\/div><\/div><div class=\"column-1_8 sc_column_item sc_column_item_2 even\">\r\n        <div id=\"enlacesInteresantes\">\r\n            <div class=\"post_item post_item_opportuniti post_item_opportuniti_3 post_format_standard odd\">\r\n               <div class=\"post_featured\">\r\n                  <div class=\"post_thumb\">\r\n                     <a class=\"hover_icon hover_icon_link\" target='_blank' href=\"https:\/\/www.elche.es\/wp-content\/uploads\/2019\/01\/PROYECTO-OBRAS-DE-ADAPTACION-BUS-CORTE-CORREDERA-ELCHE1.pdf\"><img loading=\"lazy\" decoding=\"async\" class=\"wp-post-image\" width=\"740\" height=\"584\" src=\"https:\/\/www.elche.es\/wp-content\/uploads\/2016\/10\/alfonso-XII-1.jpg\"><\/a> \r\n                  <\/div>\r\n               <\/div>\r\n               <div class=\"post_content isotope_item_content\">\r\n                  <h4 class=\"post_title\"><a target='_blank' href=\"https:\/\/www.elche.es\/wp-content\/uploads\/2019\/01\/PROYECTO-OBRAS-DE-ADAPTACION-BUS-CORTE-CORREDERA-ELCHE1.pdf\">Projecte Alfons XII<\/a><\/h4>\r\n                  <div class=\"post_descr\">\r\n                     <p> <a style=\"color: white;\" target='_blank'href=\"https:\/\/www.elche.es\/wp-content\/uploads\/2019\/01\/PROYECTO-OBRAS-DE-ADAPTACION-BUS-CORTE-CORREDERA-ELCHE1.pdf\">Obres d'adaptaci\u00f3 bus - talle Corredera<\/a><\/p>\r\n                  <\/div>\r\n               <\/div>\r\n            <\/div>\r\n       <\/div><\/div><div class=\"column-1_8 sc_column_item sc_column_item_3 odd\">\r\n        <div id=\"enlacesInteresantes\">\r\n            <div class=\"post_item post_item_opportuniti post_item_opportuniti_3 post_format_standard odd\">\r\n               <div class=\"post_featured\">\r\n                  <div class=\"post_thumb\">\r\n                     <a class=\"hover_icon hover_icon_link\" target='_blank' href=\"https:\/\/www.elche.es\/wp-content\/uploads\/2018\/08\/PLAN-CENTRO-4-ilovepdf-compressed-2-2.pdf\"><img loading=\"lazy\" decoding=\"async\" class=\"wp-post-image\" width=\"740\" height=\"584\" src=\"https:\/\/www.elche.es\/wp-content\/uploads\/2016\/10\/PLAN-CENTRO-4-ilovepdf-compressed-2-2-001-1.jpg\"><\/a> \r\n                  <\/div>\r\n               <\/div>\r\n               <div class=\"post_content isotope_item_content\">\r\n                  <h4 class=\"post_title\"><a target='_blank' href=\"https:\/\/www.elche.es\/wp-content\/uploads\/2018\/08\/PLAN-CENTRO-4-ilovepdf-compressed-2-2.pdf\">Devolver espacio p\u00fablico al ciudadano<\/a><\/h4>\r\n                  <div class=\"post_descr\">\r\n                     <p> <a style=\"color: white;\" target='_blank'href=\"https:\/\/www.elche.es\/wp-content\/uploads\/2018\/08\/PLAN-CENTRO-4-ilovepdf-compressed-2-2.pdf\">Plan Centro<\/a><\/p>\r\n                  <\/div>\r\n               <\/div>\r\n            <\/div>\r\n       <\/div><\/div><div class=\"column-1_8 sc_column_item sc_column_item_4 even\">\r\n        <div id=\"enlacesInteresantes\">\r\n            <div class=\"post_item post_item_opportuniti post_item_opportuniti_3 post_format_standard odd\">\r\n               <div class=\"post_featured\">\r\n                  <div class=\"post_thumb\">\r\n                     <a class=\"hover_icon hover_icon_link\" target='_blank' href=\"https:\/\/www.elche.es\/wp-content\/uploads\/2017\/10\/Guia_Baja.pdf\"><img loading=\"lazy\" decoding=\"async\" class=\"wp-post-image\" width=\"740\" height=\"584\" src=\"https:\/\/www.elche.es\/wp-content\/uploads\/2017\/10\/guiaciclista-1.jpg\"><\/a> \r\n                  <\/div>\r\n               <\/div>\r\n               <div class=\"post_content isotope_item_content\">\r\n                  <h4 class=\"post_title\"><a target='_blank' href=\"https:\/\/www.elche.es\/wp-content\/uploads\/2017\/10\/Guia_Baja.pdf\">Guia del ciclista<\/a><\/h4>\r\n                  <div class=\"post_descr\">\r\n                     <p> <a style=\"color: white;\" target='_blank'href=\"https:\/\/www.elche.es\/wp-content\/uploads\/2017\/10\/Guia_Baja.pdf\">Guia del ciclista<\/a><\/p>\r\n                  <\/div>\r\n               <\/div>\r\n            <\/div>\r\n       <\/div><\/div><div class=\"column-1_8 sc_column_item sc_column_item_5 odd\">\r\n        <div id=\"enlacesInteresantes\">\r\n            <div class=\"post_item post_item_opportuniti post_item_opportuniti_3 post_format_standard odd\">\r\n               <div class=\"post_featured\">\r\n                  <div class=\"post_thumb\">\r\n                     <a class=\"hover_icon hover_icon_link\"  href=\"https:\/\/www.elche.es\/va\/mobilitat\/calendari-de-taxi\/\"><img loading=\"lazy\" decoding=\"async\" class=\"wp-post-image\" width=\"740\" height=\"584\" src=\"https:\/\/www.elche.es\/wp-content\/uploads\/2016\/10\/taxi.jpg\"><\/a> \r\n                  <\/div>\r\n               <\/div>\r\n               <div class=\"post_content isotope_item_content\">\r\n                  <h4 class=\"post_title\"><a  href=\"https:\/\/www.elche.es\/va\/mobilitat\/calendari-de-taxi\/\">2018<\/a><\/h4>\r\n                  <div class=\"post_descr\">\r\n                     <p> <a style=\"color: white;\" href=\"https:\/\/www.elche.es\/va\/mobilitat\/calendari-de-taxi\/\">Calendari de taxi<\/a><\/p>\r\n                  <\/div>\r\n               <\/div>\r\n            <\/div>\r\n       <\/div><\/div><div class=\"column-1_8 sc_column_item sc_column_item_6 even\">\r\n        <div id=\"enlacesInteresantes\">\r\n            <div class=\"post_item post_item_opportuniti post_item_opportuniti_3 post_format_standard odd\">\r\n               <div class=\"post_featured\">\r\n                  <div class=\"post_thumb\">\r\n                     <a class=\"hover_icon hover_icon_link\" target='_blank' href=\"https:\/\/www.bicielx.es\/bicielx\/\"><img loading=\"lazy\" decoding=\"async\" class=\"wp-post-image\" width=\"740\" height=\"584\" src=\"https:\/\/www.elche.es\/wp-content\/uploads\/2016\/10\/2010_Bicielx_Estacion_Raval_34.jpg\"><\/a> \r\n                  <\/div>\r\n               <\/div>\r\n               <div class=\"post_content isotope_item_content\">\r\n                  <h4 class=\"post_title\"><a target='_blank' href=\"https:\/\/www.bicielx.es\/bicielx\/\">Servei municipal de transport p\u00fablic<\/a><\/h4>\r\n                  <div class=\"post_descr\">\r\n                     <p> <a style=\"color: white;\" target='_blank'href=\"https:\/\/www.bicielx.es\/bicielx\/\">Bicielx<\/a><\/p>\r\n                  <\/div>\r\n               <\/div>\r\n            <\/div>\r\n       <\/div><\/div><div class=\"column-1_8 sc_column_item sc_column_item_7 odd\">\r\n        <div id=\"enlacesInteresantes\">\r\n            <div class=\"post_item post_item_opportuniti post_item_opportuniti_3 post_format_standard odd\">\r\n               <div class=\"post_featured\">\r\n                  <div class=\"post_thumb\">\r\n                     <a class=\"hover_icon hover_icon_link\" target='_blank' href=\"https:\/\/pimesa.es\/\"><img loading=\"lazy\" decoding=\"async\" class=\"wp-post-image\" width=\"740\" height=\"584\" src=\"https:\/\/www.elche.es\/wp-content\/uploads\/2016\/10\/ayto_elche-60215.jpg\"><\/a> \r\n                  <\/div>\r\n               <\/div>\r\n               <div class=\"post_content isotope_item_content\">\r\n                  <h4 class=\"post_title\"><a target='_blank' href=\"https:\/\/pimesa.es\/\">Gesti\u00f3 urban\u00edsitca municipal<\/a><\/h4>\r\n                  <div class=\"post_descr\">\r\n                     <p> <a style=\"color: white;\" target='_blank'href=\"https:\/\/pimesa.es\/\">PIMESA<\/a><\/p>\r\n                  <\/div>\r\n               <\/div>\r\n            <\/div>\r\n       <\/div><\/div><div class=\"column-1_8 sc_column_item sc_column_item_8 even\">\r\n        <div id=\"enlacesInteresantes\">\r\n            <div class=\"post_item post_item_opportuniti post_item_opportuniti_3 post_format_standard odd\">\r\n               <div class=\"post_featured\">\r\n                  <div class=\"post_thumb\">\r\n                     <a class=\"hover_icon hover_icon_link\" target='_blank' href=\"http:\/\/www.auesa.es\/\"><img loading=\"lazy\" decoding=\"async\" class=\"wp-post-image\" width=\"740\" height=\"584\" src=\"https:\/\/www.elche.es\/wp-content\/uploads\/2016\/10\/223-1.jpg\"><\/a> \r\n                  <\/div>\r\n               <\/div>\r\n               <div class=\"post_content isotope_item_content\">\r\n                  <h4 class=\"post_title\"><a target='_blank' href=\"http:\/\/www.auesa.es\/\">Autobuses urbanos de elche<\/a><\/h4>\r\n                  <div class=\"post_descr\">\r\n                     <p> <a style=\"color: white;\" target='_blank'href=\"http:\/\/www.auesa.es\/\">AUESA<\/a><\/p>\r\n                  <\/div>\r\n               <\/div>\r\n            <\/div>\r\n       <\/div><\/div><\/div><\/div><\/div><div id=\"sc_section_797966735_scroll_bar\" class=\"sc_scroll_bar sc_scroll_bar_horizontal sc_section_797966735_scroll_bar\"><\/div><\/div><div class=\"sc_scroll_controls_wrap\"><a class=\"sc_scroll_prev\" href=\"#\"><\/a><a class=\"sc_scroll_next\" href=\"#\"><\/a><\/div><\/div><\/div>[\/vc_column][\/vc_row]<\/p>\n<\/div>","protected":false},"excerpt":{"rendered":"<p>[vc_row full_width=&#8221;stretch_row&#8221; css=&#8221;.vc_custom_1478877351491{padding-top: 120px !important;padding-right: 120px !important;padding-bottom: 270px !important;padding-left: 120px !important;background-image: url(https:\/\/www.elche.es\/wp-content\/uploads\/2016\/10\/2012_ElcheDiario_Bicielx_10-1.jpg?id=6454) !important;background-position: center !important;background-repeat: no-repeat !important;background-size: cover !important;}&#8221; el_id=&#8221;bloque_titulo&#8221;][vc_column][vc_custom_heading text=&#8221;Mobilitat&#8221; font_container=&#8221;tag:h2|text_align:center|color:%23ffffff&#8221; google_fonts=&#8221;font_family:Ubuntu%3A300%2C300italic%2Cregular%2Citalic%2C500%2C500italic%2C700%2C700italic|font_style:700%20bold%20regular%3A700%3Anormal&#8221; css=&#8221;.vc_custom_1478171307146{padding-top: 80px !important;}&#8221; el_class=&#8221;sombraTitulo&#8221;][\/vc_column][\/vc_row][vc_row full_width=&#8221;stretch_row_content_no_spaces&#8221; css=&#8221;.vc_custom_1475765564344{margin-top: -130px [&hellip;]<\/p>\n","protected":false},"author":131,"featured_media":0,"parent":0,"menu_order":0,"comment_status":"closed","ping_status":"closed","template":"","meta":{"footnotes":""},"class_list":["post-6723","page","type-page","status-publish","hentry"],"_links":{"self":[{"href":"https:\/\/www.elche.es\/va\/wp-json\/wp\/v2\/pages\/6723","targetHints":{"allow":["GET"]}}],"collection":[{"href":"https:\/\/www.elche.es\/va\/wp-json\/wp\/v2\/pages"}],"about":[{"href":"https:\/\/www.elche.es\/va\/wp-json\/wp\/v2\/types\/page"}],"author":[{"embeddable":true,"href":"https:\/\/www.elche.es\/va\/wp-json\/wp\/v2\/users\/131"}],"replies":[{"embeddable":true,"href":"https:\/\/www.elche.es\/va\/wp-json\/wp\/v2\/comments?post=6723"}],"version-history":[{"count":2,"href":"https:\/\/www.elche.es\/va\/wp-json\/wp\/v2\/pages\/6723\/revisions"}],"predecessor-version":[{"id":345751,"href":"https:\/\/www.elche.es\/va\/wp-json\/wp\/v2\/pages\/6723\/revisions\/345751"}],"wp:attachment":[{"href":"https:\/\/www.elche.es\/va\/wp-json\/wp\/v2\/media?parent=6723"}],"curies":[{"name":"wp","href":"https:\/\/api.w.org\/{rel}","templated":true}]}}