{"id":6810,"date":"2016-10-27T08:49:50","date_gmt":"2016-10-27T08:49:50","guid":{"rendered":"http:\/\/www.elche.es\/va\/movilidad\/uso-de-la-bicicleta\/"},"modified":"2022-06-15T10:05:21","modified_gmt":"2022-06-15T09:05:21","slug":"us-de-la-bicicleta","status":"publish","type":"page","link":"https:\/\/www.elche.es\/va\/mobilitat\/us-de-la-bicicleta\/","title":{"rendered":"\u00das de la bicicleta"},"content":{"rendered":"<div class=\"wpb-content-wrapper\"><p>[vc_row full_width=&#8221;stretch_row&#8221; css=&#8221;.vc_custom_1475488224066{background-color: #dddde0 !important;}&#8221;][vc_column][vc_column_text]<nav aria-label=\"breadcrumbs\">\n            <div class=\"breadcrumb-container theme1\">\n                <ol>\n                                    <\/ol>\n            <\/div>\n        <\/nav>    <script type=\"application\/ld+json\">\n        {\n            \"@context\": \"http:\/\/schema.org\",\n            \"@type\": \"BreadcrumbList\",\n            \"itemListElement\": [\n                            ]\n        }\n    <\/script>\n    <style type=\"text\/css\">\n        .breadcrumb-container {\n            font-size: 13px;\n        }\n\n        .breadcrumb-container ul {\n            margin: 0;\n            padding: 0;\n        }\n\n        .breadcrumb-container li {\n            box-sizing: unset;\n            display: inline-block;\n            margin: 0;\n            padding: 0;\n        }\n\n        .breadcrumb-container li a {\n            box-sizing: unset;\n            padding: 0 10px;\n        }\n\n        .breadcrumb-container {\n            font-size: 3 !important;\n                    }\n\n        .breadcrumb-container li a {\n            color: #0a0a0a !important;\n            font-size: 3 !important;\n            line-height: 3 !important;\n                    }\n\n        .breadcrumb-container li .separator {\n            font-size: 3 !important;\n                    }\n\n        .breadcrumb-container li:last-child .separator {\n            display: none;\n        }\n    <\/style>\n    <style type=\"text\/css\">\n        .breadcrumb-container.theme1 li {\n            margin: 0;\n            padding: 0;\n        }\n        .breadcrumb-container.theme1 a {\n            background: ;\n            display: inline-block;\n            margin: 0 5px;\n            padding: 5px 10px;\n            text-decoration: none;\n        }\n    <\/style>\n        <style type=\"text\/css\">\n            <\/style>\n    <script>\n            <\/script>\n[\/vc_column_text][\/vc_column][\/vc_row][vc_row css=&#8221;.vc_custom_1475488264405{padding-bottom: 40px !important;}&#8221; el_id=&#8221;bloque_basica&#8221;][vc_column]<h3 class=\"sc_title sc_title_regular margin_top_tiny\"><\/p>\n<p>Nova ordenan\u00e7a de circulaci\u00f3<\/p>\n<p><\/h3>[vc_column_text css=&#8221;.vc_custom_1497855323729{margin-bottom: 30px !important;}&#8221;]Modificaci\u00f3 de l\u2019ordenan\u00e7a de circulaci\u00f3 en el seu apartat sobre la bicicleta publicada en el Butllet\u00ed Oficial de la Prov\u00edncia (BOP) d\u2019Alacant.<\/p>\n<p>La modificaci\u00f3 suposa regular de manera detallada la conviv\u00e8ncia entre ciclistes, vianants i conductors de vehicles de motor amb l\u2019objectiu de garantir el respecte entre tots els usuaris de la via. A m\u00e9s, la nova norma clarifica la coexist\u00e8ncia de tots ells a fi d\u2019evitar possibles situacions de conflicte.[\/vc_column_text]\r\n        <p>\r\n        <span class=\"enlaces-titulo\"> Modificaci\u00f3 de l\u2019ordenan\u00e7a de circulaci\u00f3 aprovada <\/span> <span><a class=\"enlaces-link\" target='_blank'href=\"http:\/\/www.dip-alicante.es\/bop2\/pdftotal\/2017\/06\/14_112\/2017_006444.pdf \">Veure enlla\u00e7<\/a><\/span>\r\n        <br>\r\n        <span class=\"enlaces-descripcion\">Publicada el 14 de juny de 2017 en el Butllet\u00ed Oficial de la Prov\u00edncia (BOP) d\u2019Alacant.<\/span>\r\n        <\/p>\r\n        <hr class=\"enlaces-separador\">\r\n        <h3 class=\"sc_title sc_title_regular margin_top_tiny\">\u00das de la bicicleta<\/h3>[vc_column_text css=&#8221;.vc_custom_1646651108811{margin-bottom: 30px !important;}&#8221;]El Programa d\u2019Actuacions per al foment de l\u2019\u00fas de la bicicleta a Elx \u00e9s un conjunt d\u2019accions en mat\u00e8ria de mobilitat urbana sostenible, a curt i mitj\u00e0 termini, entorn de la bicicleta com a mitj\u00e0 de transport no motoritzat, que pret\u00e9n contribuir de forma activa a aconseguir els seg\u00fcents objectius estrat\u00e8gics en l\u2019\u00e0mbit local.<\/p>\n<ul>\n<li>Defensar, restaurar i conservar el medi ambient.<\/li>\n<li>Crear un entorn urb\u00e0 de qualitat.<\/li>\n<li>Afavorir la sostenibilitat del desenvolupament local.<\/li>\n<li>Fomentar la prosperitat urbana.<\/li>\n<li>Sensibilitzar i comprometre la ciutadania en la lluita contra el canvi clim\u00e0tic.<\/li>\n<li>Millorar el benestar i la qualitat de vida ciutadana.<\/li>\n<\/ul>\n<p>Aquest document formar\u00e0 part del Pla Director de la Bicicleta a Elx 2015-2020 que s\u2019integrar\u00e0 en el Pla de Mobilitat Urbana Sostenible d\u2019Elx (PMUS Elx) que l&#8217;Ajuntament d\u2019Elx pret\u00e9n revisar i actualitzar.<\/p>\n<p>La redacci\u00f3 del Programa d\u2019Actuacions per al foment de l\u2019\u00fas de la bicicleta a Elx respon a la voluntat pol\u00edtica de l\u2019Equip de Govern i de l\u2019inter\u00e9s manifestat pels components de la Taula de Mobilitat d\u2019apostar per un sistema integrat de transport fonamentat en els principis i en les directrius de la mobilitat sostenible, en el qual la bicicleta exercisca un paper cada vegada m\u00e9s rellevant com a mitj\u00e0 de transport no motoritzat.<\/p>\n<p>El Programa d\u2019Actuacions \u00e9s necessari perqu\u00e8 l&#8217;Ajuntament d\u2019Elx aconseguisca el seu objectiu d\u2019associar-se a la Xarxa de Ciutats per la Bicicleta.[\/vc_column_text]\r\n        <p>\r\n        <span class=\"enlaces-titulo\"> Mapa del carril bici, estacions i disponibilitat de bicicletes en temps real <\/span> <span><a class=\"enlaces-link\" target='_blank'href=\"https:\/\/bicielx.es\/estacions-bicicletes\/?lang=ca \">Veure enlla\u00e7<\/a><\/span>\r\n        <br>\r\n        <span class=\"enlaces-descripcion\"><\/span>\r\n        <\/p>\r\n        <hr class=\"enlaces-separador\">\r\n        \r\n        <p>\r\n        <span class=\"enlaces-titulo\"> Programa d'Actuacions per al foment de l'\u00fas de la bicicleta a Elx <\/span> <span><a class=\"enlaces-link\" target='_blank'href=\"https:\/\/www.elche.es\/wp-content\/uploads\/2016\/10\/2015_Programa_Actuaciones_Bicicleta_Elche.pdf \">Veure enlla\u00e7<\/a><\/span>\r\n        <br>\r\n        <span class=\"enlaces-descripcion\"><\/span>\r\n        <\/p>\r\n        <hr class=\"enlaces-separador\">\r\n        [\/vc_column][\/vc_row]<\/p>\n<\/div>","protected":false},"excerpt":{"rendered":"<p>[vc_row full_width=&#8221;stretch_row&#8221; css=&#8221;.vc_custom_1475488224066{background-color: #dddde0 !important;}&#8221;][vc_column][vc_column_text][\/vc_column_text][\/vc_column][\/vc_row][vc_row css=&#8221;.vc_custom_1475488264405{padding-bottom: 40px !important;}&#8221; el_id=&#8221;bloque_basica&#8221;][vc_column][vc_column_text css=&#8221;.vc_custom_1497855323729{margin-bottom: 30px !important;}&#8221;]Modificaci\u00f3 de l\u2019ordenan\u00e7a de circulaci\u00f3 en el seu apartat sobre la bicicleta publicada en el Butllet\u00ed Oficial de la [&hellip;]<\/p>\n","protected":false},"author":131,"featured_media":0,"parent":6723,"menu_order":0,"comment_status":"closed","ping_status":"closed","template":"","meta":{"footnotes":""},"class_list":["post-6810","page","type-page","status-publish","hentry"],"_links":{"self":[{"href":"https:\/\/www.elche.es\/va\/wp-json\/wp\/v2\/pages\/6810","targetHints":{"allow":["GET"]}}],"collection":[{"href":"https:\/\/www.elche.es\/va\/wp-json\/wp\/v2\/pages"}],"about":[{"href":"https:\/\/www.elche.es\/va\/wp-json\/wp\/v2\/types\/page"}],"author":[{"embeddable":true,"href":"https:\/\/www.elche.es\/va\/wp-json\/wp\/v2\/users\/131"}],"replies":[{"embeddable":true,"href":"https:\/\/www.elche.es\/va\/wp-json\/wp\/v2\/comments?post=6810"}],"version-history":[{"count":0,"href":"https:\/\/www.elche.es\/va\/wp-json\/wp\/v2\/pages\/6810\/revisions"}],"up":[{"embeddable":true,"href":"https:\/\/www.elche.es\/va\/wp-json\/wp\/v2\/pages\/6723"}],"wp:attachment":[{"href":"https:\/\/www.elche.es\/va\/wp-json\/wp\/v2\/media?parent=6810"}],"curies":[{"name":"wp","href":"https:\/\/api.w.org\/{rel}","templated":true}]}}