{"id":68300,"date":"2017-12-12T13:27:44","date_gmt":"2017-12-12T12:27:44","guid":{"rendered":"http:\/\/www.elche.es\/va\/senderelx\/ruta-del-palmeral\/"},"modified":"2020-07-08T10:38:16","modified_gmt":"2020-07-08T09:38:16","slug":"ruta-del-palmeral","status":"publish","type":"page","link":"https:\/\/www.elche.es\/va\/senderelx\/ruta-del-palmeral\/","title":{"rendered":"Ruta del Palmerar"},"content":{"rendered":"<div class=\"wpb-content-wrapper\"><p>[vc_row full_width=&#8221;stretch_row&#8221; css=&#8221;.vc_custom_1475487896980{background-color: #dddde0 !important;}&#8221;][vc_column][vc_column_text]<nav aria-label=\"breadcrumbs\">\n            <div class=\"breadcrumb-container theme1\">\n                <ol>\n                                    <\/ol>\n            <\/div>\n        <\/nav>    <script type=\"application\/ld+json\">\n        {\n            \"@context\": \"http:\/\/schema.org\",\n            \"@type\": \"BreadcrumbList\",\n            \"itemListElement\": [\n                            ]\n        }\n    <\/script>\n    <style type=\"text\/css\">\n        .breadcrumb-container {\n            font-size: 13px;\n        }\n\n        .breadcrumb-container ul {\n            margin: 0;\n            padding: 0;\n        }\n\n        .breadcrumb-container li {\n            box-sizing: unset;\n            display: inline-block;\n            margin: 0;\n            padding: 0;\n        }\n\n        .breadcrumb-container li a {\n            box-sizing: unset;\n            padding: 0 10px;\n        }\n\n        .breadcrumb-container {\n            font-size: 3 !important;\n                    }\n\n        .breadcrumb-container li a {\n            color: #0a0a0a !important;\n            font-size: 3 !important;\n            line-height: 3 !important;\n                    }\n\n        .breadcrumb-container li .separator {\n            font-size: 3 !important;\n                    }\n\n        .breadcrumb-container li:last-child .separator {\n            display: none;\n        }\n    <\/style>\n    <style type=\"text\/css\">\n        .breadcrumb-container.theme1 li {\n            margin: 0;\n            padding: 0;\n        }\n        .breadcrumb-container.theme1 a {\n            background: ;\n            display: inline-block;\n            margin: 0 5px;\n            padding: 5px 10px;\n            text-decoration: none;\n        }\n    <\/style>\n        <style type=\"text\/css\">\n            <\/style>\n    <script>\n            <\/script>\n[\/vc_column_text][\/vc_column][\/vc_row][vc_row][vc_column][vc_empty_space]<h3 class=\"sc_title sc_title_regular sc_align_center margin_top_tiny margin_bottom_null\" style=\"text-align:center;\">PR-439 Ruta del Palmerar<\/h3>[vc_empty_space][vc_single_image image=&#8221;46943&#8243; img_size=&#8221;full&#8221;][\/vc_column][\/vc_row][vc_row css=&#8221;.vc_custom_1475850882313{margin-top: 40px !important;margin-bottom: 40px !important;background-color: #ffffff !important;}&#8221;][vc_column width=&#8221;1\/4&#8243; css=&#8221;.vc_custom_1475847889991{padding-left: 0px !important;}&#8221;][vc_empty_space][vc_single_image image=&#8221;4922&#8243; img_size=&#8221;full&#8221; css=&#8221;.vc_custom_1513602783112{padding-left: 0px !important;}&#8221;][\/vc_column][vc_column width=&#8221;3\/4&#8243;]<h5 class=\"sc_title sc_title_regular margin_top_tiny margin_bottom_tiny\">Ruta del Palmeral<\/h5>[vc_column_text css=&#8221;.vc_custom_1535441740489{padding-bottom: 30px !important;}&#8221;]La ruta del palmerar \u00e9s una sendera circular, que t\u00e9 com a element principal la palmera datilera (Phoenix\u00a0<span class=\"hiddenSpellError\">dactylifera<\/span>). S&#8217;inicia en els voltants del Centre de Congressos i es dirigeix, en primer lloc, al sud-est de la ciutat per a endinsar-se en\u00a0l&#8217;Hort\u00a0dels\u00a0<span class=\"hiddenSpellError\">Pontos<\/span>. Una vegada immersos entre palmeres, el recorregut pren rumb nord creuant d&#8217;hort en hort. Despr\u00e9s de creuar horts com el del Sol, Don\u00a0Claudio, el Gat i algun pas obligat entre carrers urbans, accedim a la Creu del Terme i\u00a0l&#8217;Hort\u00a0de Vicentet.<\/p>\n<p>Despr\u00e9s de\u00a0travessar\u00a0l&#8217;av. de l&#8217;Alcalde\u00a0<span class=\"hiddenSpellError\">Vicente<\/span>\u00a0<span class=\"hiddenSpellError\">Quiles,<\/span>\u00a0continuem el recorregut cap a la Torre dels\u00a0<span class=\"hiddenSpellError\">Va\u00efllos<\/span>\u00a0i els horts de la zona nord, com l&#8217;ara per ara utilitzat pel Parc de Tr\u00e0nsit. Des d&#8217;all\u00ed comen\u00e7arem a descendir en direcci\u00f3 sud creuant el Parc Municipal i part del vessant del riu Vinalop\u00f3. Posteriorment, eixim del vessant, a trav\u00e9s dels horts de Capa i la Veleta, en els voltants del Pont de la Generalitat.<\/p>\n<p>Una vegada en la part m\u00e9s al sud del nostre recorregut, entrem en els \u00faltims horts: Hort del Cebo, Torre de\u00a0<span class=\"hiddenSpellError\">Ressemblanc<\/span>, Hort de la Tia\u00a0<span class=\"hiddenSpellError\">Casimira<\/span>\u00a0i, finalment,\u00a0l&#8217;Hort\u00a0de Monjo que ens porta de tornada al punt d&#8217;inici.<\/p>\n<p>Durant tot el recorregut s&#8217;aprecia la import\u00e0ncia del palmerar hist\u00f2ric d&#8217;Elx, declarat Patrimoni de la Humanitat per la UNESCO l&#8217;any 2000, i la seua connexi\u00f3 amb la ciutat.<\/p>\n<p>A m\u00e9s d&#8217;aquest impressionant escenari natural, tamb\u00e9 es pot gaudir de la ciutat, els seus monuments, les seues cases i horts tradicionals, la ind\u00fastria il\u00b7licitana, les seues torres de guaita\u00a0i un alc\u00e0sser d&#8217;origen medieval.[\/vc_column_text][\/vc_column][\/vc_row][vc_row][vc_column]\r\n        <p>\r\n        <span class=\"enlaces-titulo\"> Descarrega la ruta <\/span> <span><a class=\"enlaces-link\" target='_blank'href=\"https:\/\/drive.google.com\/file\/d\/1V2MjqTP70yQRojjdEgnUMBubcLaQOUlu\/view?usp=sharing \">Veure enlla\u00e7<\/a><\/span>\r\n        <br>\r\n        <span class=\"enlaces-descripcion\"><\/span>\r\n        <\/p>\r\n        <hr class=\"enlaces-separador\">\r\n        \r\n        <p>\r\n        <span class=\"enlaces-titulo\"> Descarrega els punts d'inter\u00e9s <\/span> <span><a class=\"enlaces-link\" target='_blank'href=\"https:\/\/drive.google.com\/file\/d\/1jJW3vCtYwWlYMkAiDs1fa_wnfErN3Nl-\/view?usp=sharing \">Veure enlla\u00e7<\/a><\/span>\r\n        <br>\r\n        <span class=\"enlaces-descripcion\"><\/span>\r\n        <\/p>\r\n        <hr class=\"enlaces-separador\">\r\n        [vc_empty_space][\/vc_column][\/vc_row][vc_row full_width=&#8221;stretch_row&#8221; css=&#8221;.vc_custom_1475488224066{background-color: #dddde0 !important;}&#8221;][vc_column width=&#8221;1\/6&#8243;][\/vc_column][vc_column width=&#8221;2\/3&#8243;][vc_raw_html]JTNDaWZyYW1lJTIwc3JjJTNEJTIyaHR0cHMlM0ElMkYlMkZ3d3cuZ29vZ2xlLmNvbSUyRm1hcHMlMkZkJTJGdSUyRjAlMkZlbWJlZCUzRm1pZCUzRDF1Mno5blB2NVBoOTdRZE5weThuQVN5TjBpcWhrTEV3ZSUyMiUyMHdpZHRoJTNEJTIyMTAyNCUyMiUyMGhlaWdodCUzRCUyMjc2OCUyMiUzRSUzQyUyRmlmcmFtZSUzRQ==[\/vc_raw_html][\/vc_column][vc_column width=&#8221;1\/6&#8243;][\/vc_column][\/vc_row][vc_row][vc_column][vc_empty_space][\/vc_column][\/vc_row][vc_row][vc_column width=&#8221;1\/2&#8243;][vc_tta_tabs][vc_tta_section i_icon_fontawesome=&#8221;fa fa-bullhorn&#8221; title=&#8221;Punts destacats de la sendera&#8221; tab_id=&#8221;1515502085614-a249bfc2-938d&#8221; add_icon=&#8221;true&#8221;][vc_column_text]<\/p>\n<ul>\n<li><span style=\"font-weight: 400\">Eixida\u00a0i arribada. Centre de Congressos<\/span><\/li>\n<li><span style=\"font-weight: 400\">Hort dels Pontos<\/span><\/li>\n<li><span style=\"font-weight: 400\">Hort del Sol\u00a0<\/span><\/li>\n<li><span style=\"font-weight: 400\">Creu del Terme<\/span><\/li>\n<li><span style=\"font-weight: 400\">Hort de Vicentet<\/span><\/li>\n<li><span style=\"font-weight: 400\">Torre dels Va\u00efllos<\/span><\/li>\n<li><span style=\"font-weight: 400\">Mirador Vall Trenada i S\u00e8quia Major<\/span><\/li>\n<li><span style=\"font-weight: 400\">Mol\u00ed del Real<\/span><\/li>\n<li><span style=\"font-weight: 400\">Centre de Visitants<\/span><\/li>\n<li>Oficina de Turisme<\/li>\n<li>Palau d&#8217;Altamira i Bas\u00edlica de Santa Maria<\/li>\n<li><span style=\"font-weight: 400\">Hort de les Portes Encarnades <\/span><span style=\"font-weight: 400\"><br \/>\n<\/span><\/li>\n<li><span style=\"font-weight: 400\">Torre de Ressemblanc<\/span><\/li>\n<\/ul>\n<p>[\/vc_column_text][\/vc_tta_section][\/vc_tta_tabs][\/vc_column][vc_column width=&#8221;1\/2&#8243;][vc_tta_tabs][vc_tta_section i_icon_fontawesome=&#8221;fa fa-bullhorn&#8221; title=&#8221;Altres punts d&#8217;inter\u00e9s propers a la sendera&#8221; tab_id=&#8221;1515502088981-de04c6e5-e627&#8243; add_icon=&#8221;true&#8221;][vc_column_text]<\/p>\n<ul>\n<li><span style=\"font-weight: 400\">Hort del Cura<\/span><\/li>\n<li><span style=\"font-weight: 400\">Universitat Miguel Hern\u00e1ndez d&#8217;Elx<\/span><\/li>\n<li><span style=\"font-weight: 400\">Parc Municipal<\/span><\/li>\n<li><span style=\"font-weight: 400\">Convent de la Merc\u00e9 i Banys \u00c0rabs<\/span><\/li>\n<li><span style=\"font-weight: 400\">La Calaforra<\/span><\/li>\n<li><span style=\"font-weight: 400\">Pont d&#8217;Altamira <\/span><\/li>\n<li><span style=\"font-weight: 400\">C\/ Major de la Vila<\/span><\/li>\n<li><span style=\"font-weight: 400\">Museu de la Festa<\/span><\/li>\n<li><span style=\"font-weight: 400\">Ajuntament d&#8217;Elx<\/span><\/li>\n<li><span style=\"font-weight: 400\">Pont de Canalejas<\/span><\/li>\n<li><span style=\"font-weight: 400\">Pont de Santa Teresa<\/span><\/li>\n<li><span style=\"font-weight: 400\">El Raval<\/span><\/li>\n<li><span style=\"font-weight: 400\">Pont de la Generalitat<\/span><\/li>\n<li><span style=\"font-weight: 400\">L&#8217;Escorxador Centre de Cultura d\u2019Elx<\/span><\/li>\n<\/ul>\n<p>[\/vc_column_text][\/vc_tta_section][\/vc_tta_tabs][\/vc_column][\/vc_row][vc_row][vc_column][vc_empty_space][\/vc_column][\/vc_row][vc_row][vc_column][vc_gallery type=&#8221;image_grid&#8221; images=&#8221;46913,46917,46919,46915,46921,46923,46925&#8243; onclick=&#8221;img_link_large&#8221;][vc_empty_space][\/vc_column][\/vc_row][vc_row][vc_column][vc_single_image image=&#8221;55095&#8243; img_size=&#8221;medium&#8221; alignment=&#8221;center&#8221;][vc_empty_space][\/vc_column][\/vc_row][vc_row][vc_column][vc_column_text]<nav aria-label=\"breadcrumbs\">\n            <div class=\"breadcrumb-container theme1\">\n                <ol>\n                                    <\/ol>\n            <\/div>\n        <\/nav>    <script type=\"application\/ld+json\">\n        {\n            \"@context\": \"http:\/\/schema.org\",\n            \"@type\": \"BreadcrumbList\",\n            \"itemListElement\": [\n                            ]\n        }\n    <\/script>\n    <style type=\"text\/css\">\n        .breadcrumb-container {\n            font-size: 13px;\n        }\n\n        .breadcrumb-container ul {\n            margin: 0;\n            padding: 0;\n        }\n\n        .breadcrumb-container li {\n            box-sizing: unset;\n            display: inline-block;\n            margin: 0;\n            padding: 0;\n        }\n\n        .breadcrumb-container li a {\n            box-sizing: unset;\n            padding: 0 10px;\n        }\n\n        .breadcrumb-container {\n            font-size: 3 !important;\n                    }\n\n        .breadcrumb-container li a {\n            color: #0a0a0a !important;\n            font-size: 3 !important;\n            line-height: 3 !important;\n                    }\n\n        .breadcrumb-container li .separator {\n            font-size: 3 !important;\n                    }\n\n        .breadcrumb-container li:last-child .separator {\n            display: none;\n        }\n    <\/style>\n    <style type=\"text\/css\">\n        .breadcrumb-container.theme1 li {\n            margin: 0;\n            padding: 0;\n        }\n        .breadcrumb-container.theme1 a {\n            background: ;\n            display: inline-block;\n            margin: 0 5px;\n            padding: 5px 10px;\n            text-decoration: none;\n        }\n    <\/style>\n        <style type=\"text\/css\">\n            <\/style>\n    <script>\n            <\/script>\n[\/vc_column_text][\/vc_column][\/vc_row]<\/p>\n<\/div>","protected":false},"excerpt":{"rendered":"<p>[vc_row full_width=&#8221;stretch_row&#8221; css=&#8221;.vc_custom_1475487896980{background-color: #dddde0 !important;}&#8221;][vc_column][vc_column_text][\/vc_column_text][\/vc_column][\/vc_row][vc_row][vc_column][vc_empty_space][vc_empty_space][vc_single_image image=&#8221;46943&#8243; img_size=&#8221;full&#8221;][\/vc_column][\/vc_row][vc_row css=&#8221;.vc_custom_1475850882313{margin-top: 40px !important;margin-bottom: 40px !important;background-color: #ffffff !important;}&#8221;][vc_column width=&#8221;1\/4&#8243; css=&#8221;.vc_custom_1475847889991{padding-left: 0px !important;}&#8221;][vc_empty_space][vc_single_image image=&#8221;4922&#8243; img_size=&#8221;full&#8221; css=&#8221;.vc_custom_1513602783112{padding-left: 0px !important;}&#8221;][\/vc_column][vc_column width=&#8221;3\/4&#8243;][vc_column_text css=&#8221;.vc_custom_1535441740489{padding-bottom: 30px !important;}&#8221;]La ruta del palmerar [&hellip;]<\/p>\n","protected":false},"author":26,"featured_media":0,"parent":56030,"menu_order":1,"comment_status":"closed","ping_status":"closed","template":"","meta":{"footnotes":""},"class_list":["post-68300","page","type-page","status-publish","hentry"],"_links":{"self":[{"href":"https:\/\/www.elche.es\/va\/wp-json\/wp\/v2\/pages\/68300","targetHints":{"allow":["GET"]}}],"collection":[{"href":"https:\/\/www.elche.es\/va\/wp-json\/wp\/v2\/pages"}],"about":[{"href":"https:\/\/www.elche.es\/va\/wp-json\/wp\/v2\/types\/page"}],"author":[{"embeddable":true,"href":"https:\/\/www.elche.es\/va\/wp-json\/wp\/v2\/users\/26"}],"replies":[{"embeddable":true,"href":"https:\/\/www.elche.es\/va\/wp-json\/wp\/v2\/comments?post=68300"}],"version-history":[{"count":0,"href":"https:\/\/www.elche.es\/va\/wp-json\/wp\/v2\/pages\/68300\/revisions"}],"up":[{"embeddable":true,"href":"https:\/\/www.elche.es\/va\/wp-json\/wp\/v2\/pages\/56030"}],"wp:attachment":[{"href":"https:\/\/www.elche.es\/va\/wp-json\/wp\/v2\/media?parent=68300"}],"curies":[{"name":"wp","href":"https:\/\/api.w.org\/{rel}","templated":true}]}}