{"id":6864,"date":"2016-10-27T09:18:30","date_gmt":"2016-10-27T09:18:30","guid":{"rendered":"http:\/\/www.elche.es\/va\/movilidad\/bus-lliure\/"},"modified":"2024-09-13T08:15:51","modified_gmt":"2024-09-13T06:15:51","slug":"bus-lliure","status":"publish","type":"page","link":"https:\/\/www.elche.es\/va\/mobilitat\/bus-lliure\/","title":{"rendered":"Bus Lliure"},"content":{"rendered":"<div class=\"wpb-content-wrapper\"><p>[vc_row full_width=&#8221;stretch_row_content_no_spaces&#8221; css=&#8221;.vc_custom_1663588492163{background-position: center !important;background-repeat: no-repeat !important;background-size: cover !important;}&#8221; el_class=&#8221;cuadrocabecerafoto&#8221;][vc_column][vc_single_image image=&#8221;265049&#8243; img_size=&#8221;full&#8221; alignment=&#8221;center&#8221; el_class=&#8221;cabecerasolofoto&#8221;][\/vc_column][\/vc_row][vc_row full_width=&#8221;stretch_row&#8221; css=&#8221;.vc_custom_1475488224066{background-color: #dddde0 !important;}&#8221;][vc_column][vc_column_text]<nav aria-label=\"breadcrumbs\">\n            <div class=\"breadcrumb-container theme1\">\n                <ol>\n                                    <\/ol>\n            <\/div>\n        <\/nav>    <script type=\"application\/ld+json\">\n        {\n            \"@context\": \"http:\/\/schema.org\",\n            \"@type\": \"BreadcrumbList\",\n            \"itemListElement\": [\n                            ]\n        }\n    <\/script>\n    <style type=\"text\/css\">\n        .breadcrumb-container {\n            font-size: 13px;\n        }\n\n        .breadcrumb-container ul {\n            margin: 0;\n            padding: 0;\n        }\n\n        .breadcrumb-container li {\n            box-sizing: unset;\n            display: inline-block;\n            margin: 0;\n            padding: 0;\n        }\n\n        .breadcrumb-container li a {\n            box-sizing: unset;\n            padding: 0 10px;\n        }\n\n        .breadcrumb-container {\n            font-size: 3 !important;\n                    }\n\n        .breadcrumb-container li a {\n            color: #0a0a0a !important;\n            font-size: 3 !important;\n            line-height: 3 !important;\n                    }\n\n        .breadcrumb-container li .separator {\n            font-size: 3 !important;\n                    }\n\n        .breadcrumb-container li:last-child .separator {\n            display: none;\n        }\n    <\/style>\n    <style type=\"text\/css\">\n        .breadcrumb-container.theme1 li {\n            margin: 0;\n            padding: 0;\n        }\n        .breadcrumb-container.theme1 a {\n            background: ;\n            display: inline-block;\n            margin: 0 5px;\n            padding: 5px 10px;\n            text-decoration: none;\n        }\n    <\/style>\n        <style type=\"text\/css\">\n            <\/style>\n    <script>\n            <\/script>\n[\/vc_column_text][\/vc_column][\/vc_row][vc_row full_width=&#8221;stretch_row&#8221; css=&#8221;.vc_custom_1488274719394{padding-bottom: 40px !important;background-color: #dddde0 !important;}&#8221; el_id=&#8221;bloque_basica&#8221;][vc_column]<h3 class=\"sc_title sc_title_regular sc_align_center margin_top_tiny\" style=\"text-align:center;\">CAMPANYA \u2018BUS LLIURE&#8217;<\/h3>[vc_column_text css=&#8221;.vc_custom_1696250897858{margin-bottom: 30px !important;}&#8221;]La targeta Bus Lliure est\u00e0 dirigida a estudiants il\u00b7licitans de 4 a 26 anys. El principal objectiu d&#8217;aquesta targeta \u00e9s facilitar el despla\u00e7ament diari als diferents centres educatius de la ciutat, a m\u00e9s de fomentar l&#8217;\u00fas del transport p\u00fablic.[\/vc_column_text][\/vc_column][\/vc_row][vc_row el_class=&#8221;cuadrostandar&#8221;][vc_column]<h3 class=\"sc_title sc_title_regular sc_align_left margin_top_tiny\" style=\"text-align:left;\">Sol\u00b7licitud Exempci\u00f3 de la tarifa<\/h3>[vc_column_text]Presentaci\u00f3 sol\u00b7licituds del 16 setembre al 31 d&#8217;octubre 2024.<\/p>\n<p>El que sol\u00b7licitar\u00e0s \u00e9s l&#8217;Exempci\u00f3 de la rec\u00e0rrega de la targeta de mobilitat d&#8217;acc\u00e9s a l&#8217;autob\u00fas per a estudiants menors de 26 anys, la validesa del qual \u00e9s anual.<\/p>\n<p>En cas de no concessi\u00f3 de l&#8217;exempci\u00f3, els titulars de targeta podran recarregar aquestes d&#8217;acord amb les seg\u00fcents tarifes: Anual 80 \u20ac Semestral 40 \u20ac Trimestral 20\u20ac.<\/p>\n<p>Finalitzat el termini de presentaci\u00f3, nom\u00e9s podran sol\u00b7licitar l&#8217;exempci\u00f3 els estudiants que sol\u00b7liciten les targetes per primera vegada i aquells tutelats per la Generalitat Valenciana.[\/vc_column_text]<blockquote class=\"sc_quote sc_quote_style_bordered\"><p><\/p>\n<h4>Requisits:<\/h4>\n<ul>\n<li>Tindre la targeta de mobilitat BUS LLIURE en vigor.<\/li>\n<li>Empadronament al terme municipal d&#8217;Elx. A l&#8217;OMAC es realitzar\u00e0 la comprovaci\u00f3 de l&#8217;empadronament del titular, de manera que, en cas de baixa de padr\u00f3 pel canvi de domicili, l&#8217;exempci\u00f3 ser\u00e0 cancel\u00b7lada de manera autom\u00e0tica durant el per\u00edode escolar vigent, ja que es deixa de complir el requisit de resid\u00e8ncia al terme municipal d&#8217;Elx.<\/li>\n<\/ul>\n<p><\/p><\/blockquote><blockquote class=\"sc_quote sc_quote_style_bordered\"><p><\/p>\n<h4 style=\"font-size: 22px;\">Lloc:<\/h4>\n<p><\/p><\/blockquote>[vc_column_text]<\/p>\n<h5 style=\"font-size: 18px;\"><strong>&#8211; Presencialment entregant la sol\u00b7licitud i la documentaci\u00f3 requerida en qualsevol de les oficines OMAC.<\/strong><\/h5>\n<p>[\/vc_column_text]<a href=\"https:\/\/www.elche.es\/oficina-municipal-de-atencion-ciudadana-omac\/directorio-de-oficinas\/\" target=\"_blank\" data-animation=\"animated fadeIn normal\" class=\"sc_button sc_button_square sc_button_style_filled style_original sc_button_size_small margin_top_tiny margin_bottom_small\" style=\"padding: 0.3em 0.8em 0.30em; font-size: 22px; text-transform: none;\">Enlla\u00e7 al directori d&#8217;oficines de la Xarxa OMAC<\/a>\r\n        <p>\r\n        <span class=\"enlaces-titulo\"> Impr\u00e9s de sol\u00b7licitud A118 <\/span> <span><a class=\"enlaces-link\" target='_blank'href=\"https:\/\/sede.elche.es\/sta\/docs\/GetDocumentServlet?CUD=13520416326275036653&amp;HASH_CUD=c583fc4f85252ad10643d74687ca84bb4a0e1d89&amp;APP_CODE=STA \">Veure enlla\u00e7<\/a><\/span>\r\n        <br>\r\n        <span class=\"enlaces-descripcion\">Es tracta d'un document autoemplenable, per la qual cosa haur\u00e0 d'emplenar-se a l'ordinador abans d'imprimir-lo<\/span>\r\n        <\/p>\r\n        <hr class=\"enlaces-separador\">\r\n        \r\n        <p>\r\n        <span class=\"enlaces-titulo\"> Impr\u00e9s de sol\u00b7licitud A117 <\/span> <span><a class=\"enlaces-link\" target='_blank'href=\"https:\/\/sede.elche.es\/sta\/docs\/GetDocumentServlet?CUD=13520416576054262141&amp;HASH_CUD=d770a083c649d9e74895106a6f8973e4b9a833e7&amp;APP_CODE=STA \">Veure enlla\u00e7<\/a><\/span>\r\n        <br>\r\n        <span class=\"enlaces-descripcion\">Autoritzaci\u00f3 per a recaptar dades de l'Ag\u00e8ncia Tribut\u00e0ria, TGSS i de l'INSS<\/span>\r\n        <\/p>\r\n        <hr class=\"enlaces-separador\">\r\n        [vc_column_text css=&#8221;.vc_custom_1696234488885{margin-top: 30px !important;margin-bottom: 30px !important;}&#8221;]<\/p>\n<hr \/>\n<p>[\/vc_column_text][vc_column_text]<\/p>\n<h5 style=\"font-size: 18px;\"><strong>&#8211; Tramitar en l\u00ednia des de la seu electr\u00f2nica<br \/>\n<\/strong><\/h5>\n<p>[\/vc_column_text]<a href=\"https:\/\/sede.elche.es\/sta\/CarpetaPublic\/doEvent?APP_CODE=STA&PAGE_CODE=CATALOGO&DETALLE=6269000040774848307922\" target=\"_blank\" data-animation=\"animated fadeIn normal\" class=\"sc_button sc_button_square sc_button_style_filled style_original sc_button_size_small margin_top_tiny margin_bottom_small\" style=\"padding: 0.3em 0.8em 0.30em; font-size: 22px; text-transform: none;\">Enlla\u00e7 al directori al tr\u00e0mit en la SEU<\/a>[vc_column_text css=&#8221;.vc_custom_1696252106090{margin-top: 60px !important;}&#8221;]<strong>La consulta de l&#8217;exempci\u00f3 es realitzar\u00e0 a trav\u00e9s de www.auesa.es clicant <a href=\"http:\/\/auesa.com\/listadobuslliure_cast.pdf\" target=\"_blank\" rel=\"noopener\">ac\u00ed<\/a>, a les oficines de la Xarxa OMAC de l&#8217;Ajuntament d\u2019Elx o a l&#8217;oficina d&#8217;atenci\u00f3 a l&#8217;usuari d&#8217;AUESA<\/strong> (C\/Travessia Alfredo Llopis, 1 \u2013 passarel\u00b7la)[\/vc_column_text][vc_empty_space height=&#8221;52px&#8221;][\/vc_column][\/vc_row][vc_row css=&#8221;.vc_custom_1696235491842{padding-top: 50px !important;padding-bottom: 40px !important;}&#8221; el_class=&#8221;cuadrostandar&#8221;][vc_column]<div class=\"sc_section\" style=\"background-color:#ffffff;\"><div class=\"sc_section_inner\"><div class=\"sc_section_overlay\" style=\"\"><div class=\"sc_section_content padding_on\" style=\"\"><h3 class=\"sc_title sc_title_regular sc_align_left margin_top_tiny\" style=\"text-align:left;\">Sol\u00b7licitud de la targeta de mobilitat BUS LLIURE<\/h3>[vc_column_text]El termini\u00a0de presentaci\u00f3 ser\u00e0 durant tot l&#8217;any.<\/p>\n<p>Aquestes es podran recarregar d&#8217;acord amb les seg\u00fcents tarifes: Anual 80 \u20ac Semestral 40 \u20ac Trimestral 20\u20ac.<\/p>\n<p>Una vegada expedida la targeta, aquesta s&#8217;activar\u00e0 quan el seu titular abone la tarifa vigent, llevat que haja sol\u00b7licitat tamb\u00e9 l&#8217;exempci\u00f3 de taxa i aquesta haja sigut reconeguda.<\/p>\n<p>La validesa de la targeta ser\u00e0 de 4 anys.<\/p>\n<p>Transcorregut el termini de resoluci\u00f3, la targeta es trobar\u00e0 disponible per a arreplegar-la la caseta d&#8217;AUESA situada al carrer Dr. Caro (al costat del Banc Santander)[\/vc_column_text]<blockquote class=\"sc_quote sc_quote_style_bordered\"><p><\/p>\n<h4 style=\"font-size: 22px;\">Lloc:<\/h4>\n<p><\/p><\/blockquote>[vc_column_text]<\/p>\n<h5 style=\"font-size: 18px;\"><strong>&#8211; Presencialment entregant la sol\u00b7licitud i la documentaci\u00f3 requerida en qualsevol de les oficines OMAC.<\/strong><\/h5>\n<p>[\/vc_column_text]<a href=\"https:\/\/www.elche.es\/oficina-municipal-de-atencion-ciudadana-omac\/directorio-de-oficinas\/\" target=\"_blank\" data-animation=\"animated fadeIn normal\" class=\"sc_button sc_button_square sc_button_style_filled style_original sc_button_size_small margin_top_tiny margin_bottom_small\" style=\"padding: 0.3em 0.8em 0.30em; font-size: 22px; text-transform: none;\">Enlla\u00e7 al directori d&#8217;oficines de la Xarxa OMAC<\/a>\r\n        <p>\r\n        <span class=\"enlaces-titulo\"> Impr\u00e9s de sol\u00b7licitud <\/span> <span><a class=\"enlaces-link\" target='_blank'href=\"https:\/\/sede.elche.es\/sta\/docs\/GetDocumentServlet?CUD=14154575551730531644&amp;HASH_CUD=7fff470aabbc9a92ffe3ecde3ea6b1382afcdca6&amp;APP_CODE=STA \">Veure enlla\u00e7<\/a><\/span>\r\n        <br>\r\n        <span class=\"enlaces-descripcion\">Es tracta d'un document autoemplenable, per la qual cosa haur\u00e0 d'emplenar-se a l'ordinador abans d'imprimir-lo<\/span>\r\n        <\/p>\r\n        <hr class=\"enlaces-separador\">\r\n        [vc_column_text]<\/p>\n<h5 style=\"font-size: 18px;\"><strong>&#8211; Tramitar en l\u00ednia des de la seu electr\u00f2nica:<\/strong><\/h5>\n<p>[\/vc_column_text]<a href=\"https:\/\/sede.elche.es\/sta\/CarpetaPublic\/doEvent?APP_CODE=STA&PAGE_CODE=CATALOGO&DETALLE=6269000000913743907922\" target=\"_blank\" data-animation=\"animated fadeIn normal\" class=\"sc_button sc_button_square sc_button_style_filled style_original sc_button_size_small margin_top_tiny margin_bottom_small\" style=\"padding: 0.3em 0.8em 0.30em; font-size: 22px; text-transform: none;display: table;\">Sol\u00b7licitud de nova targeta<\/a><a href=\"https:\/\/sede.elche.es\/sta\/CarpetaPublic\/doEvent?APP_CODE=STA&PAGE_CODE=CATALOGO&DETALLE=6269000000913833507922\" target=\"_blank\" data-animation=\"animated fadeIn normal\" class=\"sc_button sc_button_square sc_button_style_filled style_original sc_button_size_small margin_top_tiny margin_bottom_small\" style=\"padding: 0.3em 0.8em 0.30em; font-size: 22px; text-transform: none;display: table;\">Sol\u00b7licitud de la renovaci\u00f3 de la targeta<\/a><a href=\"https:\/\/sede.elche.es\/sta\/CarpetaPublic\/doEvent?APP_CODE=STA&PAGE_CODE=CATALOGO&DETALLE=6269000000913826607922\" target=\"_blank\" data-animation=\"animated fadeIn normal\" class=\"sc_button sc_button_square sc_button_style_filled style_original sc_button_size_small margin_top_tiny margin_bottom_small\" style=\"padding: 0.3em 0.8em 0.30em; font-size: 22px; text-transform: none;display: table;\">Sol\u00b7licitud de duplicat de la targeta<\/a><blockquote class=\"sc_quote sc_quote_style_bordered\"><p><\/p>\n<h4 style=\"font-size: 22px;\">Documentaci\u00f3:<\/h4>\n<p><\/p><\/blockquote>[vc_column_text]<\/p>\n<ul>\n<li style=\"text-align: justify;\">Fotoc\u00f2pia del llibre de fam\u00edlia complet.<\/li>\n<li style=\"text-align: justify;\">Fotoc\u00f2pia dels documents d&#8217;identitat de tots els majors de 16 anys.<\/li>\n<li style=\"text-align: justify;\">Majors de 16 i menors de 26: Certificat de matriculaci\u00f3 expedit pel centre escolar per a ensenyaments reglats o ensenyaments no reglats amb un nombre m\u00ednim d&#8217;hores lectives de 900.<\/li>\n<li style=\"text-align: justify;\">Autoritzaci\u00f3 dels membres de la unitat familiar majors de 16 anys, per a recaptar dades tribut\u00e0ries, laborals i de pensions de l&#8217;Ag\u00e8ncia Tribut\u00e0ria, de TGSS i de l&#8217;INSS.<\/li>\n<li style=\"text-align: justify;\">En cas que un dels progenitors no forme part de la unitat familiar per separaci\u00f3, divorci o an\u00e0legs, aquell que sol\u00b7licite l&#8217;exempci\u00f3 haur\u00e0 d&#8217;acreditar que ostenta la cust\u00f2dia plena de l&#8217;estudiant mitjan\u00e7ant conveni regulador complet, certificat del secretari judicial o declaraci\u00f3 notarial. En cas de no acreditar-se aquesta situaci\u00f3, aix\u00ed com en les cust\u00f2dies compartides s&#8217;exigiran els ingressos d&#8217;ambd\u00f3s progenitors, per tant, ambd\u00f3s hauran de firmar l&#8217;autoritzaci\u00f3 per a recaptar dades tribut\u00e0ries, laborals i de pensions de l&#8217;Ag\u00e8ncia Tribut\u00e0ria, de la TGSS i de l&#8217;INSS.<\/li>\n<li>En cas de guarda legal i\/o tutela assumida per la Generalitat Valenciana i en acolliment residencial:\n<ul>\n<li style=\"text-align: justify;\">Fotoc\u00f2pia del document d&#8217;identitat del representant legal del menor.<\/li>\n<li style=\"text-align: justify;\">Certificat de la Generalitat Valenciana acreditativa de la guarda legal i\/o tutela assumida per la Generalitat Valenciana.<\/li>\n<li style=\"text-align: justify;\">Certificat de la direcci\u00f3 del centre on s&#8217;acredite la resid\u00e8ncia del menor en acolliment<\/li>\n<\/ul>\n<\/li>\n<\/ul>\n<p>[\/vc_column_text][vc_empty_space][vc_empty_space]<\/div><\/div><\/div><\/div>[\/vc_column][\/vc_row]<\/p>\n<\/div>","protected":false},"excerpt":{"rendered":"<p>[vc_row full_width=&#8221;stretch_row_content_no_spaces&#8221; css=&#8221;.vc_custom_1663588492163{background-position: center !important;background-repeat: no-repeat !important;background-size: cover !important;}&#8221; el_class=&#8221;cuadrocabecerafoto&#8221;][vc_column][vc_single_image image=&#8221;265049&#8243; img_size=&#8221;full&#8221; alignment=&#8221;center&#8221; el_class=&#8221;cabecerasolofoto&#8221;][\/vc_column][\/vc_row][vc_row full_width=&#8221;stretch_row&#8221; css=&#8221;.vc_custom_1475488224066{background-color: #dddde0 !important;}&#8221;][vc_column][vc_column_text][\/vc_column_text][\/vc_column][\/vc_row][vc_row full_width=&#8221;stretch_row&#8221; css=&#8221;.vc_custom_1488274719394{padding-bottom: 40px !important;background-color: #dddde0 !important;}&#8221; el_id=&#8221;bloque_basica&#8221;][vc_column][vc_column_text css=&#8221;.vc_custom_1696250897858{margin-bottom: 30px !important;}&#8221;]La targeta Bus [&hellip;]<\/p>\n","protected":false},"author":131,"featured_media":0,"parent":6723,"menu_order":0,"comment_status":"closed","ping_status":"closed","template":"","meta":{"footnotes":""},"class_list":["post-6864","page","type-page","status-publish","hentry"],"_links":{"self":[{"href":"https:\/\/www.elche.es\/va\/wp-json\/wp\/v2\/pages\/6864","targetHints":{"allow":["GET"]}}],"collection":[{"href":"https:\/\/www.elche.es\/va\/wp-json\/wp\/v2\/pages"}],"about":[{"href":"https:\/\/www.elche.es\/va\/wp-json\/wp\/v2\/types\/page"}],"author":[{"embeddable":true,"href":"https:\/\/www.elche.es\/va\/wp-json\/wp\/v2\/users\/131"}],"replies":[{"embeddable":true,"href":"https:\/\/www.elche.es\/va\/wp-json\/wp\/v2\/comments?post=6864"}],"version-history":[{"count":5,"href":"https:\/\/www.elche.es\/va\/wp-json\/wp\/v2\/pages\/6864\/revisions"}],"predecessor-version":[{"id":310719,"href":"https:\/\/www.elche.es\/va\/wp-json\/wp\/v2\/pages\/6864\/revisions\/310719"}],"up":[{"embeddable":true,"href":"https:\/\/www.elche.es\/va\/wp-json\/wp\/v2\/pages\/6723"}],"wp:attachment":[{"href":"https:\/\/www.elche.es\/va\/wp-json\/wp\/v2\/media?parent=6864"}],"curies":[{"name":"wp","href":"https:\/\/api.w.org\/{rel}","templated":true}]}}