{"id":6880,"date":"2016-10-03T11:27:14","date_gmt":"2016-10-03T11:27:14","guid":{"rendered":"http:\/\/www.elche.es\/va\/participacion-ciudadana\/"},"modified":"2025-04-25T09:48:37","modified_gmt":"2025-04-25T07:48:37","slug":"participacio-ciutadana","status":"publish","type":"page","link":"https:\/\/www.elche.es\/va\/participacio-ciutadana\/","title":{"rendered":"Participaci\u00f3 Ciutadana"},"content":{"rendered":"<div class=\"wpb-content-wrapper\"><p>[vc_row full_width=&#8221;stretch_row&#8221; css=&#8221;.vc_custom_1652962609145{background-image: url(https:\/\/www.elche.es\/wp-content\/uploads\/2016\/10\/baner-trazado-otro-2.jpg?id=25242) !important;background-position: center !important;background-repeat: no-repeat !important;background-size: cover !important;}&#8221; el_class=&#8221;slidersecciones&#8221;][vc_column][vc_custom_heading text=&#8221;Participaci\u00f3 Ciutadana&#8221; font_container=&#8221;tag:h2|text_align:center|color:%23ffffff&#8221; google_fonts=&#8221;font_family:Ubuntu%3A300%2C300italic%2Cregular%2Citalic%2C500%2C500italic%2C700%2C700italic|font_style:700%20bold%20regular%3A700%3Anormal&#8221; el_class=&#8221;sombraTitulo cabeceramovil&#8221;][\/vc_column][\/vc_row][vc_row full_width=&#8221;stretch_row_content_no_spaces&#8221; css=&#8221;.vc_custom_1475765564344{margin-top: -130px !important;padding-top: 30px !important;padding-right: 30px !important;padding-bottom: 30px !important;padding-left: 30px !important;background-color: rgba(0,169,151,0.8) !important;*background-color: rgb(0,169,151) !important;}&#8221; el_id=&#8221;bloque_menu_enlaces&#8221;][vc_column]<div class=\"sc_section margin_right_large margin_left_large aligncenter\"><div class=\"sc_section_inner\">\r\n        \r\n        <a class=\"menuVC\"  href=\"https:\/\/www.elche.es\/va\/participacio-ciutadana\/districtes\/\"> <span> Districtes <\/span><\/a>\r\n        \r\n        <a class=\"menuVC\"  href=\"https:\/\/www.elche.es\/va\/participacio-ciutadana\/festes-participatives\/\"> <span> Festes Participatives <\/span><\/a>\r\n        \r\n        <a class=\"menuVC\"  href=\"https:\/\/www.elche.es\/va\/participacio-ciutadana\/organs-de-participacio\/\"> <span> \u00d2rgans de Participaci\u00f3 <\/span><\/a>\r\n        \r\n        <a class=\"menuVC\"  href=\"https:\/\/www.elche.es\/va\/participacio-ciutadana\/processos-participatius\/\"> <span> Processos Participatius <\/span><\/a>\r\n        \r\n        <a class=\"menuVC\"  href=\"https:\/\/www.elche.es\/va\/participacio-ciutadana\/associacionisme\/\"> <span> Associacionisme <\/span><\/a>\r\n        \r\n        <a class=\"menuVC\"  href=\"https:\/\/www.elche.es\/va\/participacio-ciutadana\/consultes-publiques\/\"> <span> Consultes p\u00fabliques <\/span><\/a>\r\n        \r\n        <a class=\"menuVC\"  href=\"https:\/\/www.elche.es\/va\/participacio-ciutadana\/buscador-de-tramites-de-participacion-ciudadana\/\"> <span> Tr\u00e0mits <\/span><\/a>\r\n        \r\n        <a class=\"menuVC\"  href=\"https:\/\/www.elche.es\/va\/participacio-ciutadana\/convenis-i-subvencions\/\"> <span> Convenis <\/span><\/a><\/div><\/div>[\/vc_column][\/vc_row][vc_row full_width=&#8221;stretch_row&#8221; css=&#8221;.vc_custom_1475486881904{background-color: #dddde0 !important;}&#8221;][vc_column][vc_column_text]<nav aria-label=\"breadcrumbs\">\n            <div class=\"breadcrumb-container theme1\">\n                <ol>\n                                    <\/ol>\n            <\/div>\n        <\/nav>    <script type=\"application\/ld+json\">\n        {\n            \"@context\": \"http:\/\/schema.org\",\n            \"@type\": \"BreadcrumbList\",\n            \"itemListElement\": [\n                            ]\n        }\n    <\/script>\n    <style type=\"text\/css\">\n        .breadcrumb-container {\n            font-size: 13px;\n        }\n\n        .breadcrumb-container ul {\n            margin: 0;\n            padding: 0;\n        }\n\n        .breadcrumb-container li {\n            box-sizing: unset;\n            display: inline-block;\n            margin: 0;\n            padding: 0;\n        }\n\n        .breadcrumb-container li a {\n            box-sizing: unset;\n            padding: 0 10px;\n        }\n\n        .breadcrumb-container {\n            font-size: 3 !important;\n                    }\n\n        .breadcrumb-container li a {\n            color: #0a0a0a !important;\n            font-size: 3 !important;\n            line-height: 3 !important;\n                    }\n\n        .breadcrumb-container li .separator {\n            font-size: 3 !important;\n                    }\n\n        .breadcrumb-container li:last-child .separator {\n            display: none;\n        }\n    <\/style>\n    <style type=\"text\/css\">\n        .breadcrumb-container.theme1 li {\n            margin: 0;\n            padding: 0;\n        }\n        .breadcrumb-container.theme1 a {\n            background: ;\n            display: inline-block;\n            margin: 0 5px;\n            padding: 5px 10px;\n            text-decoration: none;\n        }\n    <\/style>\n        <style type=\"text\/css\">\n            <\/style>\n    <script>\n            <\/script>\n[\/vc_column_text][\/vc_column][\/vc_row][vc_row css=&#8221;.vc_custom_1689850932748{margin-top: 20px !important;margin-bottom: 20px !important;}&#8221;][vc_column]\r\n        <p>\r\n        <span class=\"enlaces-titulo\"> APROVACI\u00d3 DEFINITIVA DEL REGLAMENT ORG\u00c0NIC DELS DISTRICTES I JUNTES MUNICIPALS DE L'EXCMO. AJUNTAMENT D'ELX <\/span> <span><a class=\"enlaces-link\" target='_blank'href=\"https:\/\/sede.elche.es\/sta\/docs\/GetDocumentServlet?CUD=15246021337053354007&amp;HASH_CUD=7ad48f100aa28436fdc8a53c71a92693531c0f2e&amp;APP_CODE=STA \">Veure enlla\u00e7<\/a><\/span>\r\n        <br>\r\n        <span class=\"enlaces-descripcion\">En compliment de la legislaci\u00f3 de r\u00e8gim local s'aprova el Reglament Org\u00e0nic de Districtes, amb la finalitat d'impulsar i desenrotllar la participaci\u00f3 dels ve\u00efns en la gesti\u00f3 dels assumptes municipals.<\/span>\r\n        <\/p>\r\n        <hr class=\"enlaces-separador\">\r\n        [\/vc_column][\/vc_row][vc_row full_width=&#8221;stretch_row&#8221;][vc_column]<div class=\"sc_content content_wrap\"><div class=\"columns_wrap sc_columns columns_nofluid sc_columns_count_2 history \"><div class=\"column-1_2 sc_column_item sc_column_item_1 odd first\"><h3 class=\"sc_title sc_title_regular margin_top_small margin_bottom_tiny\" style=\"margin-top: 4.05em;margin-bottom: 1.35em;\">PARTICIPACI\u00d3 CIUTADANA<\/h3>[vc_column_text css=&#8221;.vc_custom_1548070646580{padding-bottom: 80px !important;}&#8221; el_class=&#8221;short_text&#8221;]La Regidoria de Participaci\u00f3 Ciutadana t\u00e9 com a objectius el foment de la participaci\u00f3 ciutadana a trav\u00e9s de diferents processos tals com el\u00a0Pressupost\u00a0Participatiu\u00a0o la participaci\u00f3 ciutadana en el ple, la gesti\u00f3 del registre d&#8217;entitats ciutadanes, el suport i assessorament al teixit associatiu i el suport a les associacions ve\u00efnals, entre altres.[\/vc_column_text]<a href=\"https:\/\/www.elche.es\/va\/download\/guia-per-a-la-constitucio-duna-associacio\/?wpdmdl=232228&refresh=63c974af9981f1674146991\" class=\"sc_button sc_button_square sc_button_style_filled style_original sc_button_size_small margin_top_tiny\">Guia per a la constituci\u00f3 d&#8217;una associaci\u00f3<\/a><a href=\"https:\/\/www.elche.es\/va\/participacio-ciutadana\/associacionisme\/registre-municipal-dentitats-ciutadanes\/\" class=\"sc_button sc_button_square sc_button_style_filled style_original sc_button_size_small alignleft margin_top_tiny\">Registre d&#8217;entitats ciutadanes<\/a><a href=\"https:\/\/www.elche.es\/wp-content\/uploads\/2017\/01\/Reglamento-organico-participacion-ciudadana-2010.pdf\" target=\"blank\" class=\"sc_button sc_button_square sc_button_style_filled style_original sc_button_size_small margin_top_tiny\">Reglament org\u00e0nic de participaci\u00f3 ciutadana<\/a><a href=\"https:\/\/www.elche.es\/wp-content\/uploads\/2021\/04\/TEXTO_NORMAS_PARTICIPACION_CIUDADANA_EN_EL_PLENO.pdf\" target=\"blank\" class=\"sc_button sc_button_square sc_button_style_filled style_original sc_button_size_small margin_top_tiny\">Normas para ordenar la participaci\u00f3n ciudadana en los plenos municipales<\/a><a href=\"https:\/\/gvaparticipa.gva.es\/?locale=val\" target=\"blank\" class=\"sc_button sc_button_square sc_button_style_filled style_original sc_button_size_small margin_top_small\">Enlla\u00e7 al Portal de Participaci\u00f3 de la Generalitat Valenciana<\/a><\/div><div class=\"column-1_2 sc_column_item sc_column_item_2 even\">[vc_empty_space height=&#8221;60px&#8221;][sbs_wpb_openstreetmap map_style=&#8221;OpenStreetMap.DE&#8221; external_link_openstreetmap=&#8221;&#8221; ctrl_mouse_zoom=&#8221;true&#8221; latitude=&#8221;38.2656296&#8243; longitude=&#8221;-0.6990693&#8243;][sbs_wpb_marker marker_source=&#8221;coordinates&#8221; marker_color=&#8221;red&#8221; marker_latitude=&#8221;38.2656296&#8243; marker_longitude=&#8221;-0.6990693&#8243;][\/sbs_wpb_marker][\/sbs_wpb_openstreetmap][vc_empty_space height=&#8221;15px&#8221;]<div id='modulo_datos_contacto'> <p class='titulo_datos_contacto'>Dades de contacte <\/p> <hr><p class=\"contactoArea\"> <i class=\"fa fa-map-marker\" aria-hidden=\"true\"><\/i>Pla\u00e7a Men\u00e9ndez Pelayo, 2, 1r, 03202 Elx, Alacant<\/p><p class=\"contactoArea\"><i class=\"fa fa-phone\" aria-hidden=\"true\"><\/i>966 658 280<\/p><p class=\"contactoArea\"><i class=\"fa fa-envelope\" aria-hidden=\"true\"><\/i><a href=\"mailto:participacio@elx.es\"> participacio@elx.es<\/a><\/p><div id='contacto-rrss'><span  style=\" padding-left: 0px; \" class=\"contactoArea rrss\"><a target=\"_blank\" href=\"https:\/\/www.facebook.com\/Elx-Participa-1915403308681238\/?fref=ts\"> <i class=\"fa fa-facebook-square\" aria-hidden=\"true\"><\/i><\/a><\/span><span style=\" padding-left: 0px; \" class=\"contactoArea rrss\"><a target=\"_blank\" href=\"https:\/\/twitter.com\/ElxParticipa\"><i class=\"fa fa-twitter\" aria-hidden=\"true\"><\/i><\/a><\/span><\/div><\/div><\/div><\/div><\/div>[\/vc_column][\/vc_row][vc_row][vc_column][vc_empty_space height=&#8221;60px&#8221;][\/vc_column][\/vc_row][vc_row full_width=&#8221;stretch_row&#8221; css=&#8221;.vc_custom_1643978621737{padding-top: 0px !important;padding-bottom: 20px !important;background-color: #dddcdf !important;}&#8221; el_class=&#8221;primer&#8221; el_id=&#8221;bloque_noticias&#8221;][vc_column][vc_row_inner css=&#8221;.vc_custom_1643979848962{padding-top: 50px !important;padding-bottom: 30px !important;padding-left: 0px !important;}&#8221;][vc_column_inner css=&#8221;.vc_custom_1643979907327{padding-left: 0px !important;}&#8221;]<h3 class=\"sc_title sc_title_regular sc_align_left margin_top_null margin_bottom_null margin_left_null\" style=\"text-align:left;\">Not\u00edcies<\/h3>[\/vc_column_inner][\/vc_row_inner][vc_row_inner css=&#8221;.vc_custom_1643980172892{background-color: #ffffff !important;}&#8221; el_class=&#8221;cuadro2noticias&#8221;][vc_column_inner width=&#8221;1\/3&#8243; css=&#8221;.vc_custom_1643980182920{padding-top: 18px !important;}&#8221;]<div id=\"sc_blogger_780131976\" class=\"sc_blogger layout_expert template_expert noticiashometop   sc_blogger_horizontal\">\t\t<div class=\"post_item post_item_expert post_featured_default post_format_standard odd last post-344913 post type-post status-publish format-standard has-post-thumbnail hentry category-home-va category-noticias-va category-participacio-ciutadana-va\">\n\t\t\t\t\t\t\t<div class=\"post_featured\">\n\t\t\t\t\t<div class=\"post_thumb\" data-image=\"https:\/\/www.elche.es\/wp-content\/uploads\/2025\/10\/Dia-de-la-Hispanidad-2025.jpg\" data-title=\"Elx celebra del 10 al 12 d\u2019octubre les festes de la Hispanitat de la Comunitat Valenciana\">\n\t<a class=\"hover_icon hover_icon_link\" href=\"https:\/\/www.elche.es\/va\/2025\/10\/elx-celebra-del-10-al-12-doctubre-les-festes-de-la-hispanitat-de-la-comunitat-valenciana\/\"><img loading=\"lazy\" decoding=\"async\" class=\"wp-post-image\" width=\"370\" height=\"250\" alt=\"Elx celebra del 10 al 12 d\u2019octubre les festes de la Hispanitat de la Comunitat Valenciana\" src=\"https:\/\/www.elche.es\/wp-content\/uploads\/2025\/10\/Dia-de-la-Hispanidad-2025-370x250.jpg\"><\/a>\t<\/div>\n\t\t\t\t\t<\/div>\n\t\t\t\t\n\t\t\t<div class=\"post_content clearfix\">\n                    <div class=\"post_info\">\n            <span\n            class=\"post_info_item post_info_posted\">            <a href=\"https:\/\/www.elche.es\/va\/2025\/10\/elx-celebra-del-10-al-12-doctubre-les-festes-de-la-hispanitat-de-la-comunitat-valenciana\/\"\n               class=\"post_info_date\">6 Octubre, 2025<\/a><\/span>\n        <\/div>\n<h5 class=\"post_title\"><a href=\"https:\/\/www.elche.es\/va\/2025\/10\/elx-celebra-del-10-al-12-doctubre-les-festes-de-la-hispanitat-de-la-comunitat-valenciana\/\">Elx celebra del 10 al 12 d\u2019octubre les festes de la Hispanitat de la Comunitat Valenciana<\/a><\/h5>\n\t\t\t\t<div class=\"post_descr\">\n\t\t\t\t<p>[vc_row el_id=&#8221;SUBTITULAR_NOTICIA&#8221;][vc_column][vc_column_text css=&#8221;&#8221;] El programa inclou...<\/p><a href=\"https:\/\/www.elche.es\/va\/2025\/10\/elx-celebra-del-10-al-12-doctubre-les-festes-de-la-hispanitat-de-la-comunitat-valenciana\/\" class=\"post_readmore\">Leer m\u00e1s<\/a>    <div class=\"post_info\">\n            \n           \n        <\/div>\n\t\t\t\t<\/div>\n\n\t\t\t<\/div>\t<!-- \/.post_content -->\n\n\t\t<\/div>\t<!-- \/.post_item -->\n\n\t<\/div>[\/vc_column_inner][vc_column_inner width=&#8221;1\/3&#8243; css=&#8221;.vc_custom_1643980191591{padding-top: 18px !important;}&#8221;]<div id=\"sc_blogger_944445510\" class=\"sc_blogger layout_expert template_expert noticiashometop   sc_blogger_horizontal\">\t\t<div class=\"post_item post_item_expert post_featured_default post_format_standard odd last post-342161 post type-post status-publish format-standard has-post-thumbnail hentry category-festes-va category-home-va category-participacio-ciutadana-va\">\n\t\t\t\t\t\t\t<div class=\"post_featured\">\n\t\t\t\t\t<div class=\"post_thumb\" data-image=\"https:\/\/www.elche.es\/wp-content\/uploads\/2025\/08\/sorteo-entradas-NOTA.jpg\" data-title=\"M\u00e9s de 1.600 persones participen en el sorteig de localitats per als actes de les Festes d&#8217;Agost\">\n\t<a class=\"hover_icon hover_icon_link\" href=\"https:\/\/www.elche.es\/va\/2025\/08\/mas-de-1-600-personas-participan-en-el-sorteo-de-localidades-para-los-actos-de-las-fiestas-de-agosto\/\"><img loading=\"lazy\" decoding=\"async\" class=\"wp-post-image\" width=\"370\" height=\"250\" alt=\"M\u00e9s de 1.600 persones participen en el sorteig de localitats per als actes de les Festes d&#8217;Agost\" src=\"https:\/\/www.elche.es\/wp-content\/uploads\/2025\/08\/sorteo-entradas-NOTA-370x250.jpg\"><\/a>\t<\/div>\n\t\t\t\t\t<\/div>\n\t\t\t\t\n\t\t\t<div class=\"post_content clearfix\">\n                    <div class=\"post_info\">\n            <span\n            class=\"post_info_item post_info_posted\">            <a href=\"https:\/\/www.elche.es\/va\/2025\/08\/mas-de-1-600-personas-participan-en-el-sorteo-de-localidades-para-los-actos-de-las-fiestas-de-agosto\/\"\n               class=\"post_info_date\">1 Agost, 2025<\/a><\/span>\n        <\/div>\n<h5 class=\"post_title\"><a href=\"https:\/\/www.elche.es\/va\/2025\/08\/mas-de-1-600-personas-participan-en-el-sorteo-de-localidades-para-los-actos-de-las-fiestas-de-agosto\/\">M\u00e9s de 1.600 persones participen en el sorteig de localitats per als actes de les Festes d&#8217;Agost<\/a><\/h5>\n\t\t\t\t<div class=\"post_descr\">\n\t\t\t\t<p>[vc_row el_id=&#8221;SUBTITULAR_NOTICIA&#8221;][vc_column][vc_column_text css=&#8221;&#8221;] El sorteig s&#8217;ha...<\/p><a href=\"https:\/\/www.elche.es\/va\/2025\/08\/mas-de-1-600-personas-participan-en-el-sorteo-de-localidades-para-los-actos-de-las-fiestas-de-agosto\/\" class=\"post_readmore\">Leer m\u00e1s<\/a>    <div class=\"post_info\">\n            \n           \n        <\/div>\n\t\t\t\t<\/div>\n\n\t\t\t<\/div>\t<!-- \/.post_content -->\n\n\t\t<\/div>\t<!-- \/.post_item -->\n\n\t<\/div>[\/vc_column_inner][vc_column_inner width=&#8221;1\/3&#8243; css=&#8221;.vc_custom_1643980201060{padding-top: 18px !important;}&#8221;]<div id=\"sc_blogger_419377650\" class=\"sc_blogger layout_expert template_expert noticiashometop   sc_blogger_horizontal\">\t\t<div class=\"post_item post_item_expert post_featured_default post_format_standard odd last post-339988 post type-post status-publish format-standard has-post-thumbnail hentry category-home-va category-noticias-va category-participacio-ciutadana-va\">\n\t\t\t\t\t\t\t<div class=\"post_featured\">\n\t\t\t\t\t<div class=\"post_thumb\" data-image=\"https:\/\/www.elche.es\/wp-content\/uploads\/2025\/07\/foto-1.jpg\" data-title=\"Alumnes de l\u2019IES Carr\u00fas elaboren la nova Guia F\u00e0cil per a la Constituci\u00f3 d\u2019una Associaci\u00f3\">\n\t<a class=\"hover_icon hover_icon_link\" href=\"https:\/\/www.elche.es\/va\/2025\/07\/alumnes-de-lies-carrus-elaboren-la-nova-guia-facil-per-a-la-constitucio-duna-associacio\/\"><img loading=\"lazy\" decoding=\"async\" class=\"wp-post-image\" width=\"370\" height=\"250\" alt=\"Alumnes de l\u2019IES Carr\u00fas elaboren la nova Guia F\u00e0cil per a la Constituci\u00f3 d\u2019una Associaci\u00f3\" src=\"https:\/\/www.elche.es\/wp-content\/uploads\/2025\/07\/foto-1-370x250.jpg\"><\/a>\t<\/div>\n\t\t\t\t\t<\/div>\n\t\t\t\t\n\t\t\t<div class=\"post_content clearfix\">\n                    <div class=\"post_info\">\n            <span\n            class=\"post_info_item post_info_posted\">            <a href=\"https:\/\/www.elche.es\/va\/2025\/07\/alumnes-de-lies-carrus-elaboren-la-nova-guia-facil-per-a-la-constitucio-duna-associacio\/\"\n               class=\"post_info_date\">1 Juliol, 2025<\/a><\/span>\n        <\/div>\n<h5 class=\"post_title\"><a href=\"https:\/\/www.elche.es\/va\/2025\/07\/alumnes-de-lies-carrus-elaboren-la-nova-guia-facil-per-a-la-constitucio-duna-associacio\/\">Alumnes de l\u2019IES Carr\u00fas elaboren la nova Guia F\u00e0cil per a la Constituci\u00f3 d\u2019una Associaci\u00f3<\/a><\/h5>\n\t\t\t\t<div class=\"post_descr\">\n\t\t\t\t<p>[vc_row el_id=&#8221;SUBTITULAR_NOTICIA&#8221;][vc_column][vc_column_text css=&#8221;&#8221;] Un recurs pr\u00e0ctic...<\/p><a href=\"https:\/\/www.elche.es\/va\/2025\/07\/alumnes-de-lies-carrus-elaboren-la-nova-guia-facil-per-a-la-constitucio-duna-associacio\/\" class=\"post_readmore\">Leer m\u00e1s<\/a>    <div class=\"post_info\">\n            \n           \n        <\/div>\n\t\t\t\t<\/div>\n\n\t\t\t<\/div>\t<!-- \/.post_content -->\n\n\t\t<\/div>\t<!-- \/.post_item -->\n\n\t<\/div>[\/vc_column_inner][\/vc_row_inner][vc_row_inner][vc_column_inner width=&#8221;1\/2&#8243; css=&#8221;.vc_custom_1643979337344{padding-top: 18px !important;padding-right: 0px !important;padding-left: 0px !important;}&#8221;]<div id=\"noticiasmini\" class=\"sc_blogger layout_expert template_expert  sc_blogger_vertical\">\t\t<div class=\"post_item post_item_expert post_featured_default post_format_standard odd post-317440 post type-post status-publish format-standard has-post-thumbnail hentry category-drets-socials category-infancia-i-familia category-home-va category-noticias-va category-participacio-ciutadana-va category-recursos-humans-va\">\n\t\t\t\t\t\t\t<div class=\"post_featured\">\n\t\t\t\t\t<div class=\"post_thumb\" data-image=\"https:\/\/www.elche.es\/wp-content\/uploads\/2024\/11\/Derechos-ninos.png\" data-title=\"Elx se suma a la defensa dels drets de la inf\u00e0ncia\">\n\t<a class=\"hover_icon hover_icon_link\" href=\"https:\/\/www.elche.es\/va\/2024\/11\/elx-se-suma-a-la-defensa-dels-drets-de-la-infancia\/\"><img loading=\"lazy\" decoding=\"async\" class=\"wp-post-image\" width=\"370\" height=\"250\" alt=\"Elx se suma a la defensa dels drets de la inf\u00e0ncia\" src=\"https:\/\/www.elche.es\/wp-content\/uploads\/2024\/11\/Derechos-ninos-370x250.png\"><\/a>\t<\/div>\n\t\t\t\t\t<\/div>\n\t\t\t\t\n\t\t\t<div class=\"post_content clearfix\">\n                    <div class=\"post_info\">\n            <span\n            class=\"post_info_item post_info_posted\">            <a href=\"https:\/\/www.elche.es\/va\/2024\/11\/elx-se-suma-a-la-defensa-dels-drets-de-la-infancia\/\"\n               class=\"post_info_date\">20 Novembre, 2024<\/a><\/span>\n        <\/div>\n<h5 class=\"post_title\"><a href=\"https:\/\/www.elche.es\/va\/2024\/11\/elx-se-suma-a-la-defensa-dels-drets-de-la-infancia\/\">Elx se suma a la defensa dels drets de la inf\u00e0ncia<\/a><\/h5>\n\t\t\t\t<div class=\"post_descr\">\n\t\t\t\t<p>[vc_row el_id=&#8221;SUBTITULAR_NOTICIA&#8221;][vc_column][vc_column_text] L&#8217;Ajuntament ha reiterat el seu...<\/p><a href=\"https:\/\/www.elche.es\/va\/2024\/11\/elx-se-suma-a-la-defensa-dels-drets-de-la-infancia\/\" class=\"post_readmore\">Leer m\u00e1s<\/a>    <div class=\"post_info\">\n            \n           \n        <\/div>\n\t\t\t\t<\/div>\n\n\t\t\t<\/div>\t<!-- \/.post_content -->\n\n\t\t<\/div>\t<!-- \/.post_item -->\n\n\t\t\t<div class=\"post_item post_item_expert post_featured_default post_format_standard even post-314201 post type-post status-publish format-standard has-post-thumbnail hentry category-breus category-home-va category-participacio-ciutadana-va\">\n\t\t\t\t\t\t\t<div class=\"post_featured\">\n\t\t\t\t\t<div class=\"post_thumb\" data-image=\"https:\/\/www.elche.es\/wp-content\/uploads\/2024\/10\/sorteo-misteri-768x444-val.jpg\" data-title=\"Prop de 2.000 persones s&#8217;inscriuen al sorteig de localitats del Misteri d\u2019Elx\">\n\t<a class=\"hover_icon hover_icon_link\" href=\"https:\/\/www.elche.es\/va\/2024\/10\/prop-de-2-000-persones-sinscriuen-al-sorteig-de-localitats-del-misteri-delx\/\"><img loading=\"lazy\" decoding=\"async\" class=\"wp-post-image\" width=\"370\" height=\"250\" alt=\"Prop de 2.000 persones s&#8217;inscriuen al sorteig de localitats del Misteri d\u2019Elx\" src=\"https:\/\/www.elche.es\/wp-content\/uploads\/2024\/10\/sorteo-misteri-768x444-val-370x250.jpg\"><\/a>\t<\/div>\n\t\t\t\t\t<\/div>\n\t\t\t\t\n\t\t\t<div class=\"post_content clearfix\">\n                    <div class=\"post_info\">\n            <span\n            class=\"post_info_item post_info_posted\">            <a href=\"https:\/\/www.elche.es\/va\/2024\/10\/prop-de-2-000-persones-sinscriuen-al-sorteig-de-localitats-del-misteri-delx\/\"\n               class=\"post_info_date\">17 Octubre, 2024<\/a><\/span>\n        <\/div>\n<h5 class=\"post_title\"><a href=\"https:\/\/www.elche.es\/va\/2024\/10\/prop-de-2-000-persones-sinscriuen-al-sorteig-de-localitats-del-misteri-delx\/\">Prop de 2.000 persones s&#8217;inscriuen al sorteig de localitats del Misteri d\u2019Elx<\/a><\/h5>\n\t\t\t\t<div class=\"post_descr\">\n\t\t\t\t<p>[vc_row el_id=&#8221;SUBTITULAR_NOTICIA&#8221;][vc_column][vc_column_text] Els agraciats amb entrada doble per a...<\/p><a href=\"https:\/\/www.elche.es\/va\/2024\/10\/prop-de-2-000-persones-sinscriuen-al-sorteig-de-localitats-del-misteri-delx\/\" class=\"post_readmore\">Leer m\u00e1s<\/a>    <div class=\"post_info\">\n            \n           \n        <\/div>\n\t\t\t\t<\/div>\n\n\t\t\t<\/div>\t<!-- \/.post_content -->\n\n\t\t<\/div>\t<!-- \/.post_item -->\n\n\t\t\t<div class=\"post_item post_item_expert post_featured_default post_format_standard odd last post-279269 post type-post status-publish format-standard has-post-thumbnail hentry category-districtes category-home-va category-noticias-va category-participacio-ciutadana-va category-pedania\">\n\t\t\t\t\t\t\t<div class=\"post_featured\">\n\t\t\t\t\t<div class=\"post_thumb\" data-image=\"https:\/\/www.elche.es\/wp-content\/uploads\/2024\/03\/RP-DISTRITOS-1.jpg\" data-title=\"L&#8217;Ajuntament celebrar\u00e0 una consulta per al nomenament d&#8217;alcaldes pedanis el 28 d&#8217;abril\">\n\t<a class=\"hover_icon hover_icon_link\" href=\"https:\/\/www.elche.es\/va\/2024\/03\/lajuntament-celebrara-una-consulta-per-al-nomenament-dalcaldes-pedanis-el-28-dabril\/\"><img loading=\"lazy\" decoding=\"async\" class=\"wp-post-image\" width=\"370\" height=\"250\" alt=\"L&#8217;Ajuntament celebrar\u00e0 una consulta per al nomenament d&#8217;alcaldes pedanis el 28 d&#8217;abril\" src=\"https:\/\/www.elche.es\/wp-content\/uploads\/2024\/03\/RP-DISTRITOS-1-370x250.jpg\"><\/a>\t<\/div>\n\t\t\t\t\t<\/div>\n\t\t\t\t\n\t\t\t<div class=\"post_content clearfix\">\n                    <div class=\"post_info\">\n            <span\n            class=\"post_info_item post_info_posted\">            <a href=\"https:\/\/www.elche.es\/va\/2024\/03\/lajuntament-celebrara-una-consulta-per-al-nomenament-dalcaldes-pedanis-el-28-dabril\/\"\n               class=\"post_info_date\">13 Mar\u00e7, 2024<\/a><\/span>\n        <\/div>\n<h5 class=\"post_title\"><a href=\"https:\/\/www.elche.es\/va\/2024\/03\/lajuntament-celebrara-una-consulta-per-al-nomenament-dalcaldes-pedanis-el-28-dabril\/\">L&#8217;Ajuntament celebrar\u00e0 una consulta per al nomenament d&#8217;alcaldes pedanis el 28 d&#8217;abril<\/a><\/h5>\n\t\t\t\t<div class=\"post_descr\">\n\t\t\t\t<p>[vc_row type=&#8221;square&#8221; style_color=&#8221;original&#8221; style=&#8221;filled&#8221...<\/p><a href=\"https:\/\/www.elche.es\/va\/2024\/03\/lajuntament-celebrara-una-consulta-per-al-nomenament-dalcaldes-pedanis-el-28-dabril\/\" class=\"post_readmore\">Leer m\u00e1s<\/a>    <div class=\"post_info\">\n            \n           \n        <\/div>\n\t\t\t\t<\/div>\n\n\t\t\t<\/div>\t<!-- \/.post_content -->\n\n\t\t<\/div>\t<!-- \/.post_item -->\n\n\t<\/div>[\/vc_column_inner][vc_column_inner width=&#8221;1\/2&#8243; css=&#8221;.vc_custom_1643979283458{padding-top: 18px !important;padding-right: 0px !important;padding-left: 0px !important;}&#8221;]<div id=\"noticiasmini\" class=\"sc_blogger layout_expert template_expert  sc_blogger_vertical\">\t\t<div class=\"post_item post_item_expert post_featured_default post_format_standard odd post-270642 post type-post status-publish format-standard has-post-thumbnail hentry category-participacio-ciutadana-va category-pedania\">\n\t\t\t\t\t\t\t<div class=\"post_featured\">\n\t\t\t\t\t<div class=\"post_thumb\" data-image=\"https:\/\/www.elche.es\/wp-content\/uploads\/2023\/12\/NOTA-DE-PRENSA-XV-ANIVERSARIO-INAUGURACION-CENTRO-SOCIOCULTURAL-LA-VALLVERDA.jpg\" data-title=\"XV Aniversari inauguraci\u00f3 Centre Sociocultural La Vallverda\">\n\t<a class=\"hover_icon hover_icon_link\" href=\"https:\/\/www.elche.es\/va\/2023\/12\/xv-aniversari-inauguracio-centre-sociocultural-la-vallverda\/\"><img loading=\"lazy\" decoding=\"async\" class=\"wp-post-image\" width=\"370\" height=\"250\" alt=\"XV Aniversari inauguraci\u00f3 Centre Sociocultural La Vallverda\" src=\"https:\/\/www.elche.es\/wp-content\/uploads\/2023\/12\/NOTA-DE-PRENSA-XV-ANIVERSARIO-INAUGURACION-CENTRO-SOCIOCULTURAL-LA-VALLVERDA-370x250.jpg\"><\/a>\t<\/div>\n\t\t\t\t\t<\/div>\n\t\t\t\t\n\t\t\t<div class=\"post_content clearfix\">\n                    <div class=\"post_info\">\n            <span\n            class=\"post_info_item post_info_posted\">            <a href=\"https:\/\/www.elche.es\/va\/2023\/12\/xv-aniversari-inauguracio-centre-sociocultural-la-vallverda\/\"\n               class=\"post_info_date\">13 Desembre, 2023<\/a><\/span>\n        <\/div>\n<h5 class=\"post_title\"><a href=\"https:\/\/www.elche.es\/va\/2023\/12\/xv-aniversari-inauguracio-centre-sociocultural-la-vallverda\/\">XV Aniversari inauguraci\u00f3 Centre Sociocultural La Vallverda<\/a><\/h5>\n\t\t\t\t<div class=\"post_descr\">\n\t\t\t\t<p>[vc_row][vc_column][vc_single_image image=&#8221;270629&#8243; img_size=&#8221;full&#8221...<\/p><a href=\"https:\/\/www.elche.es\/va\/2023\/12\/xv-aniversari-inauguracio-centre-sociocultural-la-vallverda\/\" class=\"post_readmore\">Leer m\u00e1s<\/a>    <div class=\"post_info\">\n            \n           \n        <\/div>\n\t\t\t\t<\/div>\n\n\t\t\t<\/div>\t<!-- \/.post_content -->\n\n\t\t<\/div>\t<!-- \/.post_item -->\n\n\t\t\t<div class=\"post_item post_item_expert post_featured_default post_format_standard even post-265970 post type-post status-publish format-standard has-post-thumbnail hentry category-home-va category-joventut category-noticias-va category-participacio-ciutadana-va\">\n\t\t\t\t\t\t\t<div class=\"post_featured\">\n\t\t\t\t\t<div class=\"post_thumb\" data-image=\"https:\/\/www.elche.es\/wp-content\/uploads\/2023\/10\/FENT-ELX.jpg\" data-title=\"La Foia acull este dissabte la I Jornada d&#8217;Associacionisme i Joventut\">\n\t<a class=\"hover_icon hover_icon_link\" href=\"https:\/\/www.elche.es\/va\/2023\/10\/la-foia-acull-este-dissabte-la-i-jornada-dassociacionisme-i-joventut\/\"><img loading=\"lazy\" decoding=\"async\" class=\"wp-post-image\" width=\"370\" height=\"250\" alt=\"La Foia acull este dissabte la I Jornada d&#8217;Associacionisme i Joventut\" src=\"https:\/\/www.elche.es\/wp-content\/uploads\/2023\/10\/FENT-ELX-370x250.jpg\"><\/a>\t<\/div>\n\t\t\t\t\t<\/div>\n\t\t\t\t\n\t\t\t<div class=\"post_content clearfix\">\n                    <div class=\"post_info\">\n            <span\n            class=\"post_info_item post_info_posted\">            <a href=\"https:\/\/www.elche.es\/va\/2023\/10\/la-foia-acull-este-dissabte-la-i-jornada-dassociacionisme-i-joventut\/\"\n               class=\"post_info_date\">13 Octubre, 2023<\/a><\/span>\n        <\/div>\n<h5 class=\"post_title\"><a href=\"https:\/\/www.elche.es\/va\/2023\/10\/la-foia-acull-este-dissabte-la-i-jornada-dassociacionisme-i-joventut\/\">La Foia acull este dissabte la I Jornada d&#8217;Associacionisme i Joventut<\/a><\/h5>\n\t\t\t\t<div class=\"post_descr\">\n\t\t\t\t<p>[vc_row type=&#8221;square&#8221; style_color=&#8221;original&#8221; style=&#8221;filled&#8221...<\/p><a href=\"https:\/\/www.elche.es\/va\/2023\/10\/la-foia-acull-este-dissabte-la-i-jornada-dassociacionisme-i-joventut\/\" class=\"post_readmore\">Leer m\u00e1s<\/a>    <div class=\"post_info\">\n            \n           \n        <\/div>\n\t\t\t\t<\/div>\n\n\t\t\t<\/div>\t<!-- \/.post_content -->\n\n\t\t<\/div>\t<!-- \/.post_item -->\n\n\t\t\t<div class=\"post_item post_item_expert post_featured_default post_format_standard odd last post-259292 post type-post status-publish format-standard has-post-thumbnail hentry category-home-va category-noticias-va category-participacio-ciutadana-va\">\n\t\t\t\t\t\t\t<div class=\"post_featured\">\n\t\t\t\t\t<div class=\"post_thumb\" data-image=\"https:\/\/www.elche.es\/wp-content\/uploads\/2022\/11\/Misteri-Festa-0042-scaled.jpg\" data-title=\"Prop de 5.000 persones s&#8217;inscriuen en el sorteig de localitats dels actes de les festes d&#8217;agost\">\n\t<a class=\"hover_icon hover_icon_link\" href=\"https:\/\/www.elche.es\/va\/2023\/08\/prop-de-5-000-persones-sinscriuen-en-el-sorteig-de-localitats-dels-actes-de-les-festes-dagost\/\"><img loading=\"lazy\" decoding=\"async\" class=\"wp-post-image\" width=\"370\" height=\"250\" alt=\"Prop de 5.000 persones s&#8217;inscriuen en el sorteig de localitats dels actes de les festes d&#8217;agost\" src=\"https:\/\/www.elche.es\/wp-content\/uploads\/2022\/11\/Misteri-Festa-0042-scaled-370x250.jpg\"><\/a>\t<\/div>\n\t\t\t\t\t<\/div>\n\t\t\t\t\n\t\t\t<div class=\"post_content clearfix\">\n                    <div class=\"post_info\">\n            <span\n            class=\"post_info_item post_info_posted\">            <a href=\"https:\/\/www.elche.es\/va\/2023\/08\/prop-de-5-000-persones-sinscriuen-en-el-sorteig-de-localitats-dels-actes-de-les-festes-dagost\/\"\n               class=\"post_info_date\">2 Agost, 2023<\/a><\/span>\n        <\/div>\n<h5 class=\"post_title\"><a href=\"https:\/\/www.elche.es\/va\/2023\/08\/prop-de-5-000-persones-sinscriuen-en-el-sorteig-de-localitats-dels-actes-de-les-festes-dagost\/\">Prop de 5.000 persones s&#8217;inscriuen en el sorteig de localitats dels actes de les festes d&#8217;agost<\/a><\/h5>\n\t\t\t\t<div class=\"post_descr\">\n\t\t\t\t<p>[vc_row el_id=&#8221;SUBTITULAR_NOTICIA&#8221;][vc_column][vc_column_text] Els resultats ja estan publicats en la...<\/p><a href=\"https:\/\/www.elche.es\/va\/2023\/08\/prop-de-5-000-persones-sinscriuen-en-el-sorteig-de-localitats-dels-actes-de-les-festes-dagost\/\" class=\"post_readmore\">Leer m\u00e1s<\/a>    <div class=\"post_info\">\n            \n           \n        <\/div>\n\t\t\t\t<\/div>\n\n\t\t\t<\/div>\t<!-- \/.post_content -->\n\n\t\t<\/div>\t<!-- \/.post_item -->\n\n\t<\/div>[\/vc_column_inner][\/vc_row_inner][vc_row_inner][vc_column_inner css=&#8221;.vc_custom_1643978891899{padding-right: 0px !important;padding-left: 0px !important;}&#8221;]<a href=\"https:\/\/www.elche.es\/va\/categoria\/participacio-ciutadana-va\/\" class=\"sc_button sc_button_square sc_button_style_filled style_original sc_button_size_small boton3d margin_top_medium\">M\u00e9s not\u00edcies<\/a>[\/vc_column_inner][\/vc_row_inner][\/vc_column][\/vc_row][vc_row css=&#8221;.vc_custom_1667894808376{margin-top: 80px !important;margin-bottom: 80px !important;}&#8221;][vc_column width=&#8221;1\/3&#8243;][vc_single_image image=&#8221;172470&#8243; img_size=&#8221;full&#8221; alignment=&#8221;center&#8221; el_class=&#8221;w90porcentaje&#8221;][\/vc_column][vc_column width=&#8221;1\/3&#8243;][vc_single_image image=&#8221;221408&#8243; img_size=&#8221;full&#8221; alignment=&#8221;center&#8221; css=&#8221;.vc_custom_1667893382123{margin-top: 30px !important;}&#8221;][vc_single_image image=&#8221;172472&#8243; img_size=&#8221;full&#8221; alignment=&#8221;center&#8221; el_class=&#8221;oculto&#8221;][\/vc_column][vc_column width=&#8221;1\/3&#8243;][vc_single_image image=&#8221;172478&#8243; img_size=&#8221;full&#8221; alignment=&#8221;center&#8221; onclick=&#8221;custom_link&#8221; img_link_target=&#8221;_blank&#8221; link=&#8221;https:\/\/www.elche.es\/2021\/10\/el-ayuntamiento-de-elche-premiado-con-el-sello-infoparticipa-por-tercera-vez-consecutiva-por-la-transparencia-de-su-web-municipal\/&#8221;][\/vc_column][\/vc_row][vc_row full_width=&#8221;stretch_row&#8221; css=&#8221;.vc_custom_1521205922085{padding-top: 50px !important;padding-bottom: 40px !important;background-image: url(https:\/\/www.elche.es\/wp-content\/uploads\/2016\/07\/palmeral.png?id=1044) !important;}&#8221;][vc_column]<h3 class=\"sc_title sc_title_regular sc_align_center margin_top_tiny\" style=\"text-align:center;\">Enlla\u00e7os<\/h3><div id=\"sc_section_643675071\" class=\"sc_section column-1_1\"><div class=\"sc_section_inner sc_scroll_controls sc_scroll_controls_horizontal sc_scroll_controls_type_side\"><div id=\"sc_section_643675071_scroll\" class=\"sc_scroll sc_scroll_horizontal swiper-slider-container scroll-container\" style=\"\"><div class=\"sc_scroll_wrapper swiper-wrapper\"><div class=\"sc_scroll_slide swiper-slide\"><div class=\"columns_wrap sc_columns columns_nofluid sc_columns_count_1\"><div class=\"column-1_1 sc_column_item sc_column_item_1 odd first\">\r\n        <div id=\"enlacesInteresantes\">\r\n            <div class=\"post_item post_item_opportuniti post_item_opportuniti_3 post_format_standard odd\">\r\n               <div class=\"post_featured\">\r\n                  <div class=\"post_thumb\">\r\n                     <a class=\"hover_icon hover_icon_link\" target='_blank' href=\"https:\/\/www.elche.es\/wp-content\/uploads\/2019\/05\/maqueta_programa-2019-val-ligero.pdf\"><img loading=\"lazy\" decoding=\"async\" class=\"wp-post-image\" width=\"740\" height=\"584\" src=\"https:\/\/www.elche.es\/wp-content\/uploads\/2016\/10\/logo-progama.jpg\"><\/a> \r\n                  <\/div>\r\n               <\/div>\r\n               <div class=\"post_content isotope_item_content\">\r\n                  <h4 class=\"post_title\"><a target='_blank' href=\"https:\/\/www.elche.es\/wp-content\/uploads\/2019\/05\/maqueta_programa-2019-val-ligero.pdf\">Elx Participa<\/a><\/h4>\r\n                  <div class=\"post_descr\">\r\n                     <p> <a style=\"color: white;\" target='_blank'href=\"https:\/\/www.elche.es\/wp-content\/uploads\/2019\/05\/maqueta_programa-2019-val-ligero.pdf\">Programaci\u00f3 segona edici\u00f3 de dinamitzaci\u00f3 en barris i pedanies 2019<\/a><\/p>\r\n                  <\/div>\r\n               <\/div>\r\n            <\/div>\r\n       <\/div><\/div><\/div><\/div><\/div><div id=\"sc_section_643675071_scroll_bar\" class=\"sc_scroll_bar sc_scroll_bar_horizontal sc_section_643675071_scroll_bar\"><\/div><\/div><div class=\"sc_scroll_controls_wrap\"><a class=\"sc_scroll_prev\" href=\"#\"><\/a><a class=\"sc_scroll_next\" href=\"#\"><\/a><\/div><\/div><\/div>[\/vc_column][\/vc_row]<\/p>\n<\/div>","protected":false},"excerpt":{"rendered":"<p>[vc_row full_width=&#8221;stretch_row&#8221; css=&#8221;.vc_custom_1652962609145{background-image: url(https:\/\/www.elche.es\/wp-content\/uploads\/2016\/10\/baner-trazado-otro-2.jpg?id=25242) !important;background-position: center !important;background-repeat: no-repeat !important;background-size: cover !important;}&#8221; el_class=&#8221;slidersecciones&#8221;][vc_column][vc_custom_heading text=&#8221;Participaci\u00f3 Ciutadana&#8221; font_container=&#8221;tag:h2|text_align:center|color:%23ffffff&#8221; google_fonts=&#8221;font_family:Ubuntu%3A300%2C300italic%2Cregular%2Citalic%2C500%2C500italic%2C700%2C700italic|font_style:700%20bold%20regular%3A700%3Anormal&#8221; el_class=&#8221;sombraTitulo cabeceramovil&#8221;][\/vc_column][\/vc_row][vc_row full_width=&#8221;stretch_row_content_no_spaces&#8221; css=&#8221;.vc_custom_1475765564344{margin-top: -130px !important;padding-top: 30px !important;padding-right: 30px !important;padding-bottom: 30px !important;padding-left: 30px !important;background-color: [&hellip;]<\/p>\n","protected":false},"author":12,"featured_media":0,"parent":0,"menu_order":0,"comment_status":"closed","ping_status":"closed","template":"","meta":{"footnotes":""},"class_list":["post-6880","page","type-page","status-publish","hentry"],"_links":{"self":[{"href":"https:\/\/www.elche.es\/va\/wp-json\/wp\/v2\/pages\/6880","targetHints":{"allow":["GET"]}}],"collection":[{"href":"https:\/\/www.elche.es\/va\/wp-json\/wp\/v2\/pages"}],"about":[{"href":"https:\/\/www.elche.es\/va\/wp-json\/wp\/v2\/types\/page"}],"author":[{"embeddable":true,"href":"https:\/\/www.elche.es\/va\/wp-json\/wp\/v2\/users\/12"}],"replies":[{"embeddable":true,"href":"https:\/\/www.elche.es\/va\/wp-json\/wp\/v2\/comments?post=6880"}],"version-history":[{"count":5,"href":"https:\/\/www.elche.es\/va\/wp-json\/wp\/v2\/pages\/6880\/revisions"}],"predecessor-version":[{"id":334412,"href":"https:\/\/www.elche.es\/va\/wp-json\/wp\/v2\/pages\/6880\/revisions\/334412"}],"wp:attachment":[{"href":"https:\/\/www.elche.es\/va\/wp-json\/wp\/v2\/media?parent=6880"}],"curies":[{"name":"wp","href":"https:\/\/api.w.org\/{rel}","templated":true}]}}