{"id":6970,"date":"2016-10-27T09:46:30","date_gmt":"2016-10-27T09:46:30","guid":{"rendered":"http:\/\/www.elche.es\/va\/movilidad\/autobus\/"},"modified":"2022-11-10T12:40:12","modified_gmt":"2022-11-10T11:40:12","slug":"autobus","status":"publish","type":"page","link":"https:\/\/www.elche.es\/va\/mobilitat\/autobus\/","title":{"rendered":"Autobusos"},"content":{"rendered":"<div class=\"wpb-content-wrapper\"><p>[vc_row full_width=&#8221;stretch_row&#8221; css=&#8221;.vc_custom_1475488224066{background-color: #dddde0 !important;}&#8221;][vc_column][vc_column_text]<nav aria-label=\"breadcrumbs\">\n            <div class=\"breadcrumb-container theme1\">\n                <ol>\n                                    <\/ol>\n            <\/div>\n        <\/nav>    <script type=\"application\/ld+json\">\n        {\n            \"@context\": \"http:\/\/schema.org\",\n            \"@type\": \"BreadcrumbList\",\n            \"itemListElement\": [\n                            ]\n        }\n    <\/script>\n    <style type=\"text\/css\">\n        .breadcrumb-container {\n            font-size: 13px;\n        }\n\n        .breadcrumb-container ul {\n            margin: 0;\n            padding: 0;\n        }\n\n        .breadcrumb-container li {\n            box-sizing: unset;\n            display: inline-block;\n            margin: 0;\n            padding: 0;\n        }\n\n        .breadcrumb-container li a {\n            box-sizing: unset;\n            padding: 0 10px;\n        }\n\n        .breadcrumb-container {\n            font-size: 3 !important;\n                    }\n\n        .breadcrumb-container li a {\n            color: #0a0a0a !important;\n            font-size: 3 !important;\n            line-height: 3 !important;\n                    }\n\n        .breadcrumb-container li .separator {\n            font-size: 3 !important;\n                    }\n\n        .breadcrumb-container li:last-child .separator {\n            display: none;\n        }\n    <\/style>\n    <style type=\"text\/css\">\n        .breadcrumb-container.theme1 li {\n            margin: 0;\n            padding: 0;\n        }\n        .breadcrumb-container.theme1 a {\n            background: ;\n            display: inline-block;\n            margin: 0 5px;\n            padding: 5px 10px;\n            text-decoration: none;\n        }\n    <\/style>\n        <style type=\"text\/css\">\n            <\/style>\n    <script>\n            <\/script>\n[\/vc_column_text][\/vc_column][\/vc_row][vc_row css=&#8221;.vc_custom_1475488264405{padding-bottom: 40px !important;}&#8221; el_id=&#8221;bloque_basica&#8221;][vc_column]<h3 class=\"sc_title sc_title_regular margin_top_tiny\">Autobusos<\/h3>[vc_single_image image=&#8221;6014&#8243; img_size=&#8221;full&#8221; css=&#8221;.vc_custom_1477561718695{padding-bottom: 20px !important;}&#8221;]<div id=\"sc_tabs_1153803014\" class=\"sc_tabs sc_tabs_style_1\" data-active=\"0\"><ul class=\"sc_tabs_titles\"><li class=\"sc_tabs_title first\"><a href=\"#sc_tab_1484917071_1_48\" class=\"theme_button\" id=\"sc_tab_1484917071_1_48_tab\">Urb\u00e0<\/a><\/li><li class=\"sc_tabs_title\"><a href=\"#sc_tab_1484917071_2_1\" class=\"theme_button\" id=\"sc_tab_1484917071_2_1_tab\">Interurb\u00e0<\/a><\/li><li class=\"sc_tabs_title last\"><a href=\"#sc_tab_1484917351149_4\" class=\"theme_button\" id=\"sc_tab_1484917351149_4_tab\">Pedanies<\/a><\/li><\/ul><div id=\"sc_tab_1484917071_1_48\" class=\"sc_tabs_content odd first\">[vc_column_text css=&#8221;.vc_custom_1646655638774{margin-bottom: 30px !important;}&#8221;]<strong>AUTOB\u00daS URB\u00c0<\/strong><\/p>\n<p>L&#8217;autob\u00fas \u00e9s el mitj\u00e0 de transport urb\u00e0 per excel\u00b7l\u00e8ncia, i tant l&#8217;Ajuntament d&#8217;Elx com AUESA convidem els il\u00b7licitans a valorar els avantatges de moure&#8217;s per la ciutat en un transport r\u00e0pid, segur, c\u00f2mode i respectu\u00f3s amb el medi ambient.<\/p>\n<p>Tots volem una ciutat neta, sense tr\u00e0fic i sense fums i per a a\u00e7\u00f2 \u00e9s imprescindible disposar d&#8217;un bon servei de transport urb\u00e0. Autobusos Urbans d&#8217;Elx SA, ha apostat per un desenvolupament compatible amb el medi ambient i ha participat en diversos projectes europeus, com el Projecte TR\/00048\/95\/\u00c9S\/PO del Programa Thermie el qual est\u00e0 desenvolupat amb l&#8217;objectiu del foment de les energies alternatives i desenvolupament de noves tecnologies per a un \u00fas m\u00e9s racional de l&#8217;energia, estan certificats tant al medi ambient UNE-EN-ISO 14.001, com en qualitat UNE-EN-ISO 9001.[\/vc_column_text]\r\n        <p>\r\n        <span class=\"enlaces-titulo\"> Descarrega l'aplicaci\u00f3 BusElche <\/span> <span><a class=\"enlaces-link\" target='_blank'href=\"https:\/\/play.google.com\/store\/apps\/details?id=org.JavandSoft.BusElche \">Veure enlla\u00e7<\/a><\/span>\r\n        <br>\r\n        <span class=\"enlaces-descripcion\"><\/span>\r\n        <\/p>\r\n        <hr class=\"enlaces-separador\">\r\n        \r\n        <p>\r\n        <span class=\"enlaces-titulo\"> Enlla\u00e7 web AUESA <\/span> <span><a class=\"enlaces-link\" target='_blank'href=\"https:\/\/www.auesa.com\/ca\/ \">Veure enlla\u00e7<\/a><\/span>\r\n        <br>\r\n        <span class=\"enlaces-descripcion\"><\/span>\r\n        <\/p>\r\n        <hr class=\"enlaces-separador\">\r\n        <\/div><div id=\"sc_tab_1484917071_2_1\" class=\"sc_tabs_content even\">[vc_column_text css=&#8221;.vc_custom_1478255808167{margin-top: 30px !important;margin-bottom: 30px !important;}&#8221;]<strong>AUTOB\u00daS INTERURB\u00c0<\/strong><\/p>\n<p>L&#8217;empresa Vectalia connecta la ciutat d&#8217;Elx amb diferents poblacions de la prov\u00edncia, a m\u00e9s de connectar amb les pedanies. Tamb\u00e9 ofereix serveis de connexi\u00f3 amb la Universitat d&#8217;Alacant.[\/vc_column_text]\r\n        <p>\r\n        <span class=\"enlaces-titulo\"> Rutes interurbanes <\/span> <span><a class=\"enlaces-link\" target='_blank'href=\"http:\/\/www.movilidad.vectalia.es\/rutas\/ \">Veure enlla\u00e7<\/a><\/span>\r\n        <br>\r\n        <span class=\"enlaces-descripcion\"><\/span>\r\n        <\/p>\r\n        <hr class=\"enlaces-separador\">\r\n        <\/div><div id=\"sc_tab_1484917351149_4\" class=\"sc_tabs_content odd\">[vc_column_text css=&#8221;.vc_custom_1668080339385{margin-top: 30px !important;}&#8221;]<strong>SERVEI A LES PEDANIES<\/strong><\/p>\n<p>Freq\u00fc\u00e8ncia dels autobusos a les pedanies, des del 21 de gener de 2022.<\/p>\n<p>Aquesta iniciativa \u00e9s una mesura transit\u00f2ria fins que entre en funcionament un nou servei de transport a les pedanies que ser\u00e0 gestionat pel mateix Ajuntament<\/p>\n<p>A partir del 7 de novembre de 2022 entra en vigor una ampliaci\u00f3 dels horaris de les l\u00ednies assenyalades davall. <a href=\"https:\/\/www.elche.es\/wp-content\/uploads\/2022\/03\/horarios-autobuses-pedanias-A4.pdf\" target=\"_blank\" rel=\"noopener\">Consulta ac\u00ed les noves freq\u00fc\u00e8ncies que s&#8217;hi afigen<\/a>.[\/vc_column_text][vc_empty_space][vc_column_text]<span class=\"enlaces-titulo\" tabindex=\"-1\" aria-hidden=\"true\">L\u00ednia 1A: Elx-Parc Empresarial-Torrellano-aeroport<br \/>\nL\u00ednia 1B: Elx-Parc Empresarial-Torrellano-aeroport-l&#8217;Altet-els Arenals del Sol<br \/>\nL\u00ednia 2: Elx-Perleta-el Vincle-la Vallverda-els Bassars-l&#8217;Altet-els Arenals del Sol<br \/>\nL\u00ednia 3: La Baia <\/span><a class=\"enlaces-link\" href=\"https:\/\/www.elche.es\/wp-content\/uploads\/2022\/03\/ANEXO-SUBUS.pdf\" target=\"_blank\" rel=\"noopener\" aria-label=\"Ver enlace L\u00cdNEA 5: ELX-ALGOR\u00d3S-MATOLA \" data-insuit-visibility=\"true\" data-insuit-uuid=\"f6320d51-b72b-46fb-af5e-6ab4113683cb\">Ver enlace<\/a><\/p>\n<p><a href=\"https:\/\/movilidad.vectalia.es\/lineas-regulares\/elche-parque-empresarial-torrellano-aeropuerto-el-altet-arenales-del-sol\/#horario=46&amp;sentido=1\" target=\"_blank\" rel=\"noopener\">Web Grupo SUBUS<\/a><\/p>\n<hr class=\"enlaces-separador\" \/>\n<p>[\/vc_column_text][vc_column_text]<span class=\"enlaces-titulo\" tabindex=\"-1\" aria-hidden=\"true\">L\u00cdNIA 4: 4A: ELX-LA FOIA-LA MARINA i 4B: ELX-NUGOLAT-L&#8217;\u00daRSULA <\/span><a class=\"enlaces-link\" href=\"https:\/\/www.elche.es\/wp-content\/uploads\/2022\/03\/Anexo-LA-INMACULADA.pdf\" target=\"_blank\" rel=\"noopener\" aria-label=\"Ver enlace L\u00cdNEA 5: ELX-ALGOR\u00d3S-MATOLA \" data-insuit-visibility=\"true\" data-insuit-uuid=\"f6320d51-b72b-46fb-af5e-6ab4113683cb\">Ver enlace<\/a><\/p>\n<p><a href=\"https:\/\/www.autocareslainmaculada.es\/\" target=\"_blank\" rel=\"noopener\">Web La Inmaculada<\/a><\/p>\n<hr class=\"enlaces-separador\" \/>\n<p>[\/vc_column_text][vc_column_text]<span class=\"enlaces-titulo\" tabindex=\"-1\" aria-hidden=\"true\">L\u00cdNIA 5: ELX-ALGOR\u00d3S-MATOLA <\/span><a class=\"enlaces-link\" href=\"https:\/\/www.elche.es\/wp-content\/uploads\/2022\/02\/ANEXO-CONVENIO-PEDANIAS-2022-LA-MELILLENSE.pdf\" target=\"_blank\" rel=\"noopener\" aria-label=\"Ver enlace L\u00cdNEA 5: ELX-ALGOR\u00d3S-MATOLA \" data-insuit-visibility=\"true\" data-insuit-uuid=\"f6320d51-b72b-46fb-af5e-6ab4113683cb\">Ver enlace<\/a><\/p>\n<p><a href=\"https:\/\/www.autocaresmelillense.com\/index.php\/servicios\/linea-regular-elche-matola\" target=\"_blank\" rel=\"noopener\">Web La Melillense<\/a><\/p>\n<hr class=\"enlaces-separador\" \/>\n<p>[\/vc_column_text][vc_column_text css=&#8221;.vc_custom_1646655932039{margin-top: 30px !important;}&#8221;]<strong>BUS D\u00b4ESTIU<\/strong><\/p>\n<p>Durant els mesos d&#8217;estiu (de juny a setembre) s&#8217;ofereix un servei diari del bus d&#8217;estiu, que connecta els nuclis de l&#8217;Altet i la Marina amb les seues platges. Aquest servei el presten les empreses que circulen a aquestes pedanies durant tot l&#8217;any.<\/p>\n<p>Les persones que compten amb targeta de bus lliure, targeta daurada o targeta per a persones amb mobilitat redu\u00efda podran fer \u00fas gratu\u00eft d&#8217;aquest transport.<\/p>\n<p><strong>SERVEI P\u00daBLIC MUNICIPAL DE TRANSPORT A PEDANIES<\/strong><\/p>\n<p>El 25 de juny de 2018, l&#8217;Ajuntament d&#8217;Elx en Ple aprova per unanimitat la proposta de creaci\u00f3 del servei p\u00fablic municipal de transport p\u00fablic de viatgers per a la connexi\u00f3 del nucli urb\u00e0 amb les pedanies del terme municipal d&#8217;Elx, aix\u00ed com el <a href=\"https:\/\/www.elche.es\/wp-content\/uploads\/2018\/07\/PROYECTOELCHEPEDANIAS.pdf\">projecte<\/a> de servei i la seua forma de gesti\u00f3 a trav\u00e9s de la modalitat de concessi\u00f3.[\/vc_column_text]<\/div><\/div>[\/vc_column][\/vc_row]<\/p>\n<\/div>","protected":false},"excerpt":{"rendered":"<p>[vc_row full_width=&#8221;stretch_row&#8221; css=&#8221;.vc_custom_1475488224066{background-color: #dddde0 !important;}&#8221;][vc_column][vc_column_text][\/vc_column_text][\/vc_column][\/vc_row][vc_row css=&#8221;.vc_custom_1475488264405{padding-bottom: 40px !important;}&#8221; el_id=&#8221;bloque_basica&#8221;][vc_column][vc_single_image image=&#8221;6014&#8243; img_size=&#8221;full&#8221; css=&#8221;.vc_custom_1477561718695{padding-bottom: 20px !important;}&#8221;][\/vc_column][\/vc_row]<\/p>\n","protected":false},"author":131,"featured_media":0,"parent":6723,"menu_order":0,"comment_status":"closed","ping_status":"closed","template":"","meta":{"footnotes":""},"class_list":["post-6970","page","type-page","status-publish","hentry"],"_links":{"self":[{"href":"https:\/\/www.elche.es\/va\/wp-json\/wp\/v2\/pages\/6970","targetHints":{"allow":["GET"]}}],"collection":[{"href":"https:\/\/www.elche.es\/va\/wp-json\/wp\/v2\/pages"}],"about":[{"href":"https:\/\/www.elche.es\/va\/wp-json\/wp\/v2\/types\/page"}],"author":[{"embeddable":true,"href":"https:\/\/www.elche.es\/va\/wp-json\/wp\/v2\/users\/131"}],"replies":[{"embeddable":true,"href":"https:\/\/www.elche.es\/va\/wp-json\/wp\/v2\/comments?post=6970"}],"version-history":[{"count":0,"href":"https:\/\/www.elche.es\/va\/wp-json\/wp\/v2\/pages\/6970\/revisions"}],"up":[{"embeddable":true,"href":"https:\/\/www.elche.es\/va\/wp-json\/wp\/v2\/pages\/6723"}],"wp:attachment":[{"href":"https:\/\/www.elche.es\/va\/wp-json\/wp\/v2\/media?parent=6970"}],"curies":[{"name":"wp","href":"https:\/\/api.w.org\/{rel}","templated":true}]}}