{"id":86387,"date":"2019-02-14T13:53:25","date_gmt":"2019-02-14T12:53:25","guid":{"rendered":"http:\/\/www.elche.es\/va\/sanitat\/desfibriladores\/el-programa\/"},"modified":"2023-10-23T13:16:16","modified_gmt":"2023-10-23T11:16:16","slug":"el-programa","status":"publish","type":"page","link":"https:\/\/www.elche.es\/va\/sanitat\/desfibriladores\/el-programa\/","title":{"rendered":"El programa"},"content":{"rendered":"<div class=\"wpb-content-wrapper\"><p>[vc_row][vc_column]<div class=\"templatera_shortcode\"><div class=\"vc_row wpb_row vc_row-fluid\"><div class=\"wpb_column vc_column_container vc_col-sm-12\"><div class=\"vc_column-inner\"><div class=\"wpb_wrapper\"><\/div><\/div><\/div><\/div><div id=\"bloque_menu_enlaces\" data-vc-full-width=\"true\" data-vc-full-width-init=\"false\" data-vc-stretch-content=\"true\" class=\"vc_row wpb_row vc_row-fluid bloquemnuestop vc_custom_1629977340156 vc_row-has-fill vc_row-no-padding\"><div class=\"wpb_column vc_column_container vc_col-sm-12\"><div class=\"vc_column-inner\"><div class=\"wpb_wrapper\">\r\n        \r\n        <a class=\"menuVC\"  href=\"https:\/\/www.elche.es\/va\/sanitat\/desfibriladores\/\"> <span> Desfibril\u00b7ladors <\/span><\/a>\r\n        \r\n        <a class=\"menuVC\"  href=\"https:\/\/www.elche.es\/va\/sanidad\/desfibriladores\/el-programa\/\"> <span> El programa <\/span><\/a>\r\n        \r\n        <a class=\"menuVC\"  href=\"https:\/\/www.elche.es\/va\/sanidad\/desfibriladores\/ubicacion-de-desfibriladores\/\"> <span> Localitzaci\u00f3 de desfibril\u00b7ladors <\/span><\/a><\/div><\/div><\/div><\/div><div class=\"vc_row-full-width vc_clearfix\"><\/div><\/div>[\/vc_column][\/vc_row][vc_row full_width=&#8221;stretch_row&#8221; css=&#8221;.vc_custom_1475484188729{background-color: #dddde0 !important;}&#8221;][vc_column][vc_column_text]<nav aria-label=\"breadcrumbs\">\n            <div class=\"breadcrumb-container theme1\">\n                <ol>\n                                    <\/ol>\n            <\/div>\n        <\/nav>    <script type=\"application\/ld+json\">\n        {\n            \"@context\": \"http:\/\/schema.org\",\n            \"@type\": \"BreadcrumbList\",\n            \"itemListElement\": [\n                            ]\n        }\n    <\/script>\n    <style type=\"text\/css\">\n        .breadcrumb-container {\n            font-size: 13px;\n        }\n\n        .breadcrumb-container ul {\n            margin: 0;\n            padding: 0;\n        }\n\n        .breadcrumb-container li {\n            box-sizing: unset;\n            display: inline-block;\n            margin: 0;\n            padding: 0;\n        }\n\n        .breadcrumb-container li a {\n            box-sizing: unset;\n            padding: 0 10px;\n        }\n\n        .breadcrumb-container {\n            font-size: 3 !important;\n                    }\n\n        .breadcrumb-container li a {\n            color: #0a0a0a !important;\n            font-size: 3 !important;\n            line-height: 3 !important;\n                    }\n\n        .breadcrumb-container li .separator {\n            font-size: 3 !important;\n                    }\n\n        .breadcrumb-container li:last-child .separator {\n            display: none;\n        }\n    <\/style>\n    <style type=\"text\/css\">\n        .breadcrumb-container.theme1 li {\n            margin: 0;\n            padding: 0;\n        }\n        .breadcrumb-container.theme1 a {\n            background: ;\n            display: inline-block;\n            margin: 0 5px;\n            padding: 5px 10px;\n            text-decoration: none;\n        }\n    <\/style>\n        <style type=\"text\/css\">\n            <\/style>\n    <script>\n            <\/script>\n[\/vc_column_text][\/vc_column][\/vc_row][vc_row][vc_column]<h1 class=\"sc_title sc_title_regular titulo-pagina margin_top_small\">El Programa<\/h1>[vc_video link=&#8221;https:\/\/www.youtube.com\/watch?v=uc-PhI_Mrg4&#8243;][vc_column_text css=&#8221;.vc_custom_1698059764085{margin-top: 20px !important;}&#8221;]Des del departament de Sanitat de l&#8217;Ajuntament d&#8217;Elx, posem en marxa la nova iniciativa Elx cardioprotegida.<\/p>\n<p>Aquesta iniciativa consisteix en la creaci\u00f3 d&#8217;una xarxa d&#8217;espais cardioprotegits a Elx i pedanies, de manera que tant els desfibril\u00b7ladors instal\u00b7lats en espais p\u00fablics com privats queden reflectits en un mapa que pot ser consultat en aquesta mateixa web. D&#8217;aquesta forma, qualsevol ciutad\u00e0\/na, en cas d&#8217;emerg\u00e8ncia, pot con\u00e9ixer quin desfibril\u00b7lador li queda m\u00e9s a prop, amb l&#8217;objectiu de salvar vides.<\/p>\n<p>Els nostres objectius s\u00f3n facilitar l&#8217;acc\u00e9s de la poblaci\u00f3 als desfibril\u00b7ladors, facilitar una resposta r\u00e0pida a les situacions d&#8217;emerg\u00e8ncia i sensibilitzar la ciutadania en els beneficis de l&#8217;\u00fas dels desfibril\u00b7ladors.<\/p>\n<p>En aquesta web podr\u00e0 consultar els desfibril\u00b7ladors instal\u00b7lats a Elx.[\/vc_column_text][\/vc_column][\/vc_row][vc_row css=&#8221;.vc_custom_1698059749831{margin-top: 30px !important;margin-bottom: 30px !important;}&#8221;][vc_column][vc_single_image image=&#8221;266850&#8243; img_size=&#8221;full&#8221; alignment=&#8221;center&#8221; onclick=&#8221;link_image&#8221;][vc_single_image image=&#8221;266852&#8243; img_size=&#8221;full&#8221; alignment=&#8221;center&#8221; onclick=&#8221;link_image&#8221; css=&#8221;.vc_custom_1698059735686{margin-top: 15px !important;}&#8221;][\/vc_column][\/vc_row][vc_row][vc_column]<video class=\"sc_video\" src=\"https:\/\/www.elche.es\/wp-content\/uploads\/2019\/03\/03_14_Elchecardioprotegida.mp4\" width=\"100%\" height=\"\" data-width=\"100%\" data-height=\"\" data-ratio=\"16:9\" data-align=\"justify\" style=\"width:100%;\" controls=\"controls\" loop=\"loop\"><\/video>[\/vc_column][\/vc_row]<\/p>\n<\/div>","protected":false},"excerpt":{"rendered":"Desfibril\u00b7ladors El programa Localitzaci\u00f3 de desfibril\u00b7ladors El Programa Des del departament de Sanitat de l'Ajuntament d'Elx, posem en marxa la nova iniciativa Elx cardioprotegida. Aquesta iniciativa consisteix en la creaci\u00f3 [...]","protected":false},"author":10,"featured_media":0,"parent":86375,"menu_order":0,"comment_status":"closed","ping_status":"closed","template":"","meta":{"footnotes":""},"class_list":["post-86387","page","type-page","status-publish","hentry"],"_links":{"self":[{"href":"https:\/\/www.elche.es\/va\/wp-json\/wp\/v2\/pages\/86387","targetHints":{"allow":["GET"]}}],"collection":[{"href":"https:\/\/www.elche.es\/va\/wp-json\/wp\/v2\/pages"}],"about":[{"href":"https:\/\/www.elche.es\/va\/wp-json\/wp\/v2\/types\/page"}],"author":[{"embeddable":true,"href":"https:\/\/www.elche.es\/va\/wp-json\/wp\/v2\/users\/10"}],"replies":[{"embeddable":true,"href":"https:\/\/www.elche.es\/va\/wp-json\/wp\/v2\/comments?post=86387"}],"version-history":[{"count":2,"href":"https:\/\/www.elche.es\/va\/wp-json\/wp\/v2\/pages\/86387\/revisions"}],"predecessor-version":[{"id":266854,"href":"https:\/\/www.elche.es\/va\/wp-json\/wp\/v2\/pages\/86387\/revisions\/266854"}],"up":[{"embeddable":true,"href":"https:\/\/www.elche.es\/va\/wp-json\/wp\/v2\/pages\/86375"}],"wp:attachment":[{"href":"https:\/\/www.elche.es\/va\/wp-json\/wp\/v2\/media?parent=86387"}],"curies":[{"name":"wp","href":"https:\/\/api.w.org\/{rel}","templated":true}]}}