{"id":98616,"date":"2019-09-04T08:24:10","date_gmt":"2019-09-04T07:24:10","guid":{"rendered":"http:\/\/www.elche.es\/va\/proteccion-de-datos-y-seguridad\/"},"modified":"2024-06-05T13:23:41","modified_gmt":"2024-06-05T11:23:41","slug":"protecciodades","status":"publish","type":"page","link":"https:\/\/www.elche.es\/va\/protecciodades\/","title":{"rendered":"PROTECCI\u00d3 DE DADES I SEGURETAT"},"content":{"rendered":"<p>&nbsp;<\/p>\n<p><strong>PROTECCI\u00d3 DE DADES DE CAR\u00c0CTER PERSONAL I SEGURETAT DE LA INFORMACI\u00d3<\/strong><\/p>\n<p>&nbsp;<\/p>\n<p>L&#8217;Ajuntament d&#8217;Elx es regix en mat\u00e8ria de protecci\u00f3 de dades de car\u00e0cter personal i seguretat de la informaci\u00f3 pel Reglament (UE) 2016\/679 del Parlament Europeu i del Consell, de 27 d&#8217;abril de 2016, Reglament General de Protecci\u00f3 de Dades (RGPD d&#8217;ara en avant), la Llei org\u00e0nica 3\/2018 de 5 de desembre, de Protecci\u00f3 de Dades de Car\u00e0cter Personal i garantia dels drets digitals (LOPD-GDD d&#8217;ara en avant) i altra normativa d&#8217;aplicaci\u00f3, amb la finalitat de garantir la protecci\u00f3 de les dades de car\u00e0cter personal de les persones usu\u00e0ries.<\/p>\n<p>La present Pol\u00edtica de Privacitat t\u00e9 com a objectiu facilitar informaci\u00f3 sobre la forma en qu\u00e8 l&#8217;Ajuntament d&#8217;Elx recapta, tracta i protegix les dades de car\u00e0cter personal, aix\u00ed com els drets dels usuaris en relaci\u00f3 a les dades facilitades.<\/p>\n<p>Les dades personals sol\u00b7licitades seran les estrictament necess\u00e0ries per a identificar i atendre la sol\u00b7licitud del titular o per a prestar els servicis sol\u00b7licitats.<\/p>\n<p><strong>Protecci\u00f3 de dades de car\u00e0cter personal<\/strong><\/p>\n<p>Responsable del Tractament<br \/>\n<strong>Ajuntament d&#8217;Elx<\/strong><\/p>\n<p>NIF <strong>P0306500J<\/strong><\/p>\n<p>Adre\u00e7a<br \/>\n<strong>Pla\u00e7a de Baix n\u00fam. 1, 03202 Elx<\/strong><\/p>\n<p>Tel\u00e8fon<br \/>\n<strong>966658000<\/strong><\/p>\n<p>Delegat de Protecci\u00f3 de Dades<br \/>\n<strong>Oficina de Protecci\u00f3 de Dades i Seguretat de la Informaci\u00f3<\/strong><\/p>\n<p>Correu electr\u00f2nic<br \/>\n<strong>dpd@elche.es<\/strong><\/p>\n<p>&nbsp;<\/p>\n<p><strong>Finalitats<br \/>\n<\/strong>Gesti\u00f3 dels procediments administratius i activitats realitzades per l&#8217;Ajuntament en l&#8217;exercici de les seues compet\u00e8ncies i obligacions.<\/p>\n<p>Esta entitat pot prendre decisions automatitzades basades en la cobertura legal que li atorga l&#8217;article 41 de la Llei 40\/2015, d&#8217;1 d&#8217;octubre, de R\u00e8gim Jur\u00eddic del Sector P\u00fablic. Seria qualsevol acte o actuaci\u00f3 realitzats \u00edntegrament a trav\u00e9s de mitjans electr\u00f2nics en el marc d&#8217;un procediment administratiu i en els quals no haja intervingut de manera directa una persona.<\/p>\n<p>Haur\u00e0 de regular-se la presa de decisions automatitzades en una normativa pr\u00f2pia i definir en esta les especificacions, programaci\u00f3, manteniment, supervisi\u00f3 i control de qualitat. Esta normativa estar\u00e0 a la disposici\u00f3 dels ciutadans en la Seu electr\u00f2nica d&#8217;esta entitat.<\/p>\n<p>&nbsp;<\/p>\n<p><strong>Conservaci\u00f3 de les dades<br \/>\n<\/strong>Emmagatzemem les dades durant el temps necessari per a poder complir amb les obligacions legals que encomana la normativa administrativa i sempre complint almenys amb el temps m\u00ednim de conservaci\u00f3 de la informaci\u00f3. De conformitat amb el que es regula en l&#8217;article 26 de la LOPD-GDD ser\u00e0 l\u00edcit el tractament per esta entitat de les dades amb finalitats d&#8217;arxiu en inter\u00e9s p\u00fablic, sempre complint amb la normativa vigent d&#8217;arxius i documentaci\u00f3.<\/p>\n<p>&nbsp;<\/p>\n<p><strong>Legitimaci\u00f3 \/ Bases jur\u00eddiques aplicables<br \/>\n<\/strong>L&#8217;Ajuntament d&#8217;Elx es regix en mat\u00e8ria de protecci\u00f3 de dades de car\u00e0cter personal i seguretat de la informaci\u00f3, principalment, pels seg\u00fcents marcs normatius:<\/p>\n<ul>\n<li><a href=\"https:\/\/www.boe.es\/buscar\/doc.php?id=DOUE-L-2016-80807\">Reglament (UE) 2016\/679 del Parlament Europeu i del Consell, de 27 d&#8217;abril de 2016, relatiu a la protecci\u00f3 de les persones f\u00edsiques pel que fa al tractament de les seues dades personals i a la lliure circulaci\u00f3 d&#8217;estes dades (RGPD)<\/a><\/li>\n<li><a href=\"https:\/\/www.boe.es\/buscar\/act.php?id=BOE-A-2018-16673\">Llei org\u00e0nica 3\/2018, de 5 de desembre, de Protecci\u00f3 de Dades de Car\u00e0cter Personal i garantia dels drets digitals (LOPDGDD)<\/a><\/li>\n<li><a href=\"https:\/\/www.boe.es\/buscar\/act.php?id=BOE-A-2022-7191#dd\">Reial decret 311\/2022, de 3 de maig, pel qual es regula l&#8217;Esquema Nacional de Seguretat<\/a><\/li>\n<li>Desenvolupaments reglamentaris, instruccions, directives, normes i est\u00e0ndards vigents a cada moment sobre protecci\u00f3 de dades de car\u00e0cter personal i seguretat de la informaci\u00f3.<\/li>\n<\/ul>\n<p>Aix\u00ed mateix, pot consultar el <strong>Registre d&#8217;Activitats de tractament (RAT) dutes a terme per l&#8217;Ajuntament d&#8217;Elx<\/strong>.<\/p>\n<p>Els diferents procediments i activitats municipals comporten tractaments basats en diferents bases jur\u00eddiques enumerades en el RGPD:<\/p>\n<ul>\n<li>Consentiment de la persona interessada, quan es requerisca.<\/li>\n<li>Relaci\u00f3 contractual.<\/li>\n<li>Interessos vitals de l&#8217;interessat o d&#8217;altres persones.<\/li>\n<li>Exercici de poders p\u00fablics conferits al responsable del tractament i\/o compliment d&#8217;una obligaci\u00f3 legal aplicable al responsable del tractament.<\/li>\n<li>Desenvolupament de les compet\u00e8ncies municipals conferides per la legislaci\u00f3 estatal i auton\u00f2mica reguladora del r\u00e8gim local.<\/li>\n<li>Legislaci\u00f3 significativa b\u00e0sicao<br \/>\no\u00a0\u00a0\u00a0\u00a0\u00a0\u00a0\u00a0\u00a0\u00a0\u00a0\u00a0\u00a0 <a href=\"https:\/\/www.boe.es\/buscar\/act.php?id=BOE-A-1985-5392\">Llei 7\/1985, de 2 d&#8217;abril, Reguladora de les Bases del R\u00e8gim Local.<\/a><br \/>\no\u00a0\u00a0\u00a0\u00a0\u00a0\u00a0\u00a0\u00a0\u00a0\u00a0\u00a0\u00a0 <a href=\"https:\/\/www.boe.es\/buscar\/act.php?id=BOE-A-2015-10565\">Llei 39\/2015, d&#8217;1 d&#8217;octubre, del Procediment Administratiu Com\u00fa de les Administracions P\u00fabliques.<\/a><br \/>\no\u00a0\u00a0\u00a0\u00a0\u00a0\u00a0\u00a0\u00a0\u00a0\u00a0\u00a0\u00a0 <a href=\"https:\/\/www.boe.es\/buscar\/act.php?id=BOE-A-2015-10566\">Llei 40\/2015, d&#8217;1 d&#8217;octubre, de R\u00e8gim Jur\u00eddic del Sector P\u00fablic.<\/a><br \/>\no\u00a0\u00a0\u00a0\u00a0\u00a0\u00a0\u00a0\u00a0\u00a0\u00a0\u00a0\u00a0 Legislaci\u00f3 espec\u00edfica dels servicis municipals. Dep\u00e9n de cada tractament.<\/li>\n<\/ul>\n<p>&nbsp;<\/p>\n<p><strong>Destinataris<br \/>\n<\/strong>Les seues dades podran ser comunicades a les entitats p\u00fabliques i\/o privades competents, intervinents o necess\u00e0ries per a la tramitaci\u00f3 dels procediments i\/o gesti\u00f3 de les activitats municipals, i en els sup\u00f2sits previstos per la Llei.<\/p>\n<p>&nbsp;<\/p>\n<p><strong>Drets<br \/>\n<\/strong>Qualsevol persona t\u00e9 dret a obtindre informaci\u00f3 sobre si en esta entitat s&#8217;estan tractant les seues dades personals o no.<\/p>\n<p>Les persones interessades tenen dret a accedir a les seues dades personals, al termini de conservaci\u00f3 de les seues dades i, fins i tot, a obtindre una c\u00f2pia de les dades objecte del tractament.<\/p>\n<p>Aix\u00ed mateix, t\u00e9 dret de rectificaci\u00f3 de les dades si s\u00f3n inexactes. (Per exemple, pot sol\u00b7licitar una rectificaci\u00f3 del seu domicili, un canvi de nom, etc.).<\/p>\n<p>Els interessats tenen dret a la limitaci\u00f3 del tractament, per a aix\u00f2 hauran de sol\u00b7licitar-ho al responsable, que haur\u00e0 de suspendre el tractament de les dades quan els ciutadans sol\u00b7liciten la rectificaci\u00f3 o supressi\u00f3 de les seues dades, fins que es resolga la seua sol\u00b7licitud.<\/p>\n<p>Els interessats podran exercir el dret de supressi\u00f3 (dret a l&#8217;oblit) sempre que es donen les circumst\u00e0ncies enumerades en el RGPD i segons el que es regula en l&#8217;article 15 de la LOPD-GDD.<\/p>\n<p>L&#8217;afectat pot exercir el dret d&#8217;oposici\u00f3 al tractament, sempre per motius relacionats amb la seua situaci\u00f3 personal, amb l&#8217;excepci\u00f3 que s&#8217;acredite un inter\u00e9s leg\u00edtim, \u00e9s a dir, necessari per a l&#8217;exercici o defensa de reclamacions. Igualment, quan el tractament tinga per objecte el m\u00e0rqueting digital directe.<\/p>\n<p>L&#8217;interessat tindr\u00e0 dret a la portabilitat a obtindre les dades en un format estructurat, d&#8217;\u00fas com\u00fa i de lectura mec\u00e0nica, i a transmetre-les a un altre responsable del tractament quan el tractament estiga basat en el consentiment o s&#8217;efectue per mitjans automatitzats.<\/p>\n<p>Esta sol\u00b7licitud pot realitzar-la mitjan\u00e7ant:<\/p>\n<ul>\n<li>De manera telem\u00e0tica mitjan\u00e7ant procediment habilitat en <a href=\"https:\/\/sede.elche.es\/sta\/CarpetaPublic\/doEvent?APP_CODE=STA&amp;PAGE_CODE=CATALOGO&amp;DETALLE=6269000000563811099500\">Seu Electr\u00f2nica<\/a>.<\/li>\n<li>De manera presencial a trav\u00e9s de la Xarxa d&#8217;Oficines Municipals d&#8217;Atenci\u00f3 a la Ciutadania (<a href=\"https:\/\/www.elche.es\/oficina-municipal-de-atencion-ciudadana-omac\/directorio-de-oficinas\/\">OMAC<\/a>)<\/li>\n<li>Correu electr\u00f2nic dirigit a: <a href=\"mailto:dpd@elche.es\">dpd@elche.es<\/a><\/li>\n<\/ul>\n<p>En tots els casos, l&#8217;Ajuntament ha de verificar la seua identitat com a titular de les dades, per la qual cosa vost\u00e9 ha d&#8217;incloure c\u00f2pia o refer\u00e8ncia d&#8217;un document vigent acreditatiu de la seua identitat (DNI, NIE, passaport). Per a esta verificaci\u00f3, l&#8217;Ajuntament exercir\u00e0 la seua potestat de verificaci\u00f3 arreplegada en la disposici\u00f3 addicional huitena de la LOPD-GDD. En cas d&#8217;actuar com a representant de la persona interessada, ha d&#8217;acreditar-se fefaentment el poder de representaci\u00f3 atorgat per esta.<\/p>\n<p>&nbsp;<\/p>\n<p><strong>Transfer\u00e8ncies internacionals<br \/>\n<\/strong>No es realitzen transfer\u00e8ncies internacionals de dades. En casos puntuals on fora necessari, se sol\u00b7licitar\u00e0 la corresponent autoritzaci\u00f3 a l&#8217;Autoritat de Control.<\/p>\n<p>&nbsp;<\/p>\n<p>&nbsp;<\/p>\n","protected":false},"excerpt":{"rendered":"<p>&nbsp; PROTECCI\u00d3 DE DADES DE CAR\u00c0CTER PERSONAL I SEGURETAT DE LA INFORMACI\u00d3 &nbsp; L&#8217;Ajuntament d&#8217;Elx es regix en mat\u00e8ria de protecci\u00f3 de dades de car\u00e0cter personal i seguretat de la [&hellip;]<\/p>\n","protected":false},"author":10,"featured_media":0,"parent":0,"menu_order":0,"comment_status":"closed","ping_status":"closed","template":"","meta":{"footnotes":""},"class_list":["post-98616","page","type-page","status-publish","hentry"],"_links":{"self":[{"href":"https:\/\/www.elche.es\/va\/wp-json\/wp\/v2\/pages\/98616","targetHints":{"allow":["GET"]}}],"collection":[{"href":"https:\/\/www.elche.es\/va\/wp-json\/wp\/v2\/pages"}],"about":[{"href":"https:\/\/www.elche.es\/va\/wp-json\/wp\/v2\/types\/page"}],"author":[{"embeddable":true,"href":"https:\/\/www.elche.es\/va\/wp-json\/wp\/v2\/users\/10"}],"replies":[{"embeddable":true,"href":"https:\/\/www.elche.es\/va\/wp-json\/wp\/v2\/comments?post=98616"}],"version-history":[{"count":5,"href":"https:\/\/www.elche.es\/va\/wp-json\/wp\/v2\/pages\/98616\/revisions"}],"predecessor-version":[{"id":302365,"href":"https:\/\/www.elche.es\/va\/wp-json\/wp\/v2\/pages\/98616\/revisions\/302365"}],"wp:attachment":[{"href":"https:\/\/www.elche.es\/va\/wp-json\/wp\/v2\/media?parent=98616"}],"curies":[{"name":"wp","href":"https:\/\/api.w.org\/{rel}","templated":true}]}}